{"id":10843,"date":"2025-11-15T20:19:27","date_gmt":"2025-11-15T19:19:27","guid":{"rendered":"https:\/\/dise.org.pl\/en\/?page_id=10843"},"modified":"2026-03-13T08:28:16","modified_gmt":"2026-03-13T07:28:16","slug":"congress2025-program","status":"publish","type":"page","link":"https:\/\/dise.org.pl\/en\/congress2025-program\/","title":{"rendered":"congress2025-program"},"content":{"rendered":"<p>[vc_row][vc_column][vc_empty_space][\/vc_column][\/vc_row][vc_row css=&#8221;.vc_custom_1759403050465{padding-top: 15px !important;padding-bottom: 15px !important;}&#8221;][vc_column][vc_column_text]<\/p>\n<h2 style=\"text-align: center;\"><span style=\"color: #263b44;\">PROGRAM<\/span><\/h2>\n<p>[\/vc_column_text][vc_separator color=&#8221;custom&#8221; border_width=&#8221;5&#8243; el_width=&#8221;10&#8243; accent_color=&#8221;#648190&#8243; css=&#8221;.vc_custom_1759403095671{padding-top: 10px !important;}&#8221;][vc_empty_space height=&#8221;5px&#8221;][\/vc_column][\/vc_row][vc_row full_width=&#8221;stretch_row&#8221;][vc_column][vc_tta_tabs][vc_tta_section i_icon_fontawesome=&#8221;fa fa-calendar&#8221; add_icon=&#8221;true&#8221; title=&#8221;Day 1&#8243; tab_id=&#8221;wroclaw-bridge-dzien1&#8243;][vc_row_inner][vc_column_inner css=&#8221;.vc_custom_1759343122461{padding-top: 20px !important;padding-bottom: 20px !important;background-color: #b7cdd9 !important;}&#8221;][vc_column_text]<\/p>\n<h3 style=\"text-align: center;\"><span style=\"color: #4b5e68;\"><strong>DAY I: 25 November 2025 (Tuesday)**<\/strong><\/span><\/h3>\n<p>[\/vc_column_text][\/vc_column_inner][\/vc_row_inner][vc_row_inner css=&#8221;.vc_custom_1745925915995{padding-top: 20px !important;padding-bottom: 20px !important;}&#8221;][vc_column_inner width=&#8221;1\/4&#8243;][vc_column_text]<\/p>\n<p style=\"text-align: left;\"><span style=\"color: #25408f;\"><strong>09:00 <\/strong><\/span><\/p>\n<p>[\/vc_column_text][\/vc_column_inner][vc_column_inner width=&#8221;3\/4&#8243;][vc_column_text]<strong>Participant Registration<\/strong>[\/vc_column_text][\/vc_column_inner][\/vc_row_inner][vc_separator color=&#8221;custom&#8221; accent_color=&#8221;#25408f&#8221; css=&#8221;.vc_custom_1759339194084{padding-top: 5px !important;padding-bottom: 5px !important;}&#8221;][vc_row_inner css=&#8221;.vc_custom_1759325737250{padding-top: 20px !important;padding-bottom: 20px !important;background-color: #eaeaea !important;}&#8221;][vc_column_inner][vc_column_text]<\/p>\n<h4 style=\"text-align: center;\"><span style=\"color: #25408f;\"><strong>Opening Session <\/strong><\/span><\/h4>\n<p>[\/vc_column_text][\/vc_column_inner][\/vc_row_inner][vc_separator color=&#8221;custom&#8221; accent_color=&#8221;#25408f&#8221; css=&#8221;.vc_custom_1759339202681{padding-top: 5px !important;padding-bottom: 5px !important;}&#8221;][vc_row_inner css=&#8221;.vc_custom_1745925915995{padding-top: 20px !important;padding-bottom: 20px !important;}&#8221;][vc_column_inner width=&#8221;1\/4&#8243;][vc_column_text]<\/p>\n<p style=\"text-align: left;\"><span style=\"color: #25408f;\"><strong>10:00 <\/strong><\/span><\/p>\n<p>[\/vc_column_text][\/vc_column_inner][vc_column_inner width=&#8221;3\/4&#8243;][vc_column_text]<strong>Opening Remarks<\/strong><\/p>\n<table border=\"0\" width=\"100%\" cellspacing=\"0\" cellpadding=\"2\">\n<tbody>\n<tr>\n<td valign=\"top\" width=\"100\"><img loading=\"lazy\" class=\"alignnone size-full wp-image-12341\" src=\"https:\/\/dise.org.pl\/wp-content\/uploads\/2024\/05\/Remigiusz_Nowakowski.jpg\" alt=\"\" width=\"400\" height=\"400\" \/><\/td>\n<td><span style=\"color: #525252;\"><strong>Remigiusz Nowakowski<\/strong>, President, DISE Energy<\/span><\/td>\n<\/tr>\n<\/tbody>\n<\/table>\n<table border=\"0\" width=\"100%\" cellspacing=\"0\" cellpadding=\"2\">\n<tbody>\n<tr>\n<td valign=\"top\" width=\"100\"><img loading=\"lazy\" class=\"alignnone size-full wp-image-15478\" src=\"https:\/\/dise.org.pl\/wp-content\/uploads\/2025\/11\/Beata-Wlodarska.jpg\" alt=\"\" width=\"400\" height=\"400\" \/><\/td>\n<td><span style=\"color: #525252;\"><strong>Beata W\u0142odarska<\/strong>, Vice President, DISE Energy<\/span><\/td>\n<\/tr>\n<\/tbody>\n<\/table>\n<p>[\/vc_column_text][\/vc_column_inner][\/vc_row_inner][vc_separator color=&#8221;custom&#8221; accent_color=&#8221;#25408f&#8221; css=&#8221;.vc_custom_1759339241224{padding-top: 5px !important;padding-bottom: 5px !important;}&#8221;][vc_row_inner css=&#8221;.vc_custom_1745925915995{padding-top: 20px !important;padding-bottom: 20px !important;}&#8221;][vc_column_inner width=&#8221;1\/4&#8243;][vc_column_text]<\/p>\n<p style=\"text-align: left;\"><span style=\"color: #25408f;\"><strong>10:10 &#8211; 11:00<\/strong><\/span><\/p>\n<p>[\/vc_column_text][\/vc_column_inner][vc_column_inner width=&#8221;3\/4&#8243;][vc_column_text]<strong>Keynotes by Honorary Guests<\/strong>[\/vc_column_text][vc_separator color=&#8221;custom&#8221; css=&#8221;.vc_custom_1761460569289{padding-top: 10px !important;}&#8221; accent_color=&#8221;#b7b7b7&#8243;][\/vc_column_inner][\/vc_row_inner][vc_row_inner css=&#8221;.vc_custom_1761460610256{padding-top: 0px !important;padding-bottom: 20px !important;}&#8221;][vc_column_inner width=&#8221;1\/4&#8243;][\/vc_column_inner][vc_column_inner width=&#8221;3\/4&#8243;][vc_column_text]<\/p>\n<table border=\"0\" width=\"100%\" cellspacing=\"0\" cellpadding=\"2\">\n<tbody>\n<tr>\n<td valign=\"top\" width=\"100\"><img loading=\"lazy\" class=\"alignnone size-full wp-image-15554\" src=\"https:\/\/dise.org.pl\/wp-content\/uploads\/2025\/11\/Michal-Rado2.jpg\" alt=\"\" width=\"200\" height=\"200\" \/><\/td>\n<td><span style=\"color: #525252;\"><b>Micha\u0142 Rado<\/b>, Vice-Marshal of the Lower Silesian Voivodeship<\/span><\/td>\n<\/tr>\n<\/tbody>\n<\/table>\n<table border=\"0\" width=\"100%\" cellspacing=\"0\" cellpadding=\"2\">\n<tbody>\n<tr>\n<td valign=\"top\" width=\"100\"><img loading=\"lazy\" class=\"alignnone size-full wp-image-15201\" src=\"https:\/\/dise.org.pl\/wp-content\/uploads\/2025\/11\/Katarzyna-Szymczak-Pomianowska.jpg\" alt=\"\" width=\"400\" height=\"400\" \/><\/td>\n<td><span style=\"color: #525252;\"><strong>Katarzyna Szymczak \u2013 Pomianowska<\/strong>, Director, Department of Strategy and Sustainable Development, City of Wroc\u0142aw<\/span><\/td>\n<\/tr>\n<\/tbody>\n<\/table>\n<table border=\"0\" width=\"100%\" cellspacing=\"0\" cellpadding=\"2\">\n<tbody>\n<tr>\n<td valign=\"top\" width=\"100\"><img loading=\"lazy\" class=\"alignnone size-full wp-image-15355\" src=\"https:\/\/dise.org.pl\/wp-content\/uploads\/2025\/11\/Wanda_Buk.jpg\" alt=\"\" width=\"400\" height=\"400\" \/><\/td>\n<td><span style=\"color: #525252;\"><strong>Wanda Buk<\/strong>, Advisor to the President of the Republic of Poland for Energy (Affairs), Partner, GWW<\/span><\/td>\n<\/tr>\n<\/tbody>\n<\/table>\n<table border=\"0\" width=\"100%\" cellspacing=\"0\" cellpadding=\"2\">\n<tbody>\n<tr>\n<td valign=\"top\" width=\"100\"><img loading=\"lazy\" class=\"alignnone size-full wp-image-15098\" src=\"https:\/\/dise.org.pl\/wp-content\/uploads\/2025\/10\/Oystein-Bo.jpg\" alt=\"\" width=\"300\" height=\"300\" \/><\/td>\n<td><span style=\"color: #525252;\"><strong>\u00d8ystein B\u00f8<\/strong>, Ambassador of Norway to Poland<\/span><\/td>\n<\/tr>\n<\/tbody>\n<\/table>\n<table border=\"0\" width=\"100%\" cellspacing=\"0\" cellpadding=\"2\">\n<tbody>\n<tr>\n<td valign=\"top\" width=\"100\"><img loading=\"lazy\" class=\"alignnone size-full wp-image-15174\" src=\"https:\/\/dise.org.pl\/wp-content\/uploads\/2025\/11\/Miguel-Berger.jpg\" alt=\"\" width=\"200\" height=\"200\" \/><\/td>\n<td><span style=\"color: #525252;\"><strong>Miguel Berger<\/strong>, Ambassador of Germany to Poland<\/span><\/td>\n<\/tr>\n<\/tbody>\n<\/table>\n<table border=\"0\" width=\"100%\" cellspacing=\"0\" cellpadding=\"2\">\n<tbody>\n<tr>\n<td valign=\"top\" width=\"100\"><img loading=\"lazy\" class=\"alignnone size-full wp-image-10858\" src=\"https:\/\/dise.org.pl\/en\/wp-content\/uploads\/2025\/11\/Lilla-Bacha.jpg\" alt=\"\" width=\"400\" height=\"400\" srcset=\"https:\/\/dise.org.pl\/en\/wp-content\/uploads\/2025\/11\/Lilla-Bacha.jpg 400w, https:\/\/dise.org.pl\/en\/wp-content\/uploads\/2025\/11\/Lilla-Bacha-300x300.jpg 300w, https:\/\/dise.org.pl\/en\/wp-content\/uploads\/2025\/11\/Lilla-Bacha-150x150.jpg 150w\" sizes=\"(max-width: 400px) 100vw, 400px\" \/><\/td>\n<td><span style=\"color: #525252;\"><strong>Lilla Bacha<\/strong>, Energy and Infrastructure Attach\u00e9e, Embassy of France in Poland<\/span><\/td>\n<\/tr>\n<\/tbody>\n<\/table>\n<table border=\"0\" width=\"100%\" cellspacing=\"0\" cellpadding=\"2\">\n<tbody>\n<tr>\n<td valign=\"top\" width=\"100\"><img loading=\"lazy\" class=\"alignnone size-full wp-image-15506\" src=\"https:\/\/dise.org.pl\/wp-content\/uploads\/2025\/11\/Beata-Virsumirska.jpg\" alt=\"\" width=\"400\" height=\"400\" \/><\/td>\n<td><span style=\"color: #525252;\"><strong>Beata Vir\u0161umirska<\/strong>, Energy Attach\u00e9, Embassy of the Republic of Lithuania in the Republic of Poland<br \/>\n<\/span><\/td>\n<\/tr>\n<\/tbody>\n<\/table>\n<table border=\"0\" width=\"100%\" cellspacing=\"0\" cellpadding=\"2\">\n<tbody>\n<tr>\n<td valign=\"top\" width=\"100\"><img loading=\"lazy\" class=\"alignnone size-full wp-image-15411\" src=\"https:\/\/dise.org.pl\/wp-content\/uploads\/2025\/11\/Morten-Siem-Lynge.jpg\" alt=\"\" width=\"233\" height=\"233\" \/><\/td>\n<td><span style=\"color: #525252;\"><strong>Morten Siem Lynge<\/strong>, Head of Economic Diplomacy and Trade, Embassy of Denmark in Poland<\/span><\/td>\n<\/tr>\n<\/tbody>\n<\/table>\n<table border=\"0\" width=\"100%\" cellspacing=\"0\" cellpadding=\"2\">\n<tbody>\n<tr>\n<td valign=\"top\" width=\"100\"><img loading=\"lazy\" class=\"alignnone size-full wp-image-15097\" src=\"https:\/\/dise.org.pl\/wp-content\/uploads\/2025\/10\/Arkadiusz-Wojs.jpg\" alt=\"\" width=\"400\" height=\"400\" \/><\/td>\n<td><span style=\"color: #525252;\"><strong>Prof. dr hab. in\u017c. Arkadiusz W\u00f3js<\/strong>, Rector, Wroc\u0142aw University of Science and Technology<\/span><\/td>\n<\/tr>\n<\/tbody>\n<\/table>\n<p>[\/vc_column_text][\/vc_column_inner][\/vc_row_inner][vc_separator color=&#8221;custom&#8221; accent_color=&#8221;#25408f&#8221; css=&#8221;.vc_custom_1759339241224{padding-top: 5px !important;padding-bottom: 5px !important;}&#8221;][vc_row_inner css=&#8221;.vc_custom_1759325737250{padding-top: 20px !important;padding-bottom: 20px !important;background-color: #eaeaea !important;}&#8221;][vc_column_inner][vc_column_text]<\/p>\n<h4 style=\"text-align: center;\"><span style=\"color: #25408f;\"><strong>Main session:<br \/>\nECONOMY UNDER THE PRESSURE OF ENERGY COSTS<\/strong><\/span><\/h4>\n<p>[\/vc_column_text][\/vc_column_inner][\/vc_row_inner][vc_separator color=&#8221;custom&#8221; accent_color=&#8221;#25408f&#8221; css=&#8221;.vc_custom_1759339241224{padding-top: 5px !important;padding-bottom: 5px !important;}&#8221;][vc_row_inner css=&#8221;.vc_custom_1745925915995{padding-top: 20px !important;padding-bottom: 20px !important;}&#8221;][vc_column_inner width=&#8221;1\/4&#8243;][vc_column_text]<\/p>\n<p style=\"text-align: left;\"><span style=\"color: #25408f;\"><strong>11:00 &#8211; 11:15<\/strong><\/span><\/p>\n<p>[\/vc_column_text][\/vc_column_inner][vc_column_inner width=&#8221;3\/4&#8243;][vc_column_text]<span style=\"color: #25408f;\"><b>Speech<\/b><\/span><\/p>\n<table border=\"0\" width=\"100%\" cellspacing=\"0\" cellpadding=\"2\">\n<tbody>\n<tr>\n<td valign=\"top\" width=\"100\"><img loading=\"lazy\" class=\"alignnone size-full wp-image-10879\" src=\"https:\/\/dise.org.pl\/en\/wp-content\/uploads\/2025\/11\/Marcin-Izdebski.jpg\" alt=\"\" width=\"400\" height=\"400\" srcset=\"https:\/\/dise.org.pl\/en\/wp-content\/uploads\/2025\/11\/Marcin-Izdebski.jpg 400w, https:\/\/dise.org.pl\/en\/wp-content\/uploads\/2025\/11\/Marcin-Izdebski-300x300.jpg 300w, https:\/\/dise.org.pl\/en\/wp-content\/uploads\/2025\/11\/Marcin-Izdebski-150x150.jpg 150w\" sizes=\"(max-width: 400px) 100vw, 400px\" \/><\/td>\n<td><span style=\"color: #525252;\"><strong>Marcin Izdebski, <\/strong>Expert, Centre for Development Strategies, <strong>&#8220;A green conscience &#8211; the true costs of energy transition&#8221;<\/strong><\/span><\/td>\n<\/tr>\n<\/tbody>\n<\/table>\n<p>[\/vc_column_text][vc_separator color=&#8221;custom&#8221; css=&#8221;.vc_custom_1761460569289{padding-top: 10px !important;}&#8221; accent_color=&#8221;#b7b7b7&#8243;][\/vc_column_inner][\/vc_row_inner][vc_row_inner css=&#8221;.vc_custom_1745925915995{padding-top: 20px !important;padding-bottom: 20px !important;}&#8221;][vc_column_inner width=&#8221;1\/4&#8243;][vc_column_text]<\/p>\n<p style=\"text-align: left;\"><span style=\"color: #25408f;\"><strong>11:15 &#8211; 12:15<\/strong><\/span><\/p>\n<p>[\/vc_column_text][\/vc_column_inner][vc_column_inner width=&#8221;3\/4&#8243;][vc_column_text]Panel Discussion <strong><br \/>\nKey Questions<\/strong><\/p>\n<ul>\n<li>Are we entering a post\u2013cheap power era for industry?<\/li>\n<li>Cost of capital versus access to competitively priced energy<\/li>\n<li>The state\u2019s role in cushioning price shocks and safeguarding energy security<\/li>\n<li>Will energy costs become a de facto levy on competitiveness?<\/li>\n<li>Can renewables lower costs and stabilize prices?<\/li>\n<li>Local content as a lever for cost reduction and domestic competitiveness<\/li>\n<\/ul>\n<p>[\/vc_column_text][vc_separator color=&#8221;custom&#8221; css=&#8221;.vc_custom_1761463696233{padding-top: 10px !important;padding-bottom: 10px !important;}&#8221; accent_color=&#8221;#b7b7b7&#8243;][\/vc_column_inner][\/vc_row_inner][vc_row_inner css=&#8221;.vc_custom_1761460610256{padding-top: 0px !important;padding-bottom: 20px !important;}&#8221;][vc_column_inner width=&#8221;1\/4&#8243;][\/vc_column_inner][vc_column_inner width=&#8221;3\/4&#8243;][vc_column_text]<span style=\"color: #25408f;\"><b>Moderator<\/b><\/span><\/p>\n<table border=\"0\" width=\"100%\" cellspacing=\"0\" cellpadding=\"2\">\n<tbody>\n<tr>\n<td valign=\"top\" width=\"100\"><img loading=\"lazy\" class=\"alignnone size-full wp-image-15056\" src=\"https:\/\/dise.org.pl\/wp-content\/uploads\/2025\/10\/Bartlomiej-Sawicki.jpg\" alt=\"\" width=\"400\" height=\"400\" \/><\/td>\n<td><span style=\"color: #525252;\"><strong>Bart\u0142omiej Sawicki<\/strong>, Journalist, Rzeczpospolita\/ Editor, Gazeta Gie\u0142dy i Inwestor\u00f3w Parkiet<\/span><\/td>\n<\/tr>\n<\/tbody>\n<\/table>\n<p><span style=\"color: #25408f;\"><b>Panelists<\/b><\/span><\/p>\n<table border=\"0\" width=\"100%\" cellspacing=\"0\" cellpadding=\"2\">\n<tbody>\n<tr>\n<td valign=\"top\" width=\"100\"><img loading=\"lazy\" class=\"alignnone size-full wp-image-10873\" src=\"https:\/\/dise.org.pl\/en\/wp-content\/uploads\/2025\/11\/Renata-Mroczek2.jpg\" alt=\"\" width=\"400\" height=\"400\" srcset=\"https:\/\/dise.org.pl\/en\/wp-content\/uploads\/2025\/11\/Renata-Mroczek2.jpg 400w, https:\/\/dise.org.pl\/en\/wp-content\/uploads\/2025\/11\/Renata-Mroczek2-300x300.jpg 300w, https:\/\/dise.org.pl\/en\/wp-content\/uploads\/2025\/11\/Renata-Mroczek2-150x150.jpg 150w\" sizes=\"(max-width: 400px) 100vw, 400px\" \/><\/td>\n<td><span style=\"color: #525252;\"><strong>Renata Mroczek<\/strong>, President, Energy Regulatory Office<\/span><\/td>\n<\/tr>\n<\/tbody>\n<\/table>\n<table border=\"0\" width=\"100%\" cellspacing=\"0\" cellpadding=\"2\">\n<tbody>\n<tr>\n<td valign=\"top\" width=\"100\"><img loading=\"lazy\" class=\"alignnone size-full wp-image-15355\" src=\"https:\/\/dise.org.pl\/wp-content\/uploads\/2025\/11\/Wanda_Buk.jpg\" alt=\"\" width=\"400\" height=\"400\" \/><\/td>\n<td><span style=\"color: #525252;\"><strong>Wanda Buk<\/strong>, Advisor to the President of the Republic of Poland for Energy (Affairs), Partner, GWW<\/span><\/td>\n<\/tr>\n<\/tbody>\n<\/table>\n<table border=\"0\" width=\"100%\" cellspacing=\"0\" cellpadding=\"2\">\n<tbody>\n<tr>\n<td valign=\"top\" width=\"100\"><img loading=\"lazy\" class=\"alignnone size-full wp-image-15274\" src=\"https:\/\/dise.org.pl\/wp-content\/uploads\/2025\/11\/Pawel-Chorazy.jpg\" alt=\"\" width=\"400\" height=\"400\" \/><\/td>\n<td><span style=\"color: #525252;\"><strong>Pawe\u0142 Chor\u0105\u017cy<\/strong>, Managing Director for EU Funds, Bank Gospodarstwa Krajowego (BGK)<\/span><\/td>\n<\/tr>\n<\/tbody>\n<\/table>\n<table border=\"0\" width=\"100%\" cellspacing=\"0\" cellpadding=\"2\">\n<tbody>\n<tr>\n<td valign=\"top\" width=\"100\"><img loading=\"lazy\" class=\"alignnone size-full wp-image-15176\" src=\"https:\/\/dise.org.pl\/wp-content\/uploads\/2025\/11\/Adam-Burda.jpg\" alt=\"\" width=\"400\" height=\"400\" \/><\/td>\n<td><span style=\"color: #525252;\"><strong>Adam Burda<\/strong>, Strategic Clients &#8211; Energy, Fuels &amp; New Technologies, PKO Bank Polski<\/span><\/td>\n<\/tr>\n<\/tbody>\n<\/table>\n<table border=\"0\" width=\"100%\" cellspacing=\"0\" cellpadding=\"2\">\n<tbody>\n<tr>\n<td valign=\"top\" width=\"100\"><img loading=\"lazy\" class=\"alignnone size-full wp-image-15057\" src=\"https:\/\/dise.org.pl\/wp-content\/uploads\/2025\/10\/Grzegorz-Zielinski.jpg\" alt=\"\" width=\"475\" height=\"475\" \/><\/td>\n<td><span style=\"color: #525252;\"><strong>Grzegorz Zieli\u0144ski<\/strong>, Head of Energy Europe, European Bank for Reconstruction and Development (EBRD)<\/span><\/td>\n<\/tr>\n<\/tbody>\n<\/table>\n<table border=\"0\" width=\"100%\" cellspacing=\"0\" cellpadding=\"2\">\n<tbody>\n<tr>\n<td valign=\"top\" width=\"100\"><img loading=\"lazy\" class=\"alignnone size-full wp-image-15163\" src=\"https:\/\/dise.org.pl\/wp-content\/uploads\/2025\/11\/Piotr-Gornik.jpg\" alt=\"\" width=\"400\" height=\"400\" \/><\/td>\n<td><span style=\"color: #525252;\"><strong>Piotr G\u00f3rnik<\/strong>, President, Fortum Power and Heat Polska Sp. z o.o.<\/span><\/td>\n<\/tr>\n<\/tbody>\n<\/table>\n<table border=\"0\" width=\"100%\" cellspacing=\"0\" cellpadding=\"2\">\n<tbody>\n<tr>\n<td valign=\"top\" width=\"100\"><img loading=\"lazy\" class=\"alignnone size-full wp-image-15140\" src=\"https:\/\/dise.org.pl\/wp-content\/uploads\/2025\/11\/Piotr_Listwon\u0301.jpg\" alt=\"\" width=\"400\" height=\"400\" \/><\/td>\n<td><span style=\"color: #525252;\"><strong>Piotr Listwo\u0144<\/strong>, President, Polish Power Exchange S.A. (TGE)<\/span><\/td>\n<\/tr>\n<\/tbody>\n<\/table>\n<p>[\/vc_column_text][\/vc_column_inner][\/vc_row_inner][vc_separator color=&#8221;custom&#8221; accent_color=&#8221;#25408f&#8221; css=&#8221;.vc_custom_1759339326083{padding-top: 5px !important;padding-bottom: 5px !important;}&#8221;][vc_row_inner css=&#8221;.vc_custom_1760469252112{padding-top: 20px !important;padding-bottom: 20px !important;background-color: #e4eff4 !important;}&#8221;][vc_column_inner width=&#8221;1\/4&#8243;][vc_column_text]<\/p>\n<p style=\"text-align: left;\"><span style=\"color: #25408f;\"><strong>12:15 &#8211; 12:30<\/strong><\/span><\/p>\n<p>[\/vc_column_text][\/vc_column_inner][vc_column_inner width=&#8221;3\/4&#8243;][vc_column_text]<strong>Coffee Break<\/strong>[\/vc_column_text][\/vc_column_inner][\/vc_row_inner][vc_separator color=&#8221;custom&#8221; accent_color=&#8221;#25408f&#8221; css=&#8221;.vc_custom_1759339326083{padding-top: 5px !important;padding-bottom: 5px !important;}&#8221;][vc_row_inner css=&#8221;.vc_custom_1759325737250{padding-top: 20px !important;padding-bottom: 20px !important;background-color: #eaeaea !important;}&#8221;][vc_column_inner][vc_column_text]<\/p>\n<h4 style=\"text-align: center;\"><span style=\"color: #25408f;\"><strong>Discussion: ENERGY UNDER STRESS \u2014 MARKETS, GRIDS, AND BLACKOUT RISK<br \/>\n<\/strong><\/span><\/h4>\n<p>[\/vc_column_text][\/vc_column_inner][\/vc_row_inner][vc_separator color=&#8221;custom&#8221; accent_color=&#8221;#25408f&#8221; css=&#8221;.vc_custom_1759339326083{padding-top: 5px !important;padding-bottom: 5px !important;}&#8221;][vc_row_inner css=&#8221;.vc_custom_1745925915995{padding-top: 20px !important;padding-bottom: 20px !important;}&#8221;][vc_column_inner width=&#8221;1\/4&#8243;][vc_column_text]<\/p>\n<p style=\"text-align: left;\"><span style=\"color: #25408f;\"><strong>12:30 &#8211; 12:45<\/strong><\/span><\/p>\n<p>[\/vc_column_text][\/vc_column_inner][vc_column_inner width=&#8221;3\/4&#8243;][vc_column_text]<span style=\"color: #25408f;\"><b>Speech<\/b><\/span><\/p>\n<table border=\"0\" width=\"100%\" cellspacing=\"0\" cellpadding=\"2\">\n<tbody>\n<tr>\n<td valign=\"top\" width=\"100\"><img loading=\"lazy\" class=\"alignnone size-full wp-image-15318\" src=\"https:\/\/dise.org.pl\/wp-content\/uploads\/2025\/11\/Barbara-Lempp-1.jpg\" alt=\"\" width=\"400\" height=\"400\" \/><\/td>\n<td><span style=\"color: #525252;\"><strong>Barbara Lempp<\/strong>, Chief Operating Officer, Energy Traders Europe<br \/>\n<\/span><\/td>\n<\/tr>\n<\/tbody>\n<\/table>\n<p>[\/vc_column_text][\/vc_column_inner][\/vc_row_inner][vc_row_inner css=&#8221;.vc_custom_1745925915995{padding-top: 20px !important;padding-bottom: 20px !important;}&#8221;][vc_column_inner width=&#8221;1\/4&#8243;][\/vc_column_inner][vc_column_inner width=&#8221;3\/4&#8243;][vc_column_text]<span style=\"color: #25408f;\"><b>Speech<\/b><\/span><\/p>\n<table border=\"0\" width=\"100%\" cellspacing=\"0\" cellpadding=\"2\">\n<tbody>\n<tr>\n<td valign=\"top\" width=\"100\"><img loading=\"lazy\" class=\"alignnone size-full wp-image-15159\" src=\"https:\/\/dise.org.pl\/wp-content\/uploads\/2025\/11\/Patryk-Kubiczek.jpg\" alt=\"\" width=\"400\" height=\"400\" \/><\/td>\n<td><span style=\"color: #525252;\"><strong>Patryk Kubiczek<\/strong>, Project Modeling Leader, Instrat Foundation, <strong>&#8220;Network Costs and RES. Modeling the Development of the Polish Energy System up to 2040&#8221;<\/strong><br \/>\n<\/span><\/td>\n<\/tr>\n<\/tbody>\n<\/table>\n<p>[\/vc_column_text][\/vc_column_inner][\/vc_row_inner][vc_separator color=&#8221;custom&#8221; accent_color=&#8221;#c9d9db&#8221; css=&#8221;.vc_custom_1760520987361{padding-top: 5px !important;padding-bottom: 5px !important;}&#8221;][vc_row_inner css=&#8221;.vc_custom_1745925915995{padding-top: 20px !important;padding-bottom: 20px !important;}&#8221;][vc_column_inner width=&#8221;1\/4&#8243;][vc_column_text]<\/p>\n<p style=\"text-align: left;\"><span style=\"color: #25408f;\"><strong>12:45 &#8211; 13:30<\/strong><\/span><\/p>\n<p>[\/vc_column_text][\/vc_column_inner][vc_column_inner width=&#8221;3\/4&#8243;][vc_column_text]Panel Discussion<strong><br \/>\nKey Questions<\/strong><\/p>\n<ul>\n<li>System challenges of the transition: dispatchability and flexibility<\/li>\n<li>How do we ensure Poland avoids a system-wide blackout?<\/li>\n<li>Energy storage and demand response \u2014 real solutions or just buzzwords?<\/li>\n<li>Which transmission and distribution investments are critical to stability?<\/li>\n<li>Domestic self-sufficiency or deeper integration with the European market?<\/li>\n<li>Costs and risks \u2014 how RES growth reshapes grids and capacity mechanisms<\/li>\n<li>Physical security of infrastructure as a pillar of system reliability<\/li>\n<\/ul>\n<p>[\/vc_column_text][vc_separator color=&#8221;custom&#8221; css=&#8221;.vc_custom_1761463696233{padding-top: 10px !important;padding-bottom: 10px !important;}&#8221; accent_color=&#8221;#b7b7b7&#8243;][\/vc_column_inner][\/vc_row_inner][vc_row_inner css=&#8221;.vc_custom_1761460610256{padding-top: 0px !important;padding-bottom: 20px !important;}&#8221;][vc_column_inner width=&#8221;1\/4&#8243;][\/vc_column_inner][vc_column_inner width=&#8221;3\/4&#8243;][vc_column_text]<span style=\"color: #25408f;\"><b>Moderator<\/b><\/span><\/p>\n<table border=\"0\" width=\"100%\" cellspacing=\"0\" cellpadding=\"2\">\n<tbody>\n<tr>\n<td valign=\"top\" width=\"100\"><img loading=\"lazy\" class=\"alignnone size-full wp-image-15061\" src=\"https:\/\/dise.org.pl\/wp-content\/uploads\/2025\/10\/Michal-Niewiadomski.jpg\" alt=\"\" width=\"400\" height=\"400\" \/><\/td>\n<td><span style=\"color: #525252;\"><strong>Micha\u0142 Niewiadomski<\/strong>, Founder, Energy Club<\/span><\/td>\n<\/tr>\n<\/tbody>\n<\/table>\n<p><span style=\"color: #25408f;\"><b>Panelists<\/b><\/span><\/p>\n<table border=\"0\" width=\"100%\" cellspacing=\"0\" cellpadding=\"2\">\n<tbody>\n<tr>\n<td valign=\"top\" width=\"100\"><img loading=\"lazy\" class=\"alignnone size-full wp-image-15318\" src=\"https:\/\/dise.org.pl\/wp-content\/uploads\/2025\/11\/Barbara-Lempp-1.jpg\" alt=\"\" width=\"400\" height=\"400\" \/><\/td>\n<td><span style=\"color: #525252;\"><strong>Barbara Lempp<\/strong>, Chief Operating Officer, Energy Traders Europe<\/span><\/td>\n<\/tr>\n<\/tbody>\n<\/table>\n<table border=\"0\" width=\"100%\" cellspacing=\"0\" cellpadding=\"2\">\n<tbody>\n<tr>\n<td valign=\"top\" width=\"100\"><img loading=\"lazy\" class=\"alignnone size-full wp-image-15180\" src=\"https:\/\/dise.org.pl\/wp-content\/uploads\/2025\/11\/Szymon-Kowalski.jpg\" alt=\"\" width=\"400\" height=\"400\" \/><\/td>\n<td><span style=\"color: #525252;\"><strong>Szymon Kowalski<\/strong>, Vice President, Polish Wind Energy Association<\/span><\/td>\n<\/tr>\n<\/tbody>\n<\/table>\n<table border=\"0\" width=\"100%\" cellspacing=\"0\" cellpadding=\"2\">\n<tbody>\n<tr>\n<td valign=\"top\" width=\"100\"><img loading=\"lazy\" class=\"alignnone size-full wp-image-15215\" src=\"https:\/\/dise.org.pl\/wp-content\/uploads\/2025\/11\/Piotr-Ciepiela-1.jpg\" alt=\"\" width=\"400\" height=\"400\" \/><\/td>\n<td><span style=\"color: #525252;\"><strong>Piotr Ciepiela<\/strong>, Director for Regulatory &amp; Public Affairs, EDP Renewables<\/span><\/td>\n<\/tr>\n<\/tbody>\n<\/table>\n<table border=\"0\" width=\"100%\" cellspacing=\"0\" cellpadding=\"2\">\n<tbody>\n<tr>\n<td valign=\"top\" width=\"100\"><img loading=\"lazy\" class=\"alignnone size-full wp-image-15276\" src=\"https:\/\/dise.org.pl\/wp-content\/uploads\/2025\/11\/Maciej-Mroz.jpg\" alt=\"\" width=\"300\" height=\"300\" \/><\/td>\n<td><span style=\"color: #525252;\"><strong>Maciej Mr\u00f3z<\/strong>, President, Polish Transmission and Distribution Association (PTPiREE), Vice President of the Operator Department, Tauron Dystrybucja S.A.<\/span><\/td>\n<\/tr>\n<\/tbody>\n<\/table>\n<table border=\"0\" width=\"100%\" cellspacing=\"0\" cellpadding=\"2\">\n<tbody>\n<tr>\n<td valign=\"top\" width=\"100\"><img loading=\"lazy\" class=\"alignnone size-full wp-image-15136\" src=\"https:\/\/dise.org.pl\/wp-content\/uploads\/2025\/11\/Ewa_Kwapis.jpg\" alt=\"\" width=\"400\" height=\"400\" \/><\/td>\n<td><span style=\"color: #525252;\"><strong>Ewa Kwapis<\/strong>, Vice President, Transition Technologies-Systems Sp. z o.o.<\/span><\/td>\n<\/tr>\n<\/tbody>\n<\/table>\n<table border=\"0\" width=\"100%\" cellspacing=\"0\" cellpadding=\"2\">\n<tbody>\n<tr>\n<td valign=\"top\" width=\"100\"><img loading=\"lazy\" class=\"alignnone size-full wp-image-15216\" src=\"https:\/\/dise.org.pl\/wp-content\/uploads\/2025\/11\/Ryszard-Pawlik-1.jpg\" alt=\"\" width=\"400\" height=\"400\" \/><\/td>\n<td><span style=\"color: #525252;\"><strong>Ryszard Pawlik<\/strong>,\u00a0Head of the PKEE Office in Brussels<\/span><\/td>\n<\/tr>\n<\/tbody>\n<\/table>\n<p>[\/vc_column_text][\/vc_column_inner][\/vc_row_inner][vc_separator color=&#8221;custom&#8221; accent_color=&#8221;#25408f&#8221; css=&#8221;.vc_custom_1759340419574{padding-top: 5px !important;padding-bottom: 5px !important;}&#8221;][vc_row_inner css=&#8221;.vc_custom_1759325737250{padding-top: 20px !important;padding-bottom: 20px !important;background-color: #eaeaea !important;}&#8221;][vc_column_inner width=&#8221;1\/6&#8243;][\/vc_column_inner][vc_column_inner width=&#8221;2\/3&#8243;][vc_column_text]<\/p>\n<h4 style=\"text-align: center;\"><span style=\"color: #25408f;\"><strong>Discussion: HEAT FROM POWER &#8211; IS THE FUTURE ELECTRIFIED?<\/strong><\/span><\/h4>\n<p>[\/vc_column_text][\/vc_column_inner][vc_column_inner width=&#8221;1\/6&#8243;][vc_single_image image=&#8221;9311&#8243; img_size=&#8221;140&#215;36&#8243; alignment=&#8221;center&#8221; onclick=&#8221;custom_link&#8221; image_hovers=&#8221;false&#8221; link=&#8221;https:\/\/www.fortum.pl&#8221;][\/vc_column_inner][\/vc_row_inner][vc_separator color=&#8221;custom&#8221; accent_color=&#8221;#25408f&#8221; css=&#8221;.vc_custom_1759339317035{padding-top: 5px !important;padding-bottom: 10px !important;}&#8221;][vc_row_inner css=&#8221;.vc_custom_1745925915995{padding-top: 20px !important;padding-bottom: 20px !important;}&#8221;][vc_column_inner width=&#8221;1\/4&#8243;][vc_column_text]<\/p>\n<p style=\"text-align: left;\"><span style=\"color: #25408f;\"><strong>13:30 &#8211; 13:45<\/strong><\/span><\/p>\n<p>[\/vc_column_text][\/vc_column_inner][vc_column_inner width=&#8221;3\/4&#8243;][vc_column_text]<span style=\"color: #25408f;\"><b>Speech<\/b><\/span><\/p>\n<table border=\"0\" width=\"100%\" cellspacing=\"0\" cellpadding=\"2\">\n<tbody>\n<tr>\n<td valign=\"top\" width=\"100\"><img loading=\"lazy\" class=\"alignnone size-full wp-image-15162\" src=\"https:\/\/dise.org.pl\/wp-content\/uploads\/2025\/11\/Kamila-Zybura-Pluta.jpg\" alt=\"\" width=\"400\" height=\"400\" \/><\/td>\n<td><span style=\"color: #525252;\"><strong>Kamila Zybura-Pluta<\/strong>, Investment Delivery Director, Fortum Power and Heat Polska Sp. z o.o., <strong>&#8220;Wrompa: a green heat source for Wroc\u0142aw&#8221;<\/strong><\/span><\/td>\n<\/tr>\n<\/tbody>\n<\/table>\n<p>[\/vc_column_text][\/vc_column_inner][\/vc_row_inner][vc_separator color=&#8221;custom&#8221; accent_color=&#8221;#c9d9db&#8221; css=&#8221;.vc_custom_1760520998694{padding-top: 5px !important;padding-bottom: 10px !important;}&#8221;][vc_row_inner css=&#8221;.vc_custom_1745925915995{padding-top: 20px !important;padding-bottom: 20px !important;}&#8221;][vc_column_inner width=&#8221;1\/4&#8243;][vc_column_text]<\/p>\n<p style=\"text-align: left;\"><span style=\"color: #25408f;\"><strong>13:45 &#8211; 15:00<\/strong><\/span><\/p>\n<p>[\/vc_column_text][\/vc_column_inner][vc_column_inner width=&#8221;3\/4&#8243;][vc_column_text]Panel Discussion<strong><br \/>\nKey Questions<\/strong><\/p>\n<ul>\n<li>Electrifying district and process heat &#8211; can power beat fossil fuels on cost and efficiency?<\/li>\n<li>Power-to-Heat and thermal storage &#8211; flexibility through RES integration<\/li>\n<li>Sector coupling &#8211; using heating to support national power system stability<\/li>\n<li>Future-Proof Heating &#8211; proof points for 100% RES local systems<\/li>\n<li>Industrial electrification as a route to cost and emissions reduction<\/li>\n<\/ul>\n<p>[\/vc_column_text][vc_separator color=&#8221;custom&#8221; css=&#8221;.vc_custom_1761463696233{padding-top: 10px !important;padding-bottom: 10px !important;}&#8221; accent_color=&#8221;#b7b7b7&#8243;][\/vc_column_inner][\/vc_row_inner][vc_row_inner css=&#8221;.vc_custom_1761460610256{padding-top: 0px !important;padding-bottom: 20px !important;}&#8221;][vc_column_inner width=&#8221;1\/4&#8243;][\/vc_column_inner][vc_column_inner width=&#8221;3\/4&#8243;][vc_column_text]<span style=\"color: #25408f;\"><b>Moderator<\/b><\/span><\/p>\n<table border=\"0\" width=\"100%\" cellspacing=\"0\" cellpadding=\"2\">\n<tbody>\n<tr>\n<td valign=\"top\" width=\"100\"><img loading=\"lazy\" class=\"alignnone size-full wp-image-15090\" src=\"https:\/\/dise.org.pl\/wp-content\/uploads\/2025\/10\/Janusz-Pietruszynski.jpg\" alt=\"\" width=\"400\" height=\"400\" \/><\/td>\n<td><span style=\"color: #525252;\"><strong>Janusz Pietruszy\u0144ski<\/strong>,\u00a0Editor-in-Chief, CIRE.pl<\/span><\/td>\n<\/tr>\n<\/tbody>\n<\/table>\n<p><span style=\"color: #25408f;\"><b>Panelists<\/b><\/span><\/p>\n<table border=\"0\" width=\"100%\" cellspacing=\"0\" cellpadding=\"2\">\n<tbody>\n<tr>\n<td valign=\"top\" width=\"100\"><img loading=\"lazy\" class=\"alignnone size-full wp-image-15062\" src=\"https:\/\/dise.org.pl\/wp-content\/uploads\/2025\/10\/Anna-Mielcarek.jpg\" alt=\"\" width=\"400\" height=\"400\" \/><\/td>\n<td><span style=\"color: #525252;\"><strong>Anna Mielcarek<\/strong>, Director for Electricity &amp; Heat Markets, Energy Regulatory Office<\/span><\/td>\n<\/tr>\n<\/tbody>\n<\/table>\n<table border=\"0\" width=\"100%\" cellspacing=\"0\" cellpadding=\"2\">\n<tbody>\n<tr>\n<td valign=\"top\" width=\"100\"><img loading=\"lazy\" class=\"alignnone size-full wp-image-15162\" src=\"https:\/\/dise.org.pl\/wp-content\/uploads\/2025\/11\/Kamila-Zybura-Pluta.jpg\" alt=\"\" width=\"400\" height=\"400\" \/><\/td>\n<td><span style=\"color: #525252;\"><strong>Kamila Zybura-Pluta<\/strong>, Investment Delivery Director, Fortum Power and Heat Polska Sp. z o.o.<\/span><\/td>\n<\/tr>\n<\/tbody>\n<\/table>\n<table border=\"0\" width=\"100%\" cellspacing=\"0\" cellpadding=\"2\">\n<tbody>\n<tr>\n<td valign=\"top\" width=\"100\"><img loading=\"lazy\" class=\"alignnone size-full wp-image-15028\" src=\"https:\/\/dise.org.pl\/wp-content\/uploads\/2025\/10\/Adam_Kampa.jpg\" alt=\"\" width=\"400\" height=\"400\" \/><\/td>\n<td><span style=\"color: #525252;\"><strong>Adam Kampa<\/strong>, President, Szczeci\u0144ska Energetyka Cieplna Sp. z o.o.<\/span><\/td>\n<\/tr>\n<\/tbody>\n<\/table>\n<table border=\"0\" width=\"100%\" cellspacing=\"0\" cellpadding=\"2\">\n<tbody>\n<tr>\n<td valign=\"top\" width=\"100\"><img loading=\"lazy\" class=\"alignnone size-full wp-image-9856\" src=\"https:\/\/dise.org.pl\/wp-content\/uploads\/2022\/11\/andrzej-kazmierski-1.jpg\" alt=\"\" width=\"400\" height=\"400\" \/><\/td>\n<td><span style=\"color: #525252;\"><strong>Andrzej Ka\u017amierski<\/strong>, Expert, PSE SA<\/span><\/td>\n<\/tr>\n<\/tbody>\n<\/table>\n<table border=\"0\" width=\"100%\" cellspacing=\"0\" cellpadding=\"2\">\n<tbody>\n<tr>\n<td valign=\"top\" width=\"100\"><img loading=\"lazy\" class=\"alignnone size-full wp-image-15183\" src=\"https:\/\/dise.org.pl\/wp-content\/uploads\/2025\/11\/Krzysztof-Lokaj.jpg\" alt=\"\" width=\"300\" height=\"300\" \/><\/td>\n<td><span style=\"color: #525252;\"><strong>Dr. Krzysztof \u0141okaj<\/strong>, Market Development Manager for Europe &amp; Africa, W\u00e4rtsil\u00e4 Energy<\/span><\/td>\n<\/tr>\n<\/tbody>\n<\/table>\n<table border=\"0\" width=\"100%\" cellspacing=\"0\" cellpadding=\"2\">\n<tbody>\n<tr>\n<td valign=\"top\" width=\"100\"><img loading=\"lazy\" class=\"alignnone size-full wp-image-15137\" src=\"https:\/\/dise.org.pl\/wp-content\/uploads\/2025\/11\/Jacek-Szymczak.jpg\" alt=\"\" width=\"300\" height=\"300\" \/><\/td>\n<td><span style=\"color: #525252;\"><strong>Jacek Szymczak<\/strong>, President, Polish District Heating Chamber (IGCP)<\/span><\/td>\n<\/tr>\n<\/tbody>\n<\/table>\n<p>[\/vc_column_text][\/vc_column_inner][\/vc_row_inner][vc_separator color=&#8221;custom&#8221; accent_color=&#8221;#25408f&#8221; css=&#8221;.vc_custom_1759340440693{padding-top: 5px !important;padding-bottom: 5px !important;}&#8221;][vc_row_inner css=&#8221;.vc_custom_1760469252112{padding-top: 20px !important;padding-bottom: 20px !important;background-color: #e4eff4 !important;}&#8221;][vc_column_inner width=&#8221;1\/4&#8243;][vc_column_text]<\/p>\n<p style=\"text-align: left;\"><span style=\"color: #25408f;\"><strong>15:00 &#8211; 15:45<\/strong><\/span><\/p>\n<p>[\/vc_column_text][\/vc_column_inner][vc_column_inner width=&#8221;3\/4&#8243;][vc_column_text]<strong>Lunch<\/strong>[\/vc_column_text][\/vc_column_inner][\/vc_row_inner][vc_separator color=&#8221;custom&#8221; accent_color=&#8221;#25408f&#8221; css=&#8221;.vc_custom_1759340440693{padding-top: 5px !important;padding-bottom: 5px !important;}&#8221;][vc_row_inner css=&#8221;.vc_custom_1759325737250{padding-top: 20px !important;padding-bottom: 20px !important;background-color: #eaeaea !important;}&#8221;][vc_column_inner][vc_column_text]<\/p>\n<h4 style=\"text-align: center;\"><span style=\"color: #25408f;\"><strong>Discussion: INDUSTRY IN THE GREEN ECONOMY TRANSITION &#8211; WHO BENEFITS, WHO PAYS?<\/strong><\/span><\/h4>\n<p>[\/vc_column_text][\/vc_column_inner][\/vc_row_inner][vc_separator color=&#8221;custom&#8221; accent_color=&#8221;#25408f&#8221; css=&#8221;.vc_custom_1759339317035{padding-top: 5px !important;padding-bottom: 10px !important;}&#8221;][vc_row_inner css=&#8221;.vc_custom_1745925915995{padding-top: 20px !important;padding-bottom: 20px !important;}&#8221;][vc_column_inner width=&#8221;1\/4&#8243;][vc_column_text]<\/p>\n<p style=\"text-align: left;\"><span style=\"color: #25408f;\"><strong>16:00 &#8211; 17:00<\/strong><\/span><\/p>\n<p>[\/vc_column_text][\/vc_column_inner][vc_column_inner width=&#8221;3\/4&#8243;][vc_column_text]Panel Discussion<strong><br \/>\nKey Questions<\/strong><\/p>\n<ul>\n<li>Strategic objectives for industrial transformation in Poland and the EU (2030-2050)<\/li>\n<li>Reconciling decarbonization with global competitiveness<\/li>\n<li>Energy costs and access to clean energy as competitiveness drivers<\/li>\n<li>Technologies and innovation enabling deep decarbonization without productivity loss<\/li>\n<li>Financing the transition &#8211; public instruments, private capital, partnerships<\/li>\n<li>Shifts in global value chains &#8211; how can European industry stay competitive?<\/li>\n<li>Regulatory and system enablers for a successful industrial transition<\/li>\n<\/ul>\n<p>[\/vc_column_text][vc_separator color=&#8221;custom&#8221; css=&#8221;.vc_custom_1761463696233{padding-top: 10px !important;padding-bottom: 10px !important;}&#8221; accent_color=&#8221;#b7b7b7&#8243;][\/vc_column_inner][\/vc_row_inner][vc_row_inner css=&#8221;.vc_custom_1761460610256{padding-top: 0px !important;padding-bottom: 20px !important;}&#8221;][vc_column_inner width=&#8221;1\/4&#8243;][\/vc_column_inner][vc_column_inner width=&#8221;3\/4&#8243;][vc_column_text]<span style=\"color: #25408f;\"><b>Moderator<\/b><\/span><\/p>\n<table border=\"0\" width=\"100%\" cellspacing=\"0\" cellpadding=\"2\">\n<tbody>\n<tr>\n<td valign=\"top\" width=\"100\"><img loading=\"lazy\" class=\"alignnone size-full wp-image-15065\" src=\"https:\/\/dise.org.pl\/wp-content\/uploads\/2025\/10\/Justyna-Piszczatowska.jpg\" alt=\"\" width=\"400\" height=\"400\" \/><\/td>\n<td><span style=\"color: #525252;\"><strong>Justyna Piszczatowska<\/strong>, Publisher, green-news.pl<br \/>\n<\/span><\/td>\n<\/tr>\n<\/tbody>\n<\/table>\n<p><span style=\"color: #25408f;\"><b>Panelists<\/b><\/span><\/p>\n<table border=\"0\" width=\"100%\" cellspacing=\"0\" cellpadding=\"2\">\n<tbody>\n<tr>\n<td valign=\"top\" width=\"100\"><img loading=\"lazy\" class=\"alignnone size-full wp-image-15066\" src=\"https:\/\/dise.org.pl\/wp-content\/uploads\/2025\/10\/Anna-Szczodra.jpg\" alt=\"\" width=\"235\" height=\"235\" \/><\/td>\n<td><span style=\"color: #525252;\"><strong>Anna Szczodra<\/strong>, Partner, Co-Head of KPMG Law, CEE Head of Energy Sector, KMPG Poland<\/span><\/td>\n<\/tr>\n<\/tbody>\n<\/table>\n<table border=\"0\" width=\"100%\" cellspacing=\"0\" cellpadding=\"2\">\n<tbody>\n<tr>\n<td valign=\"top\" width=\"100\"><img loading=\"lazy\" class=\"alignnone size-full wp-image-15067\" src=\"https:\/\/dise.org.pl\/wp-content\/uploads\/2025\/10\/Sonia-Buchholtz.jpg\" alt=\"\" width=\"300\" height=\"300\" \/><\/td>\n<td><span style=\"color: #525252;\"><strong>Dr Sonia Buchholtz<\/strong>, Programme Director \u2014 Transition Finance &amp; Industry, Forum Energii<\/span><\/td>\n<\/tr>\n<\/tbody>\n<\/table>\n<table border=\"0\" width=\"100%\" cellspacing=\"0\" cellpadding=\"2\">\n<tbody>\n<tr>\n<td valign=\"top\" width=\"100\"><img loading=\"lazy\" class=\"alignnone size-full wp-image-15074\" src=\"https:\/\/dise.org.pl\/wp-content\/uploads\/2025\/10\/Joanna-Smolik.jpg\" alt=\"\" width=\"400\" height=\"400\" \/><\/td>\n<td><span style=\"color: #525252;\"><strong>Joanna Smolik<\/strong>, Director of Strategic Relations, BGK<\/span><\/td>\n<\/tr>\n<\/tbody>\n<\/table>\n<table border=\"0\" width=\"100%\" cellspacing=\"0\" cellpadding=\"2\">\n<tbody>\n<tr>\n<td valign=\"top\" width=\"100\"><img loading=\"lazy\" class=\"alignnone size-full wp-image-15218\" src=\"https:\/\/dise.org.pl\/wp-content\/uploads\/2025\/11\/Michal-Obiegala-1.jpg\" alt=\"\" width=\"400\" height=\"400\" \/><\/td>\n<td><span style=\"color: #525252;\"><strong>Micha\u0142 Obiega\u0142a<\/strong>, President, BP Poland<\/span><\/td>\n<\/tr>\n<\/tbody>\n<\/table>\n<table border=\"0\" width=\"100%\" cellspacing=\"0\" cellpadding=\"2\">\n<tbody>\n<tr>\n<td valign=\"top\" width=\"100\"><img loading=\"lazy\" class=\"alignnone size-full wp-image-15226\" src=\"https:\/\/dise.org.pl\/wp-content\/uploads\/2025\/11\/Miguel-Ochoa.jpg\" alt=\"\" width=\"400\" height=\"400\" \/><\/td>\n<td><span style=\"color: #525252;\"><strong>PhD Miguel Ochoa Gimenez<\/strong>, Global Grid Technology Director, Huawei<\/span><\/td>\n<\/tr>\n<\/tbody>\n<\/table>\n<table border=\"0\" width=\"100%\" cellspacing=\"0\" cellpadding=\"2\">\n<tbody>\n<tr>\n<td valign=\"top\" width=\"100\"><img loading=\"lazy\" class=\"alignnone size-full wp-image-15224\" src=\"https:\/\/dise.org.pl\/wp-content\/uploads\/2025\/11\/Damian-Babka.jpg\" alt=\"\" width=\"400\" height=\"400\" \/><\/td>\n<td><span style=\"color: #525252;\"><strong>Damian B\u0105bka<\/strong>, CFO and Board Member, Qair Polska<\/span><\/td>\n<\/tr>\n<\/tbody>\n<\/table>\n<p>[\/vc_column_text][\/vc_column_inner][\/vc_row_inner][vc_separator color=&#8221;custom&#8221; accent_color=&#8221;#25408f&#8221; css=&#8221;.vc_custom_1759339317035{padding-top: 5px !important;padding-bottom: 10px !important;}&#8221;][vc_row_inner css=&#8221;.vc_custom_1759325737250{padding-top: 20px !important;padding-bottom: 20px !important;background-color: #eaeaea !important;}&#8221;][vc_column_inner][vc_column_text]<\/p>\n<h4 style=\"text-align: center;\"><span style=\"color: #25408f;\"><strong>Discussion: DIGITAL ENERGY &#8211; A BRIDGE TO SECURITY AND INNOVATION<\/strong><\/span><\/h4>\n<p>[\/vc_column_text][\/vc_column_inner][\/vc_row_inner][vc_separator color=&#8221;custom&#8221; accent_color=&#8221;#25408f&#8221; css=&#8221;.vc_custom_1759339317035{padding-top: 5px !important;padding-bottom: 10px !important;}&#8221;][vc_separator color=&#8221;custom&#8221; accent_color=&#8221;#c9d9db&#8221; css=&#8221;.vc_custom_1760521008127{padding-top: 5px !important;padding-bottom: 10px !important;}&#8221;][vc_row_inner css=&#8221;.vc_custom_1745925915995{padding-top: 20px !important;padding-bottom: 20px !important;}&#8221;][vc_column_inner width=&#8221;1\/4&#8243;][vc_column_text]<\/p>\n<p style=\"text-align: left;\"><span style=\"color: #25408f;\"><strong>17:00 &#8211; 18:00<\/strong><\/span><\/p>\n<p>[\/vc_column_text][\/vc_column_inner][vc_column_inner width=&#8221;3\/4&#8243;][vc_column_text]Panel Discussion<br \/>\n<strong>Key Questions<\/strong><\/p>\n<ul>\n<li>The role of digital technology in the power sector\u2019s evolution<\/li>\n<li>Cybersecurity as a core challenge of our times<\/li>\n<li>The AI revolution &#8211; new paradigm or familiar bubble?<\/li>\n<li>Digital energy &#8211; new solutions and services<\/li>\n<li>Digitalization &#8211; the end of the power sector as we know it?<\/li>\n<\/ul>\n<p>[\/vc_column_text][vc_separator color=&#8221;custom&#8221; css=&#8221;.vc_custom_1761463696233{padding-top: 10px !important;padding-bottom: 10px !important;}&#8221; accent_color=&#8221;#b7b7b7&#8243;][\/vc_column_inner][\/vc_row_inner][vc_row_inner css=&#8221;.vc_custom_1761460610256{padding-top: 0px !important;padding-bottom: 20px !important;}&#8221;][vc_column_inner width=&#8221;1\/4&#8243;][\/vc_column_inner][vc_column_inner width=&#8221;3\/4&#8243;][vc_column_text]<span style=\"color: #25408f;\"><b>Moderator<\/b><\/span><\/p>\n<table border=\"0\" width=\"100%\" cellspacing=\"0\" cellpadding=\"2\">\n<tbody>\n<tr>\n<td valign=\"top\" width=\"100\"><img loading=\"lazy\" class=\"alignnone size-full wp-image-15075\" src=\"https:\/\/dise.org.pl\/wp-content\/uploads\/2025\/10\/Konrad-Swirski.jpg\" alt=\"\" width=\"600\" height=\"600\" \/><\/td>\n<td><span style=\"color: #525252;\"><strong>Prof. Konrad \u015awirski PhD, Eng,<\/strong> Warsaw University of Technology<strong><br \/>\n<\/strong><\/span><\/td>\n<\/tr>\n<\/tbody>\n<\/table>\n<p><span style=\"color: #25408f;\"><b>Panelists<\/b><\/span><\/p>\n<table border=\"0\" width=\"100%\" cellspacing=\"0\" cellpadding=\"2\">\n<tbody>\n<tr>\n<td valign=\"top\" width=\"100\"><img loading=\"lazy\" class=\"alignnone size-full wp-image-15160\" src=\"https:\/\/dise.org.pl\/wp-content\/uploads\/2025\/11\/Jozef-Augustynow.jpg\" alt=\"\" width=\"400\" height=\"400\" \/><\/td>\n<td><span style=\"color: #525252;\"><strong>J\u00f3zef Augustyn\u00f3w<\/strong>, Director for Product Development &amp; Digitalization, Fortum Power and Heat Polska Sp. z o.o.<\/span><\/td>\n<\/tr>\n<\/tbody>\n<\/table>\n<table border=\"0\" width=\"100%\" cellspacing=\"0\" cellpadding=\"2\">\n<tbody>\n<tr>\n<td valign=\"top\" width=\"100\"><img loading=\"lazy\" class=\"alignnone size-full wp-image-10877\" src=\"https:\/\/dise.org.pl\/en\/wp-content\/uploads\/2025\/11\/Grzegorz-Mazurek.jpg\" alt=\"\" width=\"400\" height=\"400\" srcset=\"https:\/\/dise.org.pl\/en\/wp-content\/uploads\/2025\/11\/Grzegorz-Mazurek.jpg 400w, https:\/\/dise.org.pl\/en\/wp-content\/uploads\/2025\/11\/Grzegorz-Mazurek-300x300.jpg 300w, https:\/\/dise.org.pl\/en\/wp-content\/uploads\/2025\/11\/Grzegorz-Mazurek-150x150.jpg 150w\" sizes=\"(max-width: 400px) 100vw, 400px\" \/><\/td>\n<td><span style=\"color: #525252;\"><strong>Grzegorz Mazurek<\/strong>, Security Services Director, Transition Technologies-Systems<\/span><\/td>\n<\/tr>\n<\/tbody>\n<\/table>\n<table border=\"0\" width=\"100%\" cellspacing=\"0\" cellpadding=\"2\">\n<tbody>\n<tr>\n<td valign=\"top\" width=\"100\"><img loading=\"lazy\" class=\"alignnone size-full wp-image-15390\" src=\"https:\/\/dise.org.pl\/wp-content\/uploads\/2025\/11\/Kamil-Wasowicz-1.jpg\" alt=\"\" width=\"300\" height=\"300\" \/><\/td>\n<td><span style=\"color: #525252;\"><strong>Kamil W\u0105sowicz<\/strong>, Managing Director, ICT Department, PSE SA<\/span><\/td>\n<\/tr>\n<\/tbody>\n<\/table>\n<table border=\"0\" width=\"100%\" cellspacing=\"0\" cellpadding=\"2\">\n<tbody>\n<tr>\n<td valign=\"top\" width=\"100\"><img loading=\"lazy\" class=\"alignnone size-full wp-image-10883\" src=\"https:\/\/dise.org.pl\/en\/wp-content\/uploads\/2025\/11\/Krzysztof-Wysocki.jpg\" alt=\"\" width=\"400\" height=\"400\" srcset=\"https:\/\/dise.org.pl\/en\/wp-content\/uploads\/2025\/11\/Krzysztof-Wysocki.jpg 400w, https:\/\/dise.org.pl\/en\/wp-content\/uploads\/2025\/11\/Krzysztof-Wysocki-300x300.jpg 300w, https:\/\/dise.org.pl\/en\/wp-content\/uploads\/2025\/11\/Krzysztof-Wysocki-150x150.jpg 150w\" sizes=\"(max-width: 400px) 100vw, 400px\" \/><\/td>\n<td><span style=\"color: #525252;\"><strong>Krzysztof Wysocki<\/strong>, Energy Director, Oracle Poland<\/span><\/td>\n<\/tr>\n<\/tbody>\n<\/table>\n<table border=\"0\" width=\"100%\" cellspacing=\"0\" cellpadding=\"2\">\n<tbody>\n<tr>\n<td valign=\"top\" width=\"100\"><img loading=\"lazy\" class=\"alignnone size-full wp-image-15508\" src=\"https:\/\/dise.org.pl\/wp-content\/uploads\/2025\/11\/Piotr_Kacejko.jpg\" alt=\"\" width=\"400\" height=\"400\" \/><\/td>\n<td><strong>Prof. Dr. DSc, Eng Piotr Kacejko<\/strong>, Faculty of Electrical Engineering and Computer Science, Lublin University of Technology<\/td>\n<\/tr>\n<\/tbody>\n<\/table>\n<p>[\/vc_column_text][\/vc_column_inner][\/vc_row_inner][vc_separator color=&#8221;custom&#8221; accent_color=&#8221;#25408f&#8221; css=&#8221;.vc_custom_1759339317035{padding-top: 5px !important;padding-bottom: 10px !important;}&#8221;][vc_row_inner css=&#8221;.vc_custom_1745925915995{padding-top: 20px !important;padding-bottom: 20px !important;}&#8221;][vc_column_inner width=&#8221;1\/4&#8243;][vc_column_text]<\/p>\n<p style=\"text-align: left;\"><span style=\"color: #25408f;\"><strong>20:00 &#8211; 00:00<\/strong><\/span><\/p>\n<p>[\/vc_column_text][\/vc_column_inner][vc_column_inner width=&#8221;1\/2&#8243;][vc_column_text]<strong>Gala dinner<\/strong>[\/vc_column_text][\/vc_column_inner][vc_column_inner width=&#8221;1\/4&#8243;][vc_single_image image=&#8221;10897&#8243; img_size=&#8221;120&#215;92&#8243; alignment=&#8221;center&#8221; onclick=&#8221;custom_link&#8221; image_hovers=&#8221;false&#8221; link=&#8221;https:\/\/energiakobiet.org.pl&#8221;][\/vc_column_inner][\/vc_row_inner][vc_empty_space height=&#8221;5px&#8221;][\/vc_tta_section][vc_tta_section i_icon_fontawesome=&#8221;fa fa-calendar&#8221; add_icon=&#8221;true&#8221; title=&#8221;Day 2&#8243; tab_id=&#8221;wroclaw-bridge-dzien2&#8243;][vc_row_inner][vc_column_inner css=&#8221;.vc_custom_1759343129704{padding-top: 20px !important;padding-bottom: 20px !important;background-color: #b7cdd9 !important;}&#8221;][vc_column_text]<\/p>\n<h3 style=\"text-align: center;\"><span style=\"color: #4b5e68;\"><strong>DAY II: 26 November 2025 (Wednesday)**<\/strong><\/span><\/h3>\n<p>[\/vc_column_text][\/vc_column_inner][\/vc_row_inner][vc_row_inner css=&#8221;.vc_custom_1745925915995{padding-top: 20px !important;padding-bottom: 20px !important;}&#8221;][vc_column_inner width=&#8221;1\/4&#8243;][vc_column_text]<\/p>\n<p style=\"text-align: left;\"><span style=\"color: #25408f;\"><strong>09:00<\/strong><\/span><\/p>\n<p>[\/vc_column_text][\/vc_column_inner][vc_column_inner width=&#8221;3\/4&#8243;][vc_column_text]<strong>Opening of Day Two<\/strong>[\/vc_column_text][\/vc_column_inner][\/vc_row_inner][vc_separator color=&#8221;custom&#8221; accent_color=&#8221;#25408f&#8221; css=&#8221;.vc_custom_1759339194084{padding-top: 5px !important;padding-bottom: 5px !important;}&#8221;][vc_row_inner css=&#8221;.vc_custom_1745925915995{padding-top: 20px !important;padding-bottom: 20px !important;}&#8221;][vc_column_inner width=&#8221;1\/4&#8243;][\/vc_column_inner][vc_column_inner width=&#8221;3\/4&#8243;][vc_column_text]<span style=\"color: #25408f;\"><b>Speech<\/b><\/span><\/p>\n<table border=\"0\" width=\"100%\" cellspacing=\"0\" cellpadding=\"2\">\n<tbody>\n<tr>\n<td valign=\"top\" width=\"100\"><img loading=\"lazy\" class=\"alignnone size-full wp-image-15113\" src=\"https:\/\/dise.org.pl\/wp-content\/uploads\/2025\/10\/Miroslaw-Proppe.jpg\" alt=\"\" width=\"400\" height=\"400\" \/><\/td>\n<td><span style=\"color: #525252;\"><strong>Miros\u0142aw Propp\u00e9<\/strong>, President, WWF Poland<br \/>\n<\/span><\/td>\n<\/tr>\n<\/tbody>\n<\/table>\n<p>[\/vc_column_text][\/vc_column_inner][\/vc_row_inner][vc_separator color=&#8221;custom&#8221; accent_color=&#8221;#25408f&#8221; css=&#8221;.vc_custom_1759339194084{padding-top: 5px !important;padding-bottom: 5px !important;}&#8221;][vc_row_inner css=&#8221;.vc_custom_1759325737250{padding-top: 20px !important;padding-bottom: 20px !important;background-color: #eaeaea !important;}&#8221;][vc_column_inner][vc_column_text]<\/p>\n<h4 style=\"text-align: center;\"><span style=\"color: #25408f;\"><strong>Main Session:<br \/>\nGAS UNDER PRESSURE \u2014 TRANSITION ENABLER OR COSTLY CONSTRAINT?<br \/>\n<\/strong><\/span><\/h4>\n<p>[\/vc_column_text][\/vc_column_inner][\/vc_row_inner][vc_separator color=&#8221;custom&#8221; accent_color=&#8221;#25408f&#8221; css=&#8221;.vc_custom_1759339194084{padding-top: 5px !important;padding-bottom: 5px !important;}&#8221;][vc_row_inner css=&#8221;.vc_custom_1745925915995{padding-top: 20px !important;padding-bottom: 20px !important;}&#8221;][vc_column_inner width=&#8221;1\/4&#8243;][vc_column_text]<\/p>\n<p style=\"text-align: left;\"><span style=\"color: #25408f;\"><strong>09:15 &#8211; 09:30<\/strong><\/span><\/p>\n<p>[\/vc_column_text][\/vc_column_inner][vc_column_inner width=&#8221;3\/4&#8243;][vc_column_text]<span style=\"color: #25408f;\"><b>Speech<\/b><\/span><\/p>\n<table border=\"0\" width=\"100%\" cellspacing=\"0\" cellpadding=\"2\">\n<tbody>\n<tr>\n<td valign=\"top\" width=\"100\"><img loading=\"lazy\" class=\"alignnone size-full wp-image-15138\" src=\"https:\/\/dise.org.pl\/wp-content\/uploads\/2025\/11\/Marcin_Sienkiewicz.jpg\" alt=\"\" width=\"400\" height=\"400\" \/><\/td>\n<td><span style=\"color: #525252;\"><strong>Dr. Marcin Sienkiewicz<\/strong>, Gas Markets Manager, Polish Power Exchange S.A. (TGE), <strong>&#8220;Biomethane trading project on TGE&#8221;<\/strong><\/span><\/td>\n<\/tr>\n<\/tbody>\n<\/table>\n<p>[\/vc_column_text][\/vc_column_inner][\/vc_row_inner][vc_row_inner css=&#8221;.vc_custom_1745925915995{padding-top: 20px !important;padding-bottom: 20px !important;}&#8221;][vc_column_inner width=&#8221;1\/4&#8243;][vc_column_text]<\/p>\n<p style=\"text-align: left;\"><span style=\"color: #25408f;\"><strong>09:20 &#8211; 09:30<\/strong><\/span><\/p>\n<p>[\/vc_column_text][\/vc_column_inner][vc_column_inner width=&#8221;3\/4&#8243;][vc_column_text]<span style=\"color: #25408f;\"><b>Speech<\/b><\/span><\/p>\n<table border=\"0\" width=\"100%\" cellspacing=\"0\" cellpadding=\"2\">\n<tbody>\n<tr>\n<td valign=\"top\" width=\"100\"><img loading=\"lazy\" class=\"alignnone size-full wp-image-15476\" src=\"https:\/\/dise.org.pl\/wp-content\/uploads\/2025\/11\/Grzegorz-Rosik.jpg\" alt=\"\" width=\"400\" height=\"400\" \/><\/td>\n<td><span style=\"color: #525252;\"><strong>Grzegorz Rosik<\/strong>, President, Orison sp. z o.o., <strong>&#8220;The first biomethane plant in Poland, the largest in Europe &#8211; a new face of industry\u201d<\/strong><\/span><\/td>\n<\/tr>\n<\/tbody>\n<\/table>\n<p>[\/vc_column_text][\/vc_column_inner][\/vc_row_inner][vc_separator color=&#8221;custom&#8221; accent_color=&#8221;#25408f&#8221; css=&#8221;.vc_custom_1759339202681{padding-top: 5px !important;padding-bottom: 5px !important;}&#8221;][vc_row_inner css=&#8221;.vc_custom_1745925915995{padding-top: 20px !important;padding-bottom: 20px !important;}&#8221;][vc_column_inner width=&#8221;1\/4&#8243;][vc_column_text]<\/p>\n<p style=\"text-align: left;\"><span style=\"color: #25408f;\"><strong>09:30 &#8211; 10:30<\/strong><\/span><\/p>\n<p>[\/vc_column_text][\/vc_column_inner][vc_column_inner width=&#8221;3\/4&#8243;][vc_column_text]Panel Discussion<strong><br \/>\nKey Questions<\/strong><\/p>\n<ul>\n<li>Gas in the post-crisis era &#8211; infrastructure, security, imports<\/li>\n<li>Gas as a transition fuel &#8211; is its role ending or evolving?<\/li>\n<li>Gas trading &#8211; between security of supply and competition.<\/li>\n<li>Gas vs. RES and nuclear &#8211; rivalry or complementarity on the path to net zero?<\/li>\n<li>Global nuclear supply chains &#8211; what position could Poland take?<\/li>\n<li>RES and storage as alternatives to gas for system balancing?<\/li>\n<li>Capacity market and support schemes as tools for adequacy and investment viability<\/li>\n<\/ul>\n<p>[\/vc_column_text][vc_separator color=&#8221;custom&#8221; css=&#8221;.vc_custom_1761466816547{padding-top: 10px !important;padding-bottom: 10px !important;}&#8221; accent_color=&#8221;#b7b7b7&#8243;][\/vc_column_inner][\/vc_row_inner][vc_row_inner css=&#8221;.vc_custom_1761468555451{padding-bottom: 20px !important;}&#8221;][vc_column_inner width=&#8221;1\/4&#8243;][\/vc_column_inner][vc_column_inner width=&#8221;3\/4&#8243;][vc_column_text]<span style=\"color: #25408f;\"><b>Moderator<\/b><\/span><\/p>\n<table border=\"0\" width=\"100%\" cellspacing=\"0\" cellpadding=\"2\">\n<tbody>\n<tr>\n<td valign=\"top\" width=\"100\"><img loading=\"lazy\" class=\"alignnone size-full wp-image-15090\" src=\"https:\/\/dise.org.pl\/wp-content\/uploads\/2025\/10\/Janusz-Pietruszynski.jpg\" alt=\"\" width=\"400\" height=\"400\" \/><\/td>\n<td><span style=\"color: #525252;\"><strong>Janusz Pietruszy\u0144ski<\/strong>, Editor-in-Chief, CIRE.pl<br \/>\n<\/span><\/td>\n<\/tr>\n<\/tbody>\n<\/table>\n<p><span style=\"color: #25408f;\"><b>Panelists<\/b><\/span><\/p>\n<table border=\"0\" width=\"100%\" cellspacing=\"0\" cellpadding=\"2\">\n<tbody>\n<tr>\n<td valign=\"top\" width=\"100\"><img loading=\"lazy\" class=\"alignnone size-full wp-image-15040\" src=\"https:\/\/dise.org.pl\/wp-content\/uploads\/2025\/10\/Agnieszka_Okonska.jpg\" alt=\"\" width=\"400\" height=\"400\" \/><\/td>\n<td><span style=\"color: #525252;\"><strong>Agnieszka Oko\u0144ska<\/strong>, Vice President, PSE SA<\/span><\/td>\n<\/tr>\n<\/tbody>\n<\/table>\n<table border=\"0\" width=\"100%\" cellspacing=\"0\" cellpadding=\"2\">\n<tbody>\n<tr>\n<td valign=\"top\" width=\"100\"><img loading=\"lazy\" class=\"alignnone size-full wp-image-15140\" src=\"https:\/\/dise.org.pl\/wp-content\/uploads\/2025\/11\/Piotr_Listwon\u0301.jpg\" alt=\"\" width=\"400\" height=\"400\" \/><\/td>\n<td><span style=\"color: #525252;\"><strong>Piotr Listwo\u0144<\/strong>, President, Polish Power Exchange S.A. (TGE)<\/span><\/td>\n<\/tr>\n<\/tbody>\n<\/table>\n<table border=\"0\" width=\"100%\" cellspacing=\"0\" cellpadding=\"2\">\n<tbody>\n<tr>\n<td valign=\"top\" width=\"100\"><img loading=\"lazy\" class=\"alignnone size-full wp-image-15091\" src=\"https:\/\/dise.org.pl\/wp-content\/uploads\/2025\/10\/Ireneusz-Lazor.jpg\" alt=\"\" width=\"400\" height=\"400\" \/><\/td>\n<td><span style=\"color: #525252;\"><strong>Ireneusz \u0141azor<\/strong>, Expert, Ignacy \u0141ukasiewicz Institute for Energy Policy<\/span><\/td>\n<\/tr>\n<\/tbody>\n<\/table>\n<table border=\"0\" width=\"100%\" cellspacing=\"0\" cellpadding=\"2\">\n<tbody>\n<tr>\n<td valign=\"top\" width=\"100\"><img loading=\"lazy\" class=\"alignnone size-full wp-image-15345\" src=\"https:\/\/dise.org.pl\/wp-content\/uploads\/2025\/11\/Jacek-Nowakowski-2.jpg\" alt=\"\" width=\"400\" height=\"400\" \/><\/td>\n<td><span style=\"color: #525252;\"><strong>Jacek Nowakowski<\/strong>, Vice President, Polish LNG and bioLNG Platform<\/span><\/td>\n<\/tr>\n<\/tbody>\n<\/table>\n<table border=\"0\" width=\"100%\" cellspacing=\"0\" cellpadding=\"2\">\n<tbody>\n<tr>\n<td valign=\"top\" width=\"100\"><img loading=\"lazy\" class=\"alignnone size-full wp-image-15194\" src=\"https:\/\/dise.org.pl\/wp-content\/uploads\/2025\/11\/Jerzy-Kwiecinski.jpg\" alt=\"\" width=\"300\" height=\"300\" \/><\/td>\n<td><span style=\"color: #525252;\"><strong>Jacek Nowakowski<\/strong>, First Vice-President for Employer Affairs, National Chamber of Commerce<\/span><\/td>\n<\/tr>\n<\/tbody>\n<\/table>\n<table border=\"0\" width=\"100%\" cellspacing=\"0\" cellpadding=\"2\">\n<tbody>\n<tr>\n<td valign=\"top\" width=\"100\"><img loading=\"lazy\" class=\"alignnone size-full wp-image-9458\" src=\"https:\/\/dise.org.pl\/en\/wp-content\/uploads\/2024\/09\/Jacek_Dach.jpg\" alt=\"\" width=\"200\" height=\"200\" srcset=\"https:\/\/dise.org.pl\/en\/wp-content\/uploads\/2024\/09\/Jacek_Dach.jpg 200w, https:\/\/dise.org.pl\/en\/wp-content\/uploads\/2024\/09\/Jacek_Dach-150x150.jpg 150w\" sizes=\"(max-width: 200px) 100vw, 200px\" \/><\/td>\n<td><span style=\"color: #525252;\"><strong>Prof. Jacek Dach, D.Sc., <\/strong>Head of Ecotechnology Laboratory, University of Life Sciences in Pozna\u0144<\/span><\/td>\n<\/tr>\n<\/tbody>\n<\/table>\n<p>[\/vc_column_text][\/vc_column_inner][\/vc_row_inner][vc_separator color=&#8221;custom&#8221; accent_color=&#8221;#25408f&#8221; css=&#8221;.vc_custom_1759339326083{padding-top: 5px !important;padding-bottom: 5px !important;}&#8221;][vc_row_inner css=&#8221;.vc_custom_1759325737250{padding-top: 20px !important;padding-bottom: 20px !important;background-color: #eaeaea !important;}&#8221;][vc_column_inner][vc_column_text]<\/p>\n<h4 style=\"text-align: center;\"><span style=\"color: #25408f;\"><strong>Discussion: REGIONAL ENERGY SYSTEMS IN THE ENERGY TRANSITION<\/strong><\/span><\/h4>\n<p>[\/vc_column_text][\/vc_column_inner][\/vc_row_inner][vc_row_inner css=&#8221;.vc_custom_1745925915995{padding-top: 20px !important;padding-bottom: 20px !important;}&#8221;][vc_column_inner width=&#8221;1\/4&#8243;][vc_column_text]<\/p>\n<p style=\"text-align: left;\"><span style=\"color: #25408f;\"><strong>10:30 &#8211; 10:45<\/strong><\/span><\/p>\n<p>[\/vc_column_text][\/vc_column_inner][vc_column_inner width=&#8221;3\/4&#8243;][vc_column_text]<span style=\"color: #25408f;\"><b>Speech<\/b><\/span><\/p>\n<table border=\"0\" width=\"100%\" cellspacing=\"0\" cellpadding=\"2\">\n<tbody>\n<tr>\n<td valign=\"top\" width=\"100\"><img loading=\"lazy\" class=\"alignnone size-full wp-image-15201\" src=\"https:\/\/dise.org.pl\/wp-content\/uploads\/2025\/11\/Katarzyna-Szymczak-Pomianowska.jpg\" alt=\"\" width=\"400\" height=\"400\" \/><\/td>\n<td><span style=\"color: #525252;\"><strong>Katarzyna Szymczak &#8211; Pomianowska<\/strong>, Director, Department of Sustainable Development, City of Wroc\u0142aw, &#8220;<strong>Wroc\u0142aw under pressure \u2013 our contract with the future&#8221;<\/strong><\/span><\/td>\n<\/tr>\n<\/tbody>\n<\/table>\n<p>[\/vc_column_text][\/vc_column_inner][\/vc_row_inner][vc_row_inner css=&#8221;.vc_custom_1745925915995{padding-top: 20px !important;padding-bottom: 20px !important;}&#8221;][vc_column_inner width=&#8221;1\/4&#8243;][\/vc_column_inner][vc_column_inner width=&#8221;3\/4&#8243;][vc_column_text]<span style=\"color: #25408f;\"><b>Speech<\/b><\/span><\/p>\n<table border=\"0\" width=\"100%\" cellspacing=\"0\" cellpadding=\"2\">\n<tbody>\n<tr>\n<td valign=\"top\" width=\"100\"><img loading=\"lazy\" class=\"alignnone size-full wp-image-15403\" src=\"https:\/\/dise.org.pl\/wp-content\/uploads\/2025\/11\/Szymon-Plon\u0301ski.jpg\" alt=\"\" width=\"400\" height=\"400\" \/><\/td>\n<td><span style=\"color: #525252;\"><strong>Szymon P\u0142o\u0144ski<\/strong>, President, Lower Silesian Hydrogen Valley Association<\/span><\/td>\n<\/tr>\n<\/tbody>\n<\/table>\n<p>[\/vc_column_text][\/vc_column_inner][\/vc_row_inner][vc_separator color=&#8221;custom&#8221; accent_color=&#8221;#25408f&#8221; css=&#8221;.vc_custom_1759339326083{padding-top: 5px !important;padding-bottom: 5px !important;}&#8221;][vc_row_inner css=&#8221;.vc_custom_1745925915995{padding-top: 20px !important;padding-bottom: 20px !important;}&#8221;][vc_column_inner width=&#8221;1\/4&#8243;][vc_column_text]<\/p>\n<p style=\"text-align: left;\"><span style=\"color: #25408f;\"><strong>10:45 &#8211; 11:30<\/strong><\/span><\/p>\n<p>[\/vc_column_text][\/vc_column_inner][vc_column_inner width=&#8221;3\/4&#8243;][vc_column_text]Panel Discussion<strong><br \/>\nKey Questions<\/strong><\/p>\n<ul>\n<li>Distributed energy &#8211; can regions become engines of the transition?<\/li>\n<li>Local governments as prosumers &#8211; business models and financing for local energy<\/li>\n<li>Energy clusters and cooperatives &#8211; can bottom\u2011up initiatives compete with incumbents?<\/li>\n<li>Will local networks keep pace with rising RES capacity?<\/li>\n<li>Energy as a regional development driver &#8211; attracting investment with clean, affordable power<\/li>\n<li>Local resilience &#8211; microgrids, storage, and crisis preparedness<\/li>\n<\/ul>\n<p>[\/vc_column_text][vc_separator color=&#8221;custom&#8221; css=&#8221;.vc_custom_1761466816547{padding-top: 10px !important;padding-bottom: 10px !important;}&#8221; accent_color=&#8221;#b7b7b7&#8243;][\/vc_column_inner][\/vc_row_inner][vc_row_inner css=&#8221;.vc_custom_1761468547126{padding-bottom: 20px !important;}&#8221;][vc_column_inner width=&#8221;1\/4&#8243;][\/vc_column_inner][vc_column_inner width=&#8221;3\/4&#8243;][vc_column_text]<span style=\"color: #25408f;\"><b>Moderator<\/b><\/span><\/p>\n<table border=\"0\" width=\"100%\" cellspacing=\"0\" cellpadding=\"2\">\n<tbody>\n<tr>\n<td valign=\"top\" width=\"100\"><img loading=\"lazy\" class=\"alignnone size-full wp-image-12978\" src=\"https:\/\/dise.org.pl\/wp-content\/uploads\/2024\/09\/Agata-Romanowska.jpg\" alt=\"\" width=\"400\" height=\"400\" \/><\/td>\n<td><span style=\"color: #525252;\"><strong>Dr. Eng. Agata Romanowska<\/strong>, Senior Project Manager, DISE Energy<\/span><\/td>\n<\/tr>\n<\/tbody>\n<\/table>\n<p><span style=\"color: #25408f;\"><b>Paneli\u015bci<\/b><\/span><\/p>\n<table border=\"0\" width=\"100%\" cellspacing=\"0\" cellpadding=\"2\">\n<tbody>\n<tr>\n<td valign=\"top\" width=\"100\"><img loading=\"lazy\" class=\"alignnone size-full wp-image-15559\" src=\"https:\/\/dise.org.pl\/wp-content\/uploads\/2025\/11\/Ireneusz-Zyska.jpg\" alt=\"\" width=\"400\" height=\"400\" \/><\/td>\n<td><span style=\"color: #525252;\"><strong>Ireneusz Zyska<\/strong>, Member of the Sejm of the Republic of Poland<\/span><\/td>\n<\/tr>\n<\/tbody>\n<\/table>\n<table border=\"0\" width=\"100%\" cellspacing=\"0\" cellpadding=\"2\">\n<tbody>\n<tr>\n<td valign=\"top\" width=\"100\"><img loading=\"lazy\" class=\"alignnone size-full wp-image-15360\" src=\"https:\/\/dise.org.pl\/wp-content\/uploads\/2025\/11\/Justyna-Lasak-1.jpg\" alt=\"\" width=\"400\" height=\"400\" \/><\/td>\n<td><span style=\"color: #525252;\"><strong>Justyna Lasak<\/strong>, Director, Transformation Department, Marshal\u2019s Office of the Lower Silesian Voivodeship<\/span><\/td>\n<\/tr>\n<\/tbody>\n<\/table>\n<table border=\"0\" width=\"100%\" cellspacing=\"0\" cellpadding=\"2\">\n<tbody>\n<tr>\n<td valign=\"top\" width=\"100\"><img loading=\"lazy\" class=\"alignnone size-full wp-image-15201\" src=\"https:\/\/dise.org.pl\/wp-content\/uploads\/2025\/11\/Katarzyna-Szymczak-Pomianowska.jpg\" alt=\"\" width=\"400\" height=\"400\" \/><\/td>\n<td><span style=\"color: #525252;\"><strong>Katarzyna Szymczak &#8211; Pomianowska<\/strong>, Director, Department of Sustainable Development, City of Wroc\u0142aw<\/span><\/td>\n<\/tr>\n<\/tbody>\n<\/table>\n<table border=\"0\" width=\"100%\" cellspacing=\"0\" cellpadding=\"2\">\n<tbody>\n<tr>\n<td valign=\"top\" width=\"100\"><img loading=\"lazy\" class=\"alignnone size-full wp-image-8235\" src=\"https:\/\/dise.org.pl\/wp-content\/uploads\/2021\/11\/a-jezewski-200x200.jpg\" alt=\"\" width=\"200\" height=\"200\" \/><\/td>\n<td><span style=\"color: #525252;\"><strong>Andrzej Je\u017cewski<\/strong>, Owner and President, Promet\u2011Plast S.C. El\u017cbieta Je\u017cewska Andrzej Je\u017cewski<\/span><\/td>\n<\/tr>\n<\/tbody>\n<\/table>\n<table border=\"0\" width=\"100%\" cellspacing=\"0\" cellpadding=\"2\">\n<tbody>\n<tr>\n<td valign=\"top\" width=\"100\"><img loading=\"lazy\" class=\"alignnone size-full wp-image-15094\" src=\"https:\/\/dise.org.pl\/wp-content\/uploads\/2025\/10\/Hubert-Papaj.jpg\" alt=\"\" width=\"400\" height=\"400\" \/><\/td>\n<td><span style=\"color: #525252;\"><strong>Hubert Papaj<\/strong>, President, Karkonosze Regional Development Agency (KARR)<\/span><\/td>\n<\/tr>\n<\/tbody>\n<\/table>\n<table border=\"0\" width=\"100%\" cellspacing=\"0\" cellpadding=\"2\">\n<tbody>\n<tr>\n<td valign=\"top\" width=\"100\"><img loading=\"lazy\" class=\"alignnone size-full wp-image-10885\" src=\"https:\/\/dise.org.pl\/en\/wp-content\/uploads\/2025\/11\/Anna-Kornecka.jpg\" alt=\"\" width=\"400\" height=\"400\" srcset=\"https:\/\/dise.org.pl\/en\/wp-content\/uploads\/2025\/11\/Anna-Kornecka.jpg 400w, https:\/\/dise.org.pl\/en\/wp-content\/uploads\/2025\/11\/Anna-Kornecka-300x300.jpg 300w, https:\/\/dise.org.pl\/en\/wp-content\/uploads\/2025\/11\/Anna-Kornecka-150x150.jpg 150w\" sizes=\"(max-width: 400px) 100vw, 400px\" \/><\/td>\n<td><span style=\"color: #525252;\"><strong>Anna Kornecka, <\/strong>President, Hydro Sanok, Member of the Programme Council, Polish Energy Storage Association<\/span><\/td>\n<\/tr>\n<\/tbody>\n<\/table>\n<p>[\/vc_column_text][\/vc_column_inner][\/vc_row_inner][vc_separator color=&#8221;custom&#8221; accent_color=&#8221;#25408f&#8221; css=&#8221;.vc_custom_1759339317035{padding-top: 5px !important;padding-bottom: 10px !important;}&#8221;][vc_row_inner css=&#8221;.vc_custom_1760471194721{padding-top: 20px !important;padding-bottom: 20px !important;background-color: #e4eff4 !important;}&#8221;][vc_column_inner width=&#8221;1\/4&#8243;][vc_column_text]<\/p>\n<p style=\"text-align: left;\"><span style=\"color: #25408f;\"><strong>11:30 &#8211; 11:45<\/strong><\/span><\/p>\n<p>[\/vc_column_text][\/vc_column_inner][vc_column_inner width=&#8221;3\/4&#8243;][vc_column_text]<strong>Coffee Break<\/strong>[\/vc_column_text][\/vc_column_inner][\/vc_row_inner][vc_separator color=&#8221;custom&#8221; accent_color=&#8221;#25408f&#8221; css=&#8221;.vc_custom_1759339317035{padding-top: 5px !important;padding-bottom: 10px !important;}&#8221;][vc_row_inner css=&#8221;.vc_custom_1759325737250{padding-top: 20px !important;padding-bottom: 20px !important;background-color: #eaeaea !important;}&#8221;][vc_column_inner][vc_column_text]<\/p>\n<h4 style=\"text-align: center;\"><span style=\"color: #25408f;\"><strong>Discussion: STRATEGIC RESOURCES AND GEOPOLITICS &#8211; POLAND ON THE GLOBAL ENERGY BOARD<\/strong><\/span><\/h4>\n<p>[\/vc_column_text][\/vc_column_inner][\/vc_row_inner][vc_separator color=&#8221;custom&#8221; accent_color=&#8221;#25408f&#8221; css=&#8221;.vc_custom_1759339317035{padding-top: 5px !important;padding-bottom: 10px !important;}&#8221;][vc_row_inner css=&#8221;.vc_custom_1745925915995{padding-top: 20px !important;padding-bottom: 20px !important;}&#8221;][vc_column_inner width=&#8221;1\/4&#8243;][vc_column_text]<\/p>\n<p style=\"text-align: left;\"><span style=\"color: #25408f;\"><strong>11:45 &#8211; 12:00<\/strong><\/span><\/p>\n<p>[\/vc_column_text][\/vc_column_inner][vc_column_inner width=&#8221;3\/4&#8243;][vc_column_text]<span style=\"color: #25408f;\"><b>Wyst\u0105pienie<\/b><\/span><\/p>\n<table border=\"0\" width=\"100%\" cellspacing=\"0\" cellpadding=\"2\">\n<tbody>\n<tr>\n<td valign=\"top\" width=\"100\"><img loading=\"lazy\" class=\"alignnone size-full wp-image-15115\" src=\"https:\/\/dise.org.pl\/wp-content\/uploads\/2025\/10\/Hubert-Put.jpg\" alt=\"\" width=\"400\" height=\"400\" \/><\/td>\n<td><span style=\"color: #525252;\"><strong>Speech<\/strong>, Senior Consultant\/Polish Market Expert, Montel<br \/>\n<\/span><\/td>\n<\/tr>\n<\/tbody>\n<\/table>\n<p>[\/vc_column_text][\/vc_column_inner][\/vc_row_inner][vc_separator color=&#8221;custom&#8221; accent_color=&#8221;#c9d9db&#8221; css=&#8221;.vc_custom_1760521055294{padding-top: 5px !important;padding-bottom: 10px !important;}&#8221;][vc_row_inner css=&#8221;.vc_custom_1745925915995{padding-top: 20px !important;padding-bottom: 20px !important;}&#8221;][vc_column_inner width=&#8221;1\/4&#8243;][vc_column_text]<\/p>\n<p style=\"text-align: left;\"><span style=\"color: #25408f;\"><strong>12:00 &#8211; 13:15<\/strong><\/span><\/p>\n<p>[\/vc_column_text][\/vc_column_inner][vc_column_inner width=&#8221;3\/4&#8243;][vc_column_text]Panel Discussion<strong><br \/>\nKey Questions<\/strong><\/p>\n<ul>\n<li>Shifting fault lines &#8211; how the strategic commodities landscape is changing<\/li>\n<li>Poland in the reconfigured global value chains (critical raw materials, batteries, components).<\/li>\n<li>Energy and resources diplomacy &#8211; building alliances to de\u2011risk supply<\/li>\n<li>Poland\u2019s raw materials security &#8211; do we need a national strategy for critical raw materials?<\/li>\n<li>Energy as geopolitical leverage &#8211; evolving roles of gas, oil, and hydrogen<\/li>\n<\/ul>\n<p>[\/vc_column_text][vc_separator color=&#8221;custom&#8221; css=&#8221;.vc_custom_1761466816547{padding-top: 10px !important;padding-bottom: 10px !important;}&#8221; accent_color=&#8221;#b7b7b7&#8243;][\/vc_column_inner][\/vc_row_inner][vc_row_inner css=&#8221;.vc_custom_1761468538143{padding-bottom: 20px !important;}&#8221;][vc_column_inner width=&#8221;1\/4&#8243;][\/vc_column_inner][vc_column_inner width=&#8221;3\/4&#8243;][vc_column_text]<span style=\"color: #25408f;\"><b>Moderator<\/b><\/span><\/p>\n<table border=\"0\" width=\"100%\" cellspacing=\"0\" cellpadding=\"2\">\n<tbody>\n<tr>\n<td valign=\"top\" width=\"100\"><img loading=\"lazy\" class=\"alignnone size-full wp-image-8447\" src=\"https:\/\/dise.org.pl\/wp-content\/uploads\/2022\/01\/wojciech-jakobik.jpg\" alt=\"\" width=\"600\" height=\"600\" \/><\/td>\n<td><span style=\"color: #525252;\"><strong>Wojciech Jak\u00f3bik<\/strong>, Energy Security Centre<br \/>\n<\/span><\/td>\n<\/tr>\n<\/tbody>\n<\/table>\n<p><span style=\"color: #25408f;\"><b>Paneli\u015bci<\/b><\/span><\/p>\n<table border=\"0\" width=\"100%\" cellspacing=\"0\" cellpadding=\"2\">\n<tbody>\n<tr>\n<td valign=\"top\" width=\"100\"><img loading=\"lazy\" class=\"alignnone size-full wp-image-15100\" src=\"https:\/\/dise.org.pl\/wp-content\/uploads\/2025\/10\/Marek-Nieduzak.jpg\" alt=\"\" width=\"300\" height=\"300\" \/><\/td>\n<td><span style=\"color: #525252;\"><strong>Dr. Marek Niedu\u017cak<\/strong>, Country Director for Poland, European Initiative for Energy Security<\/span><\/td>\n<\/tr>\n<\/tbody>\n<\/table>\n<table border=\"0\" width=\"100%\" cellspacing=\"0\" cellpadding=\"2\">\n<tbody>\n<tr>\n<td valign=\"top\" width=\"100\"><img loading=\"lazy\" class=\"alignnone size-full wp-image-15221\" src=\"https:\/\/dise.org.pl\/wp-content\/uploads\/2025\/11\/Herbert-Wirth-1.jpg\" alt=\"\" width=\"400\" height=\"400\" \/><\/td>\n<td><span style=\"color: #525252;\"><strong>Prof. Herbert Wirth<\/strong>, Department of Mining, Faculty of Geoengineering, Mining and Geology, Wroc\u0142aw University of Science and Technology<\/span><\/td>\n<\/tr>\n<\/tbody>\n<\/table>\n<table border=\"0\" width=\"100%\" cellspacing=\"0\" cellpadding=\"2\">\n<tbody>\n<tr>\n<td valign=\"top\" width=\"100\"><img loading=\"lazy\" class=\"alignnone size-full wp-image-10913\" src=\"https:\/\/dise.org.pl\/en\/wp-content\/uploads\/2025\/11\/Agata-Loskot-Strachota-www.jpg\" alt=\"\" width=\"400\" height=\"400\" srcset=\"https:\/\/dise.org.pl\/en\/wp-content\/uploads\/2025\/11\/Agata-Loskot-Strachota-www.jpg 400w, https:\/\/dise.org.pl\/en\/wp-content\/uploads\/2025\/11\/Agata-Loskot-Strachota-www-300x300.jpg 300w, https:\/\/dise.org.pl\/en\/wp-content\/uploads\/2025\/11\/Agata-Loskot-Strachota-www-150x150.jpg 150w\" sizes=\"(max-width: 400px) 100vw, 400px\" \/><\/td>\n<td><span style=\"color: #525252;\"><strong>Agata \u0141oskot-Strachota<\/strong>, Project Lead &#8211; Energy in Europe, Centre for Eastern Studies (OSW)<\/span><\/td>\n<\/tr>\n<\/tbody>\n<\/table>\n<table border=\"0\" width=\"100%\" cellspacing=\"0\" cellpadding=\"2\">\n<tbody>\n<tr>\n<td valign=\"top\" width=\"100\"><img loading=\"lazy\" class=\"alignnone size-full wp-image-15285\" src=\"https:\/\/dise.org.pl\/wp-content\/uploads\/2025\/11\/Kasjan-Wyligala.jpg\" alt=\"\" width=\"400\" height=\"400\" \/><\/td>\n<td><span style=\"color: #525252;\"><strong>Kasjan Wyliga\u0142a<\/strong>, Partner, Keystone Partners Sp. z o.o.<\/span><\/td>\n<\/tr>\n<\/tbody>\n<\/table>\n<table border=\"0\" width=\"100%\" cellspacing=\"0\" cellpadding=\"2\">\n<tbody>\n<tr>\n<td valign=\"top\" width=\"100\"><img loading=\"lazy\" class=\"alignnone size-full wp-image-12962\" src=\"https:\/\/dise.org.pl\/wp-content\/uploads\/2024\/09\/Hanna-Purzynska.jpg\" alt=\"\" width=\"400\" height=\"400\" \/><\/td>\n<td><span style=\"color: #525252;\"><strong>Dr. Hanna Purzy\u0144ska<\/strong>, Director of the Materials Research Center, \u0141ukasiewicz Research Network \u2013 Upper Silesian Institute of Technology<\/span><\/td>\n<\/tr>\n<\/tbody>\n<\/table>\n<table border=\"0\" width=\"100%\" cellspacing=\"0\" cellpadding=\"2\">\n<tbody>\n<tr>\n<td valign=\"top\" width=\"100\"><img loading=\"lazy\" class=\"alignnone size-full wp-image-15549\" src=\"https:\/\/dise.org.pl\/wp-content\/uploads\/2025\/11\/Wojciech-Myslecki2.jpg\" alt=\"\" width=\"338\" height=\"338\" \/><\/td>\n<td><span style=\"color: #525252;\"><strong>Dr. Eng. Wojciech My\u015blecki, <\/strong>Chairman of the Supervisory Board at Ekoenergetyka &#8211; Polska SA and Generali PTE SA, Member of the Board of Global Investment Corp. Sp. z o.o.<\/span><\/td>\n<\/tr>\n<\/tbody>\n<\/table>\n<p>[\/vc_column_text][\/vc_column_inner][\/vc_row_inner][vc_separator color=&#8221;custom&#8221; accent_color=&#8221;#25408f&#8221; css=&#8221;.vc_custom_1759340440693{padding-top: 5px !important;padding-bottom: 5px !important;}&#8221;][vc_row_inner css=&#8221;.vc_custom_1759325737250{padding-top: 20px !important;padding-bottom: 20px !important;background-color: #eaeaea !important;}&#8221;][vc_column_inner][vc_column_text]<\/p>\n<h4 style=\"text-align: center;\"><span style=\"color: #25408f;\"><strong>Discussion: NUCLEAR ENERGY &#8211; STRATEGIC OPPORTUNITY OR MISSED MOMENTUM?<br \/>\n<\/strong><\/span><\/h4>\n<p>[\/vc_column_text][\/vc_column_inner][\/vc_row_inner][vc_separator color=&#8221;custom&#8221; accent_color=&#8221;#25408f&#8221; css=&#8221;.vc_custom_1759339317035{padding-top: 5px !important;padding-bottom: 10px !important;}&#8221;][vc_row_inner css=&#8221;.vc_custom_1745925915995{padding-top: 20px !important;padding-bottom: 20px !important;}&#8221;][vc_column_inner width=&#8221;1\/4&#8243;][vc_column_text]<\/p>\n<p style=\"text-align: left;\"><span style=\"color: #25408f;\"><strong>13:15 &#8211; 14:30<\/strong><\/span><\/p>\n<p>[\/vc_column_text][\/vc_column_inner][vc_column_inner width=&#8221;3\/4&#8243;][vc_column_text]Panel Discussion <strong><br \/>\nKey Questions<\/strong><\/p>\n<ul>\n<li>The nuclear sector in Poland in 2025 in relation to the Strategic Energy Technology Plan (SET Plan) for the EU: &#8220;Europe is entering a period of intense energy policy transformation by investing in the development of SMRs&#8221;<\/li>\n<li>Is Poland building its own nuclear expertise and solutions, or is it just buying products and services?<\/li>\n<li>Are small reactors the answer to heating problems?<\/li>\n<li>Nuclear energy as a pillar of zero-emission industry and AI factories<\/li>\n<li>Will small reactors be built closer to consumers? How are National Security Agencies around the world and in Poland preparing for new quantitative challenges and the evaluation of new technological solutions?<\/li>\n<li>Infrastructure projects \u2013 what experience and expertise existing in Poland can be used in the transformed nuclear energy system?<\/li>\n<li>Supply chain and polonisation \u2013 how much of the added value of reactors can be generated in Poland?<\/li>\n<li>France built a fleet of 58 reactors in 20 years, thus obtaining 63 GW of power. How can we benefit from France&#8217;s experience in Poland?<\/li>\n<\/ul>\n<p>[\/vc_column_text][vc_separator color=&#8221;custom&#8221; css=&#8221;.vc_custom_1761466816547{padding-top: 10px !important;padding-bottom: 10px !important;}&#8221; accent_color=&#8221;#b7b7b7&#8243;][\/vc_column_inner][\/vc_row_inner][vc_row_inner css=&#8221;.vc_custom_1761468527135{padding-bottom: 20px !important;}&#8221;][vc_column_inner width=&#8221;1\/4&#8243;][\/vc_column_inner][vc_column_inner width=&#8221;3\/4&#8243;][vc_column_text]<span style=\"color: #25408f;\"><b>Moderator<\/b><\/span><\/p>\n<table border=\"0\" width=\"100%\" cellspacing=\"0\" cellpadding=\"2\">\n<tbody>\n<tr>\n<td valign=\"top\" width=\"100\"><img loading=\"lazy\" class=\"alignnone size-full wp-image-10872\" src=\"https:\/\/dise.org.pl\/en\/wp-content\/uploads\/2025\/11\/Andrzej-Piotrowski.jpg\" alt=\"\" width=\"400\" height=\"400\" srcset=\"https:\/\/dise.org.pl\/en\/wp-content\/uploads\/2025\/11\/Andrzej-Piotrowski.jpg 400w, https:\/\/dise.org.pl\/en\/wp-content\/uploads\/2025\/11\/Andrzej-Piotrowski-300x300.jpg 300w, https:\/\/dise.org.pl\/en\/wp-content\/uploads\/2025\/11\/Andrzej-Piotrowski-150x150.jpg 150w\" sizes=\"(max-width: 400px) 100vw, 400px\" \/><\/td>\n<td><span style=\"color: #525252;\"><strong>Andrzej Piotrowski<\/strong>, Nuclear Project Enabler &amp; Integrator, NucTherm<\/span><\/td>\n<\/tr>\n<\/tbody>\n<\/table>\n<p><span style=\"color: #25408f;\"><b>Panelists<\/b><\/span><\/p>\n<table border=\"0\" width=\"100%\" cellspacing=\"0\" cellpadding=\"2\">\n<tbody>\n<tr>\n<td valign=\"top\" width=\"100\"><img loading=\"lazy\" class=\"alignnone size-full wp-image-10904\" src=\"https:\/\/dise.org.pl\/en\/wp-content\/uploads\/2025\/11\/Grzegorz-Czelej2.jpg\" alt=\"\" width=\"400\" height=\"400\" srcset=\"https:\/\/dise.org.pl\/en\/wp-content\/uploads\/2025\/11\/Grzegorz-Czelej2.jpg 400w, https:\/\/dise.org.pl\/en\/wp-content\/uploads\/2025\/11\/Grzegorz-Czelej2-300x300.jpg 300w, https:\/\/dise.org.pl\/en\/wp-content\/uploads\/2025\/11\/Grzegorz-Czelej2-150x150.jpg 150w\" sizes=\"(max-width: 400px) 100vw, 400px\" \/><\/td>\n<td><span style=\"color: #525252;\"><strong>Dr. Grzegorz Czelej<\/strong>, Senator, Chairman of the Senate Team for Nuclear Energy and RES, Senate of the Republic of Poland<\/span><\/td>\n<\/tr>\n<\/tbody>\n<\/table>\n<table border=\"0\" width=\"100%\" cellspacing=\"0\" cellpadding=\"2\">\n<tbody>\n<tr>\n<td valign=\"top\" width=\"100\"><img loading=\"lazy\" class=\"alignnone size-full wp-image-15101\" src=\"https:\/\/dise.org.pl\/wp-content\/uploads\/2025\/10\/Jakub-Kupecki.jpg\" alt=\"\" width=\"400\" height=\"400\" \/><\/td>\n<td><span style=\"color: #525252;\"><strong>Jakub Kupecki, DSc, PhD, IEn. professor, <\/strong>Director, Institute of Energy &#8211; National Research Institute<\/span><\/td>\n<\/tr>\n<\/tbody>\n<\/table>\n<table border=\"0\" width=\"100%\" cellspacing=\"0\" cellpadding=\"2\">\n<tbody>\n<tr>\n<td valign=\"top\" width=\"100\"><img loading=\"lazy\" class=\"alignnone size-full wp-image-15346\" src=\"https:\/\/dise.org.pl\/wp-content\/uploads\/2025\/11\/Aurelien-Prevost.jpg\" alt=\"\" width=\"200\" height=\"200\" \/><\/td>\n<td><span style=\"color: #525252;\"><strong>Dr. Aur\u00e9lien Pr\u00e9vost<\/strong>, Regional nuclear counselor, French Embassy to Poland<\/span><\/td>\n<\/tr>\n<\/tbody>\n<\/table>\n<table border=\"0\" width=\"100%\" cellspacing=\"0\" cellpadding=\"2\">\n<tbody>\n<tr>\n<td valign=\"top\" width=\"100\"><img loading=\"lazy\" class=\"alignnone size-full wp-image-15102\" src=\"https:\/\/dise.org.pl\/wp-content\/uploads\/2025\/10\/Andrzej-Glowacki.jpg\" alt=\"\" width=\"400\" height=\"400\" \/><\/td>\n<td><span style=\"color: #525252;\"><strong>Andrzej G\u0142owacki<\/strong>, President, National Atomic Energy Agency<\/span><\/td>\n<\/tr>\n<\/tbody>\n<\/table>\n<table border=\"0\" width=\"100%\" cellspacing=\"0\" cellpadding=\"2\">\n<tbody>\n<tr>\n<td valign=\"top\" width=\"100\"><img loading=\"lazy\" class=\"alignnone size-full wp-image-15412\" src=\"https:\/\/dise.org.pl\/wp-content\/uploads\/2025\/11\/Alice-Neffe.jpg\" alt=\"\" width=\"400\" height=\"400\" \/><\/td>\n<td><span style=\"color: #525252;\"><b>Alice Neffe<\/b>, Country Manager, Steady Energy<\/span><\/td>\n<\/tr>\n<\/tbody>\n<\/table>\n<p>[\/vc_column_text][\/vc_column_inner][\/vc_row_inner][vc_separator color=&#8221;custom&#8221; accent_color=&#8221;#25408f&#8221; css=&#8221;.vc_custom_1759339326083{padding-top: 5px !important;padding-bottom: 5px !important;}&#8221;][vc_row_inner css=&#8221;.vc_custom_1745925915995{padding-top: 20px !important;padding-bottom: 20px !important;}&#8221;][vc_column_inner][vc_column_text]<strong>Conference closing<\/strong>[\/vc_column_text][\/vc_column_inner][\/vc_row_inner][vc_separator color=&#8221;custom&#8221; accent_color=&#8221;#25408f&#8221; css=&#8221;.vc_custom_1759339317035{padding-top: 5px !important;padding-bottom: 10px !important;}&#8221;][vc_row_inner css=&#8221;.vc_custom_1760471219329{padding-top: 20px !important;padding-bottom: 20px !important;background-color: #e4eff4 !important;}&#8221;][vc_column_inner width=&#8221;1\/4&#8243;][vc_column_text]<\/p>\n<p style=\"text-align: left;\"><span style=\"color: #25408f;\"><strong>14:30 &#8211; 15:15<\/strong><\/span><\/p>\n<p>[\/vc_column_text][\/vc_column_inner][vc_column_inner width=&#8221;3\/4&#8243;][vc_column_text]<strong>Lunch<\/strong>[\/vc_column_text][\/vc_column_inner][\/vc_row_inner][\/vc_tta_section][\/vc_tta_tabs][\/vc_column][\/vc_row][vc_row][vc_column][vc_column_text]<\/p>\n<h6>* TBC<br \/>\n** The organiser reserves the right to make changes to the programme<\/h6>\n<p>[\/vc_column_text][\/vc_column][\/vc_row]<\/p>\n","protected":false},"excerpt":{"rendered":"<p>[vc_row][vc_column][vc_empty_space][\/vc_column][\/vc_row][vc_row css=&#8221;.vc_custom_1759403050465{padding-top: 15px !important;padding-bottom: 15px !important;}&#8221;][vc_column][vc_column_text] PROGRAM [\/vc_column_text][vc_separator color=&#8221;custom&#8221; border_width=&#8221;5&#8243; el_width=&#8221;10&#8243; accent_color=&#8221;#648190&#8243; css=&#8221;.vc_custom_1759403095671{padding-top: 10px !important;}&#8221;][vc_empty_space height=&#8221;5px&#8221;][\/vc_column][\/vc_row][vc_row full_width=&#8221;stretch_row&#8221;][vc_column][vc_tta_tabs][vc_tta_section i_icon_fontawesome=&#8221;fa fa-calendar&#8221; add_icon=&#8221;true&#8221; title=&#8221;Day 1&#8243; tab_id=&#8221;wroclaw-bridge-dzien1&#8243;][vc_row_inner][vc_column_inner css=&#8221;.vc_custom_1759343122461{padding-top: 20px !important;padding-bottom: 20px !important;background-color: #b7cdd9 !important;}&#8221;][vc_column_text] DAY I: 25 November 2025 (Tuesday)** [\/vc_column_text][\/vc_column_inner][\/vc_row_inner][vc_row_inner css=&#8221;.vc_custom_1745925915995{padding-top: 20px !important;padding-bottom: 20px !important;}&#8221;][vc_column_inner width=&#8221;1\/4&#8243;][vc_column_text] 09:00 [\/vc_column_text][\/vc_column_inner][vc_column_inner width=&#8221;3\/4&#8243;][vc_column_text]Participant Registration[\/vc_column_text][\/vc_column_inner][\/vc_row_inner][vc_separator color=&#8221;custom&#8221; accent_color=&#8221;#25408f&#8221; css=&#8221;.vc_custom_1759339194084{padding-top: 5px !important;padding-bottom: 5px !important;}&#8221;][vc_row_inner css=&#8221;.vc_custom_1759325737250{padding-top:&hellip;<\/p>\n","protected":false},"author":3,"featured_media":0,"parent":0,"menu_order":0,"comment_status":"closed","ping_status":"closed","template":"template-microsite.php","meta":[],"_links":{"self":[{"href":"https:\/\/dise.org.pl\/en\/wp-json\/wp\/v2\/pages\/10843"}],"collection":[{"href":"https:\/\/dise.org.pl\/en\/wp-json\/wp\/v2\/pages"}],"about":[{"href":"https:\/\/dise.org.pl\/en\/wp-json\/wp\/v2\/types\/page"}],"author":[{"embeddable":true,"href":"https:\/\/dise.org.pl\/en\/wp-json\/wp\/v2\/users\/3"}],"replies":[{"embeddable":true,"href":"https:\/\/dise.org.pl\/en\/wp-json\/wp\/v2\/comments?post=10843"}],"version-history":[{"count":43,"href":"https:\/\/dise.org.pl\/en\/wp-json\/wp\/v2\/pages\/10843\/revisions"}],"predecessor-version":[{"id":10914,"href":"https:\/\/dise.org.pl\/en\/wp-json\/wp\/v2\/pages\/10843\/revisions\/10914"}],"wp:attachment":[{"href":"https:\/\/dise.org.pl\/en\/wp-json\/wp\/v2\/media?parent=10843"}],"curies":[{"name":"wp","href":"https:\/\/api.w.org\/{rel}","templated":true}]}}