{"id":10715,"date":"2024-02-09T09:42:42","date_gmt":"2024-02-09T08:42:42","guid":{"rendered":"https:\/\/dise.org.pl\/kongres\/?page_id=10715"},"modified":"2026-02-05T11:11:07","modified_gmt":"2026-02-05T10:11:07","slug":"edycja-2023","status":"publish","type":"page","link":"https:\/\/dise.org.pl\/kongres\/edycja-2023\/","title":{"rendered":"edycja-2023"},"content":{"rendered":"<p>[vc_row css=&#8221;.vc_custom_1594200720718{padding-top: 80px !important;}&#8221;][vc_column][vc_column_text]<\/p>\n<h2 style=\"text-align: center;\"><span style=\"color: #0054b2;\">IX KONGRES ENERGETYCZNY<br \/>\n<\/span><\/h2>\n<p>[\/vc_column_text][vc_separator color=&#8221;custom&#8221; border_width=&#8221;5&#8243; el_width=&#8221;10&#8243; accent_color=&#8221;#02b6ed&#8221; css=&#8221;.vc_custom_1770286257634{padding-top: 10px !important;}&#8221;][\/vc_column][\/vc_row][vc_row css=&#8221;.vc_custom_1594927247082{padding-bottom: 20px !important;}&#8221;][vc_column][vc_empty_space height=&#8221;20&#8243;][\/vc_column][\/vc_row][vc_row css=&#8221;.vc_custom_1594927247082{padding-bottom: 20px !important;}&#8221;][vc_column][vc_video link=&#8221;https:\/\/youtu.be\/8QQVM_4Vzy4 &#8221; el_width=&#8221;70&#8243; align=&#8221;center&#8221;][vc_empty_space height=&#8221;15&#8243;][vc_column_text]<\/p>\n<p style=\"text-align: center;\">Relacja filmowa z IX Kongresu Energetycznego<\/p>\n<p>[\/vc_column_text][vc_empty_space height=&#8221;32&#8243;][\/vc_column][\/vc_row][vc_row css=&#8221;.vc_custom_1594927247082{padding-bottom: 20px !important;}&#8221;][vc_column][vc_separator border_width=&#8221;2&#8243;][vc_empty_space height=&#8221;20&#8243;][vc_column_text]<\/p>\n<p style=\"text-align: justify;\">IX Kongres Energetyczny odby\u0142 si\u0119 pod has\u0142em <strong>\u201eTransformacja energetyczna sposobem na wyj\u015bcie z kryzysu<\/strong>. By\u0142y to dwa intensywne dni dyskusji, spotka\u0144 i wydarze\u0144 towarzysz\u0105cych. Podczas tegorocznej edycji, w eksperckim gronie, szukali\u015bmy rozwi\u0105za\u0144 dla wzmocnienia polskiej energetyki \u2013 osi\u0105gni\u0119cia cel\u00f3w transformacji i bezpiecze\u0144stwa systemu energetycznego. Pad\u0142o wiele ciekawych i wnikliwych tez, a p\u0142yn\u0105ce z nich wnioski maj\u0105 szans\u0119 wp\u0142yn\u0105\u0107 na realny bieg wydarze\u0144 w energetyce.<\/p>\n<p style=\"text-align: justify;\">Kongresowe dyskusje by\u0142y w tym roku skoncentrowane na kluczowych dla bran\u017cy kwestiach, takich jak: polski miks energetyczny i Krajowy System Elektroenergetyczny, przysz\u0142o\u015b\u0107 gazu ziemnego, gaz\u00f3w odnawialnych i technologii w\u0119glowych; status polskich projekt\u00f3w j\u0105drowych, inwestycje w energetyk\u0119 wiatrow\u0105 na l\u0105dzie i morzu oraz w fotowoltaik\u0119, wsp\u00f3\u0142praca transgraniczna, rozwi\u0105zania cyfrowe, czy obni\u017canie emisyjno\u015bci w ciep\u0142ownictwie i przemy\u015ble. Debaty plenarne z kolei porusza\u0142y strategiczne tematy transformacji energetycznej, mi\u0119dzynarodowych partnerstw oraz finansowania inwestycji, przybli\u017caj\u0105cych nas do nadrz\u0119dnych cel\u00f3w.<\/p>\n<p>[\/vc_column_text][\/vc_column][\/vc_row][vc_row css=&#8221;.vc_custom_1594927247082{padding-bottom: 20px !important;}&#8221;][vc_column][vc_empty_space height=&#8221;20&#8243;][vc_separator border_width=&#8221;2&#8243;][\/vc_column][\/vc_row][vc_row css=&#8221;.vc_custom_1707327189165{padding-top: 40px !important;}&#8221;][vc_column][vc_column_text]<\/p>\n<h2 style=\"text-align: center;\"><span style=\"color: #0054b2;\">GALERIA<br \/>\n<\/span><\/h2>\n<p>[\/vc_column_text][vc_separator color=&#8221;custom&#8221; border_width=&#8221;5&#8243; el_width=&#8221;10&#8243; accent_color=&#8221;#02b6ed&#8221; css=&#8221;.vc_custom_1770197447841{padding-top: 10px !important;}&#8221;][\/vc_column][\/vc_row][vc_row][vc_column][vc_empty_space height=&#8221;40&#8243;][\/vc_column][\/vc_row][vc_row][vc_column]<div class=\"wf-container dt-gallery-container dt-photos-shortcode loading-effect-none iso-grid jg-container description-on-hover hover-style-two hover-fade content-align-centre\" data-padding=\"20px\" data-cur-page=\"1\" data-target-height=\"240px\"><div class=\"wf-cell\" data-post-id=\"10478\" data-date=\"2023-10-04T07:05:26+02:00\" data-name=\"IX Kongres Energetyczny DISE\">\n<article class=\"post post-10478 attachment type-attachment status-inherit hentry no-img description-off\">\n\n\t<figure class=\"rollover-project links-hovers-disabled\">\n\t<a href=\"https:\/\/dise.org.pl\/kongres\/wp-content\/uploads\/2023\/10\/038.jpg\" class=\"rollover rollover-zoom dt-pswp-item layzr-bg\" title=\"IX Kongres Energetyczny DISE\" data-dt-img-description=\"\"  data-large_image_width=\"1200\" data-large_image_height = \"801\" ><img class=\"jgrid-lazy-load preload-me\" src=\"data:image\/svg+xml,%3Csvg%20xmlns%3D&#39;http%3A%2F%2Fwww.w3.org%2F2000%2Fsvg&#39;%20viewBox%3D&#39;0%200%20467%20312&#39;%2F%3E\" data-src=\"https:\/\/dise.org.pl\/kongres\/wp-content\/uploads\/2023\/10\/038-467x312.jpg\" data-srcset=\"https:\/\/dise.org.pl\/kongres\/wp-content\/uploads\/2023\/10\/038-467x312.jpg 467w, https:\/\/dise.org.pl\/kongres\/wp-content\/uploads\/2023\/10\/038-934x624.jpg 934w\" alt=\"\" width=\"467\" height=\"312\"  \/><\/a>\t<\/figure>\n<\/article>\n\n<\/div><div class=\"wf-cell\" data-post-id=\"10479\" data-date=\"2023-10-04T07:05:27+02:00\" data-name=\"IX Kongres Energetyczny DISE\">\n<article class=\"post post-10479 attachment type-attachment status-inherit hentry no-img description-off\">\n\n\t<figure class=\"rollover-project links-hovers-disabled\">\n\t<a href=\"https:\/\/dise.org.pl\/kongres\/wp-content\/uploads\/2023\/10\/041.jpg\" class=\"rollover rollover-zoom dt-pswp-item layzr-bg\" title=\"IX Kongres Energetyczny DISE\" data-dt-img-description=\"\"  data-large_image_width=\"1200\" data-large_image_height = \"801\" ><img class=\"jgrid-lazy-load preload-me\" src=\"data:image\/svg+xml,%3Csvg%20xmlns%3D&#39;http%3A%2F%2Fwww.w3.org%2F2000%2Fsvg&#39;%20viewBox%3D&#39;0%200%20467%20312&#39;%2F%3E\" data-src=\"https:\/\/dise.org.pl\/kongres\/wp-content\/uploads\/2023\/10\/041-467x312.jpg\" data-srcset=\"https:\/\/dise.org.pl\/kongres\/wp-content\/uploads\/2023\/10\/041-467x312.jpg 467w, https:\/\/dise.org.pl\/kongres\/wp-content\/uploads\/2023\/10\/041-934x624.jpg 934w\" alt=\"\" width=\"467\" height=\"312\"  \/><\/a>\t<\/figure>\n<\/article>\n\n<\/div><div class=\"wf-cell\" data-post-id=\"10477\" data-date=\"2023-10-04T07:05:24+02:00\" data-name=\"IX Kongres Energetyczny DISE\">\n<article class=\"post post-10477 attachment type-attachment status-inherit hentry no-img description-off\">\n\n\t<figure class=\"rollover-project links-hovers-disabled\">\n\t<a href=\"https:\/\/dise.org.pl\/kongres\/wp-content\/uploads\/2023\/10\/036.jpg\" class=\"rollover rollover-zoom dt-pswp-item layzr-bg\" title=\"IX Kongres Energetyczny DISE\" data-dt-img-description=\"\"  data-large_image_width=\"1200\" data-large_image_height = \"801\" ><img class=\"jgrid-lazy-load preload-me\" src=\"data:image\/svg+xml,%3Csvg%20xmlns%3D&#39;http%3A%2F%2Fwww.w3.org%2F2000%2Fsvg&#39;%20viewBox%3D&#39;0%200%20467%20312&#39;%2F%3E\" data-src=\"https:\/\/dise.org.pl\/kongres\/wp-content\/uploads\/2023\/10\/036-467x312.jpg\" data-srcset=\"https:\/\/dise.org.pl\/kongres\/wp-content\/uploads\/2023\/10\/036-467x312.jpg 467w, https:\/\/dise.org.pl\/kongres\/wp-content\/uploads\/2023\/10\/036-934x624.jpg 934w\" alt=\"\" width=\"467\" height=\"312\"  \/><\/a>\t<\/figure>\n<\/article>\n\n<\/div><div class=\"wf-cell\" data-post-id=\"10480\" data-date=\"2023-10-04T07:05:28+02:00\" data-name=\"IX Kongres Energetyczny DISE\">\n<article class=\"post post-10480 attachment type-attachment status-inherit hentry no-img description-off\">\n\n\t<figure class=\"rollover-project links-hovers-disabled\">\n\t<a href=\"https:\/\/dise.org.pl\/kongres\/wp-content\/uploads\/2023\/10\/052.jpg\" class=\"rollover rollover-zoom dt-pswp-item layzr-bg\" title=\"IX Kongres Energetyczny DISE\" data-dt-img-description=\"\"  data-large_image_width=\"1200\" data-large_image_height = \"801\" ><img class=\"jgrid-lazy-load preload-me\" src=\"data:image\/svg+xml,%3Csvg%20xmlns%3D&#39;http%3A%2F%2Fwww.w3.org%2F2000%2Fsvg&#39;%20viewBox%3D&#39;0%200%20467%20312&#39;%2F%3E\" data-src=\"https:\/\/dise.org.pl\/kongres\/wp-content\/uploads\/2023\/10\/052-467x312.jpg\" data-srcset=\"https:\/\/dise.org.pl\/kongres\/wp-content\/uploads\/2023\/10\/052-467x312.jpg 467w, https:\/\/dise.org.pl\/kongres\/wp-content\/uploads\/2023\/10\/052-934x624.jpg 934w\" alt=\"\" width=\"467\" height=\"312\"  \/><\/a>\t<\/figure>\n<\/article>\n\n<\/div><div class=\"wf-cell\" data-post-id=\"10481\" data-date=\"2023-10-04T07:05:29+02:00\" data-name=\"IX Kongres Energetyczny DISE\">\n<article class=\"post post-10481 attachment type-attachment status-inherit hentry no-img description-off\">\n\n\t<figure class=\"rollover-project links-hovers-disabled\">\n\t<a href=\"https:\/\/dise.org.pl\/kongres\/wp-content\/uploads\/2023\/10\/061.jpg\" class=\"rollover rollover-zoom dt-pswp-item layzr-bg\" title=\"IX Kongres Energetyczny DISE\" data-dt-img-description=\"\"  data-large_image_width=\"1200\" data-large_image_height = \"801\" ><img class=\"jgrid-lazy-load preload-me\" src=\"data:image\/svg+xml,%3Csvg%20xmlns%3D&#39;http%3A%2F%2Fwww.w3.org%2F2000%2Fsvg&#39;%20viewBox%3D&#39;0%200%20467%20312&#39;%2F%3E\" data-src=\"https:\/\/dise.org.pl\/kongres\/wp-content\/uploads\/2023\/10\/061-467x312.jpg\" data-srcset=\"https:\/\/dise.org.pl\/kongres\/wp-content\/uploads\/2023\/10\/061-467x312.jpg 467w, https:\/\/dise.org.pl\/kongres\/wp-content\/uploads\/2023\/10\/061-934x624.jpg 934w\" alt=\"\" width=\"467\" height=\"312\"  \/><\/a>\t<\/figure>\n<\/article>\n\n<\/div><div class=\"wf-cell\" data-post-id=\"10482\" data-date=\"2023-10-04T07:05:30+02:00\" data-name=\"IX Kongres Energetyczny DISE\">\n<article class=\"post post-10482 attachment type-attachment status-inherit hentry no-img description-off\">\n\n\t<figure class=\"rollover-project links-hovers-disabled\">\n\t<a href=\"https:\/\/dise.org.pl\/kongres\/wp-content\/uploads\/2023\/10\/069.jpg\" class=\"rollover rollover-zoom dt-pswp-item layzr-bg\" title=\"IX Kongres Energetyczny DISE\" data-dt-img-description=\"\"  data-large_image_width=\"1200\" data-large_image_height = \"801\" ><img class=\"jgrid-lazy-load preload-me\" src=\"data:image\/svg+xml,%3Csvg%20xmlns%3D&#39;http%3A%2F%2Fwww.w3.org%2F2000%2Fsvg&#39;%20viewBox%3D&#39;0%200%20467%20312&#39;%2F%3E\" data-src=\"https:\/\/dise.org.pl\/kongres\/wp-content\/uploads\/2023\/10\/069-467x312.jpg\" data-srcset=\"https:\/\/dise.org.pl\/kongres\/wp-content\/uploads\/2023\/10\/069-467x312.jpg 467w, https:\/\/dise.org.pl\/kongres\/wp-content\/uploads\/2023\/10\/069-934x624.jpg 934w\" alt=\"\" width=\"467\" height=\"312\"  \/><\/a>\t<\/figure>\n<\/article>\n\n<\/div><div class=\"wf-cell\" data-post-id=\"10483\" data-date=\"2023-10-04T07:05:32+02:00\" data-name=\"IX Kongres Energetyczny DISE\">\n<article class=\"post post-10483 attachment type-attachment status-inherit hentry no-img description-off\">\n\n\t<figure class=\"rollover-project links-hovers-disabled\">\n\t<a href=\"https:\/\/dise.org.pl\/kongres\/wp-content\/uploads\/2023\/10\/071.jpg\" class=\"rollover rollover-zoom dt-pswp-item layzr-bg\" title=\"IX Kongres Energetyczny DISE\" data-dt-img-description=\"\"  data-large_image_width=\"1200\" data-large_image_height = \"801\" ><img class=\"jgrid-lazy-load preload-me\" src=\"data:image\/svg+xml,%3Csvg%20xmlns%3D&#39;http%3A%2F%2Fwww.w3.org%2F2000%2Fsvg&#39;%20viewBox%3D&#39;0%200%20467%20312&#39;%2F%3E\" data-src=\"https:\/\/dise.org.pl\/kongres\/wp-content\/uploads\/2023\/10\/071-467x312.jpg\" data-srcset=\"https:\/\/dise.org.pl\/kongres\/wp-content\/uploads\/2023\/10\/071-467x312.jpg 467w, https:\/\/dise.org.pl\/kongres\/wp-content\/uploads\/2023\/10\/071-934x624.jpg 934w\" alt=\"\" width=\"467\" height=\"312\"  \/><\/a>\t<\/figure>\n<\/article>\n\n<\/div><div class=\"wf-cell\" data-post-id=\"10484\" data-date=\"2023-10-04T07:05:33+02:00\" data-name=\"IX Kongres Energetyczny DISE\">\n<article class=\"post post-10484 attachment type-attachment status-inherit hentry no-img description-off\">\n\n\t<figure class=\"rollover-project links-hovers-disabled\">\n\t<a href=\"https:\/\/dise.org.pl\/kongres\/wp-content\/uploads\/2023\/10\/086.jpg\" class=\"rollover rollover-zoom dt-pswp-item layzr-bg\" title=\"IX Kongres Energetyczny DISE\" data-dt-img-description=\"\"  data-large_image_width=\"1200\" data-large_image_height = \"801\" ><img class=\"jgrid-lazy-load preload-me\" src=\"data:image\/svg+xml,%3Csvg%20xmlns%3D&#39;http%3A%2F%2Fwww.w3.org%2F2000%2Fsvg&#39;%20viewBox%3D&#39;0%200%20467%20312&#39;%2F%3E\" data-src=\"https:\/\/dise.org.pl\/kongres\/wp-content\/uploads\/2023\/10\/086-467x312.jpg\" data-srcset=\"https:\/\/dise.org.pl\/kongres\/wp-content\/uploads\/2023\/10\/086-467x312.jpg 467w, https:\/\/dise.org.pl\/kongres\/wp-content\/uploads\/2023\/10\/086-934x624.jpg 934w\" alt=\"\" width=\"467\" height=\"312\"  \/><\/a>\t<\/figure>\n<\/article>\n\n<\/div><div class=\"wf-cell\" data-post-id=\"10485\" data-date=\"2023-10-04T07:05:34+02:00\" data-name=\"IX Kongres Energetyczny DISE\">\n<article class=\"post post-10485 attachment type-attachment status-inherit hentry no-img description-off\">\n\n\t<figure class=\"rollover-project links-hovers-disabled\">\n\t<a href=\"https:\/\/dise.org.pl\/kongres\/wp-content\/uploads\/2023\/10\/087.jpg\" class=\"rollover rollover-zoom dt-pswp-item layzr-bg\" title=\"IX Kongres Energetyczny DISE\" data-dt-img-description=\"\"  data-large_image_width=\"1200\" data-large_image_height = \"801\" ><img class=\"jgrid-lazy-load preload-me\" src=\"data:image\/svg+xml,%3Csvg%20xmlns%3D&#39;http%3A%2F%2Fwww.w3.org%2F2000%2Fsvg&#39;%20viewBox%3D&#39;0%200%20467%20312&#39;%2F%3E\" data-src=\"https:\/\/dise.org.pl\/kongres\/wp-content\/uploads\/2023\/10\/087-467x312.jpg\" data-srcset=\"https:\/\/dise.org.pl\/kongres\/wp-content\/uploads\/2023\/10\/087-467x312.jpg 467w, https:\/\/dise.org.pl\/kongres\/wp-content\/uploads\/2023\/10\/087-934x624.jpg 934w\" alt=\"\" width=\"467\" height=\"312\"  \/><\/a>\t<\/figure>\n<\/article>\n\n<\/div><div class=\"wf-cell\" data-post-id=\"10486\" data-date=\"2023-10-04T07:05:35+02:00\" data-name=\"IX Kongres Energetyczny DISE\">\n<article class=\"post post-10486 attachment type-attachment status-inherit hentry no-img description-off\">\n\n\t<figure class=\"rollover-project links-hovers-disabled\">\n\t<a href=\"https:\/\/dise.org.pl\/kongres\/wp-content\/uploads\/2023\/10\/100.jpg\" class=\"rollover rollover-zoom dt-pswp-item layzr-bg\" title=\"IX Kongres Energetyczny DISE\" data-dt-img-description=\"\"  data-large_image_width=\"1200\" data-large_image_height = \"801\" ><img class=\"jgrid-lazy-load preload-me\" src=\"data:image\/svg+xml,%3Csvg%20xmlns%3D&#39;http%3A%2F%2Fwww.w3.org%2F2000%2Fsvg&#39;%20viewBox%3D&#39;0%200%20467%20312&#39;%2F%3E\" data-src=\"https:\/\/dise.org.pl\/kongres\/wp-content\/uploads\/2023\/10\/100-467x312.jpg\" data-srcset=\"https:\/\/dise.org.pl\/kongres\/wp-content\/uploads\/2023\/10\/100-467x312.jpg 467w, https:\/\/dise.org.pl\/kongres\/wp-content\/uploads\/2023\/10\/100-934x624.jpg 934w\" alt=\"\" width=\"467\" height=\"312\"  \/><\/a>\t<\/figure>\n<\/article>\n\n<\/div><div class=\"wf-cell\" data-post-id=\"10487\" data-date=\"2023-10-04T07:05:36+02:00\" data-name=\"IX Kongres Energetyczny DISE\">\n<article class=\"post post-10487 attachment type-attachment status-inherit hentry no-img description-off\">\n\n\t<figure class=\"rollover-project links-hovers-disabled\">\n\t<a href=\"https:\/\/dise.org.pl\/kongres\/wp-content\/uploads\/2023\/10\/104.jpg\" class=\"rollover rollover-zoom dt-pswp-item layzr-bg\" title=\"IX Kongres Energetyczny DISE\" data-dt-img-description=\"\"  data-large_image_width=\"1200\" data-large_image_height = \"801\" ><img class=\"jgrid-lazy-load preload-me\" src=\"data:image\/svg+xml,%3Csvg%20xmlns%3D&#39;http%3A%2F%2Fwww.w3.org%2F2000%2Fsvg&#39;%20viewBox%3D&#39;0%200%20467%20312&#39;%2F%3E\" data-src=\"https:\/\/dise.org.pl\/kongres\/wp-content\/uploads\/2023\/10\/104-467x312.jpg\" data-srcset=\"https:\/\/dise.org.pl\/kongres\/wp-content\/uploads\/2023\/10\/104-467x312.jpg 467w, https:\/\/dise.org.pl\/kongres\/wp-content\/uploads\/2023\/10\/104-934x624.jpg 934w\" alt=\"\" width=\"467\" height=\"312\"  \/><\/a>\t<\/figure>\n<\/article>\n\n<\/div><div class=\"wf-cell\" data-post-id=\"10488\" data-date=\"2023-10-04T07:05:37+02:00\" data-name=\"IX Kongres Energetyczny DISE\">\n<article class=\"post post-10488 attachment type-attachment status-inherit hentry no-img description-off\">\n\n\t<figure class=\"rollover-project links-hovers-disabled\">\n\t<a href=\"https:\/\/dise.org.pl\/kongres\/wp-content\/uploads\/2023\/10\/115.jpg\" class=\"rollover rollover-zoom dt-pswp-item layzr-bg\" title=\"IX Kongres Energetyczny DISE\" data-dt-img-description=\"\"  data-large_image_width=\"1200\" data-large_image_height = \"801\" ><img class=\"jgrid-lazy-load preload-me\" src=\"data:image\/svg+xml,%3Csvg%20xmlns%3D&#39;http%3A%2F%2Fwww.w3.org%2F2000%2Fsvg&#39;%20viewBox%3D&#39;0%200%20467%20312&#39;%2F%3E\" data-src=\"https:\/\/dise.org.pl\/kongres\/wp-content\/uploads\/2023\/10\/115-467x312.jpg\" data-srcset=\"https:\/\/dise.org.pl\/kongres\/wp-content\/uploads\/2023\/10\/115-467x312.jpg 467w, https:\/\/dise.org.pl\/kongres\/wp-content\/uploads\/2023\/10\/115-934x624.jpg 934w\" alt=\"\" width=\"467\" height=\"312\"  \/><\/a>\t<\/figure>\n<\/article>\n\n<\/div><div class=\"wf-cell\" data-post-id=\"10489\" data-date=\"2023-10-04T07:05:39+02:00\" data-name=\"IX Kongres Energetyczny DISE\">\n<article class=\"post post-10489 attachment type-attachment status-inherit hentry no-img description-off\">\n\n\t<figure class=\"rollover-project links-hovers-disabled\">\n\t<a href=\"https:\/\/dise.org.pl\/kongres\/wp-content\/uploads\/2023\/10\/120.jpg\" class=\"rollover rollover-zoom dt-pswp-item layzr-bg\" title=\"IX Kongres Energetyczny DISE\" data-dt-img-description=\"\"  data-large_image_width=\"1200\" data-large_image_height = \"801\" ><img class=\"jgrid-lazy-load preload-me\" src=\"data:image\/svg+xml,%3Csvg%20xmlns%3D&#39;http%3A%2F%2Fwww.w3.org%2F2000%2Fsvg&#39;%20viewBox%3D&#39;0%200%20467%20312&#39;%2F%3E\" data-src=\"https:\/\/dise.org.pl\/kongres\/wp-content\/uploads\/2023\/10\/120-467x312.jpg\" data-srcset=\"https:\/\/dise.org.pl\/kongres\/wp-content\/uploads\/2023\/10\/120-467x312.jpg 467w, https:\/\/dise.org.pl\/kongres\/wp-content\/uploads\/2023\/10\/120-934x624.jpg 934w\" alt=\"\" width=\"467\" height=\"312\"  \/><\/a>\t<\/figure>\n<\/article>\n\n<\/div><div class=\"wf-cell\" data-post-id=\"10490\" data-date=\"2023-10-04T07:05:40+02:00\" data-name=\"IX Kongres Energetyczny DISE\">\n<article class=\"post post-10490 attachment type-attachment status-inherit hentry no-img description-off\">\n\n\t<figure class=\"rollover-project links-hovers-disabled\">\n\t<a href=\"https:\/\/dise.org.pl\/kongres\/wp-content\/uploads\/2023\/10\/133.jpg\" class=\"rollover rollover-zoom dt-pswp-item layzr-bg\" title=\"IX Kongres Energetyczny DISE\" data-dt-img-description=\"\"  data-large_image_width=\"1200\" data-large_image_height = \"801\" ><img class=\"jgrid-lazy-load preload-me\" src=\"data:image\/svg+xml,%3Csvg%20xmlns%3D&#39;http%3A%2F%2Fwww.w3.org%2F2000%2Fsvg&#39;%20viewBox%3D&#39;0%200%20467%20312&#39;%2F%3E\" data-src=\"https:\/\/dise.org.pl\/kongres\/wp-content\/uploads\/2023\/10\/133-467x312.jpg\" data-srcset=\"https:\/\/dise.org.pl\/kongres\/wp-content\/uploads\/2023\/10\/133-467x312.jpg 467w, https:\/\/dise.org.pl\/kongres\/wp-content\/uploads\/2023\/10\/133-934x624.jpg 934w\" alt=\"\" width=\"467\" height=\"312\"  \/><\/a>\t<\/figure>\n<\/article>\n\n<\/div><div class=\"wf-cell\" data-post-id=\"10491\" data-date=\"2023-10-04T07:05:41+02:00\" data-name=\"IX Kongres Energetyczny DISE\">\n<article class=\"post post-10491 attachment type-attachment status-inherit hentry no-img description-off\">\n\n\t<figure class=\"rollover-project links-hovers-disabled\">\n\t<a href=\"https:\/\/dise.org.pl\/kongres\/wp-content\/uploads\/2023\/10\/137.jpg\" class=\"rollover rollover-zoom dt-pswp-item layzr-bg\" title=\"IX Kongres Energetyczny DISE\" data-dt-img-description=\"\"  data-large_image_width=\"1200\" data-large_image_height = \"801\" ><img class=\"jgrid-lazy-load preload-me\" src=\"data:image\/svg+xml,%3Csvg%20xmlns%3D&#39;http%3A%2F%2Fwww.w3.org%2F2000%2Fsvg&#39;%20viewBox%3D&#39;0%200%20467%20312&#39;%2F%3E\" data-src=\"https:\/\/dise.org.pl\/kongres\/wp-content\/uploads\/2023\/10\/137-467x312.jpg\" data-srcset=\"https:\/\/dise.org.pl\/kongres\/wp-content\/uploads\/2023\/10\/137-467x312.jpg 467w, https:\/\/dise.org.pl\/kongres\/wp-content\/uploads\/2023\/10\/137-934x624.jpg 934w\" alt=\"\" width=\"467\" height=\"312\"  \/><\/a>\t<\/figure>\n<\/article>\n\n<\/div><div class=\"wf-cell\" data-post-id=\"10474\" data-date=\"2023-10-04T07:05:20+02:00\" data-name=\"IX Kongres Energetyczny DISE\">\n<article class=\"post post-10474 attachment type-attachment status-inherit hentry no-img description-off\">\n\n\t<figure class=\"rollover-project links-hovers-disabled\">\n\t<a href=\"https:\/\/dise.org.pl\/kongres\/wp-content\/uploads\/2023\/10\/028.jpg\" class=\"rollover rollover-zoom dt-pswp-item layzr-bg\" title=\"IX Kongres Energetyczny DISE\" data-dt-img-description=\"\"  data-large_image_width=\"1200\" data-large_image_height = \"801\" ><img class=\"jgrid-lazy-load preload-me\" src=\"data:image\/svg+xml,%3Csvg%20xmlns%3D&#39;http%3A%2F%2Fwww.w3.org%2F2000%2Fsvg&#39;%20viewBox%3D&#39;0%200%20467%20312&#39;%2F%3E\" data-src=\"https:\/\/dise.org.pl\/kongres\/wp-content\/uploads\/2023\/10\/028-467x312.jpg\" data-srcset=\"https:\/\/dise.org.pl\/kongres\/wp-content\/uploads\/2023\/10\/028-467x312.jpg 467w, https:\/\/dise.org.pl\/kongres\/wp-content\/uploads\/2023\/10\/028-934x624.jpg 934w\" alt=\"\" width=\"467\" height=\"312\"  \/><\/a>\t<\/figure>\n<\/article>\n\n<\/div><div class=\"wf-cell\" data-post-id=\"10492\" data-date=\"2023-10-04T07:05:43+02:00\" data-name=\"IX Kongres Energetyczny DISE\">\n<article class=\"post post-10492 attachment type-attachment status-inherit hentry no-img description-off\">\n\n\t<figure class=\"rollover-project links-hovers-disabled\">\n\t<a href=\"https:\/\/dise.org.pl\/kongres\/wp-content\/uploads\/2023\/10\/138.jpg\" class=\"rollover rollover-zoom dt-pswp-item layzr-bg\" title=\"IX Kongres Energetyczny DISE\" data-dt-img-description=\"\"  data-large_image_width=\"1200\" data-large_image_height = \"801\" ><img class=\"jgrid-lazy-load preload-me\" src=\"data:image\/svg+xml,%3Csvg%20xmlns%3D&#39;http%3A%2F%2Fwww.w3.org%2F2000%2Fsvg&#39;%20viewBox%3D&#39;0%200%20467%20312&#39;%2F%3E\" data-src=\"https:\/\/dise.org.pl\/kongres\/wp-content\/uploads\/2023\/10\/138-467x312.jpg\" data-srcset=\"https:\/\/dise.org.pl\/kongres\/wp-content\/uploads\/2023\/10\/138-467x312.jpg 467w, https:\/\/dise.org.pl\/kongres\/wp-content\/uploads\/2023\/10\/138-934x624.jpg 934w\" alt=\"\" width=\"467\" height=\"312\"  \/><\/a>\t<\/figure>\n<\/article>\n\n<\/div><div class=\"wf-cell\" data-post-id=\"10473\" data-date=\"2023-10-04T07:05:19+02:00\" data-name=\"IX Kongres Energetyczny DISE\">\n<article class=\"post post-10473 attachment type-attachment status-inherit hentry no-img description-off\">\n\n\t<figure class=\"rollover-project links-hovers-disabled\">\n\t<a href=\"https:\/\/dise.org.pl\/kongres\/wp-content\/uploads\/2023\/10\/020.jpg\" class=\"rollover rollover-zoom dt-pswp-item layzr-bg\" title=\"IX Kongres Energetyczny DISE\" data-dt-img-description=\"\"  data-large_image_width=\"1200\" data-large_image_height = \"801\" ><img class=\"jgrid-lazy-load preload-me\" src=\"data:image\/svg+xml,%3Csvg%20xmlns%3D&#39;http%3A%2F%2Fwww.w3.org%2F2000%2Fsvg&#39;%20viewBox%3D&#39;0%200%20467%20312&#39;%2F%3E\" data-src=\"https:\/\/dise.org.pl\/kongres\/wp-content\/uploads\/2023\/10\/020-467x312.jpg\" data-srcset=\"https:\/\/dise.org.pl\/kongres\/wp-content\/uploads\/2023\/10\/020-467x312.jpg 467w, https:\/\/dise.org.pl\/kongres\/wp-content\/uploads\/2023\/10\/020-934x624.jpg 934w\" alt=\"\" width=\"467\" height=\"312\"  \/><\/a>\t<\/figure>\n<\/article>\n\n<\/div><div class=\"wf-cell\" data-post-id=\"10475\" data-date=\"2023-10-04T07:05:21+02:00\" data-name=\"IX Kongres Energetyczny DISE\">\n<article class=\"post post-10475 attachment type-attachment status-inherit hentry no-img description-off\">\n\n\t<figure class=\"rollover-project links-hovers-disabled\">\n\t<a href=\"https:\/\/dise.org.pl\/kongres\/wp-content\/uploads\/2023\/10\/031.jpg\" class=\"rollover rollover-zoom dt-pswp-item layzr-bg\" title=\"IX Kongres Energetyczny DISE\" data-dt-img-description=\"\"  data-large_image_width=\"1200\" data-large_image_height = \"801\" ><img class=\"jgrid-lazy-load preload-me\" src=\"data:image\/svg+xml,%3Csvg%20xmlns%3D&#39;http%3A%2F%2Fwww.w3.org%2F2000%2Fsvg&#39;%20viewBox%3D&#39;0%200%20467%20312&#39;%2F%3E\" data-src=\"https:\/\/dise.org.pl\/kongres\/wp-content\/uploads\/2023\/10\/031-467x312.jpg\" data-srcset=\"https:\/\/dise.org.pl\/kongres\/wp-content\/uploads\/2023\/10\/031-467x312.jpg 467w, https:\/\/dise.org.pl\/kongres\/wp-content\/uploads\/2023\/10\/031-934x624.jpg 934w\" alt=\"\" width=\"467\" height=\"312\"  \/><\/a>\t<\/figure>\n<\/article>\n\n<\/div><div class=\"wf-cell\" data-post-id=\"10493\" data-date=\"2023-10-04T07:05:44+02:00\" data-name=\"IX Kongres Energetyczny DISE\">\n<article class=\"post post-10493 attachment type-attachment status-inherit hentry no-img description-off\">\n\n\t<figure class=\"rollover-project links-hovers-disabled\">\n\t<a href=\"https:\/\/dise.org.pl\/kongres\/wp-content\/uploads\/2023\/10\/144.jpg\" class=\"rollover rollover-zoom dt-pswp-item layzr-bg\" title=\"IX Kongres Energetyczny DISE\" data-dt-img-description=\"\"  data-large_image_width=\"1200\" data-large_image_height = \"801\" ><img class=\"jgrid-lazy-load preload-me\" src=\"data:image\/svg+xml,%3Csvg%20xmlns%3D&#39;http%3A%2F%2Fwww.w3.org%2F2000%2Fsvg&#39;%20viewBox%3D&#39;0%200%20467%20312&#39;%2F%3E\" data-src=\"https:\/\/dise.org.pl\/kongres\/wp-content\/uploads\/2023\/10\/144-467x312.jpg\" data-srcset=\"https:\/\/dise.org.pl\/kongres\/wp-content\/uploads\/2023\/10\/144-467x312.jpg 467w, https:\/\/dise.org.pl\/kongres\/wp-content\/uploads\/2023\/10\/144-934x624.jpg 934w\" alt=\"\" width=\"467\" height=\"312\"  \/><\/a>\t<\/figure>\n<\/article>\n\n<\/div><div class=\"wf-cell\" data-post-id=\"10494\" data-date=\"2023-10-04T07:05:45+02:00\" data-name=\"IX Kongres Energetyczny DISE\">\n<article class=\"post post-10494 attachment type-attachment status-inherit hentry no-img description-off\">\n\n\t<figure class=\"rollover-project links-hovers-disabled\">\n\t<a href=\"https:\/\/dise.org.pl\/kongres\/wp-content\/uploads\/2023\/10\/145.jpg\" class=\"rollover rollover-zoom dt-pswp-item layzr-bg\" title=\"IX Kongres Energetyczny DISE\" data-dt-img-description=\"\"  data-large_image_width=\"1200\" data-large_image_height = \"801\" ><img class=\"jgrid-lazy-load preload-me\" src=\"data:image\/svg+xml,%3Csvg%20xmlns%3D&#39;http%3A%2F%2Fwww.w3.org%2F2000%2Fsvg&#39;%20viewBox%3D&#39;0%200%20467%20312&#39;%2F%3E\" data-src=\"https:\/\/dise.org.pl\/kongres\/wp-content\/uploads\/2023\/10\/145-467x312.jpg\" data-srcset=\"https:\/\/dise.org.pl\/kongres\/wp-content\/uploads\/2023\/10\/145-467x312.jpg 467w, https:\/\/dise.org.pl\/kongres\/wp-content\/uploads\/2023\/10\/145-934x624.jpg 934w\" alt=\"\" width=\"467\" height=\"312\"  \/><\/a>\t<\/figure>\n<\/article>\n\n<\/div><div class=\"wf-cell\" data-post-id=\"10495\" data-date=\"2023-10-04T07:05:46+02:00\" data-name=\"IX Kongres Energetyczny DISE\">\n<article class=\"post post-10495 attachment type-attachment status-inherit hentry no-img description-off\">\n\n\t<figure class=\"rollover-project links-hovers-disabled\">\n\t<a href=\"https:\/\/dise.org.pl\/kongres\/wp-content\/uploads\/2023\/10\/169.jpg\" class=\"rollover rollover-zoom dt-pswp-item layzr-bg\" title=\"IX Kongres Energetyczny DISE\" data-dt-img-description=\"\"  data-large_image_width=\"1200\" data-large_image_height = \"801\" ><img class=\"jgrid-lazy-load preload-me\" src=\"data:image\/svg+xml,%3Csvg%20xmlns%3D&#39;http%3A%2F%2Fwww.w3.org%2F2000%2Fsvg&#39;%20viewBox%3D&#39;0%200%20467%20312&#39;%2F%3E\" data-src=\"https:\/\/dise.org.pl\/kongres\/wp-content\/uploads\/2023\/10\/169-467x312.jpg\" data-srcset=\"https:\/\/dise.org.pl\/kongres\/wp-content\/uploads\/2023\/10\/169-467x312.jpg 467w, https:\/\/dise.org.pl\/kongres\/wp-content\/uploads\/2023\/10\/169-934x624.jpg 934w\" alt=\"\" width=\"467\" height=\"312\"  \/><\/a>\t<\/figure>\n<\/article>\n\n<\/div><div class=\"wf-cell\" data-post-id=\"10496\" data-date=\"2023-10-04T07:05:47+02:00\" data-name=\"IX Kongres Energetyczny DISE\">\n<article class=\"post post-10496 attachment type-attachment status-inherit hentry no-img description-off\">\n\n\t<figure class=\"rollover-project links-hovers-disabled\">\n\t<a href=\"https:\/\/dise.org.pl\/kongres\/wp-content\/uploads\/2023\/10\/175.jpg\" class=\"rollover rollover-zoom dt-pswp-item layzr-bg\" title=\"IX Kongres Energetyczny DISE\" data-dt-img-description=\"\"  data-large_image_width=\"1200\" data-large_image_height = \"801\" ><img class=\"jgrid-lazy-load preload-me\" src=\"data:image\/svg+xml,%3Csvg%20xmlns%3D&#39;http%3A%2F%2Fwww.w3.org%2F2000%2Fsvg&#39;%20viewBox%3D&#39;0%200%20467%20312&#39;%2F%3E\" data-src=\"https:\/\/dise.org.pl\/kongres\/wp-content\/uploads\/2023\/10\/175-467x312.jpg\" data-srcset=\"https:\/\/dise.org.pl\/kongres\/wp-content\/uploads\/2023\/10\/175-467x312.jpg 467w, https:\/\/dise.org.pl\/kongres\/wp-content\/uploads\/2023\/10\/175-934x624.jpg 934w\" alt=\"\" width=\"467\" height=\"312\"  \/><\/a>\t<\/figure>\n<\/article>\n\n<\/div><div class=\"wf-cell\" data-post-id=\"10497\" data-date=\"2023-10-04T07:05:49+02:00\" data-name=\"IX Kongres Energetyczny DISE\">\n<article class=\"post post-10497 attachment type-attachment status-inherit hentry no-img description-off\">\n\n\t<figure class=\"rollover-project links-hovers-disabled\">\n\t<a href=\"https:\/\/dise.org.pl\/kongres\/wp-content\/uploads\/2023\/10\/181.jpg\" class=\"rollover rollover-zoom dt-pswp-item layzr-bg\" title=\"IX Kongres Energetyczny DISE\" data-dt-img-description=\"\"  data-large_image_width=\"1200\" data-large_image_height = \"801\" ><img class=\"jgrid-lazy-load preload-me\" src=\"data:image\/svg+xml,%3Csvg%20xmlns%3D&#39;http%3A%2F%2Fwww.w3.org%2F2000%2Fsvg&#39;%20viewBox%3D&#39;0%200%20467%20312&#39;%2F%3E\" data-src=\"https:\/\/dise.org.pl\/kongres\/wp-content\/uploads\/2023\/10\/181-467x312.jpg\" data-srcset=\"https:\/\/dise.org.pl\/kongres\/wp-content\/uploads\/2023\/10\/181-467x312.jpg 467w, https:\/\/dise.org.pl\/kongres\/wp-content\/uploads\/2023\/10\/181-934x624.jpg 934w\" alt=\"\" width=\"467\" height=\"312\"  \/><\/a>\t<\/figure>\n<\/article>\n\n<\/div><div class=\"wf-cell\" data-post-id=\"10498\" data-date=\"2023-10-04T07:05:50+02:00\" data-name=\"IX Kongres Energetyczny DISE\">\n<article class=\"post post-10498 attachment type-attachment status-inherit hentry no-img description-off\">\n\n\t<figure class=\"rollover-project links-hovers-disabled\">\n\t<a href=\"https:\/\/dise.org.pl\/kongres\/wp-content\/uploads\/2023\/10\/218.jpg\" class=\"rollover rollover-zoom dt-pswp-item layzr-bg\" title=\"IX Kongres Energetyczny DISE\" data-dt-img-description=\"\"  data-large_image_width=\"1200\" data-large_image_height = \"801\" ><img class=\"jgrid-lazy-load preload-me\" src=\"data:image\/svg+xml,%3Csvg%20xmlns%3D&#39;http%3A%2F%2Fwww.w3.org%2F2000%2Fsvg&#39;%20viewBox%3D&#39;0%200%20467%20312&#39;%2F%3E\" data-src=\"https:\/\/dise.org.pl\/kongres\/wp-content\/uploads\/2023\/10\/218-467x312.jpg\" data-srcset=\"https:\/\/dise.org.pl\/kongres\/wp-content\/uploads\/2023\/10\/218-467x312.jpg 467w, https:\/\/dise.org.pl\/kongres\/wp-content\/uploads\/2023\/10\/218-934x624.jpg 934w\" alt=\"\" width=\"467\" height=\"312\"  \/><\/a>\t<\/figure>\n<\/article>\n\n<\/div><div class=\"wf-cell\" data-post-id=\"10499\" data-date=\"2023-10-04T07:05:51+02:00\" data-name=\"IX Kongres Energetyczny DISE\">\n<article class=\"post post-10499 attachment type-attachment status-inherit hentry no-img description-off\">\n\n\t<figure class=\"rollover-project links-hovers-disabled\">\n\t<a href=\"https:\/\/dise.org.pl\/kongres\/wp-content\/uploads\/2023\/10\/256.jpg\" class=\"rollover rollover-zoom dt-pswp-item layzr-bg\" title=\"IX Kongres Energetyczny DISE\" data-dt-img-description=\"\"  data-large_image_width=\"1200\" data-large_image_height = \"801\" ><img class=\"jgrid-lazy-load preload-me\" src=\"data:image\/svg+xml,%3Csvg%20xmlns%3D&#39;http%3A%2F%2Fwww.w3.org%2F2000%2Fsvg&#39;%20viewBox%3D&#39;0%200%20467%20312&#39;%2F%3E\" data-src=\"https:\/\/dise.org.pl\/kongres\/wp-content\/uploads\/2023\/10\/256-467x312.jpg\" data-srcset=\"https:\/\/dise.org.pl\/kongres\/wp-content\/uploads\/2023\/10\/256-467x312.jpg 467w, https:\/\/dise.org.pl\/kongres\/wp-content\/uploads\/2023\/10\/256-934x624.jpg 934w\" alt=\"\" width=\"467\" height=\"312\"  \/><\/a>\t<\/figure>\n<\/article>\n\n<\/div><div class=\"wf-cell\" data-post-id=\"10501\" data-date=\"2023-10-04T07:05:54+02:00\" data-name=\"IX Kongres Energetyczny DISE\">\n<article class=\"post post-10501 attachment type-attachment status-inherit hentry no-img description-off\">\n\n\t<figure class=\"rollover-project links-hovers-disabled\">\n\t<a href=\"https:\/\/dise.org.pl\/kongres\/wp-content\/uploads\/2023\/10\/262.jpg\" class=\"rollover rollover-zoom dt-pswp-item layzr-bg\" title=\"IX Kongres Energetyczny DISE\" data-dt-img-description=\"\"  data-large_image_width=\"1200\" data-large_image_height = \"801\" ><img class=\"jgrid-lazy-load preload-me\" src=\"data:image\/svg+xml,%3Csvg%20xmlns%3D&#39;http%3A%2F%2Fwww.w3.org%2F2000%2Fsvg&#39;%20viewBox%3D&#39;0%200%20467%20312&#39;%2F%3E\" data-src=\"https:\/\/dise.org.pl\/kongres\/wp-content\/uploads\/2023\/10\/262-467x312.jpg\" data-srcset=\"https:\/\/dise.org.pl\/kongres\/wp-content\/uploads\/2023\/10\/262-467x312.jpg 467w, https:\/\/dise.org.pl\/kongres\/wp-content\/uploads\/2023\/10\/262-934x624.jpg 934w\" alt=\"\" width=\"467\" height=\"312\"  \/><\/a>\t<\/figure>\n<\/article>\n\n<\/div><div class=\"wf-cell\" data-post-id=\"10502\" data-date=\"2023-10-04T07:05:55+02:00\" data-name=\"IX Kongres Energetyczny DISE\">\n<article class=\"post post-10502 attachment type-attachment status-inherit hentry no-img description-off\">\n\n\t<figure class=\"rollover-project links-hovers-disabled\">\n\t<a href=\"https:\/\/dise.org.pl\/kongres\/wp-content\/uploads\/2023\/10\/276.jpg\" class=\"rollover rollover-zoom dt-pswp-item layzr-bg\" title=\"IX Kongres Energetyczny DISE\" data-dt-img-description=\"\"  data-large_image_width=\"1200\" data-large_image_height = \"801\" ><img class=\"jgrid-lazy-load preload-me\" src=\"data:image\/svg+xml,%3Csvg%20xmlns%3D&#39;http%3A%2F%2Fwww.w3.org%2F2000%2Fsvg&#39;%20viewBox%3D&#39;0%200%20467%20312&#39;%2F%3E\" data-src=\"https:\/\/dise.org.pl\/kongres\/wp-content\/uploads\/2023\/10\/276-467x312.jpg\" data-srcset=\"https:\/\/dise.org.pl\/kongres\/wp-content\/uploads\/2023\/10\/276-467x312.jpg 467w, https:\/\/dise.org.pl\/kongres\/wp-content\/uploads\/2023\/10\/276-934x624.jpg 934w\" alt=\"\" width=\"467\" height=\"312\"  \/><\/a>\t<\/figure>\n<\/article>\n\n<\/div><div class=\"wf-cell\" data-post-id=\"10503\" data-date=\"2023-10-04T07:05:56+02:00\" data-name=\"IX Kongres Energetyczny DISE\">\n<article class=\"post post-10503 attachment type-attachment status-inherit hentry no-img description-off\">\n\n\t<figure class=\"rollover-project links-hovers-disabled\">\n\t<a href=\"https:\/\/dise.org.pl\/kongres\/wp-content\/uploads\/2023\/10\/283.jpg\" class=\"rollover rollover-zoom dt-pswp-item layzr-bg\" title=\"IX Kongres Energetyczny DISE\" data-dt-img-description=\"\"  data-large_image_width=\"1200\" data-large_image_height = \"801\" ><img class=\"jgrid-lazy-load preload-me\" src=\"data:image\/svg+xml,%3Csvg%20xmlns%3D&#39;http%3A%2F%2Fwww.w3.org%2F2000%2Fsvg&#39;%20viewBox%3D&#39;0%200%20467%20312&#39;%2F%3E\" data-src=\"https:\/\/dise.org.pl\/kongres\/wp-content\/uploads\/2023\/10\/283-467x312.jpg\" data-srcset=\"https:\/\/dise.org.pl\/kongres\/wp-content\/uploads\/2023\/10\/283-467x312.jpg 467w, https:\/\/dise.org.pl\/kongres\/wp-content\/uploads\/2023\/10\/283-934x624.jpg 934w\" alt=\"\" width=\"467\" height=\"312\"  \/><\/a>\t<\/figure>\n<\/article>\n\n<\/div><div class=\"wf-cell\" data-post-id=\"10504\" data-date=\"2023-10-04T07:05:58+02:00\" data-name=\"IX Kongres Energetyczny DISE\">\n<article class=\"post post-10504 attachment type-attachment status-inherit hentry no-img description-off\">\n\n\t<figure class=\"rollover-project links-hovers-disabled\">\n\t<a href=\"https:\/\/dise.org.pl\/kongres\/wp-content\/uploads\/2023\/10\/286.jpg\" class=\"rollover rollover-zoom dt-pswp-item layzr-bg\" title=\"IX Kongres Energetyczny DISE\" data-dt-img-description=\"\"  data-large_image_width=\"1200\" data-large_image_height = \"801\" ><img class=\"jgrid-lazy-load preload-me\" src=\"data:image\/svg+xml,%3Csvg%20xmlns%3D&#39;http%3A%2F%2Fwww.w3.org%2F2000%2Fsvg&#39;%20viewBox%3D&#39;0%200%20467%20312&#39;%2F%3E\" data-src=\"https:\/\/dise.org.pl\/kongres\/wp-content\/uploads\/2023\/10\/286-467x312.jpg\" data-srcset=\"https:\/\/dise.org.pl\/kongres\/wp-content\/uploads\/2023\/10\/286-467x312.jpg 467w, https:\/\/dise.org.pl\/kongres\/wp-content\/uploads\/2023\/10\/286-934x624.jpg 934w\" alt=\"\" width=\"467\" height=\"312\"  \/><\/a>\t<\/figure>\n<\/article>\n\n<\/div><div class=\"wf-cell\" data-post-id=\"10505\" data-date=\"2023-10-04T07:05:59+02:00\" data-name=\"IX Kongres Energetyczny DISE\">\n<article class=\"post post-10505 attachment type-attachment status-inherit hentry no-img description-off\">\n\n\t<figure class=\"rollover-project links-hovers-disabled\">\n\t<a href=\"https:\/\/dise.org.pl\/kongres\/wp-content\/uploads\/2023\/10\/332.jpg\" class=\"rollover rollover-zoom dt-pswp-item layzr-bg\" title=\"IX Kongres Energetyczny DISE\" data-dt-img-description=\"\"  data-large_image_width=\"1200\" data-large_image_height = \"801\" ><img class=\"jgrid-lazy-load preload-me\" src=\"data:image\/svg+xml,%3Csvg%20xmlns%3D&#39;http%3A%2F%2Fwww.w3.org%2F2000%2Fsvg&#39;%20viewBox%3D&#39;0%200%20467%20312&#39;%2F%3E\" data-src=\"https:\/\/dise.org.pl\/kongres\/wp-content\/uploads\/2023\/10\/332-467x312.jpg\" data-srcset=\"https:\/\/dise.org.pl\/kongres\/wp-content\/uploads\/2023\/10\/332-467x312.jpg 467w, https:\/\/dise.org.pl\/kongres\/wp-content\/uploads\/2023\/10\/332-934x624.jpg 934w\" alt=\"\" width=\"467\" height=\"312\"  \/><\/a>\t<\/figure>\n<\/article>\n\n<\/div><div class=\"wf-cell\" data-post-id=\"10506\" data-date=\"2023-10-04T07:06:00+02:00\" data-name=\"IX Kongres Energetyczny DISE\">\n<article class=\"post post-10506 attachment type-attachment status-inherit hentry no-img description-off\">\n\n\t<figure class=\"rollover-project links-hovers-disabled\">\n\t<a href=\"https:\/\/dise.org.pl\/kongres\/wp-content\/uploads\/2023\/10\/337.jpg\" class=\"rollover rollover-zoom dt-pswp-item layzr-bg\" title=\"IX Kongres Energetyczny DISE\" data-dt-img-description=\"\"  data-large_image_width=\"1200\" data-large_image_height = \"801\" ><img class=\"jgrid-lazy-load preload-me\" src=\"data:image\/svg+xml,%3Csvg%20xmlns%3D&#39;http%3A%2F%2Fwww.w3.org%2F2000%2Fsvg&#39;%20viewBox%3D&#39;0%200%20467%20312&#39;%2F%3E\" data-src=\"https:\/\/dise.org.pl\/kongres\/wp-content\/uploads\/2023\/10\/337-467x312.jpg\" data-srcset=\"https:\/\/dise.org.pl\/kongres\/wp-content\/uploads\/2023\/10\/337-467x312.jpg 467w, https:\/\/dise.org.pl\/kongres\/wp-content\/uploads\/2023\/10\/337-934x624.jpg 934w\" alt=\"\" width=\"467\" height=\"312\"  \/><\/a>\t<\/figure>\n<\/article>\n\n<\/div><div class=\"wf-cell\" data-post-id=\"10507\" data-date=\"2023-10-04T07:06:02+02:00\" data-name=\"IX Kongres Energetyczny DISE\">\n<article class=\"post post-10507 attachment type-attachment status-inherit hentry no-img description-off\">\n\n\t<figure class=\"rollover-project links-hovers-disabled\">\n\t<a href=\"https:\/\/dise.org.pl\/kongres\/wp-content\/uploads\/2023\/10\/339.jpg\" class=\"rollover rollover-zoom dt-pswp-item layzr-bg\" title=\"IX Kongres Energetyczny DISE\" data-dt-img-description=\"\"  data-large_image_width=\"1200\" data-large_image_height = \"801\" ><img class=\"jgrid-lazy-load preload-me\" src=\"data:image\/svg+xml,%3Csvg%20xmlns%3D&#39;http%3A%2F%2Fwww.w3.org%2F2000%2Fsvg&#39;%20viewBox%3D&#39;0%200%20467%20312&#39;%2F%3E\" data-src=\"https:\/\/dise.org.pl\/kongres\/wp-content\/uploads\/2023\/10\/339-467x312.jpg\" data-srcset=\"https:\/\/dise.org.pl\/kongres\/wp-content\/uploads\/2023\/10\/339-467x312.jpg 467w, https:\/\/dise.org.pl\/kongres\/wp-content\/uploads\/2023\/10\/339-934x624.jpg 934w\" alt=\"\" width=\"467\" height=\"312\"  \/><\/a>\t<\/figure>\n<\/article>\n\n<\/div><div class=\"wf-cell\" data-post-id=\"10508\" data-date=\"2023-10-04T07:06:04+02:00\" data-name=\"IX Kongres Energetyczny DISE\">\n<article class=\"post post-10508 attachment type-attachment status-inherit hentry no-img description-off\">\n\n\t<figure class=\"rollover-project links-hovers-disabled\">\n\t<a href=\"https:\/\/dise.org.pl\/kongres\/wp-content\/uploads\/2023\/10\/342.jpg\" class=\"rollover rollover-zoom dt-pswp-item layzr-bg\" title=\"IX Kongres Energetyczny DISE\" data-dt-img-description=\"\"  data-large_image_width=\"1200\" data-large_image_height = \"801\" ><img class=\"jgrid-lazy-load preload-me\" src=\"data:image\/svg+xml,%3Csvg%20xmlns%3D&#39;http%3A%2F%2Fwww.w3.org%2F2000%2Fsvg&#39;%20viewBox%3D&#39;0%200%20467%20312&#39;%2F%3E\" data-src=\"https:\/\/dise.org.pl\/kongres\/wp-content\/uploads\/2023\/10\/342-467x312.jpg\" data-srcset=\"https:\/\/dise.org.pl\/kongres\/wp-content\/uploads\/2023\/10\/342-467x312.jpg 467w, https:\/\/dise.org.pl\/kongres\/wp-content\/uploads\/2023\/10\/342-934x624.jpg 934w\" alt=\"\" width=\"467\" height=\"312\"  \/><\/a>\t<\/figure>\n<\/article>\n\n<\/div><div class=\"wf-cell\" data-post-id=\"10509\" data-date=\"2023-10-04T07:06:05+02:00\" data-name=\"IX Kongres Energetyczny DISE\">\n<article class=\"post post-10509 attachment type-attachment status-inherit hentry no-img description-off\">\n\n\t<figure class=\"rollover-project links-hovers-disabled\">\n\t<a href=\"https:\/\/dise.org.pl\/kongres\/wp-content\/uploads\/2023\/10\/348.jpg\" class=\"rollover rollover-zoom dt-pswp-item layzr-bg\" title=\"IX Kongres Energetyczny DISE\" data-dt-img-description=\"\"  data-large_image_width=\"1200\" data-large_image_height = \"801\" ><img class=\"jgrid-lazy-load preload-me\" src=\"data:image\/svg+xml,%3Csvg%20xmlns%3D&#39;http%3A%2F%2Fwww.w3.org%2F2000%2Fsvg&#39;%20viewBox%3D&#39;0%200%20467%20312&#39;%2F%3E\" data-src=\"https:\/\/dise.org.pl\/kongres\/wp-content\/uploads\/2023\/10\/348-467x312.jpg\" data-srcset=\"https:\/\/dise.org.pl\/kongres\/wp-content\/uploads\/2023\/10\/348-467x312.jpg 467w, https:\/\/dise.org.pl\/kongres\/wp-content\/uploads\/2023\/10\/348-934x624.jpg 934w\" alt=\"\" width=\"467\" height=\"312\"  \/><\/a>\t<\/figure>\n<\/article>\n\n<\/div><div class=\"wf-cell\" data-post-id=\"10510\" data-date=\"2023-10-04T07:06:06+02:00\" data-name=\"IX Kongres Energetyczny DISE\">\n<article class=\"post post-10510 attachment type-attachment status-inherit hentry no-img description-off\">\n\n\t<figure class=\"rollover-project links-hovers-disabled\">\n\t<a href=\"https:\/\/dise.org.pl\/kongres\/wp-content\/uploads\/2023\/10\/349.jpg\" class=\"rollover rollover-zoom dt-pswp-item layzr-bg\" title=\"IX Kongres Energetyczny DISE\" data-dt-img-description=\"\"  data-large_image_width=\"1200\" data-large_image_height = \"801\" ><img class=\"jgrid-lazy-load preload-me\" src=\"data:image\/svg+xml,%3Csvg%20xmlns%3D&#39;http%3A%2F%2Fwww.w3.org%2F2000%2Fsvg&#39;%20viewBox%3D&#39;0%200%20467%20312&#39;%2F%3E\" data-src=\"https:\/\/dise.org.pl\/kongres\/wp-content\/uploads\/2023\/10\/349-467x312.jpg\" data-srcset=\"https:\/\/dise.org.pl\/kongres\/wp-content\/uploads\/2023\/10\/349-467x312.jpg 467w, https:\/\/dise.org.pl\/kongres\/wp-content\/uploads\/2023\/10\/349-934x624.jpg 934w\" alt=\"\" width=\"467\" height=\"312\"  \/><\/a>\t<\/figure>\n<\/article>\n\n<\/div><div class=\"wf-cell\" data-post-id=\"10511\" data-date=\"2023-10-04T07:06:08+02:00\" data-name=\"IX Kongres Energetyczny DISE\">\n<article class=\"post post-10511 attachment type-attachment status-inherit hentry no-img description-off\">\n\n\t<figure class=\"rollover-project links-hovers-disabled\">\n\t<a href=\"https:\/\/dise.org.pl\/kongres\/wp-content\/uploads\/2023\/10\/350.jpg\" class=\"rollover rollover-zoom dt-pswp-item layzr-bg\" title=\"IX Kongres Energetyczny DISE\" data-dt-img-description=\"\"  data-large_image_width=\"1200\" data-large_image_height = \"801\" ><img class=\"jgrid-lazy-load preload-me\" src=\"data:image\/svg+xml,%3Csvg%20xmlns%3D&#39;http%3A%2F%2Fwww.w3.org%2F2000%2Fsvg&#39;%20viewBox%3D&#39;0%200%20467%20312&#39;%2F%3E\" data-src=\"https:\/\/dise.org.pl\/kongres\/wp-content\/uploads\/2023\/10\/350-467x312.jpg\" data-srcset=\"https:\/\/dise.org.pl\/kongres\/wp-content\/uploads\/2023\/10\/350-467x312.jpg 467w, https:\/\/dise.org.pl\/kongres\/wp-content\/uploads\/2023\/10\/350-934x624.jpg 934w\" alt=\"\" width=\"467\" height=\"312\"  \/><\/a>\t<\/figure>\n<\/article>\n\n<\/div><div class=\"wf-cell\" data-post-id=\"10512\" data-date=\"2023-10-04T07:06:09+02:00\" data-name=\"IX Kongres Energetyczny DISE\">\n<article class=\"post post-10512 attachment type-attachment status-inherit hentry no-img description-off\">\n\n\t<figure class=\"rollover-project links-hovers-disabled\">\n\t<a href=\"https:\/\/dise.org.pl\/kongres\/wp-content\/uploads\/2023\/10\/356.jpg\" class=\"rollover rollover-zoom dt-pswp-item layzr-bg\" title=\"IX Kongres Energetyczny DISE\" data-dt-img-description=\"\"  data-large_image_width=\"1200\" data-large_image_height = \"801\" ><img class=\"jgrid-lazy-load preload-me\" src=\"data:image\/svg+xml,%3Csvg%20xmlns%3D&#39;http%3A%2F%2Fwww.w3.org%2F2000%2Fsvg&#39;%20viewBox%3D&#39;0%200%20467%20312&#39;%2F%3E\" data-src=\"https:\/\/dise.org.pl\/kongres\/wp-content\/uploads\/2023\/10\/356-467x312.jpg\" data-srcset=\"https:\/\/dise.org.pl\/kongres\/wp-content\/uploads\/2023\/10\/356-467x312.jpg 467w, https:\/\/dise.org.pl\/kongres\/wp-content\/uploads\/2023\/10\/356-934x624.jpg 934w\" alt=\"\" width=\"467\" height=\"312\"  \/><\/a>\t<\/figure>\n<\/article>\n\n<\/div><div class=\"wf-cell\" data-post-id=\"10513\" data-date=\"2023-10-04T07:06:10+02:00\" data-name=\"IX Kongres Energetyczny DISE\">\n<article class=\"post post-10513 attachment type-attachment status-inherit hentry no-img description-off\">\n\n\t<figure class=\"rollover-project links-hovers-disabled\">\n\t<a href=\"https:\/\/dise.org.pl\/kongres\/wp-content\/uploads\/2023\/10\/361.jpg\" class=\"rollover rollover-zoom dt-pswp-item layzr-bg\" title=\"IX Kongres Energetyczny DISE\" data-dt-img-description=\"\"  data-large_image_width=\"1200\" data-large_image_height = \"801\" ><img class=\"jgrid-lazy-load preload-me\" src=\"data:image\/svg+xml,%3Csvg%20xmlns%3D&#39;http%3A%2F%2Fwww.w3.org%2F2000%2Fsvg&#39;%20viewBox%3D&#39;0%200%20467%20312&#39;%2F%3E\" data-src=\"https:\/\/dise.org.pl\/kongres\/wp-content\/uploads\/2023\/10\/361-467x312.jpg\" data-srcset=\"https:\/\/dise.org.pl\/kongres\/wp-content\/uploads\/2023\/10\/361-467x312.jpg 467w, https:\/\/dise.org.pl\/kongres\/wp-content\/uploads\/2023\/10\/361-934x624.jpg 934w\" alt=\"\" width=\"467\" height=\"312\"  \/><\/a>\t<\/figure>\n<\/article>\n\n<\/div><div class=\"wf-cell\" data-post-id=\"10514\" data-date=\"2023-10-04T07:06:12+02:00\" data-name=\"IX Kongres Energetyczny DISE\">\n<article class=\"post post-10514 attachment type-attachment status-inherit hentry no-img description-off\">\n\n\t<figure class=\"rollover-project links-hovers-disabled\">\n\t<a href=\"https:\/\/dise.org.pl\/kongres\/wp-content\/uploads\/2023\/10\/374.jpg\" class=\"rollover rollover-zoom dt-pswp-item layzr-bg\" title=\"IX Kongres Energetyczny DISE\" data-dt-img-description=\"\"  data-large_image_width=\"1200\" data-large_image_height = \"801\" ><img class=\"jgrid-lazy-load preload-me\" src=\"data:image\/svg+xml,%3Csvg%20xmlns%3D&#39;http%3A%2F%2Fwww.w3.org%2F2000%2Fsvg&#39;%20viewBox%3D&#39;0%200%20467%20312&#39;%2F%3E\" data-src=\"https:\/\/dise.org.pl\/kongres\/wp-content\/uploads\/2023\/10\/374-467x312.jpg\" data-srcset=\"https:\/\/dise.org.pl\/kongres\/wp-content\/uploads\/2023\/10\/374-467x312.jpg 467w, https:\/\/dise.org.pl\/kongres\/wp-content\/uploads\/2023\/10\/374-934x624.jpg 934w\" alt=\"\" width=\"467\" height=\"312\"  \/><\/a>\t<\/figure>\n<\/article>\n\n<\/div><div class=\"wf-cell\" data-post-id=\"10515\" data-date=\"2023-10-04T07:06:13+02:00\" data-name=\"IX Kongres Energetyczny DISE\">\n<article class=\"post post-10515 attachment type-attachment status-inherit hentry no-img description-off\">\n\n\t<figure class=\"rollover-project links-hovers-disabled\">\n\t<a href=\"https:\/\/dise.org.pl\/kongres\/wp-content\/uploads\/2023\/10\/380.jpg\" class=\"rollover rollover-zoom dt-pswp-item layzr-bg\" title=\"IX Kongres Energetyczny DISE\" data-dt-img-description=\"\"  data-large_image_width=\"1200\" data-large_image_height = \"801\" ><img class=\"jgrid-lazy-load preload-me\" src=\"data:image\/svg+xml,%3Csvg%20xmlns%3D&#39;http%3A%2F%2Fwww.w3.org%2F2000%2Fsvg&#39;%20viewBox%3D&#39;0%200%20467%20312&#39;%2F%3E\" data-src=\"https:\/\/dise.org.pl\/kongres\/wp-content\/uploads\/2023\/10\/380-467x312.jpg\" data-srcset=\"https:\/\/dise.org.pl\/kongres\/wp-content\/uploads\/2023\/10\/380-467x312.jpg 467w, https:\/\/dise.org.pl\/kongres\/wp-content\/uploads\/2023\/10\/380-934x624.jpg 934w\" alt=\"\" width=\"467\" height=\"312\"  \/><\/a>\t<\/figure>\n<\/article>\n\n<\/div><div class=\"wf-cell\" data-post-id=\"10516\" data-date=\"2023-10-04T07:06:14+02:00\" data-name=\"IX Kongres Energetyczny DISE\">\n<article class=\"post post-10516 attachment type-attachment status-inherit hentry no-img description-off\">\n\n\t<figure class=\"rollover-project links-hovers-disabled\">\n\t<a href=\"https:\/\/dise.org.pl\/kongres\/wp-content\/uploads\/2023\/10\/384.jpg\" class=\"rollover rollover-zoom dt-pswp-item layzr-bg\" title=\"IX Kongres Energetyczny DISE\" data-dt-img-description=\"\"  data-large_image_width=\"1200\" data-large_image_height = \"801\" ><img class=\"jgrid-lazy-load preload-me\" src=\"data:image\/svg+xml,%3Csvg%20xmlns%3D&#39;http%3A%2F%2Fwww.w3.org%2F2000%2Fsvg&#39;%20viewBox%3D&#39;0%200%20467%20312&#39;%2F%3E\" data-src=\"https:\/\/dise.org.pl\/kongres\/wp-content\/uploads\/2023\/10\/384-467x312.jpg\" data-srcset=\"https:\/\/dise.org.pl\/kongres\/wp-content\/uploads\/2023\/10\/384-467x312.jpg 467w, https:\/\/dise.org.pl\/kongres\/wp-content\/uploads\/2023\/10\/384-934x624.jpg 934w\" alt=\"\" width=\"467\" height=\"312\"  \/><\/a>\t<\/figure>\n<\/article>\n\n<\/div><div class=\"wf-cell\" data-post-id=\"10517\" data-date=\"2023-10-04T07:06:16+02:00\" data-name=\"IX Kongres Energetyczny DISE\">\n<article class=\"post post-10517 attachment type-attachment status-inherit hentry no-img description-off\">\n\n\t<figure class=\"rollover-project links-hovers-disabled\">\n\t<a href=\"https:\/\/dise.org.pl\/kongres\/wp-content\/uploads\/2023\/10\/390.jpg\" class=\"rollover rollover-zoom dt-pswp-item layzr-bg\" title=\"IX Kongres Energetyczny DISE\" data-dt-img-description=\"\"  data-large_image_width=\"1200\" data-large_image_height = \"801\" ><img class=\"jgrid-lazy-load preload-me\" src=\"data:image\/svg+xml,%3Csvg%20xmlns%3D&#39;http%3A%2F%2Fwww.w3.org%2F2000%2Fsvg&#39;%20viewBox%3D&#39;0%200%20467%20312&#39;%2F%3E\" data-src=\"https:\/\/dise.org.pl\/kongres\/wp-content\/uploads\/2023\/10\/390-467x312.jpg\" data-srcset=\"https:\/\/dise.org.pl\/kongres\/wp-content\/uploads\/2023\/10\/390-467x312.jpg 467w, https:\/\/dise.org.pl\/kongres\/wp-content\/uploads\/2023\/10\/390-934x624.jpg 934w\" alt=\"\" width=\"467\" height=\"312\"  \/><\/a>\t<\/figure>\n<\/article>\n\n<\/div><div class=\"wf-cell\" data-post-id=\"10518\" data-date=\"2023-10-04T07:06:17+02:00\" data-name=\"IX Kongres Energetyczny DISE\">\n<article class=\"post post-10518 attachment type-attachment status-inherit hentry no-img description-off\">\n\n\t<figure class=\"rollover-project links-hovers-disabled\">\n\t<a href=\"https:\/\/dise.org.pl\/kongres\/wp-content\/uploads\/2023\/10\/392.jpg\" class=\"rollover rollover-zoom dt-pswp-item layzr-bg\" title=\"IX Kongres Energetyczny DISE\" data-dt-img-description=\"\"  data-large_image_width=\"1200\" data-large_image_height = \"801\" ><img class=\"jgrid-lazy-load preload-me\" src=\"data:image\/svg+xml,%3Csvg%20xmlns%3D&#39;http%3A%2F%2Fwww.w3.org%2F2000%2Fsvg&#39;%20viewBox%3D&#39;0%200%20467%20312&#39;%2F%3E\" data-src=\"https:\/\/dise.org.pl\/kongres\/wp-content\/uploads\/2023\/10\/392-467x312.jpg\" data-srcset=\"https:\/\/dise.org.pl\/kongres\/wp-content\/uploads\/2023\/10\/392-467x312.jpg 467w, https:\/\/dise.org.pl\/kongres\/wp-content\/uploads\/2023\/10\/392-934x624.jpg 934w\" alt=\"\" width=\"467\" height=\"312\"  \/><\/a>\t<\/figure>\n<\/article>\n\n<\/div><div class=\"wf-cell\" data-post-id=\"10519\" data-date=\"2023-10-04T07:06:19+02:00\" data-name=\"IX Kongres Energetyczny DISE\">\n<article class=\"post post-10519 attachment type-attachment status-inherit hentry no-img description-off\">\n\n\t<figure class=\"rollover-project links-hovers-disabled\">\n\t<a href=\"https:\/\/dise.org.pl\/kongres\/wp-content\/uploads\/2023\/10\/395.jpg\" class=\"rollover rollover-zoom dt-pswp-item layzr-bg\" title=\"IX Kongres Energetyczny DISE\" data-dt-img-description=\"\"  data-large_image_width=\"1200\" data-large_image_height = \"801\" ><img class=\"jgrid-lazy-load preload-me\" src=\"data:image\/svg+xml,%3Csvg%20xmlns%3D&#39;http%3A%2F%2Fwww.w3.org%2F2000%2Fsvg&#39;%20viewBox%3D&#39;0%200%20467%20312&#39;%2F%3E\" data-src=\"https:\/\/dise.org.pl\/kongres\/wp-content\/uploads\/2023\/10\/395-467x312.jpg\" data-srcset=\"https:\/\/dise.org.pl\/kongres\/wp-content\/uploads\/2023\/10\/395-467x312.jpg 467w, https:\/\/dise.org.pl\/kongres\/wp-content\/uploads\/2023\/10\/395-934x624.jpg 934w\" alt=\"\" width=\"467\" height=\"312\"  \/><\/a>\t<\/figure>\n<\/article>\n\n<\/div><div class=\"wf-cell\" data-post-id=\"10520\" data-date=\"2023-10-04T07:06:20+02:00\" data-name=\"IX Kongres Energetyczny DISE\">\n<article class=\"post post-10520 attachment type-attachment status-inherit hentry no-img description-off\">\n\n\t<figure class=\"rollover-project links-hovers-disabled\">\n\t<a href=\"https:\/\/dise.org.pl\/kongres\/wp-content\/uploads\/2023\/10\/396.jpg\" class=\"rollover rollover-zoom dt-pswp-item layzr-bg\" title=\"IX Kongres Energetyczny DISE\" data-dt-img-description=\"\"  data-large_image_width=\"1200\" data-large_image_height = \"801\" ><img class=\"jgrid-lazy-load preload-me\" src=\"data:image\/svg+xml,%3Csvg%20xmlns%3D&#39;http%3A%2F%2Fwww.w3.org%2F2000%2Fsvg&#39;%20viewBox%3D&#39;0%200%20467%20312&#39;%2F%3E\" data-src=\"https:\/\/dise.org.pl\/kongres\/wp-content\/uploads\/2023\/10\/396-467x312.jpg\" data-srcset=\"https:\/\/dise.org.pl\/kongres\/wp-content\/uploads\/2023\/10\/396-467x312.jpg 467w, https:\/\/dise.org.pl\/kongres\/wp-content\/uploads\/2023\/10\/396-934x624.jpg 934w\" alt=\"\" width=\"467\" height=\"312\"  \/><\/a>\t<\/figure>\n<\/article>\n\n<\/div><div class=\"wf-cell\" data-post-id=\"10521\" data-date=\"2023-10-04T07:06:21+02:00\" data-name=\"IX Kongres Energetyczny DISE\">\n<article class=\"post post-10521 attachment type-attachment status-inherit hentry no-img description-off\">\n\n\t<figure class=\"rollover-project links-hovers-disabled\">\n\t<a href=\"https:\/\/dise.org.pl\/kongres\/wp-content\/uploads\/2023\/10\/400.jpg\" class=\"rollover rollover-zoom dt-pswp-item layzr-bg\" title=\"IX Kongres Energetyczny DISE\" data-dt-img-description=\"\"  data-large_image_width=\"1200\" data-large_image_height = \"801\" ><img class=\"jgrid-lazy-load preload-me\" src=\"data:image\/svg+xml,%3Csvg%20xmlns%3D&#39;http%3A%2F%2Fwww.w3.org%2F2000%2Fsvg&#39;%20viewBox%3D&#39;0%200%20467%20312&#39;%2F%3E\" data-src=\"https:\/\/dise.org.pl\/kongres\/wp-content\/uploads\/2023\/10\/400-467x312.jpg\" data-srcset=\"https:\/\/dise.org.pl\/kongres\/wp-content\/uploads\/2023\/10\/400-467x312.jpg 467w, https:\/\/dise.org.pl\/kongres\/wp-content\/uploads\/2023\/10\/400-934x624.jpg 934w\" alt=\"\" width=\"467\" height=\"312\"  \/><\/a>\t<\/figure>\n<\/article>\n\n<\/div><div class=\"wf-cell\" data-post-id=\"10522\" data-date=\"2023-10-04T07:06:23+02:00\" data-name=\"IX Kongres Energetyczny DISE\">\n<article class=\"post post-10522 attachment type-attachment status-inherit hentry no-img description-off\">\n\n\t<figure class=\"rollover-project links-hovers-disabled\">\n\t<a href=\"https:\/\/dise.org.pl\/kongres\/wp-content\/uploads\/2023\/10\/403.jpg\" class=\"rollover rollover-zoom dt-pswp-item layzr-bg\" title=\"IX Kongres Energetyczny DISE\" data-dt-img-description=\"\"  data-large_image_width=\"1200\" data-large_image_height = \"801\" ><img class=\"jgrid-lazy-load preload-me\" src=\"data:image\/svg+xml,%3Csvg%20xmlns%3D&#39;http%3A%2F%2Fwww.w3.org%2F2000%2Fsvg&#39;%20viewBox%3D&#39;0%200%20467%20312&#39;%2F%3E\" data-src=\"https:\/\/dise.org.pl\/kongres\/wp-content\/uploads\/2023\/10\/403-467x312.jpg\" data-srcset=\"https:\/\/dise.org.pl\/kongres\/wp-content\/uploads\/2023\/10\/403-467x312.jpg 467w, https:\/\/dise.org.pl\/kongres\/wp-content\/uploads\/2023\/10\/403-934x624.jpg 934w\" alt=\"\" width=\"467\" height=\"312\"  \/><\/a>\t<\/figure>\n<\/article>\n\n<\/div><div class=\"wf-cell\" data-post-id=\"10523\" data-date=\"2023-10-04T07:06:24+02:00\" data-name=\"IX Kongres Energetyczny DISE\">\n<article class=\"post post-10523 attachment type-attachment status-inherit hentry no-img description-off\">\n\n\t<figure class=\"rollover-project links-hovers-disabled\">\n\t<a href=\"https:\/\/dise.org.pl\/kongres\/wp-content\/uploads\/2023\/10\/404.jpg\" class=\"rollover rollover-zoom dt-pswp-item layzr-bg\" title=\"IX Kongres Energetyczny DISE\" data-dt-img-description=\"\"  data-large_image_width=\"1200\" data-large_image_height = \"801\" ><img class=\"jgrid-lazy-load preload-me\" src=\"data:image\/svg+xml,%3Csvg%20xmlns%3D&#39;http%3A%2F%2Fwww.w3.org%2F2000%2Fsvg&#39;%20viewBox%3D&#39;0%200%20467%20312&#39;%2F%3E\" data-src=\"https:\/\/dise.org.pl\/kongres\/wp-content\/uploads\/2023\/10\/404-467x312.jpg\" data-srcset=\"https:\/\/dise.org.pl\/kongres\/wp-content\/uploads\/2023\/10\/404-467x312.jpg 467w, https:\/\/dise.org.pl\/kongres\/wp-content\/uploads\/2023\/10\/404-934x624.jpg 934w\" alt=\"\" width=\"467\" height=\"312\"  \/><\/a>\t<\/figure>\n<\/article>\n\n<\/div><div class=\"wf-cell\" data-post-id=\"10524\" data-date=\"2023-10-04T07:06:25+02:00\" data-name=\"IX Kongres Energetyczny DISE\">\n<article class=\"post post-10524 attachment type-attachment status-inherit hentry no-img description-off\">\n\n\t<figure class=\"rollover-project links-hovers-disabled\">\n\t<a href=\"https:\/\/dise.org.pl\/kongres\/wp-content\/uploads\/2023\/10\/407.jpg\" class=\"rollover rollover-zoom dt-pswp-item layzr-bg\" title=\"IX Kongres Energetyczny DISE\" data-dt-img-description=\"\"  data-large_image_width=\"1200\" data-large_image_height = \"801\" ><img class=\"jgrid-lazy-load preload-me\" src=\"data:image\/svg+xml,%3Csvg%20xmlns%3D&#39;http%3A%2F%2Fwww.w3.org%2F2000%2Fsvg&#39;%20viewBox%3D&#39;0%200%20467%20312&#39;%2F%3E\" data-src=\"https:\/\/dise.org.pl\/kongres\/wp-content\/uploads\/2023\/10\/407-467x312.jpg\" data-srcset=\"https:\/\/dise.org.pl\/kongres\/wp-content\/uploads\/2023\/10\/407-467x312.jpg 467w, https:\/\/dise.org.pl\/kongres\/wp-content\/uploads\/2023\/10\/407-934x624.jpg 934w\" alt=\"\" width=\"467\" height=\"312\"  \/><\/a>\t<\/figure>\n<\/article>\n\n<\/div><div class=\"wf-cell\" data-post-id=\"10525\" data-date=\"2023-10-04T07:06:26+02:00\" data-name=\"IX Kongres Energetyczny DISE\">\n<article class=\"post post-10525 attachment type-attachment status-inherit hentry no-img description-off\">\n\n\t<figure class=\"rollover-project links-hovers-disabled\">\n\t<a href=\"https:\/\/dise.org.pl\/kongres\/wp-content\/uploads\/2023\/10\/412.jpg\" class=\"rollover rollover-zoom dt-pswp-item layzr-bg\" title=\"IX Kongres Energetyczny DISE\" data-dt-img-description=\"\"  data-large_image_width=\"1200\" data-large_image_height = \"801\" ><img class=\"jgrid-lazy-load preload-me\" src=\"data:image\/svg+xml,%3Csvg%20xmlns%3D&#39;http%3A%2F%2Fwww.w3.org%2F2000%2Fsvg&#39;%20viewBox%3D&#39;0%200%20467%20312&#39;%2F%3E\" data-src=\"https:\/\/dise.org.pl\/kongres\/wp-content\/uploads\/2023\/10\/412-467x312.jpg\" data-srcset=\"https:\/\/dise.org.pl\/kongres\/wp-content\/uploads\/2023\/10\/412-467x312.jpg 467w, https:\/\/dise.org.pl\/kongres\/wp-content\/uploads\/2023\/10\/412-934x624.jpg 934w\" alt=\"\" width=\"467\" height=\"312\"  \/><\/a>\t<\/figure>\n<\/article>\n\n<\/div><div class=\"wf-cell\" data-post-id=\"10526\" data-date=\"2023-10-04T07:06:28+02:00\" data-name=\"IX Kongres Energetyczny DISE\">\n<article class=\"post post-10526 attachment type-attachment status-inherit hentry no-img description-off\">\n\n\t<figure class=\"rollover-project links-hovers-disabled\">\n\t<a href=\"https:\/\/dise.org.pl\/kongres\/wp-content\/uploads\/2023\/10\/414.jpg\" class=\"rollover rollover-zoom dt-pswp-item layzr-bg\" title=\"IX Kongres Energetyczny DISE\" data-dt-img-description=\"\"  data-large_image_width=\"1200\" data-large_image_height = \"801\" ><img class=\"jgrid-lazy-load preload-me\" src=\"data:image\/svg+xml,%3Csvg%20xmlns%3D&#39;http%3A%2F%2Fwww.w3.org%2F2000%2Fsvg&#39;%20viewBox%3D&#39;0%200%20467%20312&#39;%2F%3E\" data-src=\"https:\/\/dise.org.pl\/kongres\/wp-content\/uploads\/2023\/10\/414-467x312.jpg\" data-srcset=\"https:\/\/dise.org.pl\/kongres\/wp-content\/uploads\/2023\/10\/414-467x312.jpg 467w, https:\/\/dise.org.pl\/kongres\/wp-content\/uploads\/2023\/10\/414-934x624.jpg 934w\" alt=\"\" width=\"467\" height=\"312\"  \/><\/a>\t<\/figure>\n<\/article>\n\n<\/div><div class=\"wf-cell\" data-post-id=\"10527\" data-date=\"2023-10-04T07:06:29+02:00\" data-name=\"IX Kongres Energetyczny DISE\">\n<article class=\"post post-10527 attachment type-attachment status-inherit hentry no-img description-off\">\n\n\t<figure class=\"rollover-project links-hovers-disabled\">\n\t<a href=\"https:\/\/dise.org.pl\/kongres\/wp-content\/uploads\/2023\/10\/419.jpg\" class=\"rollover rollover-zoom dt-pswp-item layzr-bg\" title=\"IX Kongres Energetyczny DISE\" data-dt-img-description=\"\"  data-large_image_width=\"1200\" data-large_image_height = \"801\" ><img class=\"jgrid-lazy-load preload-me\" src=\"data:image\/svg+xml,%3Csvg%20xmlns%3D&#39;http%3A%2F%2Fwww.w3.org%2F2000%2Fsvg&#39;%20viewBox%3D&#39;0%200%20467%20312&#39;%2F%3E\" data-src=\"https:\/\/dise.org.pl\/kongres\/wp-content\/uploads\/2023\/10\/419-467x312.jpg\" data-srcset=\"https:\/\/dise.org.pl\/kongres\/wp-content\/uploads\/2023\/10\/419-467x312.jpg 467w, https:\/\/dise.org.pl\/kongres\/wp-content\/uploads\/2023\/10\/419-934x624.jpg 934w\" alt=\"\" width=\"467\" height=\"312\"  \/><\/a>\t<\/figure>\n<\/article>\n\n<\/div><div class=\"wf-cell\" data-post-id=\"10528\" data-date=\"2023-10-04T07:06:30+02:00\" data-name=\"IX Kongres Energetyczny DISE\">\n<article class=\"post post-10528 attachment type-attachment status-inherit hentry no-img description-off\">\n\n\t<figure class=\"rollover-project links-hovers-disabled\">\n\t<a href=\"https:\/\/dise.org.pl\/kongres\/wp-content\/uploads\/2023\/10\/421.jpg\" class=\"rollover rollover-zoom dt-pswp-item layzr-bg\" title=\"IX Kongres Energetyczny DISE\" data-dt-img-description=\"\"  data-large_image_width=\"1200\" data-large_image_height = \"801\" ><img class=\"jgrid-lazy-load preload-me\" src=\"data:image\/svg+xml,%3Csvg%20xmlns%3D&#39;http%3A%2F%2Fwww.w3.org%2F2000%2Fsvg&#39;%20viewBox%3D&#39;0%200%20467%20312&#39;%2F%3E\" data-src=\"https:\/\/dise.org.pl\/kongres\/wp-content\/uploads\/2023\/10\/421-467x312.jpg\" data-srcset=\"https:\/\/dise.org.pl\/kongres\/wp-content\/uploads\/2023\/10\/421-467x312.jpg 467w, https:\/\/dise.org.pl\/kongres\/wp-content\/uploads\/2023\/10\/421-934x624.jpg 934w\" alt=\"\" width=\"467\" height=\"312\"  \/><\/a>\t<\/figure>\n<\/article>\n\n<\/div><div class=\"wf-cell\" data-post-id=\"10529\" data-date=\"2023-10-04T07:06:32+02:00\" data-name=\"IX Kongres Energetyczny DISE\">\n<article class=\"post post-10529 attachment type-attachment status-inherit hentry no-img description-off\">\n\n\t<figure class=\"rollover-project links-hovers-disabled\">\n\t<a href=\"https:\/\/dise.org.pl\/kongres\/wp-content\/uploads\/2023\/10\/428.jpg\" class=\"rollover rollover-zoom dt-pswp-item layzr-bg\" title=\"IX Kongres Energetyczny DISE\" data-dt-img-description=\"\"  data-large_image_width=\"1200\" data-large_image_height = \"801\" ><img class=\"jgrid-lazy-load preload-me\" src=\"data:image\/svg+xml,%3Csvg%20xmlns%3D&#39;http%3A%2F%2Fwww.w3.org%2F2000%2Fsvg&#39;%20viewBox%3D&#39;0%200%20467%20312&#39;%2F%3E\" data-src=\"https:\/\/dise.org.pl\/kongres\/wp-content\/uploads\/2023\/10\/428-467x312.jpg\" data-srcset=\"https:\/\/dise.org.pl\/kongres\/wp-content\/uploads\/2023\/10\/428-467x312.jpg 467w, https:\/\/dise.org.pl\/kongres\/wp-content\/uploads\/2023\/10\/428-934x624.jpg 934w\" alt=\"\" width=\"467\" height=\"312\"  \/><\/a>\t<\/figure>\n<\/article>\n\n<\/div><div class=\"wf-cell\" data-post-id=\"10530\" data-date=\"2023-10-04T07:06:33+02:00\" data-name=\"IX Kongres Energetyczny DISE\">\n<article class=\"post post-10530 attachment type-attachment status-inherit hentry no-img description-off\">\n\n\t<figure class=\"rollover-project links-hovers-disabled\">\n\t<a href=\"https:\/\/dise.org.pl\/kongres\/wp-content\/uploads\/2023\/10\/430.jpg\" class=\"rollover rollover-zoom dt-pswp-item layzr-bg\" title=\"IX Kongres Energetyczny DISE\" data-dt-img-description=\"\"  data-large_image_width=\"1200\" data-large_image_height = \"801\" ><img class=\"jgrid-lazy-load preload-me\" src=\"data:image\/svg+xml,%3Csvg%20xmlns%3D&#39;http%3A%2F%2Fwww.w3.org%2F2000%2Fsvg&#39;%20viewBox%3D&#39;0%200%20467%20312&#39;%2F%3E\" data-src=\"https:\/\/dise.org.pl\/kongres\/wp-content\/uploads\/2023\/10\/430-467x312.jpg\" data-srcset=\"https:\/\/dise.org.pl\/kongres\/wp-content\/uploads\/2023\/10\/430-467x312.jpg 467w, https:\/\/dise.org.pl\/kongres\/wp-content\/uploads\/2023\/10\/430-934x624.jpg 934w\" alt=\"\" width=\"467\" height=\"312\"  \/><\/a>\t<\/figure>\n<\/article>\n\n<\/div><div class=\"wf-cell\" data-post-id=\"10531\" data-date=\"2023-10-04T07:06:34+02:00\" data-name=\"IX Kongres Energetyczny DISE\">\n<article class=\"post post-10531 attachment type-attachment status-inherit hentry no-img description-off\">\n\n\t<figure class=\"rollover-project links-hovers-disabled\">\n\t<a href=\"https:\/\/dise.org.pl\/kongres\/wp-content\/uploads\/2023\/10\/432.jpg\" class=\"rollover rollover-zoom dt-pswp-item layzr-bg\" title=\"IX Kongres Energetyczny DISE\" data-dt-img-description=\"\"  data-large_image_width=\"1200\" data-large_image_height = \"801\" ><img class=\"jgrid-lazy-load preload-me\" src=\"data:image\/svg+xml,%3Csvg%20xmlns%3D&#39;http%3A%2F%2Fwww.w3.org%2F2000%2Fsvg&#39;%20viewBox%3D&#39;0%200%20467%20312&#39;%2F%3E\" data-src=\"https:\/\/dise.org.pl\/kongres\/wp-content\/uploads\/2023\/10\/432-467x312.jpg\" data-srcset=\"https:\/\/dise.org.pl\/kongres\/wp-content\/uploads\/2023\/10\/432-467x312.jpg 467w, https:\/\/dise.org.pl\/kongres\/wp-content\/uploads\/2023\/10\/432-934x624.jpg 934w\" alt=\"\" width=\"467\" height=\"312\"  \/><\/a>\t<\/figure>\n<\/article>\n\n<\/div><div class=\"wf-cell\" data-post-id=\"10532\" data-date=\"2023-10-04T07:06:35+02:00\" data-name=\"IX Kongres Energetyczny DISE\">\n<article class=\"post post-10532 attachment type-attachment status-inherit hentry no-img description-off\">\n\n\t<figure class=\"rollover-project links-hovers-disabled\">\n\t<a href=\"https:\/\/dise.org.pl\/kongres\/wp-content\/uploads\/2023\/10\/433.jpg\" class=\"rollover rollover-zoom dt-pswp-item layzr-bg\" title=\"IX Kongres Energetyczny DISE\" data-dt-img-description=\"\"  data-large_image_width=\"1200\" data-large_image_height = \"801\" ><img class=\"jgrid-lazy-load preload-me\" src=\"data:image\/svg+xml,%3Csvg%20xmlns%3D&#39;http%3A%2F%2Fwww.w3.org%2F2000%2Fsvg&#39;%20viewBox%3D&#39;0%200%20467%20312&#39;%2F%3E\" data-src=\"https:\/\/dise.org.pl\/kongres\/wp-content\/uploads\/2023\/10\/433-467x312.jpg\" data-srcset=\"https:\/\/dise.org.pl\/kongres\/wp-content\/uploads\/2023\/10\/433-467x312.jpg 467w, https:\/\/dise.org.pl\/kongres\/wp-content\/uploads\/2023\/10\/433-934x624.jpg 934w\" alt=\"\" width=\"467\" height=\"312\"  \/><\/a>\t<\/figure>\n<\/article>\n\n<\/div><div class=\"wf-cell\" data-post-id=\"10533\" data-date=\"2023-10-04T07:06:37+02:00\" data-name=\"IX Kongres Energetyczny DISE\">\n<article class=\"post post-10533 attachment type-attachment status-inherit hentry no-img description-off\">\n\n\t<figure class=\"rollover-project links-hovers-disabled\">\n\t<a href=\"https:\/\/dise.org.pl\/kongres\/wp-content\/uploads\/2023\/10\/438.jpg\" class=\"rollover rollover-zoom dt-pswp-item layzr-bg\" title=\"IX Kongres Energetyczny DISE\" data-dt-img-description=\"\"  data-large_image_width=\"1200\" data-large_image_height = \"801\" ><img class=\"jgrid-lazy-load preload-me\" src=\"data:image\/svg+xml,%3Csvg%20xmlns%3D&#39;http%3A%2F%2Fwww.w3.org%2F2000%2Fsvg&#39;%20viewBox%3D&#39;0%200%20467%20312&#39;%2F%3E\" data-src=\"https:\/\/dise.org.pl\/kongres\/wp-content\/uploads\/2023\/10\/438-467x312.jpg\" data-srcset=\"https:\/\/dise.org.pl\/kongres\/wp-content\/uploads\/2023\/10\/438-467x312.jpg 467w, https:\/\/dise.org.pl\/kongres\/wp-content\/uploads\/2023\/10\/438-934x624.jpg 934w\" alt=\"\" width=\"467\" height=\"312\"  \/><\/a>\t<\/figure>\n<\/article>\n\n<\/div><div class=\"wf-cell\" data-post-id=\"10534\" data-date=\"2023-10-04T07:06:38+02:00\" data-name=\"IX Kongres Energetyczny DISE\">\n<article class=\"post post-10534 attachment type-attachment status-inherit hentry no-img description-off\">\n\n\t<figure class=\"rollover-project links-hovers-disabled\">\n\t<a href=\"https:\/\/dise.org.pl\/kongres\/wp-content\/uploads\/2023\/10\/449.jpg\" class=\"rollover rollover-zoom dt-pswp-item layzr-bg\" title=\"IX Kongres Energetyczny DISE\" data-dt-img-description=\"\"  data-large_image_width=\"1200\" data-large_image_height = \"801\" ><img class=\"jgrid-lazy-load preload-me\" src=\"data:image\/svg+xml,%3Csvg%20xmlns%3D&#39;http%3A%2F%2Fwww.w3.org%2F2000%2Fsvg&#39;%20viewBox%3D&#39;0%200%20467%20312&#39;%2F%3E\" data-src=\"https:\/\/dise.org.pl\/kongres\/wp-content\/uploads\/2023\/10\/449-467x312.jpg\" data-srcset=\"https:\/\/dise.org.pl\/kongres\/wp-content\/uploads\/2023\/10\/449-467x312.jpg 467w, https:\/\/dise.org.pl\/kongres\/wp-content\/uploads\/2023\/10\/449-934x624.jpg 934w\" alt=\"\" width=\"467\" height=\"312\"  \/><\/a>\t<\/figure>\n<\/article>\n\n<\/div><div class=\"wf-cell\" data-post-id=\"10535\" data-date=\"2023-10-04T07:06:39+02:00\" data-name=\"IX Kongres Energetyczny DISE\">\n<article class=\"post post-10535 attachment type-attachment status-inherit hentry no-img description-off\">\n\n\t<figure class=\"rollover-project links-hovers-disabled\">\n\t<a href=\"https:\/\/dise.org.pl\/kongres\/wp-content\/uploads\/2023\/10\/451.jpg\" class=\"rollover rollover-zoom dt-pswp-item layzr-bg\" title=\"IX Kongres Energetyczny DISE\" data-dt-img-description=\"\"  data-large_image_width=\"1200\" data-large_image_height = \"801\" ><img class=\"jgrid-lazy-load preload-me\" src=\"data:image\/svg+xml,%3Csvg%20xmlns%3D&#39;http%3A%2F%2Fwww.w3.org%2F2000%2Fsvg&#39;%20viewBox%3D&#39;0%200%20467%20312&#39;%2F%3E\" data-src=\"https:\/\/dise.org.pl\/kongres\/wp-content\/uploads\/2023\/10\/451-467x312.jpg\" data-srcset=\"https:\/\/dise.org.pl\/kongres\/wp-content\/uploads\/2023\/10\/451-467x312.jpg 467w, https:\/\/dise.org.pl\/kongres\/wp-content\/uploads\/2023\/10\/451-934x624.jpg 934w\" alt=\"\" width=\"467\" height=\"312\"  \/><\/a>\t<\/figure>\n<\/article>\n\n<\/div><div class=\"wf-cell\" data-post-id=\"10536\" data-date=\"2023-10-04T07:06:40+02:00\" data-name=\"IX Kongres Energetyczny DISE\">\n<article class=\"post post-10536 attachment type-attachment status-inherit hentry no-img description-off\">\n\n\t<figure class=\"rollover-project links-hovers-disabled\">\n\t<a href=\"https:\/\/dise.org.pl\/kongres\/wp-content\/uploads\/2023\/10\/454.jpg\" class=\"rollover rollover-zoom dt-pswp-item layzr-bg\" title=\"IX Kongres Energetyczny DISE\" data-dt-img-description=\"\"  data-large_image_width=\"1200\" data-large_image_height = \"801\" ><img class=\"jgrid-lazy-load preload-me\" src=\"data:image\/svg+xml,%3Csvg%20xmlns%3D&#39;http%3A%2F%2Fwww.w3.org%2F2000%2Fsvg&#39;%20viewBox%3D&#39;0%200%20467%20312&#39;%2F%3E\" data-src=\"https:\/\/dise.org.pl\/kongres\/wp-content\/uploads\/2023\/10\/454-467x312.jpg\" data-srcset=\"https:\/\/dise.org.pl\/kongres\/wp-content\/uploads\/2023\/10\/454-467x312.jpg 467w, https:\/\/dise.org.pl\/kongres\/wp-content\/uploads\/2023\/10\/454-934x624.jpg 934w\" alt=\"\" width=\"467\" height=\"312\"  \/><\/a>\t<\/figure>\n<\/article>\n\n<\/div><div class=\"wf-cell\" data-post-id=\"10537\" data-date=\"2023-10-04T07:06:41+02:00\" data-name=\"IX Kongres Energetyczny DISE\">\n<article class=\"post post-10537 attachment type-attachment status-inherit hentry no-img description-off\">\n\n\t<figure class=\"rollover-project links-hovers-disabled\">\n\t<a href=\"https:\/\/dise.org.pl\/kongres\/wp-content\/uploads\/2023\/10\/459.jpg\" class=\"rollover rollover-zoom dt-pswp-item layzr-bg\" title=\"IX Kongres Energetyczny DISE\" data-dt-img-description=\"\"  data-large_image_width=\"1200\" data-large_image_height = \"801\" ><img class=\"jgrid-lazy-load preload-me\" src=\"data:image\/svg+xml,%3Csvg%20xmlns%3D&#39;http%3A%2F%2Fwww.w3.org%2F2000%2Fsvg&#39;%20viewBox%3D&#39;0%200%20467%20312&#39;%2F%3E\" data-src=\"https:\/\/dise.org.pl\/kongres\/wp-content\/uploads\/2023\/10\/459-467x312.jpg\" data-srcset=\"https:\/\/dise.org.pl\/kongres\/wp-content\/uploads\/2023\/10\/459-467x312.jpg 467w, https:\/\/dise.org.pl\/kongres\/wp-content\/uploads\/2023\/10\/459-934x624.jpg 934w\" alt=\"\" width=\"467\" height=\"312\"  \/><\/a>\t<\/figure>\n<\/article>\n\n<\/div><div class=\"wf-cell\" data-post-id=\"10538\" data-date=\"2023-10-04T07:06:43+02:00\" data-name=\"IX Kongres Energetyczny DISE\">\n<article class=\"post post-10538 attachment type-attachment status-inherit hentry no-img description-off\">\n\n\t<figure class=\"rollover-project links-hovers-disabled\">\n\t<a href=\"https:\/\/dise.org.pl\/kongres\/wp-content\/uploads\/2023\/10\/488.jpg\" class=\"rollover rollover-zoom dt-pswp-item layzr-bg\" title=\"IX Kongres Energetyczny DISE\" data-dt-img-description=\"\"  data-large_image_width=\"1200\" data-large_image_height = \"801\" ><img class=\"jgrid-lazy-load preload-me\" src=\"data:image\/svg+xml,%3Csvg%20xmlns%3D&#39;http%3A%2F%2Fwww.w3.org%2F2000%2Fsvg&#39;%20viewBox%3D&#39;0%200%20467%20312&#39;%2F%3E\" data-src=\"https:\/\/dise.org.pl\/kongres\/wp-content\/uploads\/2023\/10\/488-467x312.jpg\" data-srcset=\"https:\/\/dise.org.pl\/kongres\/wp-content\/uploads\/2023\/10\/488-467x312.jpg 467w, https:\/\/dise.org.pl\/kongres\/wp-content\/uploads\/2023\/10\/488-934x624.jpg 934w\" alt=\"\" width=\"467\" height=\"312\"  \/><\/a>\t<\/figure>\n<\/article>\n\n<\/div><div class=\"wf-cell\" data-post-id=\"10539\" data-date=\"2023-10-04T07:06:44+02:00\" data-name=\"IX Kongres Energetyczny DISE\">\n<article class=\"post post-10539 attachment type-attachment status-inherit hentry no-img description-off\">\n\n\t<figure class=\"rollover-project links-hovers-disabled\">\n\t<a href=\"https:\/\/dise.org.pl\/kongres\/wp-content\/uploads\/2023\/10\/MG_3338.jpg\" class=\"rollover rollover-zoom dt-pswp-item layzr-bg\" title=\"IX Kongres Energetyczny DISE\" data-dt-img-description=\"\"  data-large_image_width=\"1200\" data-large_image_height = \"800\" ><img class=\"jgrid-lazy-load preload-me\" src=\"data:image\/svg+xml,%3Csvg%20xmlns%3D&#39;http%3A%2F%2Fwww.w3.org%2F2000%2Fsvg&#39;%20viewBox%3D&#39;0%200%20468%20312&#39;%2F%3E\" data-src=\"https:\/\/dise.org.pl\/kongres\/wp-content\/uploads\/2023\/10\/MG_3338-468x312.jpg\" data-srcset=\"https:\/\/dise.org.pl\/kongres\/wp-content\/uploads\/2023\/10\/MG_3338-468x312.jpg 468w, https:\/\/dise.org.pl\/kongres\/wp-content\/uploads\/2023\/10\/MG_3338-936x624.jpg 936w\" alt=\"\" width=\"468\" height=\"312\"  \/><\/a>\t<\/figure>\n<\/article>\n\n<\/div><div class=\"wf-cell\" data-post-id=\"10540\" data-date=\"2023-10-04T07:06:45+02:00\" data-name=\"IX Kongres Energetyczny DISE\">\n<article class=\"post post-10540 attachment type-attachment status-inherit hentry no-img description-off\">\n\n\t<figure class=\"rollover-project links-hovers-disabled\">\n\t<a href=\"https:\/\/dise.org.pl\/kongres\/wp-content\/uploads\/2023\/10\/MG_3382.jpg\" class=\"rollover rollover-zoom dt-pswp-item layzr-bg\" title=\"IX Kongres Energetyczny DISE\" data-dt-img-description=\"\"  data-large_image_width=\"1200\" data-large_image_height = \"800\" ><img class=\"jgrid-lazy-load preload-me\" src=\"data:image\/svg+xml,%3Csvg%20xmlns%3D&#39;http%3A%2F%2Fwww.w3.org%2F2000%2Fsvg&#39;%20viewBox%3D&#39;0%200%20468%20312&#39;%2F%3E\" data-src=\"https:\/\/dise.org.pl\/kongres\/wp-content\/uploads\/2023\/10\/MG_3382-468x312.jpg\" data-srcset=\"https:\/\/dise.org.pl\/kongres\/wp-content\/uploads\/2023\/10\/MG_3382-468x312.jpg 468w, https:\/\/dise.org.pl\/kongres\/wp-content\/uploads\/2023\/10\/MG_3382-936x624.jpg 936w\" alt=\"\" width=\"468\" height=\"312\"  \/><\/a>\t<\/figure>\n<\/article>\n\n<\/div><div class=\"wf-cell\" data-post-id=\"10541\" data-date=\"2023-10-04T07:06:46+02:00\" data-name=\"IX Kongres Energetyczny DISE\">\n<article class=\"post post-10541 attachment type-attachment status-inherit hentry no-img description-off\">\n\n\t<figure class=\"rollover-project links-hovers-disabled\">\n\t<a href=\"https:\/\/dise.org.pl\/kongres\/wp-content\/uploads\/2023\/10\/O3A4183.jpg\" class=\"rollover rollover-zoom dt-pswp-item layzr-bg\" title=\"IX Kongres Energetyczny DISE\" data-dt-img-description=\"\"  data-large_image_width=\"1200\" data-large_image_height = \"800\" ><img class=\"jgrid-lazy-load preload-me\" src=\"data:image\/svg+xml,%3Csvg%20xmlns%3D&#39;http%3A%2F%2Fwww.w3.org%2F2000%2Fsvg&#39;%20viewBox%3D&#39;0%200%20468%20312&#39;%2F%3E\" data-src=\"https:\/\/dise.org.pl\/kongres\/wp-content\/uploads\/2023\/10\/O3A4183-468x312.jpg\" data-srcset=\"https:\/\/dise.org.pl\/kongres\/wp-content\/uploads\/2023\/10\/O3A4183-468x312.jpg 468w, https:\/\/dise.org.pl\/kongres\/wp-content\/uploads\/2023\/10\/O3A4183-936x624.jpg 936w\" alt=\"\" width=\"468\" height=\"312\"  \/><\/a>\t<\/figure>\n<\/article>\n\n<\/div><div class=\"wf-cell\" data-post-id=\"10542\" data-date=\"2023-10-04T07:06:48+02:00\" data-name=\"IX Kongres Energetyczny DISE\">\n<article class=\"post post-10542 attachment type-attachment status-inherit hentry no-img description-off\">\n\n\t<figure class=\"rollover-project links-hovers-disabled\">\n\t<a href=\"https:\/\/dise.org.pl\/kongres\/wp-content\/uploads\/2023\/10\/O3A4329.jpg\" class=\"rollover rollover-zoom dt-pswp-item layzr-bg\" title=\"IX Kongres Energetyczny DISE\" data-dt-img-description=\"\"  data-large_image_width=\"1200\" data-large_image_height = \"800\" ><img class=\"jgrid-lazy-load preload-me\" src=\"data:image\/svg+xml,%3Csvg%20xmlns%3D&#39;http%3A%2F%2Fwww.w3.org%2F2000%2Fsvg&#39;%20viewBox%3D&#39;0%200%20468%20312&#39;%2F%3E\" data-src=\"https:\/\/dise.org.pl\/kongres\/wp-content\/uploads\/2023\/10\/O3A4329-468x312.jpg\" data-srcset=\"https:\/\/dise.org.pl\/kongres\/wp-content\/uploads\/2023\/10\/O3A4329-468x312.jpg 468w, https:\/\/dise.org.pl\/kongres\/wp-content\/uploads\/2023\/10\/O3A4329-936x624.jpg 936w\" alt=\"\" width=\"468\" height=\"312\"  \/><\/a>\t<\/figure>\n<\/article>\n\n<\/div><div class=\"wf-cell\" data-post-id=\"10543\" data-date=\"2023-10-04T07:06:49+02:00\" data-name=\"IX Kongres Energetyczny DISE\">\n<article class=\"post post-10543 attachment type-attachment status-inherit hentry no-img description-off\">\n\n\t<figure class=\"rollover-project links-hovers-disabled\">\n\t<a href=\"https:\/\/dise.org.pl\/kongres\/wp-content\/uploads\/2023\/10\/O3A4340.jpg\" class=\"rollover rollover-zoom dt-pswp-item layzr-bg\" title=\"IX Kongres Energetyczny DISE\" data-dt-img-description=\"\"  data-large_image_width=\"1200\" data-large_image_height = \"800\" ><img class=\"jgrid-lazy-load preload-me\" src=\"data:image\/svg+xml,%3Csvg%20xmlns%3D&#39;http%3A%2F%2Fwww.w3.org%2F2000%2Fsvg&#39;%20viewBox%3D&#39;0%200%20468%20312&#39;%2F%3E\" data-src=\"https:\/\/dise.org.pl\/kongres\/wp-content\/uploads\/2023\/10\/O3A4340-468x312.jpg\" data-srcset=\"https:\/\/dise.org.pl\/kongres\/wp-content\/uploads\/2023\/10\/O3A4340-468x312.jpg 468w, https:\/\/dise.org.pl\/kongres\/wp-content\/uploads\/2023\/10\/O3A4340-936x624.jpg 936w\" alt=\"\" width=\"468\" height=\"312\"  \/><\/a>\t<\/figure>\n<\/article>\n\n<\/div><div class=\"wf-cell\" data-post-id=\"10544\" data-date=\"2023-10-04T07:06:50+02:00\" data-name=\"IX Kongres Energetyczny DISE\">\n<article class=\"post post-10544 attachment type-attachment status-inherit hentry no-img description-off\">\n\n\t<figure class=\"rollover-project links-hovers-disabled\">\n\t<a href=\"https:\/\/dise.org.pl\/kongres\/wp-content\/uploads\/2023\/10\/O3A4344.jpg\" class=\"rollover rollover-zoom dt-pswp-item layzr-bg\" title=\"IX Kongres Energetyczny DISE\" data-dt-img-description=\"\"  data-large_image_width=\"1200\" data-large_image_height = \"800\" ><img class=\"jgrid-lazy-load preload-me\" src=\"data:image\/svg+xml,%3Csvg%20xmlns%3D&#39;http%3A%2F%2Fwww.w3.org%2F2000%2Fsvg&#39;%20viewBox%3D&#39;0%200%20468%20312&#39;%2F%3E\" data-src=\"https:\/\/dise.org.pl\/kongres\/wp-content\/uploads\/2023\/10\/O3A4344-468x312.jpg\" data-srcset=\"https:\/\/dise.org.pl\/kongres\/wp-content\/uploads\/2023\/10\/O3A4344-468x312.jpg 468w, https:\/\/dise.org.pl\/kongres\/wp-content\/uploads\/2023\/10\/O3A4344-936x624.jpg 936w\" alt=\"\" width=\"468\" height=\"312\"  \/><\/a>\t<\/figure>\n<\/article>\n\n<\/div><div class=\"wf-cell\" data-post-id=\"10545\" data-date=\"2023-10-04T07:06:51+02:00\" data-name=\"IX Kongres Energetyczny DISE\">\n<article class=\"post post-10545 attachment type-attachment status-inherit hentry no-img description-off\">\n\n\t<figure class=\"rollover-project links-hovers-disabled\">\n\t<a href=\"https:\/\/dise.org.pl\/kongres\/wp-content\/uploads\/2023\/10\/O3A4357.jpg\" class=\"rollover rollover-zoom dt-pswp-item layzr-bg\" title=\"IX Kongres Energetyczny DISE\" data-dt-img-description=\"\"  data-large_image_width=\"1200\" data-large_image_height = \"800\" ><img class=\"jgrid-lazy-load preload-me\" src=\"data:image\/svg+xml,%3Csvg%20xmlns%3D&#39;http%3A%2F%2Fwww.w3.org%2F2000%2Fsvg&#39;%20viewBox%3D&#39;0%200%20468%20312&#39;%2F%3E\" data-src=\"https:\/\/dise.org.pl\/kongres\/wp-content\/uploads\/2023\/10\/O3A4357-468x312.jpg\" data-srcset=\"https:\/\/dise.org.pl\/kongres\/wp-content\/uploads\/2023\/10\/O3A4357-468x312.jpg 468w, https:\/\/dise.org.pl\/kongres\/wp-content\/uploads\/2023\/10\/O3A4357-936x624.jpg 936w\" alt=\"\" width=\"468\" height=\"312\"  \/><\/a>\t<\/figure>\n<\/article>\n\n<\/div><div class=\"wf-cell\" data-post-id=\"10546\" data-date=\"2023-10-04T07:06:53+02:00\" data-name=\"IX Kongres Energetyczny DISE\">\n<article class=\"post post-10546 attachment type-attachment status-inherit hentry no-img description-off\">\n\n\t<figure class=\"rollover-project links-hovers-disabled\">\n\t<a href=\"https:\/\/dise.org.pl\/kongres\/wp-content\/uploads\/2023\/10\/O3A4402.jpg\" class=\"rollover rollover-zoom dt-pswp-item layzr-bg\" title=\"IX Kongres Energetyczny DISE\" data-dt-img-description=\"\"  data-large_image_width=\"1200\" data-large_image_height = \"800\" ><img class=\"jgrid-lazy-load preload-me\" src=\"data:image\/svg+xml,%3Csvg%20xmlns%3D&#39;http%3A%2F%2Fwww.w3.org%2F2000%2Fsvg&#39;%20viewBox%3D&#39;0%200%20468%20312&#39;%2F%3E\" data-src=\"https:\/\/dise.org.pl\/kongres\/wp-content\/uploads\/2023\/10\/O3A4402-468x312.jpg\" data-srcset=\"https:\/\/dise.org.pl\/kongres\/wp-content\/uploads\/2023\/10\/O3A4402-468x312.jpg 468w, https:\/\/dise.org.pl\/kongres\/wp-content\/uploads\/2023\/10\/O3A4402-936x624.jpg 936w\" alt=\"\" width=\"468\" height=\"312\"  \/><\/a>\t<\/figure>\n<\/article>\n\n<\/div><div class=\"wf-cell\" data-post-id=\"10547\" data-date=\"2023-10-04T07:06:54+02:00\" data-name=\"IX Kongres Energetyczny DISE\">\n<article class=\"post post-10547 attachment type-attachment status-inherit hentry no-img description-off\">\n\n\t<figure class=\"rollover-project links-hovers-disabled\">\n\t<a href=\"https:\/\/dise.org.pl\/kongres\/wp-content\/uploads\/2023\/10\/O3A4548.jpg\" class=\"rollover rollover-zoom dt-pswp-item layzr-bg\" title=\"IX Kongres Energetyczny DISE\" data-dt-img-description=\"\"  data-large_image_width=\"1200\" data-large_image_height = \"800\" ><img class=\"jgrid-lazy-load preload-me\" src=\"data:image\/svg+xml,%3Csvg%20xmlns%3D&#39;http%3A%2F%2Fwww.w3.org%2F2000%2Fsvg&#39;%20viewBox%3D&#39;0%200%20468%20312&#39;%2F%3E\" data-src=\"https:\/\/dise.org.pl\/kongres\/wp-content\/uploads\/2023\/10\/O3A4548-468x312.jpg\" data-srcset=\"https:\/\/dise.org.pl\/kongres\/wp-content\/uploads\/2023\/10\/O3A4548-468x312.jpg 468w, https:\/\/dise.org.pl\/kongres\/wp-content\/uploads\/2023\/10\/O3A4548-936x624.jpg 936w\" alt=\"\" width=\"468\" height=\"312\"  \/><\/a>\t<\/figure>\n<\/article>\n\n<\/div><div class=\"wf-cell\" data-post-id=\"10548\" data-date=\"2023-10-04T07:06:55+02:00\" data-name=\"IX Kongres Energetyczny DISE\">\n<article class=\"post post-10548 attachment type-attachment status-inherit hentry no-img description-off\">\n\n\t<figure class=\"rollover-project links-hovers-disabled\">\n\t<a href=\"https:\/\/dise.org.pl\/kongres\/wp-content\/uploads\/2023\/10\/O3A4792.jpg\" class=\"rollover rollover-zoom dt-pswp-item layzr-bg\" title=\"IX Kongres Energetyczny DISE\" data-dt-img-description=\"\"  data-large_image_width=\"1200\" data-large_image_height = \"800\" ><img class=\"jgrid-lazy-load preload-me\" src=\"data:image\/svg+xml,%3Csvg%20xmlns%3D&#39;http%3A%2F%2Fwww.w3.org%2F2000%2Fsvg&#39;%20viewBox%3D&#39;0%200%20468%20312&#39;%2F%3E\" data-src=\"https:\/\/dise.org.pl\/kongres\/wp-content\/uploads\/2023\/10\/O3A4792-468x312.jpg\" data-srcset=\"https:\/\/dise.org.pl\/kongres\/wp-content\/uploads\/2023\/10\/O3A4792-468x312.jpg 468w, https:\/\/dise.org.pl\/kongres\/wp-content\/uploads\/2023\/10\/O3A4792-936x624.jpg 936w\" alt=\"\" width=\"468\" height=\"312\"  \/><\/a>\t<\/figure>\n<\/article>\n\n<\/div><div class=\"wf-cell\" data-post-id=\"10549\" data-date=\"2023-10-04T07:06:56+02:00\" data-name=\"IX Kongres Energetyczny DISE\">\n<article class=\"post post-10549 attachment type-attachment status-inherit hentry no-img description-off\">\n\n\t<figure class=\"rollover-project links-hovers-disabled\">\n\t<a href=\"https:\/\/dise.org.pl\/kongres\/wp-content\/uploads\/2023\/10\/O3A4793.jpg\" class=\"rollover rollover-zoom dt-pswp-item layzr-bg\" title=\"IX Kongres Energetyczny DISE\" data-dt-img-description=\"\"  data-large_image_width=\"1200\" data-large_image_height = \"800\" ><img class=\"jgrid-lazy-load preload-me\" src=\"data:image\/svg+xml,%3Csvg%20xmlns%3D&#39;http%3A%2F%2Fwww.w3.org%2F2000%2Fsvg&#39;%20viewBox%3D&#39;0%200%20468%20312&#39;%2F%3E\" data-src=\"https:\/\/dise.org.pl\/kongres\/wp-content\/uploads\/2023\/10\/O3A4793-468x312.jpg\" data-srcset=\"https:\/\/dise.org.pl\/kongres\/wp-content\/uploads\/2023\/10\/O3A4793-468x312.jpg 468w, https:\/\/dise.org.pl\/kongres\/wp-content\/uploads\/2023\/10\/O3A4793-936x624.jpg 936w\" alt=\"\" width=\"468\" height=\"312\"  \/><\/a>\t<\/figure>\n<\/article>\n\n<\/div><div class=\"wf-cell\" data-post-id=\"10550\" data-date=\"2023-10-04T07:06:58+02:00\" data-name=\"IX Kongres Energetyczny DISE\">\n<article class=\"post post-10550 attachment type-attachment status-inherit hentry no-img description-off\">\n\n\t<figure class=\"rollover-project links-hovers-disabled\">\n\t<a href=\"https:\/\/dise.org.pl\/kongres\/wp-content\/uploads\/2023\/10\/O3A4835.jpg\" class=\"rollover rollover-zoom dt-pswp-item layzr-bg\" title=\"IX Kongres Energetyczny DISE\" data-dt-img-description=\"\"  data-large_image_width=\"1200\" data-large_image_height = \"800\" ><img class=\"jgrid-lazy-load preload-me\" src=\"data:image\/svg+xml,%3Csvg%20xmlns%3D&#39;http%3A%2F%2Fwww.w3.org%2F2000%2Fsvg&#39;%20viewBox%3D&#39;0%200%20468%20312&#39;%2F%3E\" data-src=\"https:\/\/dise.org.pl\/kongres\/wp-content\/uploads\/2023\/10\/O3A4835-468x312.jpg\" data-srcset=\"https:\/\/dise.org.pl\/kongres\/wp-content\/uploads\/2023\/10\/O3A4835-468x312.jpg 468w, https:\/\/dise.org.pl\/kongres\/wp-content\/uploads\/2023\/10\/O3A4835-936x624.jpg 936w\" alt=\"\" width=\"468\" height=\"312\"  \/><\/a>\t<\/figure>\n<\/article>\n\n<\/div><div class=\"wf-cell\" data-post-id=\"10551\" data-date=\"2023-10-04T07:06:59+02:00\" data-name=\"IX Kongres Energetyczny DISE\">\n<article class=\"post post-10551 attachment type-attachment status-inherit hentry no-img description-off\">\n\n\t<figure class=\"rollover-project links-hovers-disabled\">\n\t<a href=\"https:\/\/dise.org.pl\/kongres\/wp-content\/uploads\/2023\/10\/O3A5039.jpg\" class=\"rollover rollover-zoom dt-pswp-item layzr-bg\" title=\"IX Kongres Energetyczny DISE\" data-dt-img-description=\"\"  data-large_image_width=\"1200\" data-large_image_height = \"800\" ><img class=\"jgrid-lazy-load preload-me\" src=\"data:image\/svg+xml,%3Csvg%20xmlns%3D&#39;http%3A%2F%2Fwww.w3.org%2F2000%2Fsvg&#39;%20viewBox%3D&#39;0%200%20468%20312&#39;%2F%3E\" data-src=\"https:\/\/dise.org.pl\/kongres\/wp-content\/uploads\/2023\/10\/O3A5039-468x312.jpg\" data-srcset=\"https:\/\/dise.org.pl\/kongres\/wp-content\/uploads\/2023\/10\/O3A5039-468x312.jpg 468w, https:\/\/dise.org.pl\/kongres\/wp-content\/uploads\/2023\/10\/O3A5039-936x624.jpg 936w\" alt=\"\" width=\"468\" height=\"312\"  \/><\/a>\t<\/figure>\n<\/article>\n\n<\/div><div class=\"wf-cell\" data-post-id=\"10552\" data-date=\"2023-10-04T07:07:01+02:00\" data-name=\"IX Kongres Energetyczny DISE\">\n<article class=\"post post-10552 attachment type-attachment status-inherit hentry no-img description-off\">\n\n\t<figure class=\"rollover-project links-hovers-disabled\">\n\t<a href=\"https:\/\/dise.org.pl\/kongres\/wp-content\/uploads\/2023\/10\/O3A5093.jpg\" class=\"rollover rollover-zoom dt-pswp-item layzr-bg\" title=\"IX Kongres Energetyczny DISE\" data-dt-img-description=\"\"  data-large_image_width=\"1200\" data-large_image_height = \"800\" ><img class=\"jgrid-lazy-load preload-me\" src=\"data:image\/svg+xml,%3Csvg%20xmlns%3D&#39;http%3A%2F%2Fwww.w3.org%2F2000%2Fsvg&#39;%20viewBox%3D&#39;0%200%20468%20312&#39;%2F%3E\" data-src=\"https:\/\/dise.org.pl\/kongres\/wp-content\/uploads\/2023\/10\/O3A5093-468x312.jpg\" data-srcset=\"https:\/\/dise.org.pl\/kongres\/wp-content\/uploads\/2023\/10\/O3A5093-468x312.jpg 468w, https:\/\/dise.org.pl\/kongres\/wp-content\/uploads\/2023\/10\/O3A5093-936x624.jpg 936w\" alt=\"\" width=\"468\" height=\"312\"  \/><\/a>\t<\/figure>\n<\/article>\n\n<\/div><div class=\"wf-cell\" data-post-id=\"10553\" data-date=\"2023-10-04T07:07:02+02:00\" data-name=\"IX Kongres Energetyczny DISE\">\n<article class=\"post post-10553 attachment type-attachment status-inherit hentry no-img description-off\">\n\n\t<figure class=\"rollover-project links-hovers-disabled\">\n\t<a href=\"https:\/\/dise.org.pl\/kongres\/wp-content\/uploads\/2023\/10\/O3A5116.jpg\" class=\"rollover rollover-zoom dt-pswp-item layzr-bg\" title=\"IX Kongres Energetyczny DISE\" data-dt-img-description=\"\"  data-large_image_width=\"1200\" data-large_image_height = \"800\" ><img class=\"jgrid-lazy-load preload-me\" src=\"data:image\/svg+xml,%3Csvg%20xmlns%3D&#39;http%3A%2F%2Fwww.w3.org%2F2000%2Fsvg&#39;%20viewBox%3D&#39;0%200%20468%20312&#39;%2F%3E\" data-src=\"https:\/\/dise.org.pl\/kongres\/wp-content\/uploads\/2023\/10\/O3A5116-468x312.jpg\" data-srcset=\"https:\/\/dise.org.pl\/kongres\/wp-content\/uploads\/2023\/10\/O3A5116-468x312.jpg 468w, https:\/\/dise.org.pl\/kongres\/wp-content\/uploads\/2023\/10\/O3A5116-936x624.jpg 936w\" alt=\"\" width=\"468\" height=\"312\"  \/><\/a>\t<\/figure>\n<\/article>\n\n<\/div><div class=\"wf-cell\" data-post-id=\"10554\" data-date=\"2023-10-04T07:07:04+02:00\" data-name=\"IX Kongres Energetyczny DISE\">\n<article class=\"post post-10554 attachment type-attachment status-inherit hentry no-img description-off\">\n\n\t<figure class=\"rollover-project links-hovers-disabled\">\n\t<a href=\"https:\/\/dise.org.pl\/kongres\/wp-content\/uploads\/2023\/10\/O3A5159.jpg\" class=\"rollover rollover-zoom dt-pswp-item layzr-bg\" title=\"IX Kongres Energetyczny DISE\" data-dt-img-description=\"\"  data-large_image_width=\"1200\" data-large_image_height = \"800\" ><img class=\"jgrid-lazy-load preload-me\" src=\"data:image\/svg+xml,%3Csvg%20xmlns%3D&#39;http%3A%2F%2Fwww.w3.org%2F2000%2Fsvg&#39;%20viewBox%3D&#39;0%200%20468%20312&#39;%2F%3E\" data-src=\"https:\/\/dise.org.pl\/kongres\/wp-content\/uploads\/2023\/10\/O3A5159-468x312.jpg\" data-srcset=\"https:\/\/dise.org.pl\/kongres\/wp-content\/uploads\/2023\/10\/O3A5159-468x312.jpg 468w, https:\/\/dise.org.pl\/kongres\/wp-content\/uploads\/2023\/10\/O3A5159-936x624.jpg 936w\" alt=\"\" width=\"468\" height=\"312\"  \/><\/a>\t<\/figure>\n<\/article>\n\n<\/div><div class=\"wf-cell\" data-post-id=\"10555\" data-date=\"2023-10-04T07:07:05+02:00\" data-name=\"IX Kongres Energetyczny DISE\">\n<article class=\"post post-10555 attachment type-attachment status-inherit hentry no-img description-off\">\n\n\t<figure class=\"rollover-project links-hovers-disabled\">\n\t<a href=\"https:\/\/dise.org.pl\/kongres\/wp-content\/uploads\/2023\/10\/O3A5192.jpg\" class=\"rollover rollover-zoom dt-pswp-item layzr-bg\" title=\"IX Kongres Energetyczny DISE\" data-dt-img-description=\"\"  data-large_image_width=\"1200\" data-large_image_height = \"800\" ><img class=\"jgrid-lazy-load preload-me\" src=\"data:image\/svg+xml,%3Csvg%20xmlns%3D&#39;http%3A%2F%2Fwww.w3.org%2F2000%2Fsvg&#39;%20viewBox%3D&#39;0%200%20468%20312&#39;%2F%3E\" data-src=\"https:\/\/dise.org.pl\/kongres\/wp-content\/uploads\/2023\/10\/O3A5192-468x312.jpg\" data-srcset=\"https:\/\/dise.org.pl\/kongres\/wp-content\/uploads\/2023\/10\/O3A5192-468x312.jpg 468w, https:\/\/dise.org.pl\/kongres\/wp-content\/uploads\/2023\/10\/O3A5192-936x624.jpg 936w\" alt=\"\" width=\"468\" height=\"312\"  \/><\/a>\t<\/figure>\n<\/article>\n\n<\/div><div class=\"wf-cell\" data-post-id=\"10556\" data-date=\"2023-10-04T07:07:06+02:00\" data-name=\"IX Kongres Energetyczny DISE\">\n<article class=\"post post-10556 attachment type-attachment status-inherit hentry no-img description-off\">\n\n\t<figure class=\"rollover-project links-hovers-disabled\">\n\t<a href=\"https:\/\/dise.org.pl\/kongres\/wp-content\/uploads\/2023\/10\/O3A5198.jpg\" class=\"rollover rollover-zoom dt-pswp-item layzr-bg\" title=\"IX Kongres Energetyczny DISE\" data-dt-img-description=\"\"  data-large_image_width=\"1200\" data-large_image_height = \"800\" ><img class=\"jgrid-lazy-load preload-me\" src=\"data:image\/svg+xml,%3Csvg%20xmlns%3D&#39;http%3A%2F%2Fwww.w3.org%2F2000%2Fsvg&#39;%20viewBox%3D&#39;0%200%20468%20312&#39;%2F%3E\" data-src=\"https:\/\/dise.org.pl\/kongres\/wp-content\/uploads\/2023\/10\/O3A5198-468x312.jpg\" data-srcset=\"https:\/\/dise.org.pl\/kongres\/wp-content\/uploads\/2023\/10\/O3A5198-468x312.jpg 468w, https:\/\/dise.org.pl\/kongres\/wp-content\/uploads\/2023\/10\/O3A5198-936x624.jpg 936w\" alt=\"\" width=\"468\" height=\"312\"  \/><\/a>\t<\/figure>\n<\/article>\n\n<\/div><div class=\"wf-cell\" data-post-id=\"10557\" data-date=\"2023-10-04T07:07:08+02:00\" data-name=\"IX Kongres Energetyczny DISE\">\n<article class=\"post post-10557 attachment type-attachment status-inherit hentry no-img description-off\">\n\n\t<figure class=\"rollover-project links-hovers-disabled\">\n\t<a href=\"https:\/\/dise.org.pl\/kongres\/wp-content\/uploads\/2023\/10\/O3A5227.jpg\" class=\"rollover rollover-zoom dt-pswp-item layzr-bg\" title=\"IX Kongres Energetyczny DISE\" data-dt-img-description=\"\"  data-large_image_width=\"1200\" data-large_image_height = \"800\" ><img class=\"jgrid-lazy-load preload-me\" src=\"data:image\/svg+xml,%3Csvg%20xmlns%3D&#39;http%3A%2F%2Fwww.w3.org%2F2000%2Fsvg&#39;%20viewBox%3D&#39;0%200%20468%20312&#39;%2F%3E\" data-src=\"https:\/\/dise.org.pl\/kongres\/wp-content\/uploads\/2023\/10\/O3A5227-468x312.jpg\" data-srcset=\"https:\/\/dise.org.pl\/kongres\/wp-content\/uploads\/2023\/10\/O3A5227-468x312.jpg 468w, https:\/\/dise.org.pl\/kongres\/wp-content\/uploads\/2023\/10\/O3A5227-936x624.jpg 936w\" alt=\"\" width=\"468\" height=\"312\"  \/><\/a>\t<\/figure>\n<\/article>\n\n<\/div><div class=\"wf-cell\" data-post-id=\"10558\" data-date=\"2023-10-04T07:07:09+02:00\" data-name=\"IX Kongres Energetyczny DISE\">\n<article class=\"post post-10558 attachment type-attachment status-inherit hentry no-img description-off\">\n\n\t<figure class=\"rollover-project links-hovers-disabled\">\n\t<a href=\"https:\/\/dise.org.pl\/kongres\/wp-content\/uploads\/2023\/10\/O3A5239.jpg\" class=\"rollover rollover-zoom dt-pswp-item layzr-bg\" title=\"IX Kongres Energetyczny DISE\" data-dt-img-description=\"\"  data-large_image_width=\"1200\" data-large_image_height = \"800\" ><img class=\"jgrid-lazy-load preload-me\" src=\"data:image\/svg+xml,%3Csvg%20xmlns%3D&#39;http%3A%2F%2Fwww.w3.org%2F2000%2Fsvg&#39;%20viewBox%3D&#39;0%200%20468%20312&#39;%2F%3E\" data-src=\"https:\/\/dise.org.pl\/kongres\/wp-content\/uploads\/2023\/10\/O3A5239-468x312.jpg\" data-srcset=\"https:\/\/dise.org.pl\/kongres\/wp-content\/uploads\/2023\/10\/O3A5239-468x312.jpg 468w, https:\/\/dise.org.pl\/kongres\/wp-content\/uploads\/2023\/10\/O3A5239-936x624.jpg 936w\" alt=\"\" width=\"468\" height=\"312\"  \/><\/a>\t<\/figure>\n<\/article>\n\n<\/div><div class=\"wf-cell\" data-post-id=\"10559\" data-date=\"2023-10-04T07:07:10+02:00\" data-name=\"IX Kongres Energetyczny DISE\">\n<article class=\"post post-10559 attachment type-attachment status-inherit hentry no-img description-off\">\n\n\t<figure class=\"rollover-project links-hovers-disabled\">\n\t<a href=\"https:\/\/dise.org.pl\/kongres\/wp-content\/uploads\/2023\/10\/O3A5341.jpg\" class=\"rollover rollover-zoom dt-pswp-item layzr-bg\" title=\"IX Kongres Energetyczny DISE\" data-dt-img-description=\"\"  data-large_image_width=\"1200\" data-large_image_height = \"800\" ><img class=\"jgrid-lazy-load preload-me\" src=\"data:image\/svg+xml,%3Csvg%20xmlns%3D&#39;http%3A%2F%2Fwww.w3.org%2F2000%2Fsvg&#39;%20viewBox%3D&#39;0%200%20468%20312&#39;%2F%3E\" data-src=\"https:\/\/dise.org.pl\/kongres\/wp-content\/uploads\/2023\/10\/O3A5341-468x312.jpg\" data-srcset=\"https:\/\/dise.org.pl\/kongres\/wp-content\/uploads\/2023\/10\/O3A5341-468x312.jpg 468w, https:\/\/dise.org.pl\/kongres\/wp-content\/uploads\/2023\/10\/O3A5341-936x624.jpg 936w\" alt=\"\" width=\"468\" height=\"312\"  \/><\/a>\t<\/figure>\n<\/article>\n\n<\/div><div class=\"wf-cell\" data-post-id=\"10560\" data-date=\"2023-10-04T07:07:11+02:00\" data-name=\"IX Kongres Energetyczny DISE\">\n<article class=\"post post-10560 attachment type-attachment status-inherit hentry no-img description-off\">\n\n\t<figure class=\"rollover-project links-hovers-disabled\">\n\t<a href=\"https:\/\/dise.org.pl\/kongres\/wp-content\/uploads\/2023\/10\/O3A5398.jpg\" class=\"rollover rollover-zoom dt-pswp-item layzr-bg\" title=\"IX Kongres Energetyczny DISE\" data-dt-img-description=\"\"  data-large_image_width=\"1200\" data-large_image_height = \"800\" ><img class=\"jgrid-lazy-load preload-me\" src=\"data:image\/svg+xml,%3Csvg%20xmlns%3D&#39;http%3A%2F%2Fwww.w3.org%2F2000%2Fsvg&#39;%20viewBox%3D&#39;0%200%20468%20312&#39;%2F%3E\" data-src=\"https:\/\/dise.org.pl\/kongres\/wp-content\/uploads\/2023\/10\/O3A5398-468x312.jpg\" data-srcset=\"https:\/\/dise.org.pl\/kongres\/wp-content\/uploads\/2023\/10\/O3A5398-468x312.jpg 468w, https:\/\/dise.org.pl\/kongres\/wp-content\/uploads\/2023\/10\/O3A5398-936x624.jpg 936w\" alt=\"\" width=\"468\" height=\"312\"  \/><\/a>\t<\/figure>\n<\/article>\n\n<\/div><div class=\"wf-cell\" data-post-id=\"10561\" data-date=\"2023-10-04T07:07:13+02:00\" data-name=\"IX Kongres Energetyczny DISE\">\n<article class=\"post post-10561 attachment type-attachment status-inherit hentry no-img description-off\">\n\n\t<figure class=\"rollover-project links-hovers-disabled\">\n\t<a href=\"https:\/\/dise.org.pl\/kongres\/wp-content\/uploads\/2023\/10\/O3A5465.jpg\" class=\"rollover rollover-zoom dt-pswp-item layzr-bg\" title=\"IX Kongres Energetyczny DISE\" data-dt-img-description=\"\"  data-large_image_width=\"1200\" data-large_image_height = \"800\" ><img class=\"jgrid-lazy-load preload-me\" src=\"data:image\/svg+xml,%3Csvg%20xmlns%3D&#39;http%3A%2F%2Fwww.w3.org%2F2000%2Fsvg&#39;%20viewBox%3D&#39;0%200%20468%20312&#39;%2F%3E\" data-src=\"https:\/\/dise.org.pl\/kongres\/wp-content\/uploads\/2023\/10\/O3A5465-468x312.jpg\" data-srcset=\"https:\/\/dise.org.pl\/kongres\/wp-content\/uploads\/2023\/10\/O3A5465-468x312.jpg 468w, https:\/\/dise.org.pl\/kongres\/wp-content\/uploads\/2023\/10\/O3A5465-936x624.jpg 936w\" alt=\"\" width=\"468\" height=\"312\"  \/><\/a>\t<\/figure>\n<\/article>\n\n<\/div><div class=\"wf-cell\" data-post-id=\"10562\" data-date=\"2023-10-04T07:24:38+02:00\" data-name=\"IX Kongres Energetyczny DISE\">\n<article class=\"post post-10562 attachment type-attachment status-inherit hentry no-img description-off\">\n\n\t<figure class=\"rollover-project links-hovers-disabled\">\n\t<a href=\"https:\/\/dise.org.pl\/kongres\/wp-content\/uploads\/2023\/10\/O3A5605.jpg\" class=\"rollover rollover-zoom dt-pswp-item layzr-bg\" title=\"IX Kongres Energetyczny DISE\" data-dt-img-description=\"\"  data-large_image_width=\"1200\" data-large_image_height = \"800\" ><img class=\"jgrid-lazy-load preload-me\" src=\"data:image\/svg+xml,%3Csvg%20xmlns%3D&#39;http%3A%2F%2Fwww.w3.org%2F2000%2Fsvg&#39;%20viewBox%3D&#39;0%200%20468%20312&#39;%2F%3E\" data-src=\"https:\/\/dise.org.pl\/kongres\/wp-content\/uploads\/2023\/10\/O3A5605-468x312.jpg\" data-srcset=\"https:\/\/dise.org.pl\/kongres\/wp-content\/uploads\/2023\/10\/O3A5605-468x312.jpg 468w, https:\/\/dise.org.pl\/kongres\/wp-content\/uploads\/2023\/10\/O3A5605-936x624.jpg 936w\" alt=\"\" width=\"468\" height=\"312\"  \/><\/a>\t<\/figure>\n<\/article>\n\n<\/div><div class=\"wf-cell\" data-post-id=\"10563\" data-date=\"2023-10-04T07:24:41+02:00\" data-name=\"IX Kongres Energetyczny DISE\">\n<article class=\"post post-10563 attachment type-attachment status-inherit hentry no-img description-off\">\n\n\t<figure class=\"rollover-project links-hovers-disabled\">\n\t<a href=\"https:\/\/dise.org.pl\/kongres\/wp-content\/uploads\/2023\/10\/O3A5662.jpg\" class=\"rollover rollover-zoom dt-pswp-item layzr-bg\" title=\"IX Kongres Energetyczny DISE\" data-dt-img-description=\"\"  data-large_image_width=\"1200\" data-large_image_height = \"800\" ><img class=\"jgrid-lazy-load preload-me\" src=\"data:image\/svg+xml,%3Csvg%20xmlns%3D&#39;http%3A%2F%2Fwww.w3.org%2F2000%2Fsvg&#39;%20viewBox%3D&#39;0%200%20468%20312&#39;%2F%3E\" data-src=\"https:\/\/dise.org.pl\/kongres\/wp-content\/uploads\/2023\/10\/O3A5662-468x312.jpg\" data-srcset=\"https:\/\/dise.org.pl\/kongres\/wp-content\/uploads\/2023\/10\/O3A5662-468x312.jpg 468w, https:\/\/dise.org.pl\/kongres\/wp-content\/uploads\/2023\/10\/O3A5662-936x624.jpg 936w\" alt=\"\" width=\"468\" height=\"312\"  \/><\/a>\t<\/figure>\n<\/article>\n\n<\/div><div class=\"wf-cell\" data-post-id=\"10564\" data-date=\"2023-10-04T07:24:44+02:00\" data-name=\"IX Kongres Energetyczny DISE\">\n<article class=\"post post-10564 attachment type-attachment status-inherit hentry no-img description-off\">\n\n\t<figure class=\"rollover-project links-hovers-disabled\">\n\t<a href=\"https:\/\/dise.org.pl\/kongres\/wp-content\/uploads\/2023\/10\/O3A5690.jpg\" class=\"rollover rollover-zoom dt-pswp-item layzr-bg\" title=\"IX Kongres Energetyczny DISE\" data-dt-img-description=\"\"  data-large_image_width=\"1200\" data-large_image_height = \"800\" ><img class=\"jgrid-lazy-load preload-me\" src=\"data:image\/svg+xml,%3Csvg%20xmlns%3D&#39;http%3A%2F%2Fwww.w3.org%2F2000%2Fsvg&#39;%20viewBox%3D&#39;0%200%20468%20312&#39;%2F%3E\" data-src=\"https:\/\/dise.org.pl\/kongres\/wp-content\/uploads\/2023\/10\/O3A5690-468x312.jpg\" data-srcset=\"https:\/\/dise.org.pl\/kongres\/wp-content\/uploads\/2023\/10\/O3A5690-468x312.jpg 468w, https:\/\/dise.org.pl\/kongres\/wp-content\/uploads\/2023\/10\/O3A5690-936x624.jpg 936w\" alt=\"\" width=\"468\" height=\"312\"  \/><\/a>\t<\/figure>\n<\/article>\n\n<\/div><div class=\"wf-cell\" data-post-id=\"10565\" data-date=\"2023-10-04T07:24:47+02:00\" data-name=\"IX Kongres Energetyczny DISE\">\n<article class=\"post post-10565 attachment type-attachment status-inherit hentry no-img description-off\">\n\n\t<figure class=\"rollover-project links-hovers-disabled\">\n\t<a href=\"https:\/\/dise.org.pl\/kongres\/wp-content\/uploads\/2023\/10\/O3A5709.jpg\" class=\"rollover rollover-zoom dt-pswp-item layzr-bg\" title=\"IX Kongres Energetyczny DISE\" data-dt-img-description=\"\"  data-large_image_width=\"1200\" data-large_image_height = \"800\" ><img class=\"jgrid-lazy-load preload-me\" src=\"data:image\/svg+xml,%3Csvg%20xmlns%3D&#39;http%3A%2F%2Fwww.w3.org%2F2000%2Fsvg&#39;%20viewBox%3D&#39;0%200%20468%20312&#39;%2F%3E\" data-src=\"https:\/\/dise.org.pl\/kongres\/wp-content\/uploads\/2023\/10\/O3A5709-468x312.jpg\" data-srcset=\"https:\/\/dise.org.pl\/kongres\/wp-content\/uploads\/2023\/10\/O3A5709-468x312.jpg 468w, https:\/\/dise.org.pl\/kongres\/wp-content\/uploads\/2023\/10\/O3A5709-936x624.jpg 936w\" alt=\"\" width=\"468\" height=\"312\"  \/><\/a>\t<\/figure>\n<\/article>\n\n<\/div><div class=\"wf-cell\" data-post-id=\"10566\" data-date=\"2023-10-04T07:24:49+02:00\" data-name=\"IX Kongres Energetyczny DISE\">\n<article class=\"post post-10566 attachment type-attachment status-inherit hentry no-img description-off\">\n\n\t<figure class=\"rollover-project links-hovers-disabled\">\n\t<a href=\"https:\/\/dise.org.pl\/kongres\/wp-content\/uploads\/2023\/10\/O3A5723.jpg\" class=\"rollover rollover-zoom dt-pswp-item layzr-bg\" title=\"IX Kongres Energetyczny DISE\" data-dt-img-description=\"\"  data-large_image_width=\"1200\" data-large_image_height = \"800\" ><img class=\"jgrid-lazy-load preload-me\" src=\"data:image\/svg+xml,%3Csvg%20xmlns%3D&#39;http%3A%2F%2Fwww.w3.org%2F2000%2Fsvg&#39;%20viewBox%3D&#39;0%200%20468%20312&#39;%2F%3E\" data-src=\"https:\/\/dise.org.pl\/kongres\/wp-content\/uploads\/2023\/10\/O3A5723-468x312.jpg\" data-srcset=\"https:\/\/dise.org.pl\/kongres\/wp-content\/uploads\/2023\/10\/O3A5723-468x312.jpg 468w, https:\/\/dise.org.pl\/kongres\/wp-content\/uploads\/2023\/10\/O3A5723-936x624.jpg 936w\" alt=\"\" width=\"468\" height=\"312\"  \/><\/a>\t<\/figure>\n<\/article>\n\n<\/div><div class=\"wf-cell\" data-post-id=\"10567\" data-date=\"2023-10-04T07:24:52+02:00\" data-name=\"IX Kongres Energetyczny DISE\">\n<article class=\"post post-10567 attachment type-attachment status-inherit hentry no-img description-off\">\n\n\t<figure class=\"rollover-project links-hovers-disabled\">\n\t<a href=\"https:\/\/dise.org.pl\/kongres\/wp-content\/uploads\/2023\/10\/O3A5740.jpg\" class=\"rollover rollover-zoom dt-pswp-item layzr-bg\" title=\"IX Kongres Energetyczny DISE\" data-dt-img-description=\"\"  data-large_image_width=\"1200\" data-large_image_height = \"800\" ><img class=\"jgrid-lazy-load preload-me\" src=\"data:image\/svg+xml,%3Csvg%20xmlns%3D&#39;http%3A%2F%2Fwww.w3.org%2F2000%2Fsvg&#39;%20viewBox%3D&#39;0%200%20468%20312&#39;%2F%3E\" data-src=\"https:\/\/dise.org.pl\/kongres\/wp-content\/uploads\/2023\/10\/O3A5740-468x312.jpg\" data-srcset=\"https:\/\/dise.org.pl\/kongres\/wp-content\/uploads\/2023\/10\/O3A5740-468x312.jpg 468w, https:\/\/dise.org.pl\/kongres\/wp-content\/uploads\/2023\/10\/O3A5740-936x624.jpg 936w\" alt=\"\" width=\"468\" height=\"312\"  \/><\/a>\t<\/figure>\n<\/article>\n\n<\/div><div class=\"wf-cell\" data-post-id=\"10568\" data-date=\"2023-10-04T07:24:55+02:00\" data-name=\"IX Kongres Energetyczny DISE\">\n<article class=\"post post-10568 attachment type-attachment status-inherit hentry no-img description-off\">\n\n\t<figure class=\"rollover-project links-hovers-disabled\">\n\t<a href=\"https:\/\/dise.org.pl\/kongres\/wp-content\/uploads\/2023\/10\/O3A5753.jpg\" class=\"rollover rollover-zoom dt-pswp-item layzr-bg\" title=\"IX Kongres Energetyczny DISE\" data-dt-img-description=\"\"  data-large_image_width=\"1200\" data-large_image_height = \"800\" ><img class=\"jgrid-lazy-load preload-me\" src=\"data:image\/svg+xml,%3Csvg%20xmlns%3D&#39;http%3A%2F%2Fwww.w3.org%2F2000%2Fsvg&#39;%20viewBox%3D&#39;0%200%20468%20312&#39;%2F%3E\" data-src=\"https:\/\/dise.org.pl\/kongres\/wp-content\/uploads\/2023\/10\/O3A5753-468x312.jpg\" data-srcset=\"https:\/\/dise.org.pl\/kongres\/wp-content\/uploads\/2023\/10\/O3A5753-468x312.jpg 468w, https:\/\/dise.org.pl\/kongres\/wp-content\/uploads\/2023\/10\/O3A5753-936x624.jpg 936w\" alt=\"\" width=\"468\" height=\"312\"  \/><\/a>\t<\/figure>\n<\/article>\n\n<\/div><div class=\"wf-cell\" data-post-id=\"10569\" data-date=\"2023-10-04T07:24:58+02:00\" data-name=\"IX Kongres Energetyczny DISE\">\n<article class=\"post post-10569 attachment type-attachment status-inherit hentry no-img description-off\">\n\n\t<figure class=\"rollover-project links-hovers-disabled\">\n\t<a href=\"https:\/\/dise.org.pl\/kongres\/wp-content\/uploads\/2023\/10\/O3A5858.jpg\" class=\"rollover rollover-zoom dt-pswp-item layzr-bg\" title=\"IX Kongres Energetyczny DISE\" data-dt-img-description=\"\"  data-large_image_width=\"1200\" data-large_image_height = \"800\" ><img class=\"jgrid-lazy-load preload-me\" src=\"data:image\/svg+xml,%3Csvg%20xmlns%3D&#39;http%3A%2F%2Fwww.w3.org%2F2000%2Fsvg&#39;%20viewBox%3D&#39;0%200%20468%20312&#39;%2F%3E\" data-src=\"https:\/\/dise.org.pl\/kongres\/wp-content\/uploads\/2023\/10\/O3A5858-468x312.jpg\" data-srcset=\"https:\/\/dise.org.pl\/kongres\/wp-content\/uploads\/2023\/10\/O3A5858-468x312.jpg 468w, https:\/\/dise.org.pl\/kongres\/wp-content\/uploads\/2023\/10\/O3A5858-936x624.jpg 936w\" alt=\"\" width=\"468\" height=\"312\"  \/><\/a>\t<\/figure>\n<\/article>\n\n<\/div><div class=\"wf-cell\" data-post-id=\"10570\" data-date=\"2023-10-04T07:25:00+02:00\" data-name=\"IX Kongres Energetyczny DISE\">\n<article class=\"post post-10570 attachment type-attachment status-inherit hentry no-img description-off\">\n\n\t<figure class=\"rollover-project links-hovers-disabled\">\n\t<a href=\"https:\/\/dise.org.pl\/kongres\/wp-content\/uploads\/2023\/10\/O3A5883.jpg\" class=\"rollover rollover-zoom dt-pswp-item layzr-bg\" title=\"IX Kongres Energetyczny DISE\" data-dt-img-description=\"\"  data-large_image_width=\"1200\" data-large_image_height = \"800\" ><img class=\"jgrid-lazy-load preload-me\" src=\"data:image\/svg+xml,%3Csvg%20xmlns%3D&#39;http%3A%2F%2Fwww.w3.org%2F2000%2Fsvg&#39;%20viewBox%3D&#39;0%200%20468%20312&#39;%2F%3E\" data-src=\"https:\/\/dise.org.pl\/kongres\/wp-content\/uploads\/2023\/10\/O3A5883-468x312.jpg\" data-srcset=\"https:\/\/dise.org.pl\/kongres\/wp-content\/uploads\/2023\/10\/O3A5883-468x312.jpg 468w, https:\/\/dise.org.pl\/kongres\/wp-content\/uploads\/2023\/10\/O3A5883-936x624.jpg 936w\" alt=\"\" width=\"468\" height=\"312\"  \/><\/a>\t<\/figure>\n<\/article>\n\n<\/div><div class=\"wf-cell\" data-post-id=\"10571\" data-date=\"2023-10-04T07:25:03+02:00\" data-name=\"IX Kongres Energetyczny DISE\">\n<article class=\"post post-10571 attachment type-attachment status-inherit hentry no-img description-off\">\n\n\t<figure class=\"rollover-project links-hovers-disabled\">\n\t<a href=\"https:\/\/dise.org.pl\/kongres\/wp-content\/uploads\/2023\/10\/O3A5907.jpg\" class=\"rollover rollover-zoom dt-pswp-item layzr-bg\" title=\"IX Kongres Energetyczny DISE\" data-dt-img-description=\"\"  data-large_image_width=\"1200\" data-large_image_height = \"800\" ><img class=\"jgrid-lazy-load preload-me\" src=\"data:image\/svg+xml,%3Csvg%20xmlns%3D&#39;http%3A%2F%2Fwww.w3.org%2F2000%2Fsvg&#39;%20viewBox%3D&#39;0%200%20468%20312&#39;%2F%3E\" data-src=\"https:\/\/dise.org.pl\/kongres\/wp-content\/uploads\/2023\/10\/O3A5907-468x312.jpg\" data-srcset=\"https:\/\/dise.org.pl\/kongres\/wp-content\/uploads\/2023\/10\/O3A5907-468x312.jpg 468w, https:\/\/dise.org.pl\/kongres\/wp-content\/uploads\/2023\/10\/O3A5907-936x624.jpg 936w\" alt=\"\" width=\"468\" height=\"312\"  \/><\/a>\t<\/figure>\n<\/article>\n\n<\/div><div class=\"wf-cell\" data-post-id=\"10572\" data-date=\"2023-10-04T07:25:06+02:00\" data-name=\"IX Kongres Energetyczny DISE\">\n<article class=\"post post-10572 attachment type-attachment status-inherit hentry no-img description-off\">\n\n\t<figure class=\"rollover-project links-hovers-disabled\">\n\t<a href=\"https:\/\/dise.org.pl\/kongres\/wp-content\/uploads\/2023\/10\/O3A5926.jpg\" class=\"rollover rollover-zoom dt-pswp-item layzr-bg\" title=\"IX Kongres Energetyczny DISE\" data-dt-img-description=\"\"  data-large_image_width=\"1200\" data-large_image_height = \"800\" ><img class=\"jgrid-lazy-load preload-me\" src=\"data:image\/svg+xml,%3Csvg%20xmlns%3D&#39;http%3A%2F%2Fwww.w3.org%2F2000%2Fsvg&#39;%20viewBox%3D&#39;0%200%20468%20312&#39;%2F%3E\" data-src=\"https:\/\/dise.org.pl\/kongres\/wp-content\/uploads\/2023\/10\/O3A5926-468x312.jpg\" data-srcset=\"https:\/\/dise.org.pl\/kongres\/wp-content\/uploads\/2023\/10\/O3A5926-468x312.jpg 468w, https:\/\/dise.org.pl\/kongres\/wp-content\/uploads\/2023\/10\/O3A5926-936x624.jpg 936w\" alt=\"\" width=\"468\" height=\"312\"  \/><\/a>\t<\/figure>\n<\/article>\n\n<\/div><div class=\"wf-cell\" data-post-id=\"10573\" data-date=\"2023-10-04T07:25:08+02:00\" data-name=\"IX Kongres Energetyczny DISE\">\n<article class=\"post post-10573 attachment type-attachment status-inherit hentry no-img description-off\">\n\n\t<figure class=\"rollover-project links-hovers-disabled\">\n\t<a href=\"https:\/\/dise.org.pl\/kongres\/wp-content\/uploads\/2023\/10\/O3A5937.jpg\" class=\"rollover rollover-zoom dt-pswp-item layzr-bg\" title=\"IX Kongres Energetyczny DISE\" data-dt-img-description=\"\"  data-large_image_width=\"1200\" data-large_image_height = \"800\" ><img class=\"jgrid-lazy-load preload-me\" src=\"data:image\/svg+xml,%3Csvg%20xmlns%3D&#39;http%3A%2F%2Fwww.w3.org%2F2000%2Fsvg&#39;%20viewBox%3D&#39;0%200%20468%20312&#39;%2F%3E\" data-src=\"https:\/\/dise.org.pl\/kongres\/wp-content\/uploads\/2023\/10\/O3A5937-468x312.jpg\" data-srcset=\"https:\/\/dise.org.pl\/kongres\/wp-content\/uploads\/2023\/10\/O3A5937-468x312.jpg 468w, https:\/\/dise.org.pl\/kongres\/wp-content\/uploads\/2023\/10\/O3A5937-936x624.jpg 936w\" alt=\"\" width=\"468\" height=\"312\"  \/><\/a>\t<\/figure>\n<\/article>\n\n<\/div><div class=\"wf-cell\" data-post-id=\"10574\" data-date=\"2023-10-04T07:25:11+02:00\" data-name=\"IX Kongres Energetyczny DISE\">\n<article class=\"post post-10574 attachment type-attachment status-inherit hentry no-img description-off\">\n\n\t<figure class=\"rollover-project links-hovers-disabled\">\n\t<a href=\"https:\/\/dise.org.pl\/kongres\/wp-content\/uploads\/2023\/10\/O3A5949.jpg\" class=\"rollover rollover-zoom dt-pswp-item layzr-bg\" title=\"IX Kongres Energetyczny DISE\" data-dt-img-description=\"\"  data-large_image_width=\"1200\" data-large_image_height = \"800\" ><img class=\"jgrid-lazy-load preload-me\" src=\"data:image\/svg+xml,%3Csvg%20xmlns%3D&#39;http%3A%2F%2Fwww.w3.org%2F2000%2Fsvg&#39;%20viewBox%3D&#39;0%200%20468%20312&#39;%2F%3E\" data-src=\"https:\/\/dise.org.pl\/kongres\/wp-content\/uploads\/2023\/10\/O3A5949-468x312.jpg\" data-srcset=\"https:\/\/dise.org.pl\/kongres\/wp-content\/uploads\/2023\/10\/O3A5949-468x312.jpg 468w, https:\/\/dise.org.pl\/kongres\/wp-content\/uploads\/2023\/10\/O3A5949-936x624.jpg 936w\" alt=\"\" width=\"468\" height=\"312\"  \/><\/a>\t<\/figure>\n<\/article>\n\n<\/div><div class=\"wf-cell\" data-post-id=\"10575\" data-date=\"2023-10-04T07:25:14+02:00\" data-name=\"IX Kongres Energetyczny DISE\">\n<article class=\"post post-10575 attachment type-attachment status-inherit hentry no-img description-off\">\n\n\t<figure class=\"rollover-project links-hovers-disabled\">\n\t<a href=\"https:\/\/dise.org.pl\/kongres\/wp-content\/uploads\/2023\/10\/O3A5970.jpg\" class=\"rollover rollover-zoom dt-pswp-item layzr-bg\" title=\"IX Kongres Energetyczny DISE\" data-dt-img-description=\"\"  data-large_image_width=\"1200\" data-large_image_height = \"800\" ><img class=\"jgrid-lazy-load preload-me\" src=\"data:image\/svg+xml,%3Csvg%20xmlns%3D&#39;http%3A%2F%2Fwww.w3.org%2F2000%2Fsvg&#39;%20viewBox%3D&#39;0%200%20468%20312&#39;%2F%3E\" data-src=\"https:\/\/dise.org.pl\/kongres\/wp-content\/uploads\/2023\/10\/O3A5970-468x312.jpg\" data-srcset=\"https:\/\/dise.org.pl\/kongres\/wp-content\/uploads\/2023\/10\/O3A5970-468x312.jpg 468w, https:\/\/dise.org.pl\/kongres\/wp-content\/uploads\/2023\/10\/O3A5970-936x624.jpg 936w\" alt=\"\" width=\"468\" height=\"312\"  \/><\/a>\t<\/figure>\n<\/article>\n\n<\/div><div class=\"wf-cell\" data-post-id=\"10576\" data-date=\"2023-10-04T07:25:16+02:00\" data-name=\"IX Kongres Energetyczny DISE\">\n<article class=\"post post-10576 attachment type-attachment status-inherit hentry no-img description-off\">\n\n\t<figure class=\"rollover-project links-hovers-disabled\">\n\t<a href=\"https:\/\/dise.org.pl\/kongres\/wp-content\/uploads\/2023\/10\/O3A5984.jpg\" class=\"rollover rollover-zoom dt-pswp-item layzr-bg\" title=\"IX Kongres Energetyczny DISE\" data-dt-img-description=\"\"  data-large_image_width=\"1200\" data-large_image_height = \"800\" ><img class=\"jgrid-lazy-load preload-me\" src=\"data:image\/svg+xml,%3Csvg%20xmlns%3D&#39;http%3A%2F%2Fwww.w3.org%2F2000%2Fsvg&#39;%20viewBox%3D&#39;0%200%20468%20312&#39;%2F%3E\" data-src=\"https:\/\/dise.org.pl\/kongres\/wp-content\/uploads\/2023\/10\/O3A5984-468x312.jpg\" data-srcset=\"https:\/\/dise.org.pl\/kongres\/wp-content\/uploads\/2023\/10\/O3A5984-468x312.jpg 468w, https:\/\/dise.org.pl\/kongres\/wp-content\/uploads\/2023\/10\/O3A5984-936x624.jpg 936w\" alt=\"\" width=\"468\" height=\"312\"  \/><\/a>\t<\/figure>\n<\/article>\n\n<\/div><div class=\"wf-cell\" data-post-id=\"10577\" data-date=\"2023-10-04T07:25:19+02:00\" data-name=\"IX Kongres Energetyczny DISE\">\n<article class=\"post post-10577 attachment type-attachment status-inherit hentry no-img description-off\">\n\n\t<figure class=\"rollover-project links-hovers-disabled\">\n\t<a href=\"https:\/\/dise.org.pl\/kongres\/wp-content\/uploads\/2023\/10\/O3A5992.jpg\" class=\"rollover rollover-zoom dt-pswp-item layzr-bg\" title=\"IX Kongres Energetyczny DISE\" data-dt-img-description=\"\"  data-large_image_width=\"1200\" data-large_image_height = \"800\" ><img class=\"jgrid-lazy-load preload-me\" src=\"data:image\/svg+xml,%3Csvg%20xmlns%3D&#39;http%3A%2F%2Fwww.w3.org%2F2000%2Fsvg&#39;%20viewBox%3D&#39;0%200%20468%20312&#39;%2F%3E\" data-src=\"https:\/\/dise.org.pl\/kongres\/wp-content\/uploads\/2023\/10\/O3A5992-468x312.jpg\" data-srcset=\"https:\/\/dise.org.pl\/kongres\/wp-content\/uploads\/2023\/10\/O3A5992-468x312.jpg 468w, https:\/\/dise.org.pl\/kongres\/wp-content\/uploads\/2023\/10\/O3A5992-936x624.jpg 936w\" alt=\"\" width=\"468\" height=\"312\"  \/><\/a>\t<\/figure>\n<\/article>\n\n<\/div><div class=\"wf-cell\" data-post-id=\"10578\" data-date=\"2023-10-04T07:25:22+02:00\" data-name=\"IX Kongres Energetyczny DISE\">\n<article class=\"post post-10578 attachment type-attachment status-inherit hentry no-img description-off\">\n\n\t<figure class=\"rollover-project links-hovers-disabled\">\n\t<a href=\"https:\/\/dise.org.pl\/kongres\/wp-content\/uploads\/2023\/10\/O3A5996.jpg\" class=\"rollover rollover-zoom dt-pswp-item layzr-bg\" title=\"IX Kongres Energetyczny DISE\" data-dt-img-description=\"\"  data-large_image_width=\"1200\" data-large_image_height = \"800\" ><img class=\"jgrid-lazy-load preload-me\" src=\"data:image\/svg+xml,%3Csvg%20xmlns%3D&#39;http%3A%2F%2Fwww.w3.org%2F2000%2Fsvg&#39;%20viewBox%3D&#39;0%200%20468%20312&#39;%2F%3E\" data-src=\"https:\/\/dise.org.pl\/kongres\/wp-content\/uploads\/2023\/10\/O3A5996-468x312.jpg\" data-srcset=\"https:\/\/dise.org.pl\/kongres\/wp-content\/uploads\/2023\/10\/O3A5996-468x312.jpg 468w, https:\/\/dise.org.pl\/kongres\/wp-content\/uploads\/2023\/10\/O3A5996-936x624.jpg 936w\" alt=\"\" width=\"468\" height=\"312\"  \/><\/a>\t<\/figure>\n<\/article>\n\n<\/div><div class=\"wf-cell\" data-post-id=\"10579\" data-date=\"2023-10-04T07:25:25+02:00\" data-name=\"IX Kongres Energetyczny DISE\">\n<article class=\"post post-10579 attachment type-attachment status-inherit hentry no-img description-off\">\n\n\t<figure class=\"rollover-project links-hovers-disabled\">\n\t<a href=\"https:\/\/dise.org.pl\/kongres\/wp-content\/uploads\/2023\/10\/O3A6005.jpg\" class=\"rollover rollover-zoom dt-pswp-item layzr-bg\" title=\"IX Kongres Energetyczny DISE\" data-dt-img-description=\"\"  data-large_image_width=\"1200\" data-large_image_height = \"800\" ><img class=\"jgrid-lazy-load preload-me\" src=\"data:image\/svg+xml,%3Csvg%20xmlns%3D&#39;http%3A%2F%2Fwww.w3.org%2F2000%2Fsvg&#39;%20viewBox%3D&#39;0%200%20468%20312&#39;%2F%3E\" data-src=\"https:\/\/dise.org.pl\/kongres\/wp-content\/uploads\/2023\/10\/O3A6005-468x312.jpg\" data-srcset=\"https:\/\/dise.org.pl\/kongres\/wp-content\/uploads\/2023\/10\/O3A6005-468x312.jpg 468w, https:\/\/dise.org.pl\/kongres\/wp-content\/uploads\/2023\/10\/O3A6005-936x624.jpg 936w\" alt=\"\" width=\"468\" height=\"312\"  \/><\/a>\t<\/figure>\n<\/article>\n\n<\/div><div class=\"wf-cell\" data-post-id=\"10580\" data-date=\"2023-10-04T07:25:28+02:00\" data-name=\"IX Kongres Energetyczny DISE\">\n<article class=\"post post-10580 attachment type-attachment status-inherit hentry no-img description-off\">\n\n\t<figure class=\"rollover-project links-hovers-disabled\">\n\t<a href=\"https:\/\/dise.org.pl\/kongres\/wp-content\/uploads\/2023\/10\/O3A6022.jpg\" class=\"rollover rollover-zoom dt-pswp-item layzr-bg\" title=\"IX Kongres Energetyczny DISE\" data-dt-img-description=\"\"  data-large_image_width=\"1200\" data-large_image_height = \"800\" ><img class=\"jgrid-lazy-load preload-me\" src=\"data:image\/svg+xml,%3Csvg%20xmlns%3D&#39;http%3A%2F%2Fwww.w3.org%2F2000%2Fsvg&#39;%20viewBox%3D&#39;0%200%20468%20312&#39;%2F%3E\" data-src=\"https:\/\/dise.org.pl\/kongres\/wp-content\/uploads\/2023\/10\/O3A6022-468x312.jpg\" data-srcset=\"https:\/\/dise.org.pl\/kongres\/wp-content\/uploads\/2023\/10\/O3A6022-468x312.jpg 468w, https:\/\/dise.org.pl\/kongres\/wp-content\/uploads\/2023\/10\/O3A6022-936x624.jpg 936w\" alt=\"\" width=\"468\" height=\"312\"  \/><\/a>\t<\/figure>\n<\/article>\n\n<\/div><div class=\"wf-cell\" data-post-id=\"10581\" data-date=\"2023-10-04T07:25:31+02:00\" data-name=\"IX Kongres Energetyczny DISE\">\n<article class=\"post post-10581 attachment type-attachment status-inherit hentry no-img description-off\">\n\n\t<figure class=\"rollover-project links-hovers-disabled\">\n\t<a href=\"https:\/\/dise.org.pl\/kongres\/wp-content\/uploads\/2023\/10\/O3A6032.jpg\" class=\"rollover rollover-zoom dt-pswp-item layzr-bg\" title=\"IX Kongres Energetyczny DISE\" data-dt-img-description=\"\"  data-large_image_width=\"1200\" data-large_image_height = \"800\" ><img class=\"jgrid-lazy-load preload-me\" src=\"data:image\/svg+xml,%3Csvg%20xmlns%3D&#39;http%3A%2F%2Fwww.w3.org%2F2000%2Fsvg&#39;%20viewBox%3D&#39;0%200%20468%20312&#39;%2F%3E\" data-src=\"https:\/\/dise.org.pl\/kongres\/wp-content\/uploads\/2023\/10\/O3A6032-468x312.jpg\" data-srcset=\"https:\/\/dise.org.pl\/kongres\/wp-content\/uploads\/2023\/10\/O3A6032-468x312.jpg 468w, https:\/\/dise.org.pl\/kongres\/wp-content\/uploads\/2023\/10\/O3A6032-936x624.jpg 936w\" alt=\"\" width=\"468\" height=\"312\"  \/><\/a>\t<\/figure>\n<\/article>\n\n<\/div><div class=\"wf-cell\" data-post-id=\"10582\" data-date=\"2023-10-04T07:25:35+02:00\" data-name=\"IX Kongres Energetyczny DISE\">\n<article class=\"post post-10582 attachment type-attachment status-inherit hentry no-img description-off\">\n\n\t<figure class=\"rollover-project links-hovers-disabled\">\n\t<a href=\"https:\/\/dise.org.pl\/kongres\/wp-content\/uploads\/2023\/10\/O3A6044.jpg\" class=\"rollover rollover-zoom dt-pswp-item layzr-bg\" title=\"IX Kongres Energetyczny DISE\" data-dt-img-description=\"\"  data-large_image_width=\"1200\" data-large_image_height = \"800\" ><img class=\"jgrid-lazy-load preload-me\" src=\"data:image\/svg+xml,%3Csvg%20xmlns%3D&#39;http%3A%2F%2Fwww.w3.org%2F2000%2Fsvg&#39;%20viewBox%3D&#39;0%200%20468%20312&#39;%2F%3E\" data-src=\"https:\/\/dise.org.pl\/kongres\/wp-content\/uploads\/2023\/10\/O3A6044-468x312.jpg\" data-srcset=\"https:\/\/dise.org.pl\/kongres\/wp-content\/uploads\/2023\/10\/O3A6044-468x312.jpg 468w, https:\/\/dise.org.pl\/kongres\/wp-content\/uploads\/2023\/10\/O3A6044-936x624.jpg 936w\" alt=\"\" width=\"468\" height=\"312\"  \/><\/a>\t<\/figure>\n<\/article>\n\n<\/div><div class=\"wf-cell\" data-post-id=\"10583\" data-date=\"2023-10-04T07:25:37+02:00\" data-name=\"IX Kongres Energetyczny DISE\">\n<article class=\"post post-10583 attachment type-attachment status-inherit hentry no-img description-off\">\n\n\t<figure class=\"rollover-project links-hovers-disabled\">\n\t<a href=\"https:\/\/dise.org.pl\/kongres\/wp-content\/uploads\/2023\/10\/O3A6046.jpg\" class=\"rollover rollover-zoom dt-pswp-item layzr-bg\" title=\"IX Kongres Energetyczny DISE\" data-dt-img-description=\"\"  data-large_image_width=\"1200\" data-large_image_height = \"800\" ><img class=\"jgrid-lazy-load preload-me\" src=\"data:image\/svg+xml,%3Csvg%20xmlns%3D&#39;http%3A%2F%2Fwww.w3.org%2F2000%2Fsvg&#39;%20viewBox%3D&#39;0%200%20468%20312&#39;%2F%3E\" data-src=\"https:\/\/dise.org.pl\/kongres\/wp-content\/uploads\/2023\/10\/O3A6046-468x312.jpg\" data-srcset=\"https:\/\/dise.org.pl\/kongres\/wp-content\/uploads\/2023\/10\/O3A6046-468x312.jpg 468w, https:\/\/dise.org.pl\/kongres\/wp-content\/uploads\/2023\/10\/O3A6046-936x624.jpg 936w\" alt=\"\" width=\"468\" height=\"312\"  \/><\/a>\t<\/figure>\n<\/article>\n\n<\/div><div class=\"wf-cell\" data-post-id=\"10584\" data-date=\"2023-10-04T07:25:39+02:00\" data-name=\"IX Kongres Energetyczny DISE\">\n<article class=\"post post-10584 attachment type-attachment status-inherit hentry no-img description-off\">\n\n\t<figure class=\"rollover-project links-hovers-disabled\">\n\t<a href=\"https:\/\/dise.org.pl\/kongres\/wp-content\/uploads\/2023\/10\/O3A6049.jpg\" class=\"rollover rollover-zoom dt-pswp-item layzr-bg\" title=\"IX Kongres Energetyczny DISE\" data-dt-img-description=\"\"  data-large_image_width=\"1200\" data-large_image_height = \"800\" ><img class=\"jgrid-lazy-load preload-me\" src=\"data:image\/svg+xml,%3Csvg%20xmlns%3D&#39;http%3A%2F%2Fwww.w3.org%2F2000%2Fsvg&#39;%20viewBox%3D&#39;0%200%20468%20312&#39;%2F%3E\" data-src=\"https:\/\/dise.org.pl\/kongres\/wp-content\/uploads\/2023\/10\/O3A6049-468x312.jpg\" data-srcset=\"https:\/\/dise.org.pl\/kongres\/wp-content\/uploads\/2023\/10\/O3A6049-468x312.jpg 468w, https:\/\/dise.org.pl\/kongres\/wp-content\/uploads\/2023\/10\/O3A6049-936x624.jpg 936w\" alt=\"\" width=\"468\" height=\"312\"  \/><\/a>\t<\/figure>\n<\/article>\n\n<\/div><div class=\"wf-cell\" data-post-id=\"10585\" data-date=\"2023-10-04T07:25:41+02:00\" data-name=\"IX Kongres Energetyczny DISE\">\n<article class=\"post post-10585 attachment type-attachment status-inherit hentry no-img description-off\">\n\n\t<figure class=\"rollover-project links-hovers-disabled\">\n\t<a href=\"https:\/\/dise.org.pl\/kongres\/wp-content\/uploads\/2023\/10\/O3A6065.jpg\" class=\"rollover rollover-zoom dt-pswp-item layzr-bg\" title=\"IX Kongres Energetyczny DISE\" data-dt-img-description=\"\"  data-large_image_width=\"1200\" data-large_image_height = \"800\" ><img class=\"jgrid-lazy-load preload-me\" src=\"data:image\/svg+xml,%3Csvg%20xmlns%3D&#39;http%3A%2F%2Fwww.w3.org%2F2000%2Fsvg&#39;%20viewBox%3D&#39;0%200%20468%20312&#39;%2F%3E\" data-src=\"https:\/\/dise.org.pl\/kongres\/wp-content\/uploads\/2023\/10\/O3A6065-468x312.jpg\" data-srcset=\"https:\/\/dise.org.pl\/kongres\/wp-content\/uploads\/2023\/10\/O3A6065-468x312.jpg 468w, https:\/\/dise.org.pl\/kongres\/wp-content\/uploads\/2023\/10\/O3A6065-936x624.jpg 936w\" alt=\"\" width=\"468\" height=\"312\"  \/><\/a>\t<\/figure>\n<\/article>\n\n<\/div><div class=\"wf-cell\" data-post-id=\"10586\" data-date=\"2023-10-04T07:25:43+02:00\" data-name=\"IX Kongres Energetyczny DISE\">\n<article class=\"post post-10586 attachment type-attachment status-inherit hentry no-img description-off\">\n\n\t<figure class=\"rollover-project links-hovers-disabled\">\n\t<a href=\"https:\/\/dise.org.pl\/kongres\/wp-content\/uploads\/2023\/10\/O3A6068.jpg\" class=\"rollover rollover-zoom dt-pswp-item layzr-bg\" title=\"IX Kongres Energetyczny DISE\" data-dt-img-description=\"\"  data-large_image_width=\"1200\" data-large_image_height = \"800\" ><img class=\"jgrid-lazy-load preload-me\" src=\"data:image\/svg+xml,%3Csvg%20xmlns%3D&#39;http%3A%2F%2Fwww.w3.org%2F2000%2Fsvg&#39;%20viewBox%3D&#39;0%200%20468%20312&#39;%2F%3E\" data-src=\"https:\/\/dise.org.pl\/kongres\/wp-content\/uploads\/2023\/10\/O3A6068-468x312.jpg\" data-srcset=\"https:\/\/dise.org.pl\/kongres\/wp-content\/uploads\/2023\/10\/O3A6068-468x312.jpg 468w, https:\/\/dise.org.pl\/kongres\/wp-content\/uploads\/2023\/10\/O3A6068-936x624.jpg 936w\" alt=\"\" width=\"468\" height=\"312\"  \/><\/a>\t<\/figure>\n<\/article>\n\n<\/div><div class=\"wf-cell\" data-post-id=\"10587\" data-date=\"2023-10-04T07:25:46+02:00\" data-name=\"IX Kongres Energetyczny DISE\">\n<article class=\"post post-10587 attachment type-attachment status-inherit hentry no-img description-off\">\n\n\t<figure class=\"rollover-project links-hovers-disabled\">\n\t<a href=\"https:\/\/dise.org.pl\/kongres\/wp-content\/uploads\/2023\/10\/O3A6294.jpg\" class=\"rollover rollover-zoom dt-pswp-item layzr-bg\" title=\"IX Kongres Energetyczny DISE\" data-dt-img-description=\"\"  data-large_image_width=\"1200\" data-large_image_height = \"800\" ><img class=\"jgrid-lazy-load preload-me\" src=\"data:image\/svg+xml,%3Csvg%20xmlns%3D&#39;http%3A%2F%2Fwww.w3.org%2F2000%2Fsvg&#39;%20viewBox%3D&#39;0%200%20468%20312&#39;%2F%3E\" data-src=\"https:\/\/dise.org.pl\/kongres\/wp-content\/uploads\/2023\/10\/O3A6294-468x312.jpg\" data-srcset=\"https:\/\/dise.org.pl\/kongres\/wp-content\/uploads\/2023\/10\/O3A6294-468x312.jpg 468w, https:\/\/dise.org.pl\/kongres\/wp-content\/uploads\/2023\/10\/O3A6294-936x624.jpg 936w\" alt=\"\" width=\"468\" height=\"312\"  \/><\/a>\t<\/figure>\n<\/article>\n\n<\/div><div class=\"wf-cell\" data-post-id=\"10588\" data-date=\"2023-10-04T07:25:48+02:00\" data-name=\"IX Kongres Energetyczny DISE\">\n<article class=\"post post-10588 attachment type-attachment status-inherit hentry no-img description-off\">\n\n\t<figure class=\"rollover-project links-hovers-disabled\">\n\t<a href=\"https:\/\/dise.org.pl\/kongres\/wp-content\/uploads\/2023\/10\/O3A6310.jpg\" class=\"rollover rollover-zoom dt-pswp-item layzr-bg\" title=\"IX Kongres Energetyczny DISE\" data-dt-img-description=\"\"  data-large_image_width=\"1200\" data-large_image_height = \"800\" ><img class=\"jgrid-lazy-load preload-me\" src=\"data:image\/svg+xml,%3Csvg%20xmlns%3D&#39;http%3A%2F%2Fwww.w3.org%2F2000%2Fsvg&#39;%20viewBox%3D&#39;0%200%20468%20312&#39;%2F%3E\" data-src=\"https:\/\/dise.org.pl\/kongres\/wp-content\/uploads\/2023\/10\/O3A6310-468x312.jpg\" data-srcset=\"https:\/\/dise.org.pl\/kongres\/wp-content\/uploads\/2023\/10\/O3A6310-468x312.jpg 468w, https:\/\/dise.org.pl\/kongres\/wp-content\/uploads\/2023\/10\/O3A6310-936x624.jpg 936w\" alt=\"\" width=\"468\" height=\"312\"  \/><\/a>\t<\/figure>\n<\/article>\n\n<\/div><div class=\"wf-cell\" data-post-id=\"10589\" data-date=\"2023-10-04T07:25:49+02:00\" data-name=\"IX Kongres Energetyczny DISE\">\n<article class=\"post post-10589 attachment type-attachment status-inherit hentry no-img description-off\">\n\n\t<figure class=\"rollover-project links-hovers-disabled\">\n\t<a href=\"https:\/\/dise.org.pl\/kongres\/wp-content\/uploads\/2023\/10\/O3A6313.jpg\" class=\"rollover rollover-zoom dt-pswp-item layzr-bg\" title=\"IX Kongres Energetyczny DISE\" data-dt-img-description=\"\"  data-large_image_width=\"1200\" data-large_image_height = \"800\" ><img class=\"jgrid-lazy-load preload-me\" src=\"data:image\/svg+xml,%3Csvg%20xmlns%3D&#39;http%3A%2F%2Fwww.w3.org%2F2000%2Fsvg&#39;%20viewBox%3D&#39;0%200%20468%20312&#39;%2F%3E\" data-src=\"https:\/\/dise.org.pl\/kongres\/wp-content\/uploads\/2023\/10\/O3A6313-468x312.jpg\" data-srcset=\"https:\/\/dise.org.pl\/kongres\/wp-content\/uploads\/2023\/10\/O3A6313-468x312.jpg 468w, https:\/\/dise.org.pl\/kongres\/wp-content\/uploads\/2023\/10\/O3A6313-936x624.jpg 936w\" alt=\"\" width=\"468\" height=\"312\"  \/><\/a>\t<\/figure>\n<\/article>\n\n<\/div><div class=\"wf-cell\" data-post-id=\"10590\" data-date=\"2023-10-04T07:25:51+02:00\" data-name=\"IX Kongres Energetyczny DISE\">\n<article class=\"post post-10590 attachment type-attachment status-inherit hentry no-img description-off\">\n\n\t<figure class=\"rollover-project links-hovers-disabled\">\n\t<a href=\"https:\/\/dise.org.pl\/kongres\/wp-content\/uploads\/2023\/10\/O3A6318.jpg\" class=\"rollover rollover-zoom dt-pswp-item layzr-bg\" title=\"IX Kongres Energetyczny DISE\" data-dt-img-description=\"\"  data-large_image_width=\"1200\" data-large_image_height = \"800\" ><img class=\"jgrid-lazy-load preload-me\" src=\"data:image\/svg+xml,%3Csvg%20xmlns%3D&#39;http%3A%2F%2Fwww.w3.org%2F2000%2Fsvg&#39;%20viewBox%3D&#39;0%200%20468%20312&#39;%2F%3E\" data-src=\"https:\/\/dise.org.pl\/kongres\/wp-content\/uploads\/2023\/10\/O3A6318-468x312.jpg\" data-srcset=\"https:\/\/dise.org.pl\/kongres\/wp-content\/uploads\/2023\/10\/O3A6318-468x312.jpg 468w, https:\/\/dise.org.pl\/kongres\/wp-content\/uploads\/2023\/10\/O3A6318-936x624.jpg 936w\" alt=\"\" width=\"468\" height=\"312\"  \/><\/a>\t<\/figure>\n<\/article>\n\n<\/div><div class=\"wf-cell\" data-post-id=\"10591\" data-date=\"2023-10-04T07:25:53+02:00\" data-name=\"IX Kongres Energetyczny DISE\">\n<article class=\"post post-10591 attachment type-attachment status-inherit hentry no-img description-off\">\n\n\t<figure class=\"rollover-project links-hovers-disabled\">\n\t<a href=\"https:\/\/dise.org.pl\/kongres\/wp-content\/uploads\/2023\/10\/O3A6339.jpg\" class=\"rollover rollover-zoom dt-pswp-item layzr-bg\" title=\"IX Kongres Energetyczny DISE\" data-dt-img-description=\"\"  data-large_image_width=\"1200\" data-large_image_height = \"800\" ><img class=\"jgrid-lazy-load preload-me\" src=\"data:image\/svg+xml,%3Csvg%20xmlns%3D&#39;http%3A%2F%2Fwww.w3.org%2F2000%2Fsvg&#39;%20viewBox%3D&#39;0%200%20468%20312&#39;%2F%3E\" data-src=\"https:\/\/dise.org.pl\/kongres\/wp-content\/uploads\/2023\/10\/O3A6339-468x312.jpg\" data-srcset=\"https:\/\/dise.org.pl\/kongres\/wp-content\/uploads\/2023\/10\/O3A6339-468x312.jpg 468w, https:\/\/dise.org.pl\/kongres\/wp-content\/uploads\/2023\/10\/O3A6339-936x624.jpg 936w\" alt=\"\" width=\"468\" height=\"312\"  \/><\/a>\t<\/figure>\n<\/article>\n\n<\/div><div class=\"wf-cell\" data-post-id=\"10592\" data-date=\"2023-10-04T07:25:56+02:00\" data-name=\"IX Kongres Energetyczny DISE\">\n<article class=\"post post-10592 attachment type-attachment status-inherit hentry no-img description-off\">\n\n\t<figure class=\"rollover-project links-hovers-disabled\">\n\t<a href=\"https:\/\/dise.org.pl\/kongres\/wp-content\/uploads\/2023\/10\/O3A6361.jpg\" class=\"rollover rollover-zoom dt-pswp-item layzr-bg\" title=\"IX Kongres Energetyczny DISE\" data-dt-img-description=\"\"  data-large_image_width=\"1200\" data-large_image_height = \"800\" ><img class=\"jgrid-lazy-load preload-me\" src=\"data:image\/svg+xml,%3Csvg%20xmlns%3D&#39;http%3A%2F%2Fwww.w3.org%2F2000%2Fsvg&#39;%20viewBox%3D&#39;0%200%20468%20312&#39;%2F%3E\" data-src=\"https:\/\/dise.org.pl\/kongres\/wp-content\/uploads\/2023\/10\/O3A6361-468x312.jpg\" data-srcset=\"https:\/\/dise.org.pl\/kongres\/wp-content\/uploads\/2023\/10\/O3A6361-468x312.jpg 468w, https:\/\/dise.org.pl\/kongres\/wp-content\/uploads\/2023\/10\/O3A6361-936x624.jpg 936w\" alt=\"\" width=\"468\" height=\"312\"  \/><\/a>\t<\/figure>\n<\/article>\n\n<\/div><div class=\"wf-cell\" data-post-id=\"10593\" data-date=\"2023-10-04T07:25:58+02:00\" data-name=\"IX Kongres Energetyczny DISE\">\n<article class=\"post post-10593 attachment type-attachment status-inherit hentry no-img description-off\">\n\n\t<figure class=\"rollover-project links-hovers-disabled\">\n\t<a href=\"https:\/\/dise.org.pl\/kongres\/wp-content\/uploads\/2023\/10\/O3A6369.jpg\" class=\"rollover rollover-zoom dt-pswp-item layzr-bg\" title=\"IX Kongres Energetyczny DISE\" data-dt-img-description=\"\"  data-large_image_width=\"1200\" data-large_image_height = \"800\" ><img class=\"jgrid-lazy-load preload-me\" src=\"data:image\/svg+xml,%3Csvg%20xmlns%3D&#39;http%3A%2F%2Fwww.w3.org%2F2000%2Fsvg&#39;%20viewBox%3D&#39;0%200%20468%20312&#39;%2F%3E\" data-src=\"https:\/\/dise.org.pl\/kongres\/wp-content\/uploads\/2023\/10\/O3A6369-468x312.jpg\" data-srcset=\"https:\/\/dise.org.pl\/kongres\/wp-content\/uploads\/2023\/10\/O3A6369-468x312.jpg 468w, https:\/\/dise.org.pl\/kongres\/wp-content\/uploads\/2023\/10\/O3A6369-936x624.jpg 936w\" alt=\"\" width=\"468\" height=\"312\"  \/><\/a>\t<\/figure>\n<\/article>\n\n<\/div><div class=\"wf-cell\" data-post-id=\"10594\" data-date=\"2023-10-04T07:26:00+02:00\" data-name=\"IX Kongres Energetyczny DISE\">\n<article class=\"post post-10594 attachment type-attachment status-inherit hentry no-img description-off\">\n\n\t<figure class=\"rollover-project links-hovers-disabled\">\n\t<a href=\"https:\/\/dise.org.pl\/kongres\/wp-content\/uploads\/2023\/10\/O3A6372.jpg\" class=\"rollover rollover-zoom dt-pswp-item layzr-bg\" title=\"IX Kongres Energetyczny DISE\" data-dt-img-description=\"\"  data-large_image_width=\"1200\" data-large_image_height = \"800\" ><img class=\"jgrid-lazy-load preload-me\" src=\"data:image\/svg+xml,%3Csvg%20xmlns%3D&#39;http%3A%2F%2Fwww.w3.org%2F2000%2Fsvg&#39;%20viewBox%3D&#39;0%200%20468%20312&#39;%2F%3E\" data-src=\"https:\/\/dise.org.pl\/kongres\/wp-content\/uploads\/2023\/10\/O3A6372-468x312.jpg\" data-srcset=\"https:\/\/dise.org.pl\/kongres\/wp-content\/uploads\/2023\/10\/O3A6372-468x312.jpg 468w, https:\/\/dise.org.pl\/kongres\/wp-content\/uploads\/2023\/10\/O3A6372-936x624.jpg 936w\" alt=\"\" width=\"468\" height=\"312\"  \/><\/a>\t<\/figure>\n<\/article>\n\n<\/div><div class=\"wf-cell\" data-post-id=\"10595\" data-date=\"2023-10-04T07:26:03+02:00\" data-name=\"IX Kongres Energetyczny DISE\">\n<article class=\"post post-10595 attachment type-attachment status-inherit hentry no-img description-off\">\n\n\t<figure class=\"rollover-project links-hovers-disabled\">\n\t<a href=\"https:\/\/dise.org.pl\/kongres\/wp-content\/uploads\/2023\/10\/O3A6378.jpg\" class=\"rollover rollover-zoom dt-pswp-item layzr-bg\" title=\"IX Kongres Energetyczny DISE\" data-dt-img-description=\"\"  data-large_image_width=\"1200\" data-large_image_height = \"800\" ><img class=\"jgrid-lazy-load preload-me\" src=\"data:image\/svg+xml,%3Csvg%20xmlns%3D&#39;http%3A%2F%2Fwww.w3.org%2F2000%2Fsvg&#39;%20viewBox%3D&#39;0%200%20468%20312&#39;%2F%3E\" data-src=\"https:\/\/dise.org.pl\/kongres\/wp-content\/uploads\/2023\/10\/O3A6378-468x312.jpg\" data-srcset=\"https:\/\/dise.org.pl\/kongres\/wp-content\/uploads\/2023\/10\/O3A6378-468x312.jpg 468w, https:\/\/dise.org.pl\/kongres\/wp-content\/uploads\/2023\/10\/O3A6378-936x624.jpg 936w\" alt=\"\" width=\"468\" height=\"312\"  \/><\/a>\t<\/figure>\n<\/article>\n\n<\/div><div class=\"wf-cell\" data-post-id=\"10596\" data-date=\"2023-10-04T07:26:05+02:00\" data-name=\"IX Kongres Energetyczny DISE\">\n<article class=\"post post-10596 attachment type-attachment status-inherit hentry no-img description-off\">\n\n\t<figure class=\"rollover-project links-hovers-disabled\">\n\t<a href=\"https:\/\/dise.org.pl\/kongres\/wp-content\/uploads\/2023\/10\/O3A6384.jpg\" class=\"rollover rollover-zoom dt-pswp-item layzr-bg\" title=\"IX Kongres Energetyczny DISE\" data-dt-img-description=\"\"  data-large_image_width=\"1200\" data-large_image_height = \"800\" ><img class=\"jgrid-lazy-load preload-me\" src=\"data:image\/svg+xml,%3Csvg%20xmlns%3D&#39;http%3A%2F%2Fwww.w3.org%2F2000%2Fsvg&#39;%20viewBox%3D&#39;0%200%20468%20312&#39;%2F%3E\" data-src=\"https:\/\/dise.org.pl\/kongres\/wp-content\/uploads\/2023\/10\/O3A6384-468x312.jpg\" data-srcset=\"https:\/\/dise.org.pl\/kongres\/wp-content\/uploads\/2023\/10\/O3A6384-468x312.jpg 468w, https:\/\/dise.org.pl\/kongres\/wp-content\/uploads\/2023\/10\/O3A6384-936x624.jpg 936w\" alt=\"\" width=\"468\" height=\"312\"  \/><\/a>\t<\/figure>\n<\/article>\n\n<\/div><div class=\"wf-cell\" data-post-id=\"10597\" data-date=\"2023-10-04T07:26:06+02:00\" data-name=\"IX Kongres Energetyczny DISE\">\n<article class=\"post post-10597 attachment type-attachment status-inherit hentry no-img description-off\">\n\n\t<figure class=\"rollover-project links-hovers-disabled\">\n\t<a href=\"https:\/\/dise.org.pl\/kongres\/wp-content\/uploads\/2023\/10\/O3A6393.jpg\" class=\"rollover rollover-zoom dt-pswp-item layzr-bg\" title=\"IX Kongres Energetyczny DISE\" data-dt-img-description=\"\"  data-large_image_width=\"1200\" data-large_image_height = \"800\" ><img class=\"jgrid-lazy-load preload-me\" src=\"data:image\/svg+xml,%3Csvg%20xmlns%3D&#39;http%3A%2F%2Fwww.w3.org%2F2000%2Fsvg&#39;%20viewBox%3D&#39;0%200%20468%20312&#39;%2F%3E\" data-src=\"https:\/\/dise.org.pl\/kongres\/wp-content\/uploads\/2023\/10\/O3A6393-468x312.jpg\" data-srcset=\"https:\/\/dise.org.pl\/kongres\/wp-content\/uploads\/2023\/10\/O3A6393-468x312.jpg 468w, https:\/\/dise.org.pl\/kongres\/wp-content\/uploads\/2023\/10\/O3A6393-936x624.jpg 936w\" alt=\"\" width=\"468\" height=\"312\"  \/><\/a>\t<\/figure>\n<\/article>\n\n<\/div><div class=\"wf-cell\" data-post-id=\"10598\" data-date=\"2023-10-04T07:26:08+02:00\" data-name=\"IX Kongres Energetyczny DISE\">\n<article class=\"post post-10598 attachment type-attachment status-inherit hentry no-img description-off\">\n\n\t<figure class=\"rollover-project links-hovers-disabled\">\n\t<a href=\"https:\/\/dise.org.pl\/kongres\/wp-content\/uploads\/2023\/10\/O3A6404.jpg\" class=\"rollover rollover-zoom dt-pswp-item layzr-bg\" title=\"IX Kongres Energetyczny DISE\" data-dt-img-description=\"\"  data-large_image_width=\"1200\" data-large_image_height = \"800\" ><img class=\"jgrid-lazy-load preload-me\" src=\"data:image\/svg+xml,%3Csvg%20xmlns%3D&#39;http%3A%2F%2Fwww.w3.org%2F2000%2Fsvg&#39;%20viewBox%3D&#39;0%200%20468%20312&#39;%2F%3E\" data-src=\"https:\/\/dise.org.pl\/kongres\/wp-content\/uploads\/2023\/10\/O3A6404-468x312.jpg\" data-srcset=\"https:\/\/dise.org.pl\/kongres\/wp-content\/uploads\/2023\/10\/O3A6404-468x312.jpg 468w, https:\/\/dise.org.pl\/kongres\/wp-content\/uploads\/2023\/10\/O3A6404-936x624.jpg 936w\" alt=\"\" width=\"468\" height=\"312\"  \/><\/a>\t<\/figure>\n<\/article>\n\n<\/div><div class=\"wf-cell\" data-post-id=\"10599\" data-date=\"2023-10-04T07:26:10+02:00\" data-name=\"IX Kongres Energetyczny DISE\">\n<article class=\"post post-10599 attachment type-attachment status-inherit hentry no-img description-off\">\n\n\t<figure class=\"rollover-project links-hovers-disabled\">\n\t<a href=\"https:\/\/dise.org.pl\/kongres\/wp-content\/uploads\/2023\/10\/O3A6431.jpg\" class=\"rollover rollover-zoom dt-pswp-item layzr-bg\" title=\"IX Kongres Energetyczny DISE\" data-dt-img-description=\"\"  data-large_image_width=\"1200\" data-large_image_height = \"800\" ><img class=\"jgrid-lazy-load preload-me\" src=\"data:image\/svg+xml,%3Csvg%20xmlns%3D&#39;http%3A%2F%2Fwww.w3.org%2F2000%2Fsvg&#39;%20viewBox%3D&#39;0%200%20468%20312&#39;%2F%3E\" data-src=\"https:\/\/dise.org.pl\/kongres\/wp-content\/uploads\/2023\/10\/O3A6431-468x312.jpg\" data-srcset=\"https:\/\/dise.org.pl\/kongres\/wp-content\/uploads\/2023\/10\/O3A6431-468x312.jpg 468w, https:\/\/dise.org.pl\/kongres\/wp-content\/uploads\/2023\/10\/O3A6431-936x624.jpg 936w\" alt=\"\" width=\"468\" height=\"312\"  \/><\/a>\t<\/figure>\n<\/article>\n\n<\/div><div class=\"wf-cell\" data-post-id=\"10600\" data-date=\"2023-10-04T07:26:12+02:00\" data-name=\"IX Kongres Energetyczny DISE\">\n<article class=\"post post-10600 attachment type-attachment status-inherit hentry no-img description-off\">\n\n\t<figure class=\"rollover-project links-hovers-disabled\">\n\t<a href=\"https:\/\/dise.org.pl\/kongres\/wp-content\/uploads\/2023\/10\/O3A6435.jpg\" class=\"rollover rollover-zoom dt-pswp-item layzr-bg\" title=\"IX Kongres Energetyczny DISE\" data-dt-img-description=\"\"  data-large_image_width=\"1200\" data-large_image_height = \"800\" ><img class=\"jgrid-lazy-load preload-me\" src=\"data:image\/svg+xml,%3Csvg%20xmlns%3D&#39;http%3A%2F%2Fwww.w3.org%2F2000%2Fsvg&#39;%20viewBox%3D&#39;0%200%20468%20312&#39;%2F%3E\" data-src=\"https:\/\/dise.org.pl\/kongres\/wp-content\/uploads\/2023\/10\/O3A6435-468x312.jpg\" data-srcset=\"https:\/\/dise.org.pl\/kongres\/wp-content\/uploads\/2023\/10\/O3A6435-468x312.jpg 468w, https:\/\/dise.org.pl\/kongres\/wp-content\/uploads\/2023\/10\/O3A6435-936x624.jpg 936w\" alt=\"\" width=\"468\" height=\"312\"  \/><\/a>\t<\/figure>\n<\/article>\n\n<\/div><div class=\"wf-cell\" data-post-id=\"10601\" data-date=\"2023-10-04T07:26:14+02:00\" data-name=\"IX Kongres Energetyczny DISE\">\n<article class=\"post post-10601 attachment type-attachment status-inherit hentry no-img description-off\">\n\n\t<figure class=\"rollover-project links-hovers-disabled\">\n\t<a href=\"https:\/\/dise.org.pl\/kongres\/wp-content\/uploads\/2023\/10\/O3A6452.jpg\" class=\"rollover rollover-zoom dt-pswp-item layzr-bg\" title=\"IX Kongres Energetyczny DISE\" data-dt-img-description=\"\"  data-large_image_width=\"1200\" data-large_image_height = \"800\" ><img class=\"jgrid-lazy-load preload-me\" src=\"data:image\/svg+xml,%3Csvg%20xmlns%3D&#39;http%3A%2F%2Fwww.w3.org%2F2000%2Fsvg&#39;%20viewBox%3D&#39;0%200%20468%20312&#39;%2F%3E\" data-src=\"https:\/\/dise.org.pl\/kongres\/wp-content\/uploads\/2023\/10\/O3A6452-468x312.jpg\" data-srcset=\"https:\/\/dise.org.pl\/kongres\/wp-content\/uploads\/2023\/10\/O3A6452-468x312.jpg 468w, https:\/\/dise.org.pl\/kongres\/wp-content\/uploads\/2023\/10\/O3A6452-936x624.jpg 936w\" alt=\"\" width=\"468\" height=\"312\"  \/><\/a>\t<\/figure>\n<\/article>\n\n<\/div><div class=\"wf-cell\" data-post-id=\"10476\" data-date=\"2023-10-04T07:05:23+02:00\" data-name=\"IX Kongres Energetyczny DISE\">\n<article class=\"post post-10476 attachment type-attachment status-inherit hentry no-img description-off\">\n\n\t<figure class=\"rollover-project links-hovers-disabled\">\n\t<a href=\"https:\/\/dise.org.pl\/kongres\/wp-content\/uploads\/2023\/10\/033.jpg\" class=\"rollover rollover-zoom dt-pswp-item layzr-bg\" title=\"IX Kongres Energetyczny DISE\" data-dt-img-description=\"\"  data-large_image_width=\"1200\" data-large_image_height = \"801\" ><img class=\"jgrid-lazy-load preload-me\" src=\"data:image\/svg+xml,%3Csvg%20xmlns%3D&#39;http%3A%2F%2Fwww.w3.org%2F2000%2Fsvg&#39;%20viewBox%3D&#39;0%200%20467%20312&#39;%2F%3E\" data-src=\"https:\/\/dise.org.pl\/kongres\/wp-content\/uploads\/2023\/10\/033-467x312.jpg\" data-srcset=\"https:\/\/dise.org.pl\/kongres\/wp-content\/uploads\/2023\/10\/033-467x312.jpg 467w, https:\/\/dise.org.pl\/kongres\/wp-content\/uploads\/2023\/10\/033-934x624.jpg 934w\" alt=\"\" width=\"467\" height=\"312\"  \/><\/a>\t<\/figure>\n<\/article>\n\n<\/div><div class=\"wf-cell\" data-post-id=\"10602\" data-date=\"2023-10-04T07:26:15+02:00\" data-name=\"IX Kongres Energetyczny DISE\">\n<article class=\"post post-10602 attachment type-attachment status-inherit hentry no-img description-off\">\n\n\t<figure class=\"rollover-project links-hovers-disabled\">\n\t<a href=\"https:\/\/dise.org.pl\/kongres\/wp-content\/uploads\/2023\/10\/cz_017.jpg\" class=\"rollover rollover-zoom dt-pswp-item layzr-bg\" title=\"IX Kongres Energetyczny DISE\" data-dt-img-description=\"\"  data-large_image_width=\"1200\" data-large_image_height = \"801\" ><img class=\"jgrid-lazy-load preload-me\" src=\"data:image\/svg+xml,%3Csvg%20xmlns%3D&#39;http%3A%2F%2Fwww.w3.org%2F2000%2Fsvg&#39;%20viewBox%3D&#39;0%200%20467%20312&#39;%2F%3E\" data-src=\"https:\/\/dise.org.pl\/kongres\/wp-content\/uploads\/2023\/10\/cz_017-467x312.jpg\" data-srcset=\"https:\/\/dise.org.pl\/kongres\/wp-content\/uploads\/2023\/10\/cz_017-467x312.jpg 467w, https:\/\/dise.org.pl\/kongres\/wp-content\/uploads\/2023\/10\/cz_017-934x624.jpg 934w\" alt=\"\" width=\"467\" height=\"312\"  \/><\/a>\t<\/figure>\n<\/article>\n\n<\/div><div class=\"wf-cell\" data-post-id=\"10604\" data-date=\"2023-10-04T07:26:18+02:00\" data-name=\"IX Kongres Energetyczny DISE\">\n<article class=\"post post-10604 attachment type-attachment status-inherit hentry no-img description-off\">\n\n\t<figure class=\"rollover-project links-hovers-disabled\">\n\t<a href=\"https:\/\/dise.org.pl\/kongres\/wp-content\/uploads\/2023\/10\/cz_026.jpg\" class=\"rollover rollover-zoom dt-pswp-item layzr-bg\" title=\"IX Kongres Energetyczny DISE\" data-dt-img-description=\"\"  data-large_image_width=\"1200\" data-large_image_height = \"801\" ><img class=\"jgrid-lazy-load preload-me\" src=\"data:image\/svg+xml,%3Csvg%20xmlns%3D&#39;http%3A%2F%2Fwww.w3.org%2F2000%2Fsvg&#39;%20viewBox%3D&#39;0%200%20467%20312&#39;%2F%3E\" data-src=\"https:\/\/dise.org.pl\/kongres\/wp-content\/uploads\/2023\/10\/cz_026-467x312.jpg\" data-srcset=\"https:\/\/dise.org.pl\/kongres\/wp-content\/uploads\/2023\/10\/cz_026-467x312.jpg 467w, https:\/\/dise.org.pl\/kongres\/wp-content\/uploads\/2023\/10\/cz_026-934x624.jpg 934w\" alt=\"\" width=\"467\" height=\"312\"  \/><\/a>\t<\/figure>\n<\/article>\n\n<\/div><div class=\"wf-cell\" data-post-id=\"10605\" data-date=\"2023-10-04T07:26:20+02:00\" data-name=\"IX Kongres Energetyczny DISE\">\n<article class=\"post post-10605 attachment type-attachment status-inherit hentry no-img description-off\">\n\n\t<figure class=\"rollover-project links-hovers-disabled\">\n\t<a href=\"https:\/\/dise.org.pl\/kongres\/wp-content\/uploads\/2023\/10\/cz_035.jpg\" class=\"rollover rollover-zoom dt-pswp-item layzr-bg\" title=\"IX Kongres Energetyczny DISE\" data-dt-img-description=\"\"  data-large_image_width=\"1200\" data-large_image_height = \"801\" ><img class=\"jgrid-lazy-load preload-me\" src=\"data:image\/svg+xml,%3Csvg%20xmlns%3D&#39;http%3A%2F%2Fwww.w3.org%2F2000%2Fsvg&#39;%20viewBox%3D&#39;0%200%20467%20312&#39;%2F%3E\" data-src=\"https:\/\/dise.org.pl\/kongres\/wp-content\/uploads\/2023\/10\/cz_035-467x312.jpg\" data-srcset=\"https:\/\/dise.org.pl\/kongres\/wp-content\/uploads\/2023\/10\/cz_035-467x312.jpg 467w, https:\/\/dise.org.pl\/kongres\/wp-content\/uploads\/2023\/10\/cz_035-934x624.jpg 934w\" alt=\"\" width=\"467\" height=\"312\"  \/><\/a>\t<\/figure>\n<\/article>\n\n<\/div><div class=\"wf-cell\" data-post-id=\"10606\" data-date=\"2023-10-04T07:26:21+02:00\" data-name=\"IX Kongres Energetyczny DISE\">\n<article class=\"post post-10606 attachment type-attachment status-inherit hentry no-img description-off\">\n\n\t<figure class=\"rollover-project links-hovers-disabled\">\n\t<a href=\"https:\/\/dise.org.pl\/kongres\/wp-content\/uploads\/2023\/10\/cz_044.jpg\" class=\"rollover rollover-zoom dt-pswp-item layzr-bg\" title=\"IX Kongres Energetyczny DISE\" data-dt-img-description=\"\"  data-large_image_width=\"1200\" data-large_image_height = \"801\" ><img class=\"jgrid-lazy-load preload-me\" src=\"data:image\/svg+xml,%3Csvg%20xmlns%3D&#39;http%3A%2F%2Fwww.w3.org%2F2000%2Fsvg&#39;%20viewBox%3D&#39;0%200%20467%20312&#39;%2F%3E\" data-src=\"https:\/\/dise.org.pl\/kongres\/wp-content\/uploads\/2023\/10\/cz_044-467x312.jpg\" data-srcset=\"https:\/\/dise.org.pl\/kongres\/wp-content\/uploads\/2023\/10\/cz_044-467x312.jpg 467w, https:\/\/dise.org.pl\/kongres\/wp-content\/uploads\/2023\/10\/cz_044-934x624.jpg 934w\" alt=\"\" width=\"467\" height=\"312\"  \/><\/a>\t<\/figure>\n<\/article>\n\n<\/div><div class=\"wf-cell\" data-post-id=\"10607\" data-date=\"2023-10-04T07:26:23+02:00\" data-name=\"IX Kongres Energetyczny DISE\">\n<article class=\"post post-10607 attachment type-attachment status-inherit hentry no-img description-off\">\n\n\t<figure class=\"rollover-project links-hovers-disabled\">\n\t<a href=\"https:\/\/dise.org.pl\/kongres\/wp-content\/uploads\/2023\/10\/cz_049.jpg\" class=\"rollover rollover-zoom dt-pswp-item layzr-bg\" title=\"IX Kongres Energetyczny DISE\" data-dt-img-description=\"\"  data-large_image_width=\"1200\" data-large_image_height = \"801\" ><img class=\"jgrid-lazy-load preload-me\" src=\"data:image\/svg+xml,%3Csvg%20xmlns%3D&#39;http%3A%2F%2Fwww.w3.org%2F2000%2Fsvg&#39;%20viewBox%3D&#39;0%200%20467%20312&#39;%2F%3E\" data-src=\"https:\/\/dise.org.pl\/kongres\/wp-content\/uploads\/2023\/10\/cz_049-467x312.jpg\" data-srcset=\"https:\/\/dise.org.pl\/kongres\/wp-content\/uploads\/2023\/10\/cz_049-467x312.jpg 467w, https:\/\/dise.org.pl\/kongres\/wp-content\/uploads\/2023\/10\/cz_049-934x624.jpg 934w\" alt=\"\" width=\"467\" height=\"312\"  \/><\/a>\t<\/figure>\n<\/article>\n\n<\/div><div class=\"wf-cell\" data-post-id=\"10609\" data-date=\"2023-10-04T07:26:26+02:00\" data-name=\"IX Kongres Energetyczny DISE\">\n<article class=\"post post-10609 attachment type-attachment status-inherit hentry no-img description-off\">\n\n\t<figure class=\"rollover-project links-hovers-disabled\">\n\t<a href=\"https:\/\/dise.org.pl\/kongres\/wp-content\/uploads\/2023\/10\/cz_061.jpg\" class=\"rollover rollover-zoom dt-pswp-item layzr-bg\" title=\"IX Kongres Energetyczny DISE\" data-dt-img-description=\"\"  data-large_image_width=\"1200\" data-large_image_height = \"801\" ><img class=\"jgrid-lazy-load preload-me\" src=\"data:image\/svg+xml,%3Csvg%20xmlns%3D&#39;http%3A%2F%2Fwww.w3.org%2F2000%2Fsvg&#39;%20viewBox%3D&#39;0%200%20467%20312&#39;%2F%3E\" data-src=\"https:\/\/dise.org.pl\/kongres\/wp-content\/uploads\/2023\/10\/cz_061-467x312.jpg\" data-srcset=\"https:\/\/dise.org.pl\/kongres\/wp-content\/uploads\/2023\/10\/cz_061-467x312.jpg 467w, https:\/\/dise.org.pl\/kongres\/wp-content\/uploads\/2023\/10\/cz_061-934x624.jpg 934w\" alt=\"\" width=\"467\" height=\"312\"  \/><\/a>\t<\/figure>\n<\/article>\n\n<\/div><div class=\"wf-cell\" data-post-id=\"10625\" data-date=\"2023-10-04T13:30:26+02:00\" data-name=\"IX Kongres Energetyczny DISE\">\n<article class=\"post post-10625 attachment type-attachment status-inherit hentry no-img description-off\">\n\n\t<figure class=\"rollover-project links-hovers-disabled\">\n\t<a href=\"https:\/\/dise.org.pl\/kongres\/wp-content\/uploads\/2023\/10\/O3A4259.jpg\" class=\"rollover rollover-zoom dt-pswp-item layzr-bg\" title=\"IX Kongres Energetyczny DISE\" data-dt-img-description=\"\"  data-large_image_width=\"1200\" data-large_image_height = \"800\" ><img class=\"jgrid-lazy-load preload-me\" src=\"data:image\/svg+xml,%3Csvg%20xmlns%3D&#39;http%3A%2F%2Fwww.w3.org%2F2000%2Fsvg&#39;%20viewBox%3D&#39;0%200%20468%20312&#39;%2F%3E\" data-src=\"https:\/\/dise.org.pl\/kongres\/wp-content\/uploads\/2023\/10\/O3A4259-468x312.jpg\" data-srcset=\"https:\/\/dise.org.pl\/kongres\/wp-content\/uploads\/2023\/10\/O3A4259-468x312.jpg 468w, https:\/\/dise.org.pl\/kongres\/wp-content\/uploads\/2023\/10\/O3A4259-936x624.jpg 936w\" alt=\"\" width=\"468\" height=\"312\"  \/><\/a>\t<\/figure>\n<\/article>\n\n<\/div><div class=\"wf-cell\" data-post-id=\"10626\" data-date=\"2023-10-04T13:30:28+02:00\" data-name=\"IX Kongres Energetyczny DISE\">\n<article class=\"post post-10626 attachment type-attachment status-inherit hentry no-img description-off\">\n\n\t<figure class=\"rollover-project links-hovers-disabled\">\n\t<a href=\"https:\/\/dise.org.pl\/kongres\/wp-content\/uploads\/2023\/10\/O3A4262.jpg\" class=\"rollover rollover-zoom dt-pswp-item layzr-bg\" title=\"IX Kongres Energetyczny DISE\" data-dt-img-description=\"\"  data-large_image_width=\"1200\" data-large_image_height = \"800\" ><img class=\"jgrid-lazy-load preload-me\" src=\"data:image\/svg+xml,%3Csvg%20xmlns%3D&#39;http%3A%2F%2Fwww.w3.org%2F2000%2Fsvg&#39;%20viewBox%3D&#39;0%200%20468%20312&#39;%2F%3E\" data-src=\"https:\/\/dise.org.pl\/kongres\/wp-content\/uploads\/2023\/10\/O3A4262-468x312.jpg\" data-srcset=\"https:\/\/dise.org.pl\/kongres\/wp-content\/uploads\/2023\/10\/O3A4262-468x312.jpg 468w, https:\/\/dise.org.pl\/kongres\/wp-content\/uploads\/2023\/10\/O3A4262-936x624.jpg 936w\" alt=\"\" width=\"468\" height=\"312\"  \/><\/a>\t<\/figure>\n<\/article>\n\n<\/div><\/div>[\/vc_column][\/vc_row][vc_row css=&#8221;.vc_custom_1707327189165{padding-top: 40px !important;}&#8221;][vc_column][vc_column_text]<\/p>\n<h2 style=\"text-align: center;\"><span style=\"color: #0054b2;\">AGENDA<br \/>\n<\/span><\/h2>\n<p>[\/vc_column_text][vc_separator color=&#8221;custom&#8221; border_width=&#8221;5&#8243; el_width=&#8221;10&#8243; accent_color=&#8221;#02b6ed&#8221; css=&#8221;.vc_custom_1770197456245{padding-top: 10px !important;}&#8221;][\/vc_column][\/vc_row][vc_row css=&#8221;.vc_custom_1594927247082{padding-bottom: 20px !important;}&#8221;][vc_column][vc_empty_space height=&#8221;20&#8243;][\/vc_column][\/vc_row][vc_row css=&#8221;.vc_custom_1594928492442{padding-bottom: 20px !important;}&#8221; el_id=&#8221;dzien1&#8243;][vc_column][vc_separator][\/vc_column][\/vc_row][vc_row][vc_column][vc_empty_space height=&#8221;5&#8243;][\/vc_column][\/vc_row][vc_row full_width=&#8221;stretch_row&#8221; bg_type=&#8221;bg_color&#8221;][vc_column width=&#8221;1\/2&#8243; css=&#8221;.vc_custom_1594929429240{padding-bottom: 20px !important;}&#8221;][vc_btn title=&#8221;DZIE\u0143 I \/ 27.09.2023 r.&#8221; style=&#8221;classic&#8221; color=&#8221;blue&#8221; size=&#8221;lg&#8221; align=&#8221;center&#8221; i_align=&#8221;right&#8221; i_icon_fontawesome=&#8221;fa fa-chevron-down&#8221; add_icon=&#8221;true&#8221; link=&#8221;url:https%3A%2F%2Fdise.org.pl%2Fkongres%2Fedycja-2023%2F%23dzien1%20|||&#8221;][\/vc_column][vc_column width=&#8221;1\/2&#8243; css=&#8221;.vc_custom_1594929552710{padding-bottom: 20px !important;}&#8221;][vc_btn title=&#8221;DZIE\u0143 II \/ 28.09.2023 r.&#8221; style=&#8221;classic&#8221; color=&#8221;blue&#8221; size=&#8221;lg&#8221; align=&#8221;center&#8221; i_align=&#8221;right&#8221; i_icon_fontawesome=&#8221;fa fa-chevron-down&#8221; add_icon=&#8221;true&#8221; link=&#8221;url:https%3A%2F%2Fdise.org.pl%2Fkongres%2Fedycja-2023%2F%23dzien2|||&#8221;][\/vc_column][\/vc_row][vc_row][vc_column][vc_empty_space height=&#8221;30&#8243;][\/vc_column][\/vc_row][vc_row bg_type=&#8221;bg_color&#8221; bg_color_value=&#8221;#023f88&#8243; css=&#8221;.vc_custom_1594926671373{padding-top: 20px !important;padding-bottom: 20px !important;}&#8221;][vc_column][vc_column_text]<\/p>\n<h2 style=\"text-align: center;\"><strong><span style=\"color: #ffffff;\">IX KONGRES ENERGETYCZNY DZIE\u0143 I<\/span><br \/>\n<\/strong><\/h2>\n<p>[\/vc_column_text][\/vc_column][\/vc_row][vc_row][vc_column][vc_empty_space height=&#8221;15&#8243;][\/vc_column][\/vc_row][vc_row bg_type=&#8221;bg_color&#8221; css=&#8221;.vc_custom_1693820488748{padding-top: 20px !important;padding-bottom: 20px !important;}&#8221; bg_color_value=&#8221;#ebf2ff&#8221;][vc_column width=&#8221;1\/4&#8243;][vc_column_text]<span style=\"color: #0951a6;\"><strong>8:00<\/strong><\/span>[\/vc_column_text][\/vc_column][vc_column width=&#8221;3\/4&#8243;][vc_column_text]<b>Rejestracja uczestnik\u00f3w<br \/>\n<\/b>[\/vc_column_text][\/vc_column][\/vc_row][vc_row][vc_column][vc_empty_space height=&#8221;15&#8243;][\/vc_column][\/vc_row][vc_row bg_type=&#8221;bg_color&#8221; css=&#8221;.vc_custom_1693820488748{padding-top: 20px !important;padding-bottom: 20px !important;}&#8221; bg_color_value=&#8221;#ebf2ff&#8221;][vc_column width=&#8221;1\/4&#8243;][vc_column_text]<span style=\"color: #0951a6;\"><strong>9:00<\/strong><\/span>[\/vc_column_text][\/vc_column][vc_column width=&#8221;3\/4&#8243;][vc_accordion active_tab=&#8221;0&#8243; style=&#8221;3&#8243;][vc_accordion_tab title=&#8221;Otwarcie Kongresu&#8221;][vc_column_text]<\/p>\n<ul>\n<li><strong>Remigiusz Nowakowski, Dawid Jackiewicz<\/strong> \u2013 Zarz\u0105d DISE<\/li>\n<\/ul>\n<p>[\/vc_column_text][\/vc_accordion_tab][\/vc_accordion][\/vc_column][\/vc_row][vc_row][vc_column][vc_empty_space height=&#8221;15&#8243;][\/vc_column][\/vc_row][vc_row bg_type=&#8221;bg_color&#8221; css=&#8221;.vc_custom_1693820488748{padding-top: 20px !important;padding-bottom: 20px !important;}&#8221; bg_color_value=&#8221;#ebf2ff&#8221;][vc_column width=&#8221;1\/4&#8243;][vc_column_text]<span style=\"color: #0951a6;\"><strong>9:10 &#8211; 10:00<\/strong><\/span>[\/vc_column_text][\/vc_column][vc_column width=&#8221;3\/4&#8243;][vc_column_text]<b>Sesja Inauguracyjna<br \/>\n<\/b>[\/vc_column_text][vc_separator color=&#8221;custom&#8221; css=&#8221;.vc_custom_1693848859088{padding-top: 10px !important;padding-bottom: 10px !important;}&#8221; accent_color=&#8221;#767a91&#8243;][vc_accordion active_tab=&#8221;0&#8243; style=&#8221;3&#8243;][vc_accordion_tab title=&#8221;Wyst\u0105pienia Go\u015bci Honorowych&#8221;][vc_column_text]<\/p>\n<ul>\n<li><strong>Ireneusz Zyska<\/strong>, Sekretarz stanu, Pe\u0142nomocnik Rz\u0105du ds. Odnawialnych \u0179r\u00f3de\u0142 Energii, Ministerstwo Klimatu i \u015arodowiska<\/li>\n<li><strong>Grzegorz Tobiszowski<\/strong>, Pose\u0142 do Parlamentu Europejskiego<\/li>\n<li><strong>Jaros\u0142aw Obremski<\/strong>, Wojewoda Dolno\u015bl\u0105ski<\/li>\n<li><strong>Cezary Przybylski<\/strong>, Marsza\u0142ek Wojew\u00f3dztwa Dolno\u015bl\u0105skiego<\/li>\n<li><strong>Jakub Mazur<\/strong>, Wiceprezydent Miasta Wroc\u0142awia<\/li>\n<li><strong>Ole Toft<\/strong>, Ambasador Danii w Polsce<\/li>\n<li><strong>P\u00e4ivi Laine<\/strong>, Ambasador Finlandii w Polsce<\/li>\n<li><strong>David A. Wright<\/strong>, Commissioner, U.S. Nuclear Regulatory Commission<\/li>\n<li><strong>Daniel Lawton<\/strong>, Zast\u0119pca Szefa Misji, Ambasada USA w Polsce<\/li>\n<li><strong>Prof. dr hab. in\u017c. Arkadiusz W\u00f3js<\/strong>, Rektor Politechniki Wroc\u0142awskiej<\/li>\n<\/ul>\n<p>[\/vc_column_text][\/vc_accordion_tab][\/vc_accordion][\/vc_column][\/vc_row][vc_row][vc_column][vc_empty_space height=&#8221;15&#8243;][\/vc_column][\/vc_row][vc_row bg_type=&#8221;bg_color&#8221; css=&#8221;.vc_custom_1693820488748{padding-top: 20px !important;padding-bottom: 20px !important;}&#8221; bg_color_value=&#8221;#ebf2ff&#8221;][vc_column width=&#8221;1\/4&#8243;][vc_column_text]<span style=\"color: #0951a6;\"><strong>10:00 &#8211; 10:15<\/strong><\/span>[\/vc_column_text][\/vc_column][vc_column width=&#8221;3\/4&#8243;][vc_column_text]<b>Sesja G\u0142\u00f3wna<\/b>[\/vc_column_text][vc_separator color=&#8221;custom&#8221; css=&#8221;.vc_custom_1693848859088{padding-top: 10px !important;padding-bottom: 10px !important;}&#8221; accent_color=&#8221;#767a91&#8243;][vc_accordion active_tab=&#8221;0&#8243; style=&#8221;3&#8243;][vc_accordion_tab title=&#8221;Wyst\u0105pienia&#8221;][vc_column_text]<\/p>\n<ul>\n<li><strong>Marek Weso\u0142y<\/strong>, Sekretarz stanu, Pe\u0142nomocnik Rz\u0105du do spraw transformacji sp\u00f3\u0142ek energetycznych i g\u00f3rnictwa w\u0119glowego, Ministerstwo Aktyw\u00f3w Pa\u0144stwowych<\/li>\n<li><strong>Rafa\u0142 Gawin<\/strong>, Prezes Urz\u0119du Regulacji Energetyki<\/li>\n<\/ul>\n<p>[\/vc_column_text][\/vc_accordion_tab][\/vc_accordion][\/vc_column][\/vc_row][vc_row bg_type=&#8221;bg_color&#8221; css=&#8221;.vc_custom_1693820488748{padding-top: 20px !important;padding-bottom: 20px !important;}&#8221; bg_color_value=&#8221;#ebf2ff&#8221;][vc_column width=&#8221;1\/4&#8243;][vc_column_text]<span style=\"color: #0951a6;\"><strong>10:15 &#8211; 11:45 <\/strong><\/span>[\/vc_column_text][\/vc_column][vc_column width=&#8221;3\/4&#8243;][vc_column_text]Panel dyskusyjny<b><br \/>\n<\/b><strong>Transformacja energetyczna sposobem na wyj\u015bcie z kryzysu<\/strong>[\/vc_column_text][vc_separator color=&#8221;custom&#8221; css=&#8221;.vc_custom_1693848859088{padding-top: 10px !important;padding-bottom: 10px !important;}&#8221; accent_color=&#8221;#767a91&#8243;][vc_accordion active_tab=&#8221;0&#8243; style=&#8221;3&#8243;][vc_accordion_tab title=&#8221;Zagadnienia&#8221;][vc_column_text]<\/p>\n<ul>\n<li>Kluczowe czynniki dla wyj\u015bcia z kryzysu i przyspieszenia transformacji energetycznej<\/li>\n<li>Strategie REPowerEU i Fit for 55 \u2013 czy zd\u0105\u017cymy osi\u0105gn\u0105\u0107 cele kr\u00f3tkoterminowe do 2030 r.?<\/li>\n<li>Nowe interkonektory gazowe a dywersyfikacja \u2013 czy Europa jest niezale\u017cna od dostaw gazu z Rosji?<\/li>\n<li>Status nape\u0142nienia magazyn\u00f3w gazu w \u015bwietle Rozporz\u0105dzenia UE 2022\/1854 \u2013 czy Europa jest bezpieczna i gotowa na sezon jesienno-zimowy?<\/li>\n<li>Ceny maksymalne energii \u2013 sytuacja wytw\u00f3rc\u00f3w i odbiorc\u00f3w ko\u0144cowych a system wsparcia na 2024 r.<\/li>\n<li>Rewizja Polityki Energetycznej Polski \u2013 cele strategiczne w perspektywie 2040 r.<\/li>\n<\/ul>\n<p>[\/vc_column_text][\/vc_accordion_tab][\/vc_accordion][vc_accordion active_tab=&#8221;0&#8243; style=&#8221;3&#8243;][vc_accordion_tab title=&#8221;Paneli\u015bci&#8221;][vc_column_text]<strong><span style=\"color: #0951a6;\">Moderator<\/span><br \/>\nJoanna Ma\u0107kowiak-Pandera<\/strong>, Prezeska Zarz\u0105du, Forum Energii,\u00a0Cz\u0142onkini Eksperckiej Rady ds. Bezpiecze\u0144stwa Energetycznego i Klimatu<\/p>\n<p><span style=\"color: #0951a6;\"><strong>Paneli\u015bci<\/strong><\/span><\/p>\n<ul>\n<li><strong>Ireneusz Zyska<\/strong>, Sekretarz stanu, Pe\u0142nomocnik Rz\u0105du ds. Odnawialnych \u0179r\u00f3de\u0142 Energii, Ministerstwo Klimatu i \u015arodowiska<\/li>\n<li><strong>S\u0142awomir Brzezi\u0144ski<\/strong>, Wiceprezes Zarz\u0105du ds. Handlowych, W\u0119glokoks S.A.<\/li>\n<li><strong>Krzysztof Nowicki<\/strong>, Cz\u0142onek Zarz\u0105du ds. Produkcji i Optymalizacji ORLEN S.A.<strong><br \/>\n<\/strong><\/li>\n<li><strong>Rafa\u0142 Gawin<\/strong>, Prezes Urz\u0119du Regulacji Energetyki<\/li>\n<li><strong>Norbert Grudzie\u0144,<\/strong> Wiceprezes Zarz\u0105du ds. Operacyjnych i Transformacji, PGE G\u00f3rnictwo i Energetyka Konwencjonalna S.A.<\/li>\n<li><strong>Filip Grzegorczyk<\/strong>, Wiceprezes Zarz\u0105du, Grupa Azoty S.A., Prezes Zarz\u0105du, Grupa Azoty ZAK S.A.<\/li>\n<li><strong>Micha\u0142 J. Ko\u0142odziejczyk<\/strong>, Prezes Zarz\u0105du, Equinor Polska<\/li>\n<li><strong>Mateusz Wodejko<\/strong>, Wiceprezes Zarz\u0105du ds. Finansowych, KGHM Polska Mied\u017a S.A.<\/li>\n<li><strong>Kasjan Wyliga\u0142a<\/strong>, Prezes Zarz\u0105du, LW Bogdanka SA<\/li>\n<\/ul>\n<p>[\/vc_column_text][\/vc_accordion_tab][\/vc_accordion][\/vc_column][\/vc_row][vc_row][vc_column][vc_empty_space height=&#8221;15&#8243;][\/vc_column][\/vc_row][vc_row bg_type=&#8221;bg_color&#8221; css=&#8221;.vc_custom_1693820488748{padding-top: 20px !important;padding-bottom: 20px !important;}&#8221; bg_color_value=&#8221;#ebf2ff&#8221;][vc_column width=&#8221;1\/4&#8243;][vc_column_text]<span style=\"color: #0951a6;\"><strong>11:45 &#8211; 12:00 <\/strong><\/span>[\/vc_column_text][\/vc_column][vc_column width=&#8221;3\/4&#8243;][vc_column_text]Dyskusja g\u0142\u00f3wna[\/vc_column_text][vc_separator color=&#8221;custom&#8221; css=&#8221;.vc_custom_1693848859088{padding-top: 10px !important;padding-bottom: 10px !important;}&#8221; accent_color=&#8221;#767a91&#8243;][vc_accordion active_tab=&#8221;0&#8243; style=&#8221;3&#8243;][vc_accordion_tab title=&#8221;Wyst\u0105pienie&#8221;][vc_column_text]<\/p>\n<ul>\n<li><strong>Robert Rudich<\/strong>, Energy Attach\u00e9 and Director, Department of Energy Office, Ambasada USA w Polsce<\/li>\n<\/ul>\n<p>[\/vc_column_text][\/vc_accordion_tab][\/vc_accordion][\/vc_column][\/vc_row][vc_row bg_type=&#8221;bg_color&#8221; css=&#8221;.vc_custom_1693820488748{padding-top: 20px !important;padding-bottom: 20px !important;}&#8221; bg_color_value=&#8221;#ebf2ff&#8221;][vc_column width=&#8221;1\/4&#8243;][vc_column_text]<span style=\"color: #0951a6;\"><strong>12:00 &#8211; 13:30 <\/strong><\/span>[\/vc_column_text][\/vc_column][vc_column width=&#8221;3\/4&#8243;][vc_column_text]Panel dyskusyjny:<b><br \/>\n<\/b><strong>Strategiczne partnerstwa mi\u0119dzynarodowe na rzecz bezpiecze\u0144stwa energetycznego i transformacji<\/strong>[\/vc_column_text][vc_separator color=&#8221;custom&#8221; css=&#8221;.vc_custom_1693848859088{padding-top: 10px !important;padding-bottom: 10px !important;}&#8221; accent_color=&#8221;#767a91&#8243;][vc_accordion active_tab=&#8221;0&#8243; style=&#8221;3&#8243;][vc_accordion_tab title=&#8221;Zagadnienia&#8221;][vc_column_text]<\/p>\n<ul>\n<li>Strategiczny wymiar bezpiecze\u0144stwa energetycznego i jego znaczenie dla zagwarantowania sprawnego funkcjonowanie gospodarek oraz spo\u0142ecze\u0144stw europejskich<\/li>\n<li>Geopolityczne aspekty bezpiecze\u0144stwa energetycznego w Europie oraz rola wsp\u00f3\u0142pracy transatlantyckiej dla zapewnienia ci\u0105g\u0142o\u015bci dostaw energii i skutecznej transformacji<\/li>\n<li>Strategiczne partnerstwo polsko-ameryka\u0144skie w obszarze zero emisyjnych technologii oraz zaopatrzenia w surowce energetyczne jako odpowied\u017a na szanta\u017c energetyczny i inwazj\u0119 Rosji na Ukrain\u0119<\/li>\n<li>Partnerstwa firm polskich i ameryka\u0144skich w budowie blok\u00f3w SMR w Polsce \u2013 dost\u0119pne technologie oraz modele wsp\u00f3\u0142pracy w ich wdra\u017caniu w Polsce<\/li>\n<li>Nowa infrastruktura gazowa \u2013 gazoci\u0105g Baltic Pipe, terminale LNG oraz interkonektory transgraniczne \u2013 warunkiem uniezale\u017cnienia si\u0119 od gazu rosyjskiego i zapewnienia ci\u0105g\u0142o\u015bci dostaw gazu w Europie<\/li>\n<li>Po\u0142\u0105czenia transgraniczne Polski i Litwy \u2013 LitPoLiink i GIPL \u2013 gwarancj\u0105 bezpiecze\u0144stwa energetycznego w Europie \u015arodkowo-Wschodniej<\/li>\n<\/ul>\n<p>[\/vc_column_text][\/vc_accordion_tab][\/vc_accordion][vc_accordion active_tab=&#8221;0&#8243; style=&#8221;3&#8243;][vc_accordion_tab title=&#8221;Paneli\u015bci&#8221;][vc_column_text]<strong><span style=\"color: #0951a6;\">Moderator<\/span><br \/>\nWojciech Jak\u00f3bik<\/strong>, Redaktor naczelny, BiznesAlert.pl<\/p>\n<p><span style=\"color: #0951a6;\"><strong>Paneli\u015bci<\/strong><\/span><\/p>\n<ul>\n<li><strong>Piotr Dobrzy\u0144ski, <\/strong>Zast\u0119pca Dyrektora, Pion Rozwoju Biznesu, Polskie Elektrownie J\u0105drowe Sp. z o.o.<\/li>\n<li><strong>Konrad Szyma\u0144ski<\/strong>, Zast\u0119pca Dyrektora Polskiego Instytutu Ekonomicznego<\/li>\n<li><strong>Dominik Jankowski<\/strong>, Doradca Polityczny, Gabinet Sekretarza Generalnego, NATO<\/li>\n<li><strong>Dawid Jackiewicz<\/strong>, Wiceprezes Zarz\u0105du, ORLEN Synthos Green Energy<\/li>\n<li><strong>Micha\u0142 Kurtyka<\/strong>, COP24 President,\u00a0 Distinguished Fellow of the Atlantic Council<\/li>\n<li><strong>Dr hab. Pawe\u0142 Kowal<\/strong>, prof. ISP PAN, Pose\u0142 na Sejm RP, Cz\u0142onek Rady Fundacji Kaukaskiej<\/li>\n<li><strong>Michalina Sobolewska<\/strong>, Government Relations Advisor, ExxonMobil Central Europe Holding GmbH<\/li>\n<\/ul>\n<p>[\/vc_column_text][\/vc_accordion_tab][\/vc_accordion][\/vc_column][\/vc_row][vc_row css=&#8221;.vc_custom_1587221649734{padding-top: 20px !important;padding-bottom: 20px !important;}&#8221;][vc_column][vc_separator border_width=&#8221;2&#8243;][\/vc_column][\/vc_row][vc_row][vc_column width=&#8221;1\/4&#8243;][vc_column_text]<span style=\"color: #0951a6;\"><strong>13:30 &#8211; 14:30<\/strong><\/span>[\/vc_column_text][\/vc_column][vc_column width=&#8221;3\/4&#8243;][vc_column_text]Lunch[\/vc_column_text][\/vc_column][\/vc_row][vc_row css=&#8221;.vc_custom_1587221649734{padding-top: 20px !important;padding-bottom: 20px !important;}&#8221;][vc_column][vc_separator border_width=&#8221;2&#8243;][\/vc_column][\/vc_row][vc_row gap=&#8221;2&#8243; bg_type=&#8221;bg_color&#8221; bg_color_value=&#8221;#ebf2ff&#8221; css=&#8221;.vc_custom_1693848782219{padding-top: 30px !important;}&#8221;][vc_column][vc_column_text]<\/p>\n<h3 style=\"text-align: center;\"><span style=\"color: #023f88;\"><strong>Sesje Panelowe \u2013 R\u00f3wnoleg\u0142e I, II, III<\/strong><\/span><\/h3>\n<p>[\/vc_column_text][vc_empty_space][\/vc_column][\/vc_row][vc_row gap=&#8221;2&#8243; bg_type=&#8221;bg_color&#8221; bg_color_value=&#8221;#ebf2ff&#8221;][vc_column width=&#8221;1\/3&#8243; css=&#8221;.vc_custom_1693848029627{padding-top: 20px !important;padding-bottom: 20px !important;background-color: #dbe7ff !important;border-radius: 5px !important;}&#8221;][vc_column_text]<\/p>\n<p style=\"text-align: center;\"><b><span style=\"color: #0951a6;\">SALA A<br \/>\n<\/span><\/b><\/p>\n<p>[\/vc_column_text][vc_separator color=&#8221;custom&#8221; css=&#8221;.vc_custom_1693848859088{padding-top: 10px !important;padding-bottom: 10px !important;}&#8221; accent_color=&#8221;#767a91&#8243;][vc_column_text]<b><span style=\"color: #0951a6;\">14:30 &#8211; 14:40<\/span>\u00a0 <\/b>Wyst\u0105pienia[\/vc_column_text][vc_accordion active_tab=&#8221;0&#8243; style=&#8221;3&#8243;][vc_accordion_tab title=&#8221;Wi\u0119cej&#8221;][vc_column_text]<\/p>\n<ul>\n<li><strong>Igor Petryk<\/strong>, Market Development Director, Energy Europe, W\u00e4rtsil\u00e4 Energy \u2013 \u201cPowering Poland&#8217;s future: Optimising power system &amp; district heating for the next decade\u201d<\/li>\n<\/ul>\n<p>[\/vc_column_text][\/vc_accordion_tab][\/vc_accordion][vc_separator color=&#8221;custom&#8221; css=&#8221;.vc_custom_1693848859088{padding-top: 10px !important;padding-bottom: 10px !important;}&#8221; accent_color=&#8221;#767a91&#8243;][vc_column_text]<b><span style=\"color: #0951a6;\">14:40 &#8211; 16:00<\/span>\u00a0 <\/b>Panel dyskusyjny I<\/p>\n<p><b>KSE Przysz\u0142o\u015bci <\/b>&#8211; rozw\u00f3j systemu elektroenergetycznego w czasie transformacji[\/vc_column_text][vc_separator color=&#8221;custom&#8221; css=&#8221;.vc_custom_1693848859088{padding-top: 10px !important;padding-bottom: 10px !important;}&#8221; accent_color=&#8221;#767a91&#8243;][vc_accordion active_tab=&#8221;0&#8243; style=&#8221;3&#8243;][vc_accordion_tab title=&#8221;Zagadnienia&#8221;][vc_column_text]<\/p>\n<ul>\n<li>Kierunki rozwoju europejskiego rynku energii elektrycznej do 2030 oraz wizja zintegrowanego systemu elektroenergetycznego UE w perspektywie 2050<\/li>\n<li>New Electricity Market Design \u2013 jak zapewni\u0107 dost\u0119p do przyst\u0119pnej i konkurencyjnej cenowo energii dla Europejczyk\u00f3w<\/li>\n<li>Rynek mocy jako system rezerw mocy czy samobilansowanie OZE?<\/li>\n<li>Praca systemu elektroenergetycznego z dominuj\u0105c\u0105 rol\u0105 OZE<\/li>\n<li>Market coupling \u2013 szanse i zagro\u017cenia<\/li>\n<li>Przy\u0142\u0105czenie odnawialnych \u017ar\u00f3de\u0142 i magazyn\u00f3w energii do sieci &#8211; stan obecny i perspektywy<\/li>\n<li>Jak innowacje zmieniaj\u0105 zasady pracy system\u00f3w energetycznych? \u2013 rozp\u0142ywy energii odnawialnej w sieciach<\/li>\n<\/ul>\n<p>[\/vc_column_text][\/vc_accordion_tab][\/vc_accordion][vc_accordion active_tab=&#8221;0&#8243; style=&#8221;3&#8243;][vc_accordion_tab title=&#8221;Paneli\u015bci&#8221;][vc_column_text]<strong><span style=\"color: #0951a6;\">Moderator<\/span><br \/>\nProf. dr hab. in\u017c. Konrad \u015awirski<\/strong>, Instytut Techniki Cieplnej, Politechnika Warszawska<\/p>\n<p><span style=\"color: #0951a6;\"><strong>Paneli\u015bci<\/strong><\/span><\/p>\n<ul>\n<li><strong>Prof. dr hab. in\u017c. Waldemar Skomudek<\/strong>, Wydzia\u0142 Elektrotechniki, Automatyki, Informatyki i In\u017cynierii Biomedycznej, Akademia G\u00f3rniczo-Hutnicza w Krakowie<\/li>\n<li><strong>Maciej Przybylski<\/strong>, Dyrektor Departamentu Rozwoju Systemu PSE, Polskie Sieci Elektroenergetyczne SA<\/li>\n<li><strong>Jaros\u0142aw Wr\u00f3bel<\/strong>, Prezes Zarz\u0105du, Energa Obr\u00f3t S.A.<\/li>\n<li><strong>Igor Petryk<\/strong>, Market Development Director, Energy Europe, W\u00e4rtsil\u00e4 Energy<\/li>\n<li><strong>Micha\u0142 Janiszewski<\/strong>, Grid Integration Manager, Better Energy Poland<\/li>\n<li><strong>Grzegorz Onichimowski<\/strong>,\u00a0Cz\u0142onek Eksperckiej Rady ds. Bezpiecze\u0144stwa Energetycznego i Klimatu<\/li>\n<li><strong>Agnieszka Oko\u0144ska<\/strong>, Cz\u0142onek Zarz\u0105du, Stoen Operator (E.ON Group)<\/li>\n<li><strong>Robert Zasina<\/strong>, Dyrektor ds. zarz\u0105dzania Maj\u0105tkiem, TAURON Polska Energia S.A.<\/li>\n<\/ul>\n<p>[\/vc_column_text][\/vc_accordion_tab][\/vc_accordion][\/vc_column][vc_column width=&#8221;1\/3&#8243; css=&#8221;.vc_custom_1693848720035{padding-top: 20px !important;padding-bottom: 20px !important;background-color: #dbe7ff !important;border-radius: 5px !important;}&#8221;][vc_column_text]<\/p>\n<p style=\"text-align: center;\"><b><span style=\"color: #0951a6;\">SALA B<br \/>\n<\/span><\/b><\/p>\n<p>[\/vc_column_text][vc_separator color=&#8221;custom&#8221; css=&#8221;.vc_custom_1693848859088{padding-top: 10px !important;padding-bottom: 10px !important;}&#8221; accent_color=&#8221;#767a91&#8243;][vc_column_text]<b><span style=\"color: #0951a6;\">14:30 &#8211; 14:40<\/span>\u00a0 <\/b>Wyst\u0105pienia[\/vc_column_text][vc_accordion active_tab=&#8221;0&#8243; style=&#8221;3&#8243;][vc_accordion_tab title=&#8221;Wi\u0119cej&#8221;][vc_column_text]<strong>Dr Marcin Sienkiewicz<\/strong>, Wicedyrektor Biura Strategii i Projekt\u00f3w ds. Rynk\u00f3w Gazu, Towarowa Gie\u0142da Energii S.A. \u2013 \u201eEuropejskie rynki gazu w dobie transformacji\u201d[\/vc_column_text][\/vc_accordion_tab][\/vc_accordion][vc_separator color=&#8221;custom&#8221; css=&#8221;.vc_custom_1693848859088{padding-top: 10px !important;padding-bottom: 10px !important;}&#8221; accent_color=&#8221;#767a91&#8243;][vc_column_text]<span style=\"color: #0951a6;\"><b>14:40 &#8211; 16:00<\/b><\/span> Panel dyskusyjny II<\/p>\n<p><strong>Gaz ziemny<\/strong> jako paliwo pomostowe<br \/>\ni <strong>biometan<\/strong> jako odnawialny gaz przysz\u0142o\u015bci[\/vc_column_text][vc_separator color=&#8221;custom&#8221; css=&#8221;.vc_custom_1693848859088{padding-top: 10px !important;padding-bottom: 10px !important;}&#8221; accent_color=&#8221;#767a91&#8243;][vc_accordion active_tab=&#8221;0&#8243; style=&#8221;3&#8243;][vc_accordion_tab title=&#8221;Zagadnienia&#8221;][vc_column_text]<\/p>\n<ul>\n<li>Czynniki geopolityczne kszta\u0142tuj\u0105ce rynek gazu<\/li>\n<li>Dywersyfikacja dostaw gazu do Europy, czyli znaczenie nowych interkonektor\u00f3w gazowych<\/li>\n<li>Polski terminal LNG \u2013 moc regazyfikacyjna i status rozbudowy<\/li>\n<li>Wsp\u00f3lne zakupy gazu dla UE \u2013 jak b\u0119dzie funkcjonowa\u0142a platforma i czy b\u0119dzie stanowi\u0142a skuteczn\u0105 zapor\u0119 przed kryzysem?<\/li>\n<li>Zgodno\u015b\u0107 gazu ziemnego z taksonomi\u0105 UE a przysz\u0142o\u015b\u0107 gaz\u00f3w zdekarbonizowanych<\/li>\n<li>Potencja\u0142 wykorzystania biometanu \u2013 czego potrzebuj\u0105 pierwsze projekty?<\/li>\n<\/ul>\n<p>[\/vc_column_text][\/vc_accordion_tab][\/vc_accordion][vc_accordion active_tab=&#8221;0&#8243; style=&#8221;3&#8243;][vc_accordion_tab title=&#8221;Paneli\u015bci&#8221;][vc_column_text]<strong><span style=\"color: #0951a6;\">Moderator<\/span><br \/>\nJanusz Pietruszy\u0144ski<\/strong>, Redaktor Naczelny, CIRE.pl<\/p>\n<p><span style=\"color: #0951a6;\"><strong>Paneli\u015bci<\/strong><\/span><\/p>\n<ul>\n<li><strong>Katarzyna Harpak<\/strong>, Poland Programme Manager, European Climate Foundation<\/li>\n<li><strong>Jakub Kowalski<\/strong>, Cz\u0142onek Zarz\u0105du ds. operacyjnych,\u00a0Polska Sp\u00f3\u0142ka Gazownictwa Sp. z o.o.<\/li>\n<li><strong>Piotr Zawistowski<\/strong>, Prezes Zarz\u0105du, Towarowa Gie\u0142da Energii S.A.<\/li>\n<li><strong>Leszek Ma\u0144k<\/strong>, Prezes Zarz\u0105du, PGNiG BioEvolution<\/li>\n<li><strong>Artur Zawartko<\/strong>, Wiceprezes Zarz\u0105du, GAZ-SYSTEM S.A.<\/li>\n<li><strong>Leszek Wiwa\u0142a<\/strong>, Prezes-Dyrektor Generalny, POPIHN, Polska Organizacja Przemys\u0142u i Handlu Naftowego<\/li>\n<\/ul>\n<p>[\/vc_column_text][\/vc_accordion_tab][\/vc_accordion][\/vc_column][vc_column width=&#8221;1\/3&#8243; css=&#8221;.vc_custom_1693848733904{padding-top: 20px !important;padding-bottom: 20px !important;background-color: #dbe7ff !important;border-radius: 5px !important;}&#8221;][vc_column_text]<\/p>\n<p style=\"text-align: center;\"><b><span style=\"color: #0951a6;\">SALA C<br \/>\n<\/span><\/b><\/p>\n<p>[\/vc_column_text][vc_separator color=&#8221;custom&#8221; css=&#8221;.vc_custom_1693848859088{padding-top: 10px !important;padding-bottom: 10px !important;}&#8221; accent_color=&#8221;#767a91&#8243;][vc_column_text]<b><span style=\"color: #0951a6;\">14:30 &#8211; 14:40<\/span>\u00a0 <\/b>Wyst\u0105pienia[\/vc_column_text][vc_accordion active_tab=&#8221;0&#8243; style=&#8221;3&#8243;][vc_accordion_tab title=&#8221;Wi\u0119cej&#8221;][vc_column_text]<\/p>\n<ul>\n<li><strong>Lidia Kr\u00f3l<\/strong>, Dyrektor, Departament Geologii i Koncesji Geologicznych, Ministerstwo Klimatu i \u015arodowiska<\/li>\n<\/ul>\n<p>[\/vc_column_text][\/vc_accordion_tab][\/vc_accordion][vc_separator color=&#8221;custom&#8221; css=&#8221;.vc_custom_1693848859088{padding-top: 10px !important;padding-bottom: 10px !important;}&#8221; accent_color=&#8221;#767a91&#8243;][vc_column_text]<span style=\"color: #0951a6;\"><b>14:40 &#8211; 16:00 <\/b><\/span>Panel dyskusyjny III<\/p>\n<p><b>Perspektywa dla w\u0119gla w energetyce &#8211; rola technologii CCS\/U<\/b> w dekarbonizacji energetyki i przemys\u0142u[\/vc_column_text][vc_separator color=&#8221;custom&#8221; css=&#8221;.vc_custom_1693848859088{padding-top: 10px !important;padding-bottom: 10px !important;}&#8221; accent_color=&#8221;#767a91&#8243;][vc_accordion active_tab=&#8221;0&#8243; style=&#8221;3&#8243;][vc_accordion_tab title=&#8221;Zagadnienia&#8221;][vc_column_text]<\/p>\n<ul>\n<li>Status technologie wychwytu, transportu, utylizacji i sk\u0142adowania dwutlenku w\u0119gla (CCUS, z ang. Carbon Capture, Utilization and Storage) na \u015bwiecie i dzia\u0142ania podejmowane w Polsce<\/li>\n<li>Misja i cele strategiczne pa\u0144stwa polskiego wobec technologii CCUS<\/li>\n<li>Klastry energetyczno-przemys\u0142owe technologii CCUS<\/li>\n<li>Aspekty prawne i mo\u017cliwo\u015bci finansowania projekt\u00f3w CCSU w Polsce<\/li>\n<li>Rozwi\u0105zania technologiczne w obszarze wychwyty CO2<\/li>\n<li>Aspekty technologiczne transportu i sk\u0142adowania CO2<\/li>\n<li>Integracja technologii CCS w przemy\u015ble cementowym i wapienniczym<\/li>\n<li>CCS w hutnictwie \u017celaza i miedzi<\/li>\n<li>CCSU a gospodarka wodorowa<\/li>\n<\/ul>\n<p>[\/vc_column_text][\/vc_accordion_tab][\/vc_accordion][vc_accordion active_tab=&#8221;0&#8243; style=&#8221;3&#8243;][vc_accordion_tab title=&#8221;Paneli\u015bci&#8221;][vc_column_text]<strong><span style=\"color: #0951a6;\">Moderator<\/span><br \/>\nProf. dr hab. in\u017c. Wojciech Nowak<\/strong>, Centrum Energetyki AGH, Akademia G\u00f3rniczo-Hutnicza w Krakowie<\/p>\n<p><span style=\"color: #0951a6;\"><strong>Paneli\u015bci<\/strong><\/span><\/p>\n<ul>\n<li><strong>Lidia Kr\u00f3l<\/strong>, Dyrektor, Departament Geologii i Koncesji Geologicznych, Ministerstwo Klimatu i \u015arodowiska<\/li>\n<li><strong>Waldemar Szulc<\/strong>, Dyrektor Biura, Towarzystwo Gospodarcze Polskie Elektrownie<\/li>\n<li><strong>Dr Szczepan Polak<\/strong>, Principal Business Developer, Equinor<\/li>\n<li><strong>Dariusz Dumkiewicz<\/strong>, Zast\u0119pca Prezesa Zarz\u0105du ds. handlu i inwestycji, LW Bogdanka SA<\/li>\n<li><strong>Anna Stri\u017cyk<\/strong>, Dyrektor Departamentu Zarz\u0105dzania Strategi\u0105 i Rozwojem, Grupa Enea<\/li>\n<\/ul>\n<p>[\/vc_column_text][\/vc_accordion_tab][\/vc_accordion][\/vc_column][\/vc_row][vc_row css=&#8221;.vc_custom_1587221649734{padding-top: 20px !important;padding-bottom: 20px !important;}&#8221;][vc_column][vc_separator border_width=&#8221;2&#8243;][\/vc_column][\/vc_row][vc_row bg_type=&#8221;bg_color&#8221;][vc_column width=&#8221;1\/4&#8243;][vc_column_text]<span style=\"color: #0951a6;\"><strong>16:00 &#8211; 16:30<br \/>\n<\/strong><\/span>[\/vc_column_text][\/vc_column][vc_column width=&#8221;3\/4&#8243;][vc_column_text]Przerwa kawowa[\/vc_column_text][\/vc_column][\/vc_row][vc_row css=&#8221;.vc_custom_1587221649734{padding-top: 20px !important;padding-bottom: 20px !important;}&#8221;][vc_column][vc_separator border_width=&#8221;2&#8243;][\/vc_column][\/vc_row][vc_row gap=&#8221;2&#8243; bg_type=&#8221;bg_color&#8221; bg_color_value=&#8221;#ebf2ff&#8221; css=&#8221;.vc_custom_1693848782219{padding-top: 30px !important;}&#8221;][vc_column][vc_column_text]<\/p>\n<h3 style=\"text-align: center;\"><span style=\"color: #023f88;\"><strong>Sesje Panelowe \u2013 R\u00f3wnoleg\u0142e I, II, III<\/strong><\/span><\/h3>\n<p>[\/vc_column_text][vc_empty_space][\/vc_column][\/vc_row][vc_row gap=&#8221;2&#8243; bg_type=&#8221;bg_color&#8221; bg_color_value=&#8221;#ebf2ff&#8221;][vc_column width=&#8221;1\/3&#8243; css=&#8221;.vc_custom_1693848029627{padding-top: 20px !important;padding-bottom: 20px !important;background-color: #dbe7ff !important;border-radius: 5px !important;}&#8221;][vc_column_text]<\/p>\n<p style=\"text-align: center;\"><b><span style=\"color: #0951a6;\">SALA A<br \/>\n<\/span><\/b><\/p>\n<p>[\/vc_column_text][vc_separator color=&#8221;custom&#8221; css=&#8221;.vc_custom_1693848859088{padding-top: 10px !important;padding-bottom: 10px !important;}&#8221; accent_color=&#8221;#767a91&#8243;][vc_column_text]<span style=\"color: #0951a6;\"><b>16:30 &#8211; 16:40<\/b><\/span> Wyst\u0105pienia[\/vc_column_text][vc_accordion active_tab=&#8221;0&#8243; style=&#8221;3&#8243;][vc_accordion_tab title=&#8221;Wi\u0119cej&#8221;][vc_column_text]<\/p>\n<ul>\n<li><strong>Janusz Gajowiecki<\/strong>, Prezes Zarz\u0105du, Polskie Stowarzyszenie Energetyki Wiatrowej<\/li>\n<\/ul>\n<p>[\/vc_column_text][\/vc_accordion_tab][\/vc_accordion][vc_separator color=&#8221;custom&#8221; css=&#8221;.vc_custom_1693848859088{padding-top: 10px !important;padding-bottom: 10px !important;}&#8221; accent_color=&#8221;#767a91&#8243;][vc_column_text]<span style=\"color: #0951a6;\"><b>16:40 &#8211; 18:00<\/b><\/span> Panel dyskusyjny I<\/p>\n<p><b>Onshore<\/b><b> i <\/b><b>offshore<\/b> \u2013 uwolnienie potencja\u0142u energetyki wiatrowej na l\u0105dzie i status rozwoju projekt\u00f3w na morzu[\/vc_column_text][vc_empty_space height=&#8221;26px&#8221;][vc_separator color=&#8221;custom&#8221; css=&#8221;.vc_custom_1693848859088{padding-top: 10px !important;padding-bottom: 10px !important;}&#8221; accent_color=&#8221;#767a91&#8243;][vc_accordion active_tab=&#8221;0&#8243; style=&#8221;3&#8243;][vc_accordion_tab title=&#8221;Zagadnienia&#8221;][vc_column_text]<\/p>\n<ul>\n<li>Strategia UE na rzecz rozwoju morskiej energetyki odnawialnej neutralnej dla klimatu<\/li>\n<li>Ekspansja wiatrowa w basenie Morza Ba\u0142tyckiego i rola porozumie\u0144 sektorowych z pa\u0144stwami ba\u0142tyckimi<\/li>\n<li>Status projekt\u00f3w offshore na polskich wodach Ba\u0142tyku \u2013 wyniki postepowania rozstrzygaj\u0105cego a gotowo\u015b\u0107 terminalu instalacyjnego<\/li>\n<li>Nowe szerokie znaczenie \u201eoffshore\u201d: morskie farmy wiatrowe, p\u0142ywaj\u0105ce farmy wiatrowe, energia oceaniczna, wyspy energetyczne<\/li>\n<li>\u0141a\u0144cuch dostaw dla morskiej energetyki wiatrowej \u2013 czy dostawcy zagraniczni wzmocni\u0105 polski offshore a szansa dla polskiego local content<\/li>\n<li>Systemy wsparcia oraz modele kontraktowania energii z offshore \u2013 umowy PPA i dobre praktyki globalnych lider\u00f3w<\/li>\n<\/ul>\n<p>[\/vc_column_text][\/vc_accordion_tab][\/vc_accordion][vc_accordion active_tab=&#8221;0&#8243; style=&#8221;3&#8243;][vc_accordion_tab title=&#8221;Paneli\u015bci&#8221;][vc_column_text]<strong><span style=\"color: #0951a6;\">Moderator<\/span><br \/>\nPawe\u0142 Wr\u00f3bel<\/strong>, Dyrektor Zarz\u0105dzaj\u0105cy, BalticWindEU<\/p>\n<p><span style=\"color: #0951a6;\"><strong>Paneli\u015bci<\/strong><\/span><\/p>\n<ul>\n<li><strong>Piotr St\u0119pi\u0144ski<\/strong>, Kierownik Zespo\u0142u do Spraw Monitorowania Rozwoju Rynku Odnawialnych \u0179r\u00f3de\u0142 Energii, Departament Odnawialnych \u0179r\u00f3de\u0142 Energii, Ministerstwo Klimatu i \u015arodowiska<\/li>\n<li><strong>Alicja Chili\u0144ska-Zawadzka<\/strong>, Dyrektor Generalna, EDF Renewables Polska<\/li>\n<li><strong>Katarzyna Suchcicka<\/strong>, Dyrektor Zarz\u0105dzaj\u0105cy, Dyrektor Generalny, OX2 Polska<\/li>\n<li><strong>Rafa\u0142 Hajduk<\/strong>, Partner, Kancelaria prawna Doma\u0144ski Zakrzewski Palinka (DZP)<\/li>\n<li><strong>Janusz Gajowiecki<\/strong>, Prezes zarz\u0105du, Polskie Stowarzyszenie Energetyki Wiatrowej<\/li>\n<li><strong>Monika Morawiecka<\/strong>, Senior Advisor, Regulatory Assistance Project (RAP),\u00a0Cz\u0142onkini Eksperckiej Rady ds. Bezpiecze\u0144stwa Energetycznego i Klimatu<\/li>\n<\/ul>\n<p>[\/vc_column_text][\/vc_accordion_tab][\/vc_accordion][\/vc_column][vc_column width=&#8221;1\/3&#8243; css=&#8221;.vc_custom_1693848720035{padding-top: 20px !important;padding-bottom: 20px !important;background-color: #dbe7ff !important;border-radius: 5px !important;}&#8221;][vc_column_text]<\/p>\n<p style=\"text-align: center;\"><b><span style=\"color: #0951a6;\">SALA B<\/span><\/b><\/p>\n<p>[\/vc_column_text][vc_separator color=&#8221;custom&#8221; css=&#8221;.vc_custom_1693848859088{padding-top: 10px !important;padding-bottom: 10px !important;}&#8221; accent_color=&#8221;#767a91&#8243;][vc_column_text]<span style=\"color: #0951a6;\"><b>16:30 &#8211; 16:50<\/b><\/span> Wyst\u0105pienia[\/vc_column_text][vc_accordion active_tab=&#8221;0&#8243; style=&#8221;3&#8243;][vc_accordion_tab title=&#8221;Wi\u0119cej&#8221;][vc_column_text]<\/p>\n<ul>\n<li><strong>Tomasz Kozar<\/strong>, Cloud Technology Lead, Microsoft Polska \u2013 \u201eInternet rzeczy w inteligentnym mie\u015bcie\u201d<\/li>\n<li><strong>Sorin Lupu<\/strong>, Sales &amp; BD Executive, Business Development Division, Israel Electric Corporation\u00a0\u2013 \u201c360<sup>o <\/sup>Electricity Security\u201d<\/li>\n<\/ul>\n<p>[\/vc_column_text][\/vc_accordion_tab][\/vc_accordion][vc_separator color=&#8221;custom&#8221; css=&#8221;.vc_custom_1693848859088{padding-top: 10px !important;padding-bottom: 10px !important;}&#8221; accent_color=&#8221;#767a91&#8243;][vc_column_text]<span style=\"color: #0951a6;\"><b>16:50 &#8211; 18:00<\/b><\/span> Panel dyskusyjny II<br \/>\n<b><\/b><\/p>\n<p><b>Tranzycja cyfrowo energetyczna <\/b>\u2013 sztuczna inteligencja i cyberbezpiecze\u0144stwo w systemach energetycznych[\/vc_column_text][vc_separator color=&#8221;custom&#8221; css=&#8221;.vc_custom_1693848859088{padding-top: 10px !important;padding-bottom: 10px !important;}&#8221; accent_color=&#8221;#767a91&#8243;][vc_accordion active_tab=&#8221;0&#8243; style=&#8221;3&#8243;][vc_accordion_tab title=&#8221;Zagadnienia&#8221;][vc_column_text]<\/p>\n<ul>\n<li>Nowe modele biznesowe projekt\u00f3w energetycznych w ekosystemie cyfrowym<\/li>\n<li>Bezpiecze\u0144stwo energetyczne a inteligentne sieci i interoperacyjne systemy zarz\u0105dzania energi\u0105<\/li>\n<li>Transformacja energetyczna wobec cyfryzacji \u2013 wirtualny prosument, smart grid, smart metering i rozwi\u0105zania przysz\u0142o\u015bci<\/li>\n<li>Blockchain a transakcje prosumenckie<\/li>\n<li>Multichmura, czyli nie ma powrotu do energetyki analogowej \u2013 szanse i ryzyka<\/li>\n<\/ul>\n<p>[\/vc_column_text][\/vc_accordion_tab][\/vc_accordion][vc_accordion active_tab=&#8221;0&#8243; style=&#8221;3&#8243;][vc_accordion_tab title=&#8221;Paneli\u015bci&#8221;][vc_column_text]<span style=\"color: #0951a6;\"><strong>Moderator<\/strong><\/span><\/p>\n<ul>\n<li><strong>Dariusz Kryczka<\/strong>, Starszy Menad\u017cer w Kancelarii EY Law w Zespole Energetyki i Zr\u00f3wnowa\u017conego Rozwoju, EY Polska<\/li>\n<\/ul>\n<p><span style=\"color: #0951a6;\"><strong>Paneli\u015bci<\/strong><\/span><\/p>\n<ul>\n<li><strong>S\u0142awomir Krenczyk<\/strong>, Dyrektor Wykonawczy i Cz\u0142onek Zarz\u0105du, Fundacja im. Kazimierza Pu\u0142askiego<\/li>\n<li><strong>Tomasz Niebylski<\/strong>, ATU Lead &#8211; Utilities, Telco, Manufacturing, Microsoft Polska<\/li>\n<li><strong>Aleksandra Mi\u0142ob\u0119dzka<\/strong>, Kierowniczka ds. Rozwoju, WiseEuropa<\/li>\n<li><strong>Henryk Mucha<\/strong>, Prezes Zarz\u0105du PGNiG Obr\u00f3t Detaliczny Sp. z o.o.<\/li>\n<li><strong>Miros\u0142aw Skowron<\/strong>, Prezes Zarz\u0105du, PERN S.A.<\/li>\n<li><strong>Mariusz Kolanko<\/strong>, Wsp\u00f3\u0142za\u0142o\u017cyciel, Startup byteLAKE<\/li>\n<li><strong>Dr in\u017c. Wojciech My\u015blecki<\/strong>, prof. honorowy UP, Przewodnicz\u0105cy Rady Nadzorczej Ekoenergetyka-Polska SA<\/li>\n<\/ul>\n<p>[\/vc_column_text][\/vc_accordion_tab][\/vc_accordion][\/vc_column][vc_column width=&#8221;1\/3&#8243; css=&#8221;.vc_custom_1693848733904{padding-top: 20px !important;padding-bottom: 20px !important;background-color: #dbe7ff !important;border-radius: 5px !important;}&#8221;][vc_column_text]<\/p>\n<p style=\"text-align: center;\"><b><span style=\"color: #0951a6;\">SALA C<\/span><\/b><\/p>\n<p>[\/vc_column_text][vc_separator color=&#8221;custom&#8221; css=&#8221;.vc_custom_1693848859088{padding-top: 10px !important;padding-bottom: 10px !important;}&#8221; accent_color=&#8221;#767a91&#8243;][vc_column_text]<span style=\"color: #0951a6;\"><b>16:30 &#8211; 16:40<\/b><\/span> Wyst\u0105pienia[\/vc_column_text][vc_accordion active_tab=&#8221;0&#8243; style=&#8221;3&#8243;][vc_accordion_tab title=&#8221;Wi\u0119cej&#8221;][vc_column_text]<\/p>\n<ul>\n<li><strong>Andrzej Ka\u017amierski<\/strong>, Dyrektor Departamentu Gospodarki Niskoemisyjnej, Ministerstwo Rozwoju i Technologii \u2013 \u201eEnergetyka przemys\u0142owa jako klucz do transformacji energetycznej\u201d<\/li>\n<\/ul>\n<p>[\/vc_column_text][\/vc_accordion_tab][\/vc_accordion][vc_separator color=&#8221;custom&#8221; css=&#8221;.vc_custom_1693848859088{padding-top: 10px !important;padding-bottom: 10px !important;}&#8221; accent_color=&#8221;#767a91&#8243;][vc_column_text]<span style=\"color: #0951a6;\"><b>16:40 &#8211; 18:00\u00a0<\/b><\/span>Panel dyskusyjny III<br \/>\n<b><\/b><\/p>\n<p><b>Zielony przemys\u0142<\/b> \u2013 jak efektywnie wykorzysta\u0107 energi\u0119 odnawialn\u0105 w przemy\u015ble?[\/vc_column_text][vc_empty_space height=&#8221;26px&#8221;][vc_separator color=&#8221;custom&#8221; css=&#8221;.vc_custom_1693848859088{padding-top: 10px !important;padding-bottom: 10px !important;}&#8221; accent_color=&#8221;#767a91&#8243;][vc_accordion active_tab=&#8221;0&#8243; style=&#8221;3&#8243;][vc_accordion_tab title=&#8221;Zagadnienia&#8221;][vc_column_text]<\/p>\n<ul>\n<li>Strategie zr\u00f3wnowa\u017conego zarz\u0105dzania energi\u0105 a rozw\u00f3j przedsi\u0119biorstw<\/li>\n<li>Konkurencyjno\u015b\u0107 polskiego przemys\u0142u w \u015bwietle unijnej strategii neutralno\u015bci klimatycznej<\/li>\n<li>Rozw\u00f3j przemys\u0142u w neutralnej i zasobooszcz\u0119dnej gospodarce<\/li>\n<li>System monitorowania efektywno\u015bci energetycznej w sektorach energoch\u0142onnych (<em>case studies<\/em>)<\/li>\n<li>Korporacyjne umowy cPPA jako nowy spos\u00f3b finansowania inwestycji w OZE podmiot\u00f3w przemys\u0142owych<\/li>\n<li>Obowi\u0105zki raportowania zgodnie z taksonomi\u0105 UE \u2013 wyzwania dla przemys\u0142u a oczekiwania zwi\u0105zane ze spo\u0142eczn\u0105 odpowiedzialno\u015bci\u0105 biznesu<\/li>\n<li>Niezale\u017cno\u015b\u0107 energetyczna a bilans ekonomiczny \u2013 motywacja przedsi\u0119biorstw do zielonej transformacji<\/li>\n<\/ul>\n<p>[\/vc_column_text][\/vc_accordion_tab][\/vc_accordion][vc_accordion active_tab=&#8221;0&#8243; style=&#8221;3&#8243;][vc_accordion_tab title=&#8221;Paneli\u015bci&#8221;][vc_column_text]<strong><span style=\"color: #0951a6;\">Moderator<\/span><br \/>\nDr hab. Mariusz Swora<\/strong>, Kancelaria Swora Legal, cz\u0142onek rady doradc\u00f3w strategicznych, Europejskie Stowarzyszenie Regulator\u00f3w ERRA<\/p>\n<p><span style=\"color: #0951a6;\"><strong>Paneli\u015bci<\/strong><\/span><\/p>\n<ul>\n<li><strong>W\u0142odzimierz Ehrenhalt<\/strong>, G\u0142\u00f3wny Ekspert ZPP ds. Energetyki, Zwi\u0105zek Przedsi\u0119biorc\u00f3w i Pracodawc\u00f3w<\/li>\n<li><strong>Anna Kornecka<\/strong>, Prezes zarz\u0105du, ESG Impact Network<\/li>\n<li><strong>Aleksandra Czopik-Barecka<\/strong>, Adwokat, radca prawny, Head of Energy &amp; Compliance, RUBICON Kancelaria Radc\u00f3w Prawnych i Adwokat\u00f3w<\/li>\n<li><strong>Mariusz Wawer<\/strong>, Head of Governmental Relations &amp; ESG, 3M East Europe Region<\/li>\n<li><strong>Micha\u0142 Obiega\u0142a<\/strong>, Director of Corporate Affairs &amp; Communications Poland, Strategic Projects Europe, BP<\/li>\n<li><strong>Piotr Podg\u00f3rski<\/strong>, Dyrektor Naczelny ds. Transformacji, KGHM Polska Mied\u017a S.A.<\/li>\n<li><strong>Artur Warzocha<\/strong>, Wiceprezes Zarz\u0105du ds. Korporacyjnych, TAURON Polska Energia S.A.<\/li>\n<li><strong>Andrzej Ka\u017amierski<\/strong>, Dyrektor Departamentu Gospodarki Niskoemisyjnej, Ministerstwo Rozwoju i Technologii<\/li>\n<\/ul>\n<p>[\/vc_column_text][\/vc_accordion_tab][\/vc_accordion][\/vc_column][\/vc_row][vc_row css=&#8221;.vc_custom_1587221649734{padding-top: 20px !important;padding-bottom: 20px !important;}&#8221;][vc_column][vc_separator border_width=&#8221;2&#8243;][\/vc_column][\/vc_row][vc_row bg_type=&#8221;bg_color&#8221;][vc_column width=&#8221;1\/4&#8243;][vc_column_text]<span style=\"color: #0951a6;\"><strong>18:00<\/strong><\/span>[\/vc_column_text][\/vc_column][vc_column width=&#8221;3\/4&#8243;][vc_column_text]Podsumowanie pierwszego dnia Kongresu Energetycznego[\/vc_column_text][\/vc_column][\/vc_row][vc_row css=&#8221;.vc_custom_1587221649734{padding-top: 20px !important;padding-bottom: 20px !important;}&#8221;][vc_column][vc_separator border_width=&#8221;2&#8243;][\/vc_column][\/vc_row][vc_row el_id=&#8221;dzien2&#8243;][vc_column][vc_empty_space height=&#8221;80px&#8221;][\/vc_column][\/vc_row][vc_row full_width=&#8221;stretch_row&#8221; bg_type=&#8221;bg_color&#8221;][vc_column width=&#8221;1\/2&#8243; css=&#8221;.vc_custom_1594929552710{padding-bottom: 20px !important;}&#8221;][vc_btn title=&#8221;DZIE\u0143 I \/ 27.09.2023 r.&#8221; style=&#8221;classic&#8221; color=&#8221;blue&#8221; size=&#8221;lg&#8221; align=&#8221;center&#8221; i_align=&#8221;right&#8221; i_icon_fontawesome=&#8221;fa fa-chevron-right&#8221; add_icon=&#8221;true&#8221; link=&#8221;url:https%3A%2F%2Fdise.org.pl%2Fkongres%2Fedycja-2023%2F%23dzien1%20|||&#8221;][\/vc_column][vc_column width=&#8221;1\/2&#8243; css=&#8221;.vc_custom_1594929422936{padding-bottom: 20px !important;}&#8221;][vc_btn title=&#8221;DZIE\u0143 II \/ 28.09.2023 r.&#8221; style=&#8221;classic&#8221; color=&#8221;blue&#8221; size=&#8221;lg&#8221; align=&#8221;center&#8221; i_align=&#8221;right&#8221; i_icon_fontawesome=&#8221;fa fa-chevron-down&#8221; add_icon=&#8221;true&#8221; link=&#8221;url:https%3A%2F%2Fdise.org.pl%2Fkongres%2Fedycja-2023%2F%23dzien2%20|||&#8221;][\/vc_column][\/vc_row][vc_row][vc_column][vc_empty_space height=&#8221;30px&#8221;][\/vc_column][\/vc_row][vc_row bg_type=&#8221;bg_color&#8221; bg_color_value=&#8221;#023f88&#8243; css=&#8221;.vc_custom_1594930062352{padding-top: 20px !important;padding-bottom: 20px !important;}&#8221;][vc_column][vc_column_text]<\/p>\n<h2 style=\"text-align: center;\"><strong><span style=\"color: #ffffff;\">IX KONGRES ENERGETYCZNY DZIE\u0143 II<\/span><br \/>\n<\/strong><\/h2>\n<p>[\/vc_column_text][\/vc_column][\/vc_row][vc_row][vc_column][vc_empty_space height=&#8221;15&#8243;][\/vc_column][\/vc_row][vc_row bg_type=&#8221;bg_color&#8221; css=&#8221;.vc_custom_1693820488748{padding-top: 20px !important;padding-bottom: 20px !important;}&#8221; bg_color_value=&#8221;#ebf2ff&#8221;][vc_column width=&#8221;1\/4&#8243;][vc_column_text]<span style=\"color: #0951a6;\"><strong>9:00 &#8211; 9:20<\/strong><\/span>[\/vc_column_text][\/vc_column][vc_column width=&#8221;3\/4&#8243;][vc_column_text]<b>Sesja otwieraj\u0105ca dzie\u0144 II<\/b>[\/vc_column_text][vc_separator color=&#8221;custom&#8221; css=&#8221;.vc_custom_1693848859088{padding-top: 10px !important;padding-bottom: 10px !important;}&#8221; accent_color=&#8221;#767a91&#8243;][vc_accordion active_tab=&#8221;0&#8243; style=&#8221;3&#8243;][vc_accordion_tab title=&#8221;Wyst\u0105pienie&#8221;][vc_column_text]<\/p>\n<ul>\n<li><strong>Stefano Cabras<\/strong>, Policy Officer, Energy Platform Task Force, DG ENER, European Commission \u2013 \u201cThe EU Energy Transformation\u201d<\/li>\n<li><strong>Marcin Roszkowski<\/strong> \u201eIndeks bezpiecze\u0144stwa energetycznego\u201d, Prezes Instytutu Jagiello\u0144skiego<\/li>\n<\/ul>\n<p>[\/vc_column_text][\/vc_accordion_tab][\/vc_accordion][\/vc_column][\/vc_row][vc_row][vc_column][vc_empty_space height=&#8221;15&#8243;][\/vc_column][\/vc_row][vc_row bg_type=&#8221;bg_color&#8221; css=&#8221;.vc_custom_1693820488748{padding-top: 20px !important;padding-bottom: 20px !important;}&#8221; bg_color_value=&#8221;#ebf2ff&#8221;][vc_column width=&#8221;1\/4&#8243;][vc_column_text]<span style=\"color: #0951a6;\"><strong>9:20 &#8211; 9:40 <\/strong><\/span>[\/vc_column_text][\/vc_column][vc_column width=&#8221;3\/4&#8243;][vc_column_text]<strong>Sesja G\u0142\u00f3wna<\/strong>[\/vc_column_text][vc_accordion active_tab=&#8221;0&#8243; style=&#8221;3&#8243;][vc_accordion_tab title=&#8221;Wyst\u0105pienia&#8221;][vc_column_text]<\/p>\n<ul>\n<li><strong>Beata Daszy\u0144ska-Muzyczka<\/strong>, Prezes Zarz\u0105du, Bank Gospodarstwa Krajowego &#8211; \u201eRola BGK we wspieraniu transformacji energetycznej kraju&#8221;<\/li>\n<li><strong>Grzegorz Rabsztyn<\/strong>, Dyrektor Biura Europejskiego Banku Inwestycyjnego w Warszawie<\/li>\n<\/ul>\n<p>[\/vc_column_text][\/vc_accordion_tab][\/vc_accordion][vc_separator color=&#8221;custom&#8221; css=&#8221;.vc_custom_1693848859088{padding-top: 10px !important;padding-bottom: 10px !important;}&#8221; accent_color=&#8221;#767a91&#8243;][\/vc_column][\/vc_row][vc_row bg_type=&#8221;bg_color&#8221; css=&#8221;.vc_custom_1693820488748{padding-top: 20px !important;padding-bottom: 20px !important;}&#8221; bg_color_value=&#8221;#ebf2ff&#8221;][vc_column width=&#8221;1\/4&#8243;][vc_column_text]<span style=\"color: #0951a6;\"><strong>9:40 &#8211; 11:00 <\/strong><\/span>[\/vc_column_text][\/vc_column][vc_column width=&#8221;3\/4&#8243;][vc_column_text]Panel dyskusyjny: <strong>Finansowanie transformacji energetycznej \u2013 zielone priorytety instytucji finansowych<\/strong>[\/vc_column_text][vc_separator color=&#8221;custom&#8221; css=&#8221;.vc_custom_1693848859088{padding-top: 10px !important;padding-bottom: 10px !important;}&#8221; accent_color=&#8221;#767a91&#8243;][vc_accordion active_tab=&#8221;0&#8243; style=&#8221;3&#8243;][vc_accordion_tab title=&#8221;Zagadnienia&#8221;][vc_column_text]<\/p>\n<ul>\n<li>Sprawiedliwa transformacja, czyli kto mo\u017ce liczy\u0107 na najwi\u0119ksze wsparcie?<\/li>\n<li>Zielone finanse w otoczeniu makroekonomicznym motywacj\u0105 do transformacji polskiej energetyki<\/li>\n<li>Sposoby zarz\u0105dzania ryzykiem klimatycznym inwestor\u00f3w instytucjonalnych i detalicznych<\/li>\n<li>Projekty net zero i zero-waste w \u015bwietle realizacji celu Europy neutralnej dla klimatu<\/li>\n<li>Bariery, korzy\u015bci i dobre praktyki instytucji finansowych w rozwijaniu oferty zielonych produkt\u00f3w<\/li>\n<li>Rola sektora finansowego w promowaniu zielonych inwestycji \u2013 czy projekty ekologiczne s\u0105 ekonomiczne?<\/li>\n<li>Wymogi bankowe dla modeli PPA \u2013 jak sprawi\u0107, aby cPPA sta\u0142 si\u0119 nowym standardem dostaw czystej energii?<\/li>\n<\/ul>\n<p>[\/vc_column_text][\/vc_accordion_tab][\/vc_accordion][vc_accordion active_tab=&#8221;0&#8243; style=&#8221;3&#8243;][vc_accordion_tab title=&#8221;Paneli\u015bci&#8221;][vc_column_text]<strong>Moderator<\/strong><\/p>\n<p><strong>Dominika Tarczy\u0144ska<\/strong>, Dziennikarka, Stowarzyszenie Program Czysta Polska, Polsat News<\/p>\n<p>Paneli\u015bci<\/p>\n<ul>\n<li><strong>Artur Michalski<\/strong>, Wiceprezes Zarz\u0105du, Narodowy Fundusz Ochrony \u015arodowiska i Gospodarki Wodnej<\/li>\n<li><strong>Pawe\u0142 Str\u0105czy\u0144ski<\/strong>, Wiceprezes Zarz\u0105du, Bank Pekao SA<\/li>\n<li><strong>Andrzej Kopyrski<\/strong>, Wiceprezes Zarz\u0105du Banku, PKO Bank Polski<\/li>\n<li><strong>Joanna Smolik<\/strong>, Dyrektor Departamentu Relacji Strategicznych, Bank Gospodarstwa Krajowego<\/li>\n<li><strong>Alina Wo\u0142oszyn<\/strong>, Partner, Szef dzia\u0142u Deal Advisory, KPMG w Polsce<\/li>\n<li><strong>Anna Chmielewska<\/strong>, Associate Director, Senior Banker, European Bank for Reconstruction and Development<\/li>\n<li><strong>Grzegorz Rabsztyn<\/strong>, Dyrektor Biura Europejskiego Banku Inwestycyjnego w Warszawie<\/li>\n<\/ul>\n<p>[\/vc_column_text][\/vc_accordion_tab][\/vc_accordion][\/vc_column][\/vc_row][vc_row css=&#8221;.vc_custom_1587221649734{padding-top: 20px !important;padding-bottom: 20px !important;}&#8221;][vc_column][vc_separator border_width=&#8221;2&#8243;][\/vc_column][\/vc_row][vc_row bg_type=&#8221;bg_color&#8221;][vc_column width=&#8221;1\/4&#8243;][vc_column_text]<span style=\"color: #0951a6;\"><strong>11:00 &#8211; 11:30 <\/strong><\/span>[\/vc_column_text][\/vc_column][vc_column width=&#8221;3\/4&#8243;][vc_column_text]Przerwa kawowa[\/vc_column_text][\/vc_column][\/vc_row][vc_row css=&#8221;.vc_custom_1587221649734{padding-top: 20px !important;padding-bottom: 20px !important;}&#8221;][vc_column][vc_separator border_width=&#8221;2&#8243;][\/vc_column][\/vc_row][vc_row bg_type=&#8221;bg_color&#8221; bg_color_value=&#8221;#ebf2ff&#8221; css=&#8221;.vc_custom_1693828828163{padding-top: 30px !important;}&#8221;][vc_column][vc_column_text]<\/p>\n<h3 style=\"text-align: center;\"><span style=\"color: #023f88;\"><strong>Sesje Panelowe \u2013 R\u00f3wnoleg\u0142e I, II, III<\/strong><\/span><\/h3>\n<p>[\/vc_column_text][vc_empty_space][\/vc_column][\/vc_row][vc_row gap=&#8221;2&#8243; bg_type=&#8221;bg_color&#8221; bg_color_value=&#8221;#ebf2ff&#8221;][vc_column width=&#8221;1\/3&#8243; css=&#8221;.vc_custom_1693848029627{padding-top: 20px !important;padding-bottom: 20px !important;background-color: #dbe7ff !important;border-radius: 5px !important;}&#8221;][vc_column_text]<\/p>\n<p style=\"text-align: center;\"><b><span style=\"color: #0951a6;\">SALA A<br \/>\n<\/span><\/b><\/p>\n<p>[\/vc_column_text][vc_separator color=&#8221;custom&#8221; css=&#8221;.vc_custom_1693848859088{padding-top: 10px !important;padding-bottom: 10px !important;}&#8221; accent_color=&#8221;#767a91&#8243;][vc_column_text]<span style=\"color: #0951a6;\"><b>11:30 &#8211; 11:50<\/b><\/span> Wyst\u0105pienia[\/vc_column_text][vc_accordion active_tab=&#8221;0&#8243; style=&#8221;3&#8243;][vc_accordion_tab title=&#8221;Wi\u0119cej&#8221;][vc_column_text]<\/p>\n<ul>\n<li><strong>Andrzej G\u0142owacki<\/strong>, Prezes, Pa\u0144stwowa Agencja Atomistyki<\/li>\n<li><strong>David A. Wright<\/strong>, Commissioner, U.S. NRC Nuclear Regulatory Commission<\/li>\n<\/ul>\n<p>[\/vc_column_text][\/vc_accordion_tab][\/vc_accordion][vc_separator color=&#8221;custom&#8221; css=&#8221;.vc_custom_1693848859088{padding-top: 10px !important;padding-bottom: 10px !important;}&#8221; accent_color=&#8221;#767a91&#8243;][vc_column_text]<span style=\"color: #0951a6;\"><b>11:50 &#8211; 13:00<\/b><\/span> Panel dyskusyjny I<\/p>\n<p><b>Wielkoskalowa energetyka j\u0105drowa<\/b> \u2013 stabilne \u017ar\u00f3d\u0142o bezemisyjnej energii dla systemu elektroenergetycznego[\/vc_column_text][vc_separator color=&#8221;custom&#8221; css=&#8221;.vc_custom_1693848859088{padding-top: 10px !important;padding-bottom: 10px !important;}&#8221; accent_color=&#8221;#767a91&#8243;][vc_accordion active_tab=&#8221;0&#8243; style=&#8221;3&#8243;][vc_accordion_tab title=&#8221;Zagadnienia&#8221;][vc_column_text]<\/p>\n<ul>\n<li>Bezpiecze\u0144stwo technologii j\u0105drowych i d\u0105\u017cenie do zerowej emisji<\/li>\n<li>Energetyka j\u0105drowa a zgodno\u015b\u0107 z taksonomi\u0105 UE<\/li>\n<li>Polski program energetyki j\u0105drowej z perspektywy 3 lat od og\u0142oszenia \u2013 jakie kamienie milowe jeszcze przed Polsk\u0105?<\/li>\n<li>\u015awiatowe standardy regulacyjne a polskie prawo \u2013 czy jeste\u015bmy gotowi na atom?<\/li>\n<li>Proces certyfikacji technologii reaktora j\u0105drowego w celu spe\u0142nienia wymog\u00f3w bezpiecze\u0144stwa \u2013 zakres poszczeg\u00f3lnych etap\u00f3w certyfikacji na przyk\u0142adzie dzia\u0142ania regulator\u00f3w w pa\u0144stwach posiadaj\u0105cych elektrownie j\u0105drowe<\/li>\n<li>Globalne \u0142a\u0144cuchy dostaw dla energetyki j\u0105drowej \u2013 jakie miejsce mo\u017ce zaj\u0105\u0107 Polska?<\/li>\n<\/ul>\n<p>[\/vc_column_text][\/vc_accordion_tab][\/vc_accordion][vc_accordion active_tab=&#8221;0&#8243; style=&#8221;3&#8243;][vc_accordion_tab title=&#8221;Paneli\u015bci&#8221;][vc_column_text]<strong><span style=\"color: #0951a6;\">Moderator<\/span><br \/>\nPawe\u0142 Grzejszczak<\/strong>, Partner, Kancelaria DZP Doma\u0144ski, Zakrzewski, Palinka sp. k.<\/p>\n<p><span style=\"color: #0951a6;\"><strong>Paneli\u015bci<\/strong><\/span><\/p>\n<ul>\n<li><strong>David A. Wright<\/strong>, Commissioner, U.S. NRC Nuclear Regulatory Commission<\/li>\n<li><strong>Andrzej G\u0142owacki<\/strong>, Prezes, Pa\u0144stwowa Agencja Atomistyki<\/li>\n<li><strong>Bogdan Pilch<\/strong>, Dyrektor Generalny, Izba Gospodarcza Energetyki i Ochrony \u015arodowiska<\/li>\n<li><strong>Prof. dr in\u017c. Krzysztof Kurek<\/strong>, Dyrektor Narodowego Centrum Bada\u0144 J\u0105drowych<\/li>\n<li><strong>Thierry Deschaux<\/strong>, Dyrektor Generalny, EDF Przedstawicielstwo w Polsce<\/li>\n<\/ul>\n<p>[\/vc_column_text][\/vc_accordion_tab][\/vc_accordion][\/vc_column][vc_column width=&#8221;1\/3&#8243; css=&#8221;.vc_custom_1693848720035{padding-top: 20px !important;padding-bottom: 20px !important;background-color: #dbe7ff !important;border-radius: 5px !important;}&#8221;][vc_column_text]<\/p>\n<p style=\"text-align: center;\"><b><span style=\"color: #0951a6;\">SALA B<br \/>\n<\/span><\/b><\/p>\n<p>[\/vc_column_text][vc_separator color=&#8221;custom&#8221; css=&#8221;.vc_custom_1693848859088{padding-top: 10px !important;padding-bottom: 10px !important;}&#8221; accent_color=&#8221;#767a91&#8243;][vc_column_text]<span style=\"color: #0951a6;\"><b>11:30 &#8211; 11:50<\/b><\/span> Wyst\u0105pienia[\/vc_column_text][vc_accordion active_tab=&#8221;0&#8243; style=&#8221;3&#8243;][vc_accordion_tab title=&#8221;Wi\u0119cej&#8221;][vc_column_text]<\/p>\n<ul>\n<li><strong>Robert Wo\u017aniak<\/strong>, CEO, Founder, Strategic Advisor, Elitmind \u2013 \u201cTransformacja energetyczna sposobem na wyj\u015bcie z kryzysu\u201d<\/li>\n<li><strong>Grzegorz Wi\u015bniewski<\/strong>, Prezes Zarz\u0105du, EC BREC Instytut Energetyki Odnawialnej<\/li>\n<\/ul>\n<p>[\/vc_column_text][\/vc_accordion_tab][\/vc_accordion][vc_separator color=&#8221;custom&#8221; css=&#8221;.vc_custom_1693848859088{padding-top: 10px !important;padding-bottom: 10px !important;}&#8221; accent_color=&#8221;#767a91&#8243;][vc_column_text]<span style=\"color: #0951a6;\"><b>11:50 &#8211; 13:00<\/b><\/span> Panel dyskusyjny II<\/p>\n<p><b>Rozproszona generacja OZE <\/b>i potencja\u0142\u00a0 magazynowania energii odnawialnej \u2013\u00a0 jak podnie\u015b\u0107 stabilno\u015b\u0107 wytwarzania z OZE?[\/vc_column_text][vc_separator color=&#8221;custom&#8221; css=&#8221;.vc_custom_1693848859088{padding-top: 10px !important;padding-bottom: 10px !important;}&#8221; accent_color=&#8221;#767a91&#8243;][vc_accordion active_tab=&#8221;0&#8243; style=&#8221;3&#8243;][vc_accordion_tab title=&#8221;Zagadnienia&#8221;][vc_column_text]<\/p>\n<ul>\n<li>Potencja\u0142 polskiego OZE a czynniki blokuj\u0105ce zwi\u0119kszenie wolumenu<\/li>\n<li>Cable pooling i linia bezpo\u015brednia \u2013 czy to wystarczy, \u017ceby zazieleni\u0107 miks energetyczny?<\/li>\n<li>System aukcji OZE \u2013 czy wci\u0105\u017c jest atrakcyjny i czego potrzebuj\u0105 wytw\u00f3rcy?<\/li>\n<li>Magazynowanie OZE a rola wodoru<\/li>\n<li>Fotowoltaika a w\u0105skie gard\u0142o sieci \u2013 bariery dla uwolnienia energii s\u0142onecznej i przysz\u0142o\u015b\u0107 projekt\u00f3w agrofotowoltaicznych i farm p\u0142ywaj\u0105cych<\/li>\n<li>Znaczenie energetyki prosumenckiej, czyli koncepcje prosumenta wirtualnego i zbiorowego, sp\u00f3\u0142dzielni energetycznej \u2013 czego potrzebuje polska energetyka obywatelska?<\/li>\n<li>Klastry energii \u2013 przekraczanie granic administracyjnych, modele hybrydowe i kierunki przysz\u0142o\u015bci<\/li>\n<li>Perspektywy dla wdro\u017cenia energii geotermalnej i szczytowo-pompowej<\/li>\n<\/ul>\n<p>[\/vc_column_text][\/vc_accordion_tab][\/vc_accordion][vc_accordion active_tab=&#8221;0&#8243; style=&#8221;3&#8243;][vc_accordion_tab title=&#8221;Paneli\u015bci&#8221;][vc_column_text]<strong><span style=\"color: #0951a6;\">Moderator<\/span><br \/>\nJustyna Piszczatowska<\/strong>, Redaktor naczelna i za\u0142o\u017cycielka, green-news.pl<\/p>\n<p><span style=\"color: #0951a6;\"><strong>Paneli\u015bci<\/strong><\/span><\/p>\n<ul>\n<li><strong>Micha\u0142 G\u0142owacki<\/strong>, Head of Country, Lightsource BP Poland<\/li>\n<li><strong>Olga Sypu\u0142a<\/strong>, Country Manager, European Energy Polska<\/li>\n<li><strong>Andrzej Je\u017cewski<\/strong>, Wiceprzewodnicz\u0105cy Rady Programowej Polskie Stowarzyszenie Magazynowania Energii, Prezes, Energetyczny Klaster O\u0142awski EKO<\/li>\n<li><strong>Grzegorz Wi\u015bniewski<\/strong>, Prezes Zarz\u0105du EC BREC Instytut Energetyki Odnawialnej Sp. z o.o.<\/li>\n<li><strong>Bogus\u0142aw Rybacki<\/strong>, Wiceprezes zarz\u0105du ds. Zarz\u0105dzania Maj\u0105tkiem, TAURON Polska Energia S.A.<\/li>\n<li><strong>Szymon Kowalski<\/strong>, Wiceprezes Zarz\u0105du, Polskie Stowarzyszenie Energetyki Wiatrowej<\/li>\n<li><strong>Albert Gryszczuk<\/strong>, Prezes Zarz\u0105du, Krajowa Izba Klastr\u00f3w Energii i Odnawialnych \u0179r\u00f3de\u0142 Energii<\/li>\n<\/ul>\n<p>[\/vc_column_text][\/vc_accordion_tab][\/vc_accordion][\/vc_column][vc_column width=&#8221;1\/3&#8243; css=&#8221;.vc_custom_1693848733904{padding-top: 20px !important;padding-bottom: 20px !important;background-color: #dbe7ff !important;border-radius: 5px !important;}&#8221;][vc_column_text]<\/p>\n<p style=\"text-align: center;\"><b><span style=\"color: #0951a6;\">SALA C<br \/>\n<\/span><\/b><\/p>\n<p>[\/vc_column_text][vc_separator color=&#8221;custom&#8221; css=&#8221;.vc_custom_1693848859088{padding-top: 10px !important;padding-bottom: 10px !important;}&#8221; accent_color=&#8221;#767a91&#8243;][vc_column_text]<span style=\"color: #0951a6;\"><b>11:30 &#8211; 12:00<\/b><\/span> Wyst\u0105pienia[\/vc_column_text][vc_accordion active_tab=&#8221;0&#8243; style=&#8221;3&#8243;][vc_accordion_tab title=&#8221;Wi\u0119cej&#8221;][vc_column_text]<\/p>\n<ul>\n<li><strong>Martin Kremer<\/strong>, Konsul Generalny Niemiec we Wroc\u0142awiu<\/li>\n<li><strong>Dr Nils Gei\u00dfler<\/strong>, Dyrektor Generalny ds. Energii i Ochrony klimatu, Ministerstwa Energii, Ochrony Klimatu, \u015arodowiska i Rolnictwa Landu Saksonii\u00a0 &#8211; \u201cThe Free State of Saxony on the way to climate neutrality\u201d<\/li>\n<li><strong>Artur Kowalik<\/strong>, Dyrektor Departamentu Gospodarki, Urz\u0105d Marsza\u0142kowski Wojew\u00f3dztwa Dolno\u015bl\u0105skiego<\/li>\n<\/ul>\n<p>[\/vc_column_text][\/vc_accordion_tab][\/vc_accordion][vc_separator color=&#8221;custom&#8221; css=&#8221;.vc_custom_1693848859088{padding-top: 10px !important;padding-bottom: 10px !important;}&#8221; accent_color=&#8221;#767a91&#8243;][vc_column_text]<span style=\"color: #0951a6;\"><b>12:00 &#8211; 13:00<\/b><\/span> Panel dyskusyjny III<\/p>\n<p><strong>Polsko-niemieckie Forum dla Energii i Klimatu.<\/strong> Wsp\u00f3lna droga do neutralno\u015bci klimatycznej[\/vc_column_text][vc_separator color=&#8221;custom&#8221; css=&#8221;.vc_custom_1693848859088{padding-top: 10px !important;padding-bottom: 10px !important;}&#8221; accent_color=&#8221;#767a91&#8243;][vc_accordion active_tab=&#8221;0&#8243; style=&#8221;3&#8243;][vc_accordion_tab title=&#8221;Zagadnienia&#8221;][vc_column_text]<\/p>\n<ul>\n<li>Cele strategiczne polskiej i niemieckiej energetyki wielkoskalowej i lokalnej<\/li>\n<li>Strategie wodorowe Polski i Niemiec jako odpowied\u017a na ambitne cele dekarbonizacji europejskich gospodarek<\/li>\n<li>Do\u015bwiadczenia polskie i niemieckie w zakresie transformacji energetycznej \u2013 ten sam kierunek, ale czy r\u00f3\u017cne drogi?<\/li>\n<li>Potencja\u0142 wsp\u00f3\u0142pracy polsko-niemieckiej w procesie transformacji energetycznej na przyk\u0142adzie Dolnego \u015al\u0105ska i Saksonii \u2013 OZE, wod\u00f3r i elektromobilno\u015b\u0107<\/li>\n<li>Niezale\u017cno\u015b\u0107 energetyczna w \u015bwietle realizacji cel\u00f3w pakietu REPowerEU \u2013 polska i niemiecka droga uniezale\u017cnienia si\u0119 od dostaw paliw z Rosji<\/li>\n<\/ul>\n<p>[\/vc_column_text][\/vc_accordion_tab][\/vc_accordion][vc_accordion active_tab=&#8221;0&#8243; style=&#8221;3&#8243;][vc_accordion_tab title=&#8221;Paneli\u015bci&#8221;][vc_column_text]<strong><span style=\"color: #0951a6;\">Moderator<\/span><br \/>\nMaciej Satora<\/strong>, Pracownik Naukowy, Fraunhofer IWU<\/p>\n<p><span style=\"color: #0951a6;\"><strong>Paneli\u015bci<\/strong><\/span><\/p>\n<ul>\n<li><strong>Dr Nils Gei\u00dfler<\/strong>, Dyrektor generalny ds. energii i ochrony klimatu, Ministerstwa Energii, Ochrony Klimatu, \u015arodowiska i Rolnictwa Landu Saksonii<\/li>\n<li><strong>Hubert Papaj<\/strong>, Prezes Zarz\u0105du Karkonoska Agencja Rozwoju Regionalnego SA<\/li>\n<li><strong>Lena M\u00f6ller<\/strong>, Associate, Gas Infrastructures &amp; Policies Programme, European Climate Foundation<\/li>\n<li><strong>Christopher Frey<\/strong>, Head of Public Affairs, Sunfire GmbH<\/li>\n<li><strong>Heike Schleussner<\/strong>, Head of Taskforce Structural Change, Entwicklungsgesellschaft Niederschlesische Oberlausitz mbH<\/li>\n<li><strong>Sacha Caron<\/strong>, Dyrektor sprzeda\u017cy, Prokurent, Stadtwerke Goerlitz AG<\/li>\n<li><strong>Wojciech Makarski<\/strong>, Wiceprezes Zarz\u0105du, SEC Zgorzelec Sp. z o.o.<\/li>\n<\/ul>\n<p>[\/vc_column_text][\/vc_accordion_tab][\/vc_accordion][\/vc_column][\/vc_row][vc_row][vc_column][vc_empty_space height=&#8221;40&#8243;][\/vc_column][\/vc_row][vc_row gap=&#8221;2&#8243; bg_type=&#8221;bg_color&#8221; bg_color_value=&#8221;#ebf2ff&#8221; css=&#8221;.vc_custom_1693848782219{padding-top: 30px !important;}&#8221;][vc_column][vc_column_text]<\/p>\n<h3 style=\"text-align: center;\"><span style=\"color: #023f88;\"><strong>Sesje Panelowe \u2013 R\u00f3wnoleg\u0142e I, II, III<\/strong><\/span><\/h3>\n<p>[\/vc_column_text][vc_empty_space][\/vc_column][\/vc_row][vc_row gap=&#8221;2&#8243; bg_type=&#8221;bg_color&#8221; bg_color_value=&#8221;#ebf2ff&#8221;][vc_column width=&#8221;1\/3&#8243; css=&#8221;.vc_custom_1693848029627{padding-top: 20px !important;padding-bottom: 20px !important;background-color: #dbe7ff !important;border-radius: 5px !important;}&#8221;][vc_column_text]<\/p>\n<p style=\"text-align: center;\"><b><span style=\"color: #0951a6;\">SALA A<br \/>\n<\/span><\/b><\/p>\n<p>[\/vc_column_text][vc_separator color=&#8221;custom&#8221; css=&#8221;.vc_custom_1693848859088{padding-top: 10px !important;padding-bottom: 10px !important;}&#8221; accent_color=&#8221;#767a91&#8243;][vc_column_text]<span style=\"color: #0951a6;\"><b>13:00 &#8211; 13:15\u00a0<\/b><\/span>Wyst\u0105pienia[\/vc_column_text][vc_accordion active_tab=&#8221;0&#8243; style=&#8221;3&#8243;][vc_accordion_tab title=&#8221;Wi\u0119cej&#8221;][vc_column_text]<\/p>\n<ul>\n<li><strong> Prof. dr hab. Wac\u0142aw Gudowski<\/strong>, Doradca ORLEN Synthos Green Energy (OSGE), NCBJ Narodowe Centrum Bada\u0144 J\u0105drowych, KTH Kr\u00f3lewski Instytut Technologiczny w Sztokholmie \u2013 \u201eSMR \u2013 ma\u0142y Atom &#8211; dla polskiej transformacji energetycznej: BWRX-300\u201d<\/li>\n<\/ul>\n<p>[\/vc_column_text][\/vc_accordion_tab][\/vc_accordion][vc_separator color=&#8221;custom&#8221; css=&#8221;.vc_custom_1693848859088{padding-top: 10px !important;padding-bottom: 10px !important;}&#8221; accent_color=&#8221;#767a91&#8243;][vc_column_text]<span style=\"color: #0951a6;\"><b>13:15 &#8211; 14:30 <\/b><\/span>Panel dyskusyjny I<\/p>\n<p><b>Rozw\u00f3j technologii j\u0105drowych<\/b> \u2013 potencja\u0142 produkcji czystej energii w jednostkach modularnych SMR[\/vc_column_text][vc_separator color=&#8221;custom&#8221; css=&#8221;.vc_custom_1693848859088{padding-top: 10px !important;padding-bottom: 10px !important;}&#8221; accent_color=&#8221;#767a91&#8243;][vc_accordion active_tab=&#8221;0&#8243; style=&#8221;3&#8243;][vc_accordion_tab title=&#8221;Zagadnienia&#8221;][vc_column_text]<\/p>\n<ul>\n<li>Technologie SMR rozwijane na \u015bwiecie \u2013 dobre praktyki<\/li>\n<li>Uwarunkowania proces\u00f3w licencyjnych dla elektrowni SMR w Polsce \u2013 czy uzasadnione jest zastosowanie uproszczonych rozwi\u0105za\u0144 dla technologii SMR?<\/li>\n<li>Warunki uzyskania og\u00f3lnej opinii dot. planowanych w Polsce rozwi\u0105za\u0144 organizacyjno-technicznych dla reaktor\u00f3w SMR<\/li>\n<li>Mo\u017cliwo\u015b\u0107 wykorzystania w Polsce przedlicencyjnego przegl\u0105du technologii (<em>vendor design review<\/em>) dokonanego w innym kraju<\/li>\n<li>Wy\u015bcig o rozw\u00f3j SMR \u2013 status zaawansowania polskich projekt\u00f3w<\/li>\n<li>Potencja\u0142 dla zastosowania ma\u0142ych reaktor\u00f3w j\u0105drowych w przemy\u015ble<\/li>\n<li>Modele finansowania rozwoju projekt\u00f3w SMR w Polsce<\/li>\n<\/ul>\n<p>[\/vc_column_text][\/vc_accordion_tab][\/vc_accordion][vc_accordion active_tab=&#8221;0&#8243; style=&#8221;3&#8243;][vc_accordion_tab title=&#8221;Paneli\u015bci&#8221;][vc_column_text]<strong><span style=\"color: #0951a6;\">Moderator<\/span><br \/>\nAnna Szczodra<\/strong>, Partner, Radca prawny, KPMG Law<\/p>\n<p><span style=\"color: #0951a6;\"><strong>Paneli\u015bci<\/strong><\/span><\/p>\n<ul>\n<li><strong>David A. Wright<\/strong>, Commissioner, U.S. Nuclear Regulatory Commission<\/li>\n<li><strong>Dawid Jackiewicz<\/strong>, Wiceprezes Zarz\u0105du, Orlen Synthos Green Energy<\/li>\n<li><strong>Marcin D\u0105browski<\/strong>, Dyrektor Departamentu Bezpiecze\u0144stwa J\u0105drowego, Pa\u0144stwowa Agencja Atomistyki<\/li>\n<li><strong>Damian Jamroz<\/strong>, Prezes Zarz\u0105du, Last Energy Polska<\/li>\n<li><strong>Prof. dr in\u017c. Wac\u0142aw Gudowski<\/strong>, Doradca ORLEN Synthos Green Energy (OSGE), NCBJ Narodowe Centrum Bada\u0144 J\u0105drowych, KTH Kr\u00f3lewski Instytut Technologiczny w Sztokholmie<\/li>\n<\/ul>\n<p>[\/vc_column_text][\/vc_accordion_tab][\/vc_accordion][\/vc_column][vc_column width=&#8221;1\/3&#8243; css=&#8221;.vc_custom_1693848720035{padding-top: 20px !important;padding-bottom: 20px !important;background-color: #dbe7ff !important;border-radius: 5px !important;}&#8221;][vc_column_text]<\/p>\n<p style=\"text-align: center;\"><b><span style=\"color: #0951a6;\">SALA B<br \/>\n<\/span><\/b><\/p>\n<p>[\/vc_column_text][vc_separator color=&#8221;custom&#8221; css=&#8221;.vc_custom_1693848859088{padding-top: 10px !important;padding-bottom: 10px !important;}&#8221; accent_color=&#8221;#767a91&#8243;][vc_column_text]<span style=\"color: #0951a6;\"><b>13:00 &#8211; 13:15\u00a0<\/b><\/span>Wyst\u0105pienia[\/vc_column_text][vc_accordion active_tab=&#8221;0&#8243; style=&#8221;3&#8243;][vc_accordion_tab title=&#8221;Wi\u0119cej&#8221;][vc_column_text]<\/p>\n<ul>\n<li><strong>Agnieszka Spirydowicz<\/strong>, Dyrektor Dolno\u015bl\u0105skiej Doliny Wodorowej,<br \/>\nDr Andrzej W\u0119grzyn, Pe\u0142nomocnik Marsza\u0142ka Wojew\u00f3dztwa Dolno\u015bl\u0105skiego ds. Transformacji Energetycznej \u2013 \u201eInicjatywy Dolno\u015bl\u0105skiej Doliny Wodorowej\u201d<b><br \/>\n<\/b><\/li>\n<\/ul>\n<p>[\/vc_column_text][\/vc_accordion_tab][\/vc_accordion][vc_separator color=&#8221;custom&#8221; css=&#8221;.vc_custom_1693848859088{padding-top: 10px !important;padding-bottom: 10px !important;}&#8221; accent_color=&#8221;#767a91&#8243;][vc_column_text]<span style=\"color: #0951a6;\"><b>13:15 &#8211; 14:30 <\/b><\/span>Panel dyskusyjny II<\/p>\n<p><b>Polska gospodarka wodorowa <\/b>\u2013 wykorzystanie wodoru z OZE i atomu w energetyce, transporcie i przemy\u015ble[\/vc_column_text][vc_separator color=&#8221;custom&#8221; css=&#8221;.vc_custom_1693848859088{padding-top: 10px !important;padding-bottom: 10px !important;}&#8221; accent_color=&#8221;#767a91&#8243;][vc_accordion active_tab=&#8221;0&#8243; style=&#8221;3&#8243;][vc_accordion_tab title=&#8221;Zagadnienia&#8221;][vc_column_text]<\/p>\n<ul>\n<li>Wod\u00f3r nowym gazem ziemnym \u2013 ograniczenie emisji gaz\u00f3w cieplarnianych<\/li>\n<li>Wod\u00f3r odnawialny, elektrolityczny i niskoemisyjny \u2013 stan rozwoju technologii i gotowo\u015b\u0107 rynku<\/li>\n<li>W oczekiwaniu na przyj\u0119cie unijnego pakietu dekarbonizacyjnego \u2013 co nas czeka?<\/li>\n<li>Doliny wodorowe \u2013 wsp\u00f3\u0142praca samorz\u0105du terytorialnego z nauk\u0105 i biznesem na rzecz wodoryzacji gospodarki<\/li>\n<li>Przesy\u0142 wodoru \u2013 unbundling czy zat\u0142aczanie wodoru do sieci gazowych?<\/li>\n<li>Perspektywa stosowania technologii wodorowych w polskim transporcie i zastosowanie<br \/>\nw przemy\u015ble<\/li>\n<\/ul>\n<p>[\/vc_column_text][\/vc_accordion_tab][\/vc_accordion][vc_accordion active_tab=&#8221;0&#8243; style=&#8221;3&#8243;][vc_accordion_tab title=&#8221;Paneli\u015bci&#8221;][vc_column_text]<strong><span style=\"color: #0951a6;\">Moderator<\/span><br \/>\nDr hab. in\u017c. Jakub Kupecki<\/strong>, prof. IEn., Dyrektor Instytutu Energetyki<\/p>\n<p><span style=\"color: #0951a6;\"><strong>Paneli\u015bci<\/strong><\/span><\/p>\n<ul>\n<li><strong>Agnieszka Spirydowicz<\/strong>, Prezes Zarz\u0105du, Zgorzelecki Klaster Rozwoju OZE i Efektywno\u015bci Energetycznej Zklaster, Dyrektor Dolno\u015bl\u0105skiej Doliny Wodorowej<\/li>\n<li><strong>Prof. dr hab. in\u017c. Halina Pawlak-Kruczek<\/strong>, Dyrektor Centrum. Technologii Wodorowych i Odnawialnych \u0179r\u00f3de\u0142 Energii, Politechnika Wroc\u0142awska<\/li>\n<li><strong>Maciej Satora<\/strong>, Pracownik Naukowy, Fraunhofer IWU<\/li>\n<li><strong>Dr Andrzej W\u0119grzyn<\/strong>, Wiceprezes, Stowarzyszenie Dolno\u015bl\u0105ska Dolina Wodorowa<\/li>\n<li><strong>Piotr Zdyb<\/strong>, Kierownik, Zesp\u00f3\u0142 Budowy \u0179r\u00f3de\u0142 Wytwarzania Wodoru Odnawialnego, ORLEN SA<\/li>\n<\/ul>\n<p>[\/vc_column_text][\/vc_accordion_tab][\/vc_accordion][\/vc_column][vc_column width=&#8221;1\/3&#8243; css=&#8221;.vc_custom_1693848733904{padding-top: 20px !important;padding-bottom: 20px !important;background-color: #dbe7ff !important;border-radius: 5px !important;}&#8221;][vc_column_text]<\/p>\n<p style=\"text-align: center;\"><b><span style=\"color: #0951a6;\">SALA C<br \/>\n<\/span><\/b><\/p>\n<p>[\/vc_column_text][vc_separator color=&#8221;custom&#8221; css=&#8221;.vc_custom_1693848859088{padding-top: 10px !important;padding-bottom: 10px !important;}&#8221; accent_color=&#8221;#767a91&#8243;][vc_column_text]<span style=\"color: #0951a6;\"><b>13:00 &#8211; 13:10\u00a0<\/b><\/span>Wyst\u0105pienia[\/vc_column_text][vc_accordion active_tab=&#8221;0&#8243; style=&#8221;3&#8243;][vc_accordion_tab title=&#8221;Wi\u0119cej&#8221;][vc_column_text]<\/p>\n<ul>\n<li><strong>Dorota Jeziorowska<\/strong>, Dyrektor, Polskie Towarzystwo Elektrociep\u0142owni Zawodowych &#8211; \u201eTransformacja ciep\u0142ownictwa \u2013 wprowadzenie\u201d<\/li>\n<\/ul>\n<p>[\/vc_column_text][\/vc_accordion_tab][\/vc_accordion][vc_separator color=&#8221;custom&#8221; css=&#8221;.vc_custom_1693848859088{padding-top: 10px !important;padding-bottom: 10px !important;}&#8221; accent_color=&#8221;#767a91&#8243;][vc_column_text]<span style=\"color: #0951a6;\"><b>13:10 &#8211; 14:30<\/b><\/span> Panel dyskusyjny III<\/p>\n<p><b>Zr\u00f3wnowa\u017cone ciep\u0142ownictwo <\/b>\u2013 jak zwi\u0119kszy\u0107 efektywno\u015b\u0107 energetyczn\u0105 i obni\u017cy\u0107 emisyjno\u015b\u0107 ciep\u0142ownictwa?[\/vc_column_text][vc_separator color=&#8221;custom&#8221; css=&#8221;.vc_custom_1693848859088{padding-top: 10px !important;padding-bottom: 10px !important;}&#8221; accent_color=&#8221;#767a91&#8243;][vc_accordion active_tab=&#8221;0&#8243; style=&#8221;3&#8243;][vc_accordion_tab title=&#8221;Zagadnienia&#8221;][vc_column_text]<\/p>\n<ul>\n<li>Obni\u017cenie kryteri\u00f3w jako\u015bciowych paliw sta\u0142ych a walka o czyste powietrze w miastach<\/li>\n<li>Skuteczno\u015b\u0107 uchwa\u0142 antysmogowych w czasie kryzysu<\/li>\n<li>Elektryfikacja ciep\u0142ownictwa \u2013 czego potrzebuje polskie ciep\u0142ownictwo, \u017ceby obni\u017cy\u0107 emisje?<\/li>\n<li>Wykorzystanie ciep\u0142a odpadowego (<em>waste to energy<\/em>)<\/li>\n<li>Technologie magazynowania ciep\u0142a<\/li>\n<li>Systemowa efektywno\u015b\u0107 energetyczna a znaczenie kogeneracji<\/li>\n<li>Miasta wobec kryzysu klimatycznego \u2013 ograniczenie miejskich wysp ciep\u0142a i \u015bwiadome oszcz\u0119dzanie energii<\/li>\n<\/ul>\n<p>[\/vc_column_text][\/vc_accordion_tab][\/vc_accordion][vc_accordion active_tab=&#8221;0&#8243; style=&#8221;3&#8243;][vc_accordion_tab title=&#8221;Paneli\u015bci&#8221;][vc_column_text]<strong><span style=\"color: #0951a6;\">Moderator<\/span><br \/>\nDorota Jeziorowska<\/strong>, Dyrektor, Polskie Towarzystwo Elektrociep\u0142owni Zawodowych<\/p>\n<p><span style=\"color: #0951a6;\"><strong>Paneli\u015bci<\/strong><\/span><\/p>\n<ul>\n<li><strong>Piotr G\u00f3rnik<\/strong>, Prezes Zarz\u0105du, Fortum Power and Heat Polska Sp. z o.o.<\/li>\n<li><strong>Jacek Szymczak<\/strong>, Prezes Zarz\u0105du, Izba Gospodarcza Ciep\u0142ownictwo Polskie<\/li>\n<li><strong>Monika Gawlik<\/strong>, Dyrektor, Departament Rynk\u00f3w Energii Elektrycznej i Ciep\u0142a, Urz\u0105d Regulacji Energetyki<\/li>\n<li><strong>Aneta Wi\u0119cka<\/strong>, Kierownik projektu, Dzia\u0142 Rozwoju Innowacyjnych Metod Zarz\u0105dzania Programami, Narodowe Centrum Bada\u0144 i Rozwoju<\/li>\n<li><strong>Katarzyna Szymczak-Pomianowska<\/strong>, Dyrektor Departamentu Zr\u00f3wnowa\u017conego Rozwoju, Urz\u0105d Miejski Wroc\u0142awia<\/li>\n<li><strong>Piotr Mary\u0144ski<\/strong>, Cz\u0142onek rady nadzorczej, Wojew\u00f3dzki Fundusz Ochrony \u015arodowiska i Gospodarki Wodnej we Wroc\u0142awiu<\/li>\n<li><strong>Ireneusz Krupa<\/strong>, Cz\u0142onek Zarz\u0105du PSG ds. Rozwoju i Inwestycji, Polska Sp\u00f3\u0142ka Gazownictwa Sp. z o.o.<\/li>\n<\/ul>\n<p>[\/vc_column_text][\/vc_accordion_tab][\/vc_accordion][\/vc_column][\/vc_row][vc_row css=&#8221;.vc_custom_1587221649734{padding-top: 20px !important;padding-bottom: 20px !important;}&#8221;][vc_column][vc_separator border_width=&#8221;2&#8243;][\/vc_column][\/vc_row][vc_row][vc_column width=&#8221;1\/4&#8243;][vc_column_text]<span style=\"color: #0951a6;\"><strong>14:30 &#8211; 14:40<\/strong><\/span>[\/vc_column_text][\/vc_column][vc_column width=&#8221;3\/4&#8243;][vc_column_text]Podsumowanie IX Kongresu Energetycznego[\/vc_column_text][\/vc_column][\/vc_row][vc_row css=&#8221;.vc_custom_1587221649734{padding-top: 20px !important;padding-bottom: 20px !important;}&#8221;][vc_column][vc_separator border_width=&#8221;2&#8243;][\/vc_column][\/vc_row][vc_row][vc_column width=&#8221;1\/4&#8243;][vc_column_text]<span style=\"color: #0951a6;\"><strong>14:40 &#8211; 15:30<\/strong><\/span>[\/vc_column_text][\/vc_column][vc_column width=&#8221;3\/4&#8243;][vc_column_text]Lunch[\/vc_column_text][\/vc_column][\/vc_row][vc_row css=&#8221;.vc_custom_1587221649734{padding-top: 20px !important;padding-bottom: 20px !important;}&#8221;][vc_column][vc_separator border_width=&#8221;2&#8243;][\/vc_column][\/vc_row][vc_row bg_type=&#8221;bg_color&#8221; bg_color_value=&#8221;#ebf2ff&#8221; css=&#8221;.vc_custom_1694425416683{padding-top: 30px !important;padding-bottom: 30px !important;}&#8221;][vc_column][vc_column_text]<\/p>\n<h3 style=\"text-align: center;\"><span style=\"color: #023f88;\"><strong>Wydarzenia towarzysz\u0105ce<\/strong><\/span><\/h3>\n<p>[\/vc_column_text][\/vc_column][\/vc_row][vc_row][vc_column][vc_empty_space height=&#8221;15&#8243;][\/vc_column][\/vc_row][vc_row bg_type=&#8221;bg_color&#8221; bg_color_value=&#8221;#dbe7ff&#8221; css=&#8221;.vc_custom_1694425462283{padding-top: 10px !important;padding-bottom: 10px !important;}&#8221;][vc_column][vc_column_text css=&#8221;.vc_custom_1694425606137{background-color: #dbe7ff !important;}&#8221;]<\/p>\n<h3 style=\"text-align: center;\"><span style=\"color: #023f88;\"><strong>Dzie\u0144 I<\/strong><\/span><\/h3>\n<p>[\/vc_column_text][\/vc_column][\/vc_row][vc_row][vc_column][vc_empty_space height=&#8221;15&#8243;][\/vc_column][\/vc_row][vc_row bg_type=&#8221;bg_color&#8221; css=&#8221;.vc_custom_1693836156802{padding-top: 20px !important;padding-bottom: 20px !important;}&#8221; bg_color_value=&#8221;#efeeee&#8221;][vc_column width=&#8221;1\/4&#8243;][vc_column_text]<span style=\"color: #0951a6;\"><strong>13:00 &#8211; 13:30 <\/strong><\/span>[\/vc_column_text][\/vc_column][vc_column width=&#8221;3\/4&#8243;][vc_column_text]Briefing \u2013 <strong>\u201eRekomendacje na 100 dni nowego rz\u0105du\u201d<br \/>\nEkspercka Rada ds. Bezpiecze\u0144stwa Energetycznego i Klimatu<\/strong>[\/vc_column_text][\/vc_column][\/vc_row][vc_row][vc_column][vc_empty_space height=&#8221;15&#8243;][\/vc_column][\/vc_row][vc_row bg_type=&#8221;bg_color&#8221; css=&#8221;.vc_custom_1693836156802{padding-top: 20px !important;padding-bottom: 20px !important;}&#8221; bg_color_value=&#8221;#efeeee&#8221;][vc_column width=&#8221;1\/4&#8243;][vc_column_text]<span style=\"color: #0951a6;\"><strong>14:30 &#8211; 16:30 <\/strong><\/span>[\/vc_column_text][\/vc_column][vc_column width=&#8221;3\/4&#8243;][vc_column_text]<b>Energia dla Ukrainy <\/b>\u2013 Okr\u0105g\u0142y St\u00f3\u0142 ws. odbudowy<b><br \/>\n<\/b><b>UN Global Compact Network Poland<\/b>[\/vc_column_text][\/vc_column][\/vc_row][vc_row][vc_column][vc_empty_space height=&#8221;15&#8243;][\/vc_column][\/vc_row][vc_row bg_type=&#8221;bg_color&#8221; bg_color_value=&#8221;#dbe7ff&#8221; css=&#8221;.vc_custom_1694425462283{padding-top: 10px !important;padding-bottom: 10px !important;}&#8221;][vc_column][vc_column_text css=&#8221;.vc_custom_1694425596476{background-color: #dbe7ff !important;}&#8221;]<\/p>\n<h3 style=\"text-align: center;\"><span style=\"color: #023f88;\"><strong>Dzie\u0144 II<br \/>\n<\/strong><\/span><\/h3>\n<p>[\/vc_column_text][\/vc_column][\/vc_row][vc_row][vc_column][vc_empty_space height=&#8221;15&#8243;][\/vc_column][\/vc_row][vc_row bg_type=&#8221;bg_color&#8221; css=&#8221;.vc_custom_1693836156802{padding-top: 20px !important;padding-bottom: 20px !important;}&#8221; bg_color_value=&#8221;#efeeee&#8221;][vc_column width=&#8221;1\/4&#8243;][vc_column_text]<span style=\"color: #0951a6;\"><strong>11:30-13:15 <\/strong><\/span>[\/vc_column_text][\/vc_column][vc_column width=&#8221;3\/4&#8243;][vc_column_text]Warsztaty \u2013<b>\u00a0 Nowy model rynku energii<br \/>\n<\/b><b>WiseEuropa<\/b>[\/vc_column_text][\/vc_column][\/vc_row][vc_row][vc_column][vc_empty_space height=&#8221;15&#8243;][\/vc_column][\/vc_row][vc_row][vc_column][vc_separator border_width=&#8221;2&#8243;][\/vc_column][\/vc_row][vc_row][vc_column][vc_empty_space height=&#8221;40&#8243;][\/vc_column][\/vc_row]<\/p>\n","protected":false},"excerpt":{"rendered":"<p>[vc_row css=&#8221;.vc_custom_1594200720718{padding-top: 80px !important;}&#8221;][vc_column][vc_column_text] IX KONGRES ENERGETYCZNY [\/vc_column_text][vc_separator color=&#8221;custom&#8221; border_width=&#8221;5&#8243; el_width=&#8221;10&#8243; accent_color=&#8221;#02b6ed&#8221; css=&#8221;.vc_custom_1770286257634{padding-top: 10px !important;}&#8221;][\/vc_column][\/vc_row][vc_row css=&#8221;.vc_custom_1594927247082{padding-bottom: 20px !important;}&#8221;][vc_column][vc_empty_space height=&#8221;20&#8243;][\/vc_column][\/vc_row][vc_row css=&#8221;.vc_custom_1594927247082{padding-bottom: 20px !important;}&#8221;][vc_column][vc_video link=&#8221;https:\/\/youtu.be\/8QQVM_4Vzy4 &#8221; el_width=&#8221;70&#8243; align=&#8221;center&#8221;][vc_empty_space height=&#8221;15&#8243;][vc_column_text] Relacja filmowa z IX Kongresu Energetycznego [\/vc_column_text][vc_empty_space height=&#8221;32&#8243;][\/vc_column][\/vc_row][vc_row css=&#8221;.vc_custom_1594927247082{padding-bottom: 20px !important;}&#8221;][vc_column][vc_separator border_width=&#8221;2&#8243;][vc_empty_space height=&#8221;20&#8243;][vc_column_text] IX Kongres Energetyczny odby\u0142 si\u0119 pod has\u0142em \u201eTransformacja energetyczna sposobem na wyj\u015bcie z kryzysu. By\u0142y&hellip;<\/p>\n","protected":false},"author":3,"featured_media":0,"parent":0,"menu_order":0,"comment_status":"closed","ping_status":"closed","template":"template-microsite.php","meta":[],"_links":{"self":[{"href":"https:\/\/dise.org.pl\/kongres\/wp-json\/wp\/v2\/pages\/10715"}],"collection":[{"href":"https:\/\/dise.org.pl\/kongres\/wp-json\/wp\/v2\/pages"}],"about":[{"href":"https:\/\/dise.org.pl\/kongres\/wp-json\/wp\/v2\/types\/page"}],"author":[{"embeddable":true,"href":"https:\/\/dise.org.pl\/kongres\/wp-json\/wp\/v2\/users\/3"}],"replies":[{"embeddable":true,"href":"https:\/\/dise.org.pl\/kongres\/wp-json\/wp\/v2\/comments?post=10715"}],"version-history":[{"count":20,"href":"https:\/\/dise.org.pl\/kongres\/wp-json\/wp\/v2\/pages\/10715\/revisions"}],"predecessor-version":[{"id":12946,"href":"https:\/\/dise.org.pl\/kongres\/wp-json\/wp\/v2\/pages\/10715\/revisions\/12946"}],"wp:attachment":[{"href":"https:\/\/dise.org.pl\/kongres\/wp-json\/wp\/v2\/media?parent=10715"}],"curies":[{"name":"wp","href":"https:\/\/api.w.org\/{rel}","templated":true}]}}