{"id":7339,"date":"2022-03-16T20:32:02","date_gmt":"2022-03-16T19:32:02","guid":{"rendered":"https:\/\/dise.org.pl\/kongres\/?page_id=7339"},"modified":"2026-02-05T11:43:36","modified_gmt":"2026-02-05T10:43:36","slug":"edycja-2021","status":"publish","type":"page","link":"https:\/\/dise.org.pl\/kongres\/edycja-2021\/","title":{"rendered":"edycja-2021"},"content":{"rendered":"<p>[vc_row css_animation=&#8221;none&#8221;][vc_column][vc_empty_space height=&#8221;60px&#8221;][vc_column_text]<\/p>\n<h2 style=\"text-align: center;\"><span style=\"color: #0054b2;\">VII KONGRES ENERGETYCZNY<br \/>\n<\/span><\/h2>\n<p>[\/vc_column_text][vc_separator color=&#8221;custom&#8221; border_width=&#8221;5&#8243; el_width=&#8221;10&#8243; accent_color=&#8221;#39a935&#8243; css=&#8221;.vc_custom_1618671612011{padding-top: 10px !important;}&#8221;][vc_empty_space height=&#8221;60px&#8221;][vc_video link=&#8221;https:\/\/www.youtube.com\/watch?v=KW62zUqa2_Q&#8221; el_width=&#8221;70&#8243; align=&#8221;center&#8221;][vc_empty_space height=&#8221;15px&#8221;][vc_column_text]<\/p>\n<p style=\"text-align: center;\">Relacja filmowa z VII Kongresu Energetycznego<\/p>\n<p>[\/vc_column_text][vc_empty_space height=&#8221;60px&#8221;][\/vc_column][\/vc_row][vc_row full_width=&#8221;stretch_row&#8221; css_animation=&#8221;none&#8221;][vc_column][vc_empty_space height=&#8221;10px&#8221;][vc_column_text css=&#8221;.vc_custom_1633528559195{padding-top: 48px !important;padding-bottom: 48px !important;background-image: url(https:\/\/dise.org.pl\/kongres\/wp-content\/uploads\/2021\/10\/tlo-pasek.jpg?id=7170) !important;}&#8221;]<\/p>\n<h2 style=\"text-align: center;\"><strong><span style=\"color: #ffffff;\">Konkluzje z VII. Kongresu Energetycznego DISE<\/span><\/strong><\/h2>\n<p>[\/vc_column_text][vc_empty_space height=&#8221;25px&#8221;][vc_column_text]Zielona, nowoczesna i konkurencyjna Europa- czy to mo\u017cliwe? Komisja Europejska wydaj\u0105c w 2019 r. <em>Europejski Zielony \u0141ad<\/em> przedstawi\u0142a d\u0142ugoterminow\u0105 wizj\u0119 rozwoju Unii Europejskiej do 2050 r., kt\u00f3ra dla wszystkich pa\u0144stw cz\u0142onkowskich jest wyzwaniem, ale tak\u017ce szans\u0105 na wzrost gospodarczy, rozw\u00f3j nowych ga\u0142\u0119zi rynku i co wa\u017cne- dokonanie zielonego zwrotu poprzez odej\u015bcie od energetyki wysokoemisyjnej na rzecz czystej, zielonej i taniej energii pochodz\u0105cej ze \u017ar\u00f3de\u0142 odnawialnych. Realizacja cel\u00f3w <em>Europejskiego Zielonego \u0141adu<\/em> oparta na rekordowym bud\u017cecie \u015brodk\u00f3w w przyj\u0119tych w Wieloletnich Ramach Finansowych na lata 2021-2027 w wysoko\u015bci 1 824,3 mld EUR ma pozwoli\u0107 na osi\u0105gni\u0119cie neutralno\u015bci klimatycznej i o\u017cywienie rynku wewn\u0119trznego UE po kryzysie pandemicznym. Kluczowym elementem transformacji energetycznej jest <strong>integracja sektor\u00f3w<\/strong> (<em>sector coupling<\/em>), kt\u00f3ra by\u0142a tematem przewodnim VII Kongresu Energetycznego DISE. Obecny system energetyczny oparty jest na ro\u0301wnoleg\u0142ych, pionowych \u0142an\u0301cuchach wartos\u0301ci, kto\u0301re wymagaj\u0105 skoordynowania poszczego\u0301lnych nos\u0301niko\u0301w energii, infrastruktur i sektoro\u0301w zuz\u0307ycia energii, by zapewni\u0107 efektywno\u015b\u0107 energetyczn\u0105 w UE, przyste\u0328pn\u0105 cenowo energi\u0119 oraz dokona\u0107 g\u0142e\u0328bokiej dekarbonizacji europejskiej gospodarki. Na \u0142amach niniejszego artyku\u0142u zebrane zostan\u0105 najwa\u017cniejsze tezy, jakie pad\u0142y podczas sesji panelowych VII Kongresu Energetycznego DISE i kt\u00f3re wymagaj\u0105 dalszej debaty.[\/vc_column_text][vc_empty_space height=&#8221;15px&#8221;][vc_separator color=&#8221;custom&#8221; style=&#8221;shadow&#8221; accent_color=&#8221;#dbdbdb&#8221; css=&#8221;.vc_custom_1603364771329{padding-top: 30px !important;padding-bottom: 30px !important;}&#8221;][vc_empty_space height=&#8221;15px&#8221;][vc_row_inner][vc_column_inner width=&#8221;3\/4&#8243;][vc_empty_space height=&#8221;20px&#8221;][vc_column_text]<\/p>\n<p style=\"text-align: justify; font-size: 15px;\"><strong>Piotr Dziadzio<\/strong>, Podsekretarz stanu, G\u0142\u00f3wny Geolog Kraju, Pe\u0142nomocnik Rz\u0105du ds. Polityki Surowcowej Pa\u0144stwa powiedzia\u0142, \u017ce <em>sector coupling<\/em> musi oznacza\u0107 przemy\u015blan\u0105 elektryfikacj\u0119 opart\u0105 na g\u0142\u0119bokiej dekarbonizacji i zapewnieniu dost\u0119pu do taniej energii elektrycznej.<\/p>\n<p>[\/vc_column_text][\/vc_column_inner][vc_column_inner width=&#8221;1\/4&#8243;][vc_single_image image=&#8221;7084&#8243; img_size=&#8221;120&#215;120&#8243; alignment=&#8221;center&#8221; style=&#8221;vc_box_shadow_3d&#8221;][\/vc_column_inner][\/vc_row_inner][vc_empty_space height=&#8221;20px&#8221;][vc_separator color=&#8221;custom&#8221; accent_color=&#8221;#39a935&#8243;][vc_empty_space height=&#8221;20px&#8221;][vc_row_inner][vc_column_inner width=&#8221;3\/4&#8243;][vc_column_text]<\/p>\n<p style=\"text-align: justify; font-size: 15px;\"><strong>Anders Eide<\/strong>, Ambasador Norwegii w Polsce wskaza\u0142 na trzy kluczowe jego zdaniem elementy transformacji energetycznej, tj.: nowe mo\u017cliwo\u015bci \u2013 wsp\u00f3\u0142praca \u2013 przekszta\u0142cenie gospodarki na niskoemisyjn\u0105 (eng. new opportunities \u2013 cooperation \u2013 transition to less carbon economy).<\/p>\n<p>[\/vc_column_text][\/vc_column_inner][vc_column_inner width=&#8221;1\/4&#8243;][vc_single_image image=&#8221;4922&#8243; img_size=&#8221;120&#215;120&#8243; alignment=&#8221;center&#8221; style=&#8221;vc_box_shadow_3d&#8221;][\/vc_column_inner][\/vc_row_inner][vc_empty_space height=&#8221;20px&#8221;][vc_separator color=&#8221;custom&#8221; accent_color=&#8221;#39a935&#8243;][vc_empty_space height=&#8221;20px&#8221;][vc_row_inner][vc_column_inner width=&#8221;3\/4&#8243;][vc_column_text]<\/p>\n<p style=\"text-align: justify; font-size: 15px;\"><strong>Akio Miyajima<\/strong>, Ambasador Japonii w Polsce okre\u015bli\u0142 cele transformacji energetycznej jako zmierzaj\u0105ce do produkcji energii \u0142atwiej \u2013 szybciej \u2013 efektywniej (eng. easier \u2013 quicker \u2013 more effective).<\/p>\n<p>[\/vc_column_text][\/vc_column_inner][vc_column_inner width=&#8221;1\/4&#8243;][vc_single_image image=&#8221;6856&#8243; img_size=&#8221;120&#215;120&#8243; alignment=&#8221;center&#8221; style=&#8221;vc_box_shadow_3d&#8221;][\/vc_column_inner][\/vc_row_inner][vc_empty_space height=&#8221;20px&#8221;][vc_separator color=&#8221;custom&#8221; accent_color=&#8221;#39a935&#8243;][vc_empty_space height=&#8221;20px&#8221;][vc_row_inner][vc_column_inner width=&#8221;3\/4&#8243;][vc_empty_space height=&#8221;20px&#8221;][vc_column_text]<\/p>\n<p style=\"text-align: justify; font-size: 15px;\"><strong>Juha Ottman<\/strong>, Ambasador Finlandii w Polsce powiedzia\u0142, \u017ce powstrzymanie zmian klimatycznych jest wielkim wyzwaniem, ale to konieczno\u015b\u0107, gdy\u017c UE przyj\u0119\u0142a pakiet <em>Fit for 55<\/em> d\u0105\u017c\u0105c do neutralno\u015bci klimatycznej do 2050 r.<\/p>\n<p>[\/vc_column_text][\/vc_column_inner][vc_column_inner width=&#8221;1\/4&#8243;][vc_single_image image=&#8221;6249&#8243; img_size=&#8221;120&#215;120&#8243; alignment=&#8221;center&#8221; style=&#8221;vc_box_shadow_3d&#8221;][\/vc_column_inner][\/vc_row_inner][vc_empty_space height=&#8221;20px&#8221;][vc_separator color=&#8221;custom&#8221; accent_color=&#8221;#39a935&#8243;][vc_empty_space height=&#8221;20px&#8221;][vc_row_inner][vc_column_inner width=&#8221;3\/4&#8243;][vc_column_text]<\/p>\n<p style=\"text-align: justify; font-size: 15px;\"><strong>Ole Toft<\/strong>, Ambasador Danii w Polsce zainspirowa\u0142 Polsk\u0119 odwa\u017cnymi celami Danii, kt\u00f3ra do 2040 r. zamierza w 70% dokona\u0107 redukcji emisji CO<sub>2<\/sub>, by do 2050 r. sta\u0107 si\u0119 neutralna klimatycznie.<\/p>\n<p>[\/vc_column_text][\/vc_column_inner][vc_column_inner width=&#8221;1\/4&#8243;][vc_single_image image=&#8221;4652&#8243; img_size=&#8221;120&#215;120&#8243; alignment=&#8221;center&#8221; style=&#8221;vc_box_shadow_3d&#8221;][\/vc_column_inner][\/vc_row_inner][vc_empty_space height=&#8221;20px&#8221;][vc_separator color=&#8221;custom&#8221; accent_color=&#8221;#39a935&#8243;][vc_empty_space height=&#8221;20px&#8221;][vc_row_inner][vc_column_inner width=&#8221;3\/4&#8243;][vc_empty_space height=&#8221;20px&#8221;][vc_column_text]<\/p>\n<p style=\"text-align: justify; font-size: 15px;\"><strong>Robert Perkowski<\/strong>, Wiceprezes zarz\u0105du PGNiG S.A. podsumowa\u0142 cz\u0119\u015b\u0107 inauguracyjn\u0105 apeluj\u0105c, by nie zaw\u0119\u017ca\u0107 roli <em>sector coupling<\/em> jedynie do samej bran\u017cy energii, ale dostrzec, \u017ce integracja sektor\u00f3w dotyczy nas wszystkich, gdy\u017c ochrona klimatu jest dobrem wsp\u00f3lnym. Doda\u0142, \u017ce gaz ziemny jest dwukrotnie mniej emisyjny ni\u017c w\u0119giel i zadeklarowa\u0142, \u017ce wzrost cen gazu ma charakter przej\u015bciowy tak\u017ce ze wzgl\u0119du na to, \u017ce b\u0119dzie si\u0119 on stopniowo <em>zazielenia\u0142.<\/em><\/p>\n<p>[\/vc_column_text][\/vc_column_inner][vc_column_inner width=&#8221;1\/4&#8243;][vc_single_image image=&#8221;6789&#8243; img_size=&#8221;120&#215;120&#8243; alignment=&#8221;center&#8221; style=&#8221;vc_box_shadow_3d&#8221;][\/vc_column_inner][\/vc_row_inner][vc_empty_space height=&#8221;20px&#8221;][vc_separator color=&#8221;custom&#8221; accent_color=&#8221;#39a935&#8243;][vc_empty_space height=&#8221;20px&#8221;][vc_row_inner][vc_column_inner width=&#8221;3\/4&#8243;][vc_empty_space height=&#8221;20px&#8221;][vc_column_text]<\/p>\n<p style=\"text-align: justify; font-size: 15px;\"><strong>Grzegorz Tobiszowski<\/strong>, Pose\u0142 do Parlamentu Europejskiego wyrazi\u0142 opini\u0119, \u017ce obecne zmiany UE mo\u017cna przyr\u00f3wna\u0107 do momentu jej tworzenia, a troska o klimat to nowa jako\u015b\u0107, w kt\u00f3rej musi bra\u0107 udzia\u0142 Polska.<\/p>\n<p>[\/vc_column_text][\/vc_column_inner][vc_column_inner width=&#8221;1\/4&#8243;][vc_single_image image=&#8221;6739&#8243; img_size=&#8221;120&#215;120&#8243; alignment=&#8221;center&#8221; style=&#8221;vc_box_shadow_3d&#8221;][\/vc_column_inner][\/vc_row_inner][vc_empty_space height=&#8221;20px&#8221;][vc_separator color=&#8221;custom&#8221; accent_color=&#8221;#39a935&#8243;][vc_empty_space height=&#8221;20px&#8221;][vc_row_inner][vc_column_inner width=&#8221;3\/4&#8243;][vc_empty_space height=&#8221;20px&#8221;][vc_column_text]<\/p>\n<p style=\"text-align: justify; font-size: 15px;\"><strong>Ireneusz Zyska<\/strong>, Wiceministra Klimatu i \u015arodowiska zapowiedzia\u0142 weryfikacj\u0119 cel\u00f3w przyj\u0119tych w Polityce Energetycznej Polski do 2040 r. maj\u0105c na wzgl\u0119dzie rozw\u00f3j prosumeryzmu. Zadeklarowa\u0142 on, \u017ce Polska przyst\u0119puje do <em>Fit for 55<\/em> i stawia na konkurencyjn\u0105 gospodark\u0119 opart\u0105 na sprawiedliwej transformacji.<\/p>\n<p>[\/vc_column_text][\/vc_column_inner][vc_column_inner width=&#8221;1\/4&#8243;][vc_single_image image=&#8221;4689&#8243; img_size=&#8221;120&#215;120&#8243; alignment=&#8221;center&#8221; style=&#8221;vc_box_shadow_3d&#8221;][\/vc_column_inner][\/vc_row_inner][vc_empty_space height=&#8221;20px&#8221;][vc_separator color=&#8221;custom&#8221; accent_color=&#8221;#39a935&#8243;][vc_empty_space height=&#8221;20px&#8221;][vc_row_inner][vc_column_inner width=&#8221;3\/4&#8243;][vc_empty_space height=&#8221;20px&#8221;][vc_column_text]<\/p>\n<p style=\"text-align: justify; font-size: 15px;\"><strong>Anna Kornecka<\/strong>, b. podsekretarz stanu w Ministerstwie Rozwoju, Pracy i Technologii wskaza\u0142a na konieczno\u015b\u0107 wykorzystania szansy p\u0142yn\u0105cej z <em>Europejskiego Zielonego \u0141adu<\/em> przez Polsk\u0119. Jej zdaniem odpowied\u017a na pytanie, czy rozwija\u0107 energetyk\u0119 wiatrow\u0105, czy SMR mierzy si\u0119 w kryterium czasu. Podkre\u015bli\u0142a ona konieczno\u015b\u0107 przyjmowania przemy\u015blanych polityk, by zapobiec ich szybkiej dezaktualizacji, co ma miejsce w przypadku Polityki Energetycznej Polski do 2040 r.<\/p>\n<p>[\/vc_column_text][\/vc_column_inner][vc_column_inner width=&#8221;1\/4&#8243;][vc_single_image image=&#8221;6591&#8243; img_size=&#8221;120&#215;120&#8243; alignment=&#8221;center&#8221; style=&#8221;vc_box_shadow_3d&#8221;][\/vc_column_inner][\/vc_row_inner][vc_empty_space height=&#8221;20px&#8221;][vc_separator color=&#8221;custom&#8221; accent_color=&#8221;#39a935&#8243;][vc_empty_space height=&#8221;20px&#8221;][vc_row_inner][vc_column_inner width=&#8221;3\/4&#8243;][vc_empty_space height=&#8221;20px&#8221;][vc_column_text]<\/p>\n<p style=\"text-align: justify; font-size: 15px;\"><strong>J\u00f3zef W\u0119grecki<\/strong>, Cz\u0142onek zarz\u0105du ds. operacyjnych PKN Orlen S.A. powiedzia\u0142, \u017ce energetyka jest now\u0105 ga\u0142\u0119zi\u0105 rozwijan\u0105 przez Sp\u00f3\u0142k\u0119, kt\u00f3ra stawia na <em>offshore<\/em> i wod\u00f3r oraz zach\u0119ci\u0142 do podejmowania odwa\u017cnych, zorientowanych na przysz\u0142o\u015b\u0107 decyzji. Orlen b\u0119dzie produkowa\u0142 wod\u00f3r z elektrolizy, pirolizy oraz przer\u00f3bki termicznej odpad\u00f3w, a tak\u017ce SMR. Podkre\u015bli\u0142 on, \u017ce dywersyfikacja polskiej energetyki opiera\u0107 powinna si\u0119 na: OZE, wodorze i gazie.<\/p>\n<p>[\/vc_column_text][\/vc_column_inner][vc_column_inner width=&#8221;1\/4&#8243;][vc_single_image image=&#8221;4225&#8243; img_size=&#8221;120&#215;120&#8243; alignment=&#8221;center&#8221; style=&#8221;vc_box_shadow_3d&#8221;][\/vc_column_inner][\/vc_row_inner][vc_empty_space height=&#8221;20px&#8221;][vc_separator color=&#8221;custom&#8221; accent_color=&#8221;#39a935&#8243;][vc_empty_space height=&#8221;20px&#8221;][vc_row_inner][vc_column_inner width=&#8221;3\/4&#8243;][vc_column_text]<\/p>\n<p style=\"text-align: justify; font-size: 15px;\"><strong>Przemys\u0142aw Mandelt<\/strong>, Prezes zarz\u0105du TAURON Ekoenergia sp. z o.o. powiedzia\u0142, \u017ce problem z rozwojem prosumeryzmu opiera si\u0119 na tym, \u017ce system energetyczny w Polsce nie by\u0142 tworzony z my\u015bl\u0105, \u017ce odbiorca b\u0119dzie jednocze\u015bnie wytw\u00f3rc\u0105. Stwierdzi\u0142 on, \u017ce realizacja <em>Europejskiego Zielonego \u0141adu<\/em> jest roz\u0142o\u017cona w czasie i zale\u017cy od pewno\u015bci \u015brodk\u00f3w finansowych wspieraj\u0105cych transformacj\u0119 energetyczn\u0105.<\/p>\n<p>[\/vc_column_text][\/vc_column_inner][vc_column_inner width=&#8221;1\/4&#8243;][vc_single_image image=&#8221;7192&#8243; img_size=&#8221;120&#215;120&#8243; alignment=&#8221;center&#8221; style=&#8221;vc_box_shadow_3d&#8221;][\/vc_column_inner][\/vc_row_inner][vc_empty_space height=&#8221;20px&#8221;][vc_separator color=&#8221;custom&#8221; accent_color=&#8221;#39a935&#8243;][vc_empty_space height=&#8221;20px&#8221;][vc_row_inner][vc_column_inner width=&#8221;3\/4&#8243;][vc_empty_space height=&#8221;20px&#8221;][vc_column_text]<\/p>\n<p style=\"text-align: justify; font-size: 15px;\"><strong>Jens Price Wolf<\/strong>, Wiceprezes zarz\u0105du ENVIVA podzieli\u0142 si\u0119 opini\u0105, \u017ce powinny zosta\u0107 przyj\u0119te stosowne ramy prawne dla rozwoju biomasy, a wsp\u00f3\u0142spalanie pozwala na redukcj\u0119 emisji CO<sub>2<\/sub> na rzecz <em>get to net zero.<\/em><\/p>\n<p>[\/vc_column_text][\/vc_column_inner][vc_column_inner width=&#8221;1\/4&#8243;][vc_single_image image=&#8221;6483&#8243; img_size=&#8221;120&#215;120&#8243; alignment=&#8221;center&#8221; style=&#8221;vc_box_shadow_3d&#8221;][\/vc_column_inner][\/vc_row_inner][vc_empty_space height=&#8221;20px&#8221;][vc_separator color=&#8221;custom&#8221; accent_color=&#8221;#39a935&#8243;][vc_empty_space height=&#8221;20px&#8221;][vc_row_inner][vc_column_inner width=&#8221;3\/4&#8243;][vc_column_text]<\/p>\n<p style=\"text-align: justify; font-size: 15px;\"><strong>Rafa\u0142 Gawin<\/strong>, Prezes Urz\u0119du Regulacji Energetyki, odpowiadaj\u0105c na pytanie <em>\u201ePo co rozmawiamy na temat \u0142\u0105czenia sektor\u00f3w?\u201d<\/em> powiedzia\u0142: <em>\u201eRozmawiamy po to by jak najefektywniej wykorzystywa\u0107 energi\u0119. W energetyce wielkoskalowej by\u0107 mo\u017ce odpowied\u017a na to pytanie jest troch\u0119 trudniejsza, ale w energetyce lokalnej problemy s\u0105 o wiele mniejsze. Z punktu widzenia rzeczywi\u015bcie regulacyjnego i regulator\u00f3w te potencjalne korzy\u015bci, kt\u00f3re s\u0105 upatrywane z \u0142\u0105czenia sektor\u00f3w, wynikaj\u0105 m.in. z faktu obserwacji procesu \u201eschodzenia w d\u00f3\u0142 z energetyk\u0105\u201d i powstawania takich rzeczywi\u015bcie lokalnych instalacji energetycznych.\u201d<\/em><\/p>\n<p>[\/vc_column_text][\/vc_column_inner][vc_column_inner width=&#8221;1\/4&#8243;][vc_single_image image=&#8221;6420&#8243; img_size=&#8221;120&#215;120&#8243; alignment=&#8221;center&#8221; style=&#8221;vc_box_shadow_3d&#8221;][\/vc_column_inner][\/vc_row_inner][vc_empty_space height=&#8221;20px&#8221;][vc_separator color=&#8221;custom&#8221; accent_color=&#8221;#39a935&#8243;][vc_empty_space height=&#8221;20px&#8221;][vc_row_inner][vc_column_inner width=&#8221;3\/4&#8243;][vc_empty_space height=&#8221;20px&#8221;][vc_column_text]<\/p>\n<p style=\"text-align: justify; font-size: 15px;\"><strong>Ingunn Sveg\u00e5rden<\/strong>, Senior Vice President Renewables, Emerging Regions z Equinor ASA, kt\u00f3ra powiedzia\u0142a, \u017ce jej zdaniem nie istnieje jedno rozwi\u0105zanie; integrowanie wszystkich rozwi\u0105za\u0144 jest kluczowe, a jest wiele technologii, kt\u00f3re nale\u017cy wspiera\u0107. Doda\u0142a ponadto, \u017ce aby dokona\u0107 dekarbonizacji, Equinor dokonuje elektryfikacji wydobycia ropy i dostrzega du\u017cy potencja\u0142 w <em>offshore<\/em>.<\/p>\n<p>[\/vc_column_text][\/vc_column_inner][vc_column_inner width=&#8221;1\/4&#8243;][vc_single_image image=&#8221;6304&#8243; img_size=&#8221;120&#215;120&#8243; alignment=&#8221;center&#8221; style=&#8221;vc_box_shadow_3d&#8221;][\/vc_column_inner][\/vc_row_inner][vc_empty_space height=&#8221;20px&#8221;][vc_separator color=&#8221;custom&#8221; accent_color=&#8221;#39a935&#8243;][vc_empty_space height=&#8221;20px&#8221;][vc_row_inner][vc_column_inner width=&#8221;3\/4&#8243;][vc_empty_space height=&#8221;20px&#8221;][vc_column_text]<\/p>\n<p style=\"text-align: justify; font-size: 15px;\"><strong>Andrzej Kopyrski<\/strong>, Dyrektor zarz\u0105dzaj\u0105cy Pionem Inwestycji PFR S.A. powiedzia\u0142, \u017ce istotne jest, by poza inwestycjami w ma\u0142e panele s\u0142oneczne, stawia\u0107 tak\u017ce na du\u017ce farmy PV. PFR chce by\u0107 katalizatorem zmian, a pocovidowe \u201eodbicie\u201d gospodarki ma szans\u0119 zdaniem A. Kopyrskiego zwi\u0119kszy\u0107 wci\u0105\u017c niewielk\u0105 ilo\u015b\u0107 zielonych projekt\u00f3w.<\/p>\n<p>[\/vc_column_text][\/vc_column_inner][vc_column_inner width=&#8221;1\/4&#8243;][vc_single_image image=&#8221;6827&#8243; img_size=&#8221;120&#215;120&#8243; alignment=&#8221;center&#8221; style=&#8221;vc_box_shadow_3d&#8221;][\/vc_column_inner][\/vc_row_inner][vc_empty_space height=&#8221;20px&#8221;][vc_separator color=&#8221;custom&#8221; accent_color=&#8221;#39a935&#8243;][vc_empty_space height=&#8221;20px&#8221;][vc_row_inner][vc_column_inner width=&#8221;3\/4&#8243;][vc_empty_space height=&#8221;20px&#8221;][vc_column_text]<\/p>\n<p style=\"text-align: justify; font-size: 15px;\"><strong>Mariusz Przybylik<\/strong>, Dyrektor zarz\u0105dzaj\u0105cy w obszarze energetyka, chemia, g\u00f3rnictwo, Accenture, wskaza\u0142, \u017ce jego zdaniem rozw\u00f3j OZE zale\u017cy od rozwoju technologii zwi\u0105zanych ze zbieraniem przetwarzaniem i analiz\u0105 danych. Jak stwierdzi\u0142: <em>\u201edane s\u0105 wszechobecne i mo\u017cna nawet pokusi\u0107 si\u0119 o stwierdzenie, \u017ce dane to nowe paliwo. Paliwo z punktu widzenia zasobu buduj\u0105cego warto\u015b\u0107, ale r\u00f3wnie\u017c zasobu kt\u00f3ry pozwala zaspokaja\u0107 nasze potrzeby energetyczne\u201d<\/em>.<\/p>\n<p>[\/vc_column_text][\/vc_column_inner][vc_column_inner width=&#8221;1\/4&#8243;][vc_single_image image=&#8221;6419&#8243; img_size=&#8221;120&#215;120&#8243; alignment=&#8221;center&#8221; style=&#8221;vc_box_shadow_3d&#8221;][\/vc_column_inner][\/vc_row_inner][vc_empty_space height=&#8221;20px&#8221;][vc_separator color=&#8221;custom&#8221; accent_color=&#8221;#39a935&#8243;][vc_empty_space height=&#8221;20px&#8221;][vc_row_inner][vc_column_inner width=&#8221;3\/4&#8243;][vc_column_text]<\/p>\n<p style=\"text-align: justify; font-size: 15px;\">Dzia\u0142ania Finlandii w zakresie realizacji cel\u00f3w klimatycznych przybli\u017cy\u0142a <strong>Helena Sar\u00e9n<\/strong>, Head of Carbon Neutral Finland Mission z Business Finland, kt\u00f3ra podzieli\u0142a si\u0119 opini\u0105, \u017ce aby przeprowadzi\u0107 dekarbonizacj\u0119 nale\u017cy umo\u017cliwi\u0107 \u0142\u0105czenie si\u0119 sektor\u00f3w i przeprowadzi\u0107 zmiany systemowe w transportowaniu, wykorzystywaniu i przemianie energii na wiele sposob\u00f3w. Ciep\u0142ownictwo, digitalizacji i rozwi\u0105zania wodorowe odgrywaj\u0105 jej zdaniem wielk\u0105 rol\u0119 w \u0142\u0105czeniu sektor\u00f3w, ale zmiany musz\u0105 by\u0107 publiczne i umo\u017cliwia\u0107 nowym sp\u00f3\u0142kom na wprowadzanie innowacyjnych rozwi\u0105za\u0144 w dziedzinie elektryfikacji.<\/p>\n<p>[\/vc_column_text][\/vc_column_inner][vc_column_inner width=&#8221;1\/4&#8243;][vc_single_image image=&#8221;6401&#8243; img_size=&#8221;120&#215;120&#8243; alignment=&#8221;center&#8221; style=&#8221;vc_box_shadow_3d&#8221;][\/vc_column_inner][\/vc_row_inner][vc_empty_space height=&#8221;20px&#8221;][vc_separator color=&#8221;custom&#8221; accent_color=&#8221;#39a935&#8243;][vc_empty_space height=&#8221;20px&#8221;][vc_row_inner][vc_column_inner width=&#8221;3\/4&#8243;][vc_column_text]<\/p>\n<p style=\"text-align: justify; font-size: 15px;\"><strong>Kolejne wyst\u0105pienie, Iwety Opolskiej, <\/strong>Dyrektor Biura Handlu Gazem, PKN Orlen S.A. by\u0142o po\u015bwi\u0119cone<strong> <em>\u201e(Bio)metanowi jako paliwu transformacji i przysz\u0142o\u015bci energetyki\u201d<\/em>. <\/strong>Iweta Opolska swoje wyst\u0105pienie rozpocz\u0119\u0142a od wskazania, \u017ce <em>\u201eceny, kt\u00f3rych do\u015bwiadczamy na rynku hurtowym, jak i detalicznym gazu ziemnego mo\u017cna nazwa\u0107 trzecim kryzysem gazowym\u201d<\/em>, stwierdzaj\u0105c, \u017ce <em>\u201erosn\u0105cy trend to odzwierciedlenie pocovidowego odbicia w gospodarce. Wzrost nast\u0105pi\u0142 ze wzgl\u0119du na wzrost gospodarczy i zwi\u0105zany z tym wzrost zapotrzebowania na surowce\u201d.<\/em> Odnosz\u0105c si\u0119 do przysz\u0142ych trend\u00f3w cen surowc\u00f3w, Dyrektor Opolska powiedzia\u0142a, \u017ce: <em>\u201ekupuj\u0105c dzi\u015b gaz ziemny z dostaw\u0105 na przysz\u0142y rok i na dwa kolejne, cena b\u0119dzie du\u017co ni\u017csza ni\u017c cena dostawy gazu z dostaw\u0105 na jutro\u201d<\/em>. Zdaniem Dyrektor Opolskiej je\u017celi uprawnienia do emisji CO<sub>2<\/sub> nadal b\u0119d\u0105 ros\u0142y, to przy poziomie 72 Eur\/t CO2 nast\u0105pi tzw. switch i wtedy gaz ziemny b\u0119dzie bardziej op\u0142acalny ni\u017c w\u0119giel. Wniosek p\u0142yn\u0105cy z analizy Orlen dotycz\u0105cy tendencji cenowych biometanu wskazuje, \u017ce s\u0105 instalacje, z kt\u00f3rych produkcja energii b\u0119dzie bardziej op\u0142acalna ni\u017c z elektrowni gazu ziemnego, a zatem im wy\u017csza jest cena uprawnie\u0144 do emisji CO<sub>2<\/sub>, tym bardziej b\u0119dzie op\u0142acalny biometan, nawet bez systemu wsparcia.<\/p>\n<p>[\/vc_column_text][\/vc_column_inner][vc_column_inner width=&#8221;1\/4&#8243;][vc_single_image image=&#8221;4344&#8243; img_size=&#8221;120&#215;120&#8243; alignment=&#8221;center&#8221; style=&#8221;vc_box_shadow_3d&#8221;][\/vc_column_inner][\/vc_row_inner][vc_empty_space height=&#8221;20px&#8221;][vc_separator color=&#8221;custom&#8221; accent_color=&#8221;#39a935&#8243;][vc_empty_space height=&#8221;20px&#8221;][vc_row_inner][vc_column_inner width=&#8221;3\/4&#8243;][vc_empty_space height=&#8221;20px&#8221;][vc_column_text]<\/p>\n<p style=\"text-align: justify; font-size: 15px;\"><strong>Artur Zawartko<\/strong>, Wiceprezes zarz\u0105du GAZ-System S.A. w dyskusji panelowej powiedzia\u0142, \u017ce <em>\u201emusimy zbudowa\u0107 infrastruktur\u0119 stawiaj\u0105c na efektywno\u015b\u0107\u201d<\/em>, ale konieczna jest odpowiednio wczesna znajomo\u015b\u0107 regulacji, by zrealizowa\u0107 przy\u0142\u0105czenie, kt\u00f3ra to teza wyp\u0142ywa z prowadzonego dialogu z rynkiem.<\/p>\n<p>[\/vc_column_text][\/vc_column_inner][vc_column_inner width=&#8221;1\/4&#8243;][vc_single_image image=&#8221;6651&#8243; img_size=&#8221;120&#215;120&#8243; alignment=&#8221;center&#8221; style=&#8221;vc_box_shadow_3d&#8221;][\/vc_column_inner][\/vc_row_inner][vc_empty_space height=&#8221;20px&#8221;][vc_separator color=&#8221;custom&#8221; accent_color=&#8221;#39a935&#8243;][vc_empty_space height=&#8221;20px&#8221;][vc_row_inner][vc_column_inner width=&#8221;3\/4&#8243;][vc_empty_space height=&#8221;20px&#8221;][vc_column_text]<\/p>\n<p style=\"text-align: justify; font-size: 15px;\"><strong>Jakub Kowalski<\/strong>, cz\u0142onek zarz\u0105du ds. operacyjnych PSG S.A. doda\u0142, \u017ce proces inwestycyjny trwa ok. 3 lat, a dzisiejsze projekty b\u0119d\u0105 finalizowane w 2025 r. i dlatego konieczna jest znajomo\u015b\u0107 perspektywy rynkowej i regulacyjnej za kilka lat.<\/p>\n<p>[\/vc_column_text][\/vc_column_inner][vc_column_inner width=&#8221;1\/4&#8243;][vc_single_image image=&#8221;6813&#8243; img_size=&#8221;120&#215;120&#8243; alignment=&#8221;center&#8221; style=&#8221;vc_box_shadow_3d&#8221;][\/vc_column_inner][\/vc_row_inner][vc_empty_space height=&#8221;20px&#8221;][vc_separator color=&#8221;custom&#8221; accent_color=&#8221;#39a935&#8243;][vc_empty_space height=&#8221;20px&#8221;][vc_row_inner][vc_column_inner width=&#8221;3\/4&#8243;][vc_empty_space height=&#8221;20px&#8221;][vc_column_text]<\/p>\n<p style=\"text-align: justify; font-size: 15px;\"><strong>Piotr Zawistowski<\/strong>, Prezes zarz\u0105du Towarowej Gie\u0142dy Energii S.A. powiedzia\u0142, \u017ce pojawienie si\u0119 biometanu na gie\u0142dzie zale\u017cy od wielu czynnik\u00f3w, w tym tak\u017ce od zachowa\u0144 uczestnik\u00f3w rynku. Przewiduje on pojawienie si\u0119 wodoru na TGE je\u015bli b\u0119dzie on wykorzystywany jako domieszka metanu;<\/p>\n<p>[\/vc_column_text][\/vc_column_inner][vc_column_inner width=&#8221;1\/4&#8243;][vc_single_image image=&#8221;6650&#8243; img_size=&#8221;120&#215;120&#8243; alignment=&#8221;center&#8221; style=&#8221;vc_box_shadow_3d&#8221;][\/vc_column_inner][\/vc_row_inner][vc_empty_space height=&#8221;20px&#8221;][vc_separator color=&#8221;custom&#8221; accent_color=&#8221;#39a935&#8243;][vc_empty_space height=&#8221;20px&#8221;][vc_row_inner][vc_column_inner width=&#8221;3\/4&#8243;][vc_empty_space height=&#8221;20px&#8221;][vc_column_text]<\/p>\n<p style=\"text-align: justify; font-size: 15px;\"><strong>Grzegorz Nale\u017cyty<\/strong>, Prezes zarz\u0105du Siemens Energy Poland krytycznie odni\u00f3s\u0142 si\u0119 do mo\u017cliwo\u015bci rozwoju wodoru, m\u00f3wi\u0105c, \u017ce wod\u00f3r musi mie\u0107 wielk\u0105 skal\u0119, by obni\u017cy\u0107 koszty (wg niego uprawnienia do emisji CO<sub>2<\/sub> musia\u0142yby osi\u0105gn\u0105\u0107 poziom 300 EUR). Zdaniem G. Nale\u017cytego istotny jest efekt skali, wi\u0119c energetyka musi istnie\u0107 zar\u00f3wno w modelu scentralizowanym, jak i rozproszonym.<\/p>\n<p>[\/vc_column_text][\/vc_column_inner][vc_column_inner width=&#8221;1\/4&#8243;][vc_single_image image=&#8221;4676&#8243; img_size=&#8221;120&#215;120&#8243; alignment=&#8221;center&#8221; style=&#8221;vc_box_shadow_3d&#8221;][\/vc_column_inner][\/vc_row_inner][vc_empty_space height=&#8221;20px&#8221;][vc_separator color=&#8221;custom&#8221; accent_color=&#8221;#39a935&#8243; css=&#8221;.vc_custom_1633670436843{padding-top: 10px !important;padding-bottom: 10px !important;}&#8221;][vc_empty_space height=&#8221;20px&#8221;][vc_row_inner][vc_column_inner width=&#8221;3\/4&#8243;][vc_column_text]<\/p>\n<p style=\"text-align: justify; font-size: 15px;\">Dr hab. in\u017c. <strong>Arkadiusz Kami\u0144ski<\/strong>, ekspert, obszar Cz\u0142onka Zarz\u0105du ds. Operacyjnych, PKN Orlen S.A. zadeklarowa\u0142, \u017ce: <em>\u201ena naszych oczach Orlen staje si\u0119 koncernem multienergetycznym, zapewniaj\u0105cym stabilno\u015b\u0107 i bezpiecze\u0144stwo energetyczne w Europie centralnej\u201d<\/em>. Powiedzia\u0142 on, \u017ce Orlen w swojej strategii og\u0142osi\u0142 neutralno\u015b\u0107 emisyjn\u0105 do 2050 r., co podyktowane jest prze\u015bwiadczeniem, \u017ce jest to inwestycja w przysz\u0142o\u015b\u0107, oparta na inwestycjach w \u017ar\u00f3d\u0142a niskoemisyjne i zeroemisyjne zar\u00f3wno na l\u0105dzie, jak i na morzu. A. Kami\u0144ski wskaza\u0142, \u017ce: <strong><em>\u201ew najbli\u017cszej dekadzie Orlen wyda ok. 30 mld z\u0142 na tzw. projekty zr\u00f3wnowa\u017cone <\/em><\/strong><em>(25 mld = 60 projekt\u00f3w w ci\u0105gu dekady, kt\u00f3re maj\u0105 obni\u017cy\u0107 emisje, np. z aktyw\u00f3w rafineryjnych i petrochemicznych o min. 20%, a w zakresie produkcji energii elektrycznej te projekty obni\u017c\u0105 emisj\u0119 CO<\/em><em><sub>2<\/sub> o 33%)\u201d<\/em>.<\/p>\n<p>[\/vc_column_text][\/vc_column_inner][vc_column_inner width=&#8221;1\/4&#8243;][vc_single_image image=&#8221;6782&#8243; img_size=&#8221;120&#215;120&#8243; alignment=&#8221;center&#8221; style=&#8221;vc_box_shadow_3d&#8221;][\/vc_column_inner][\/vc_row_inner][vc_empty_space height=&#8221;20px&#8221;][vc_separator color=&#8221;custom&#8221; accent_color=&#8221;#39a935&#8243; css=&#8221;.vc_custom_1633670448247{padding-top: 10px !important;padding-bottom: 10px !important;}&#8221;][vc_empty_space height=&#8221;20px&#8221;][vc_row_inner][vc_column_inner width=&#8221;3\/4&#8243;][vc_column_text]<\/p>\n<p style=\"text-align: justify; font-size: 15px;\"><strong>Pawe\u0142 Wr\u00f3bel<\/strong>, Dyrektor zarz\u0105dzaj\u0105cy BalticWind.EU zaznaczy\u0142 zale\u017cno\u015b\u0107 polskiej polityki energetycznej od prawa unijnego. Jak stwierdzi\u0142: <em>\u201epodstaw\u0105 \u0142\u0105czenia sektor\u00f3w ma by\u0107 morska energetyka wiatrowa. Polska strategia musi wpisywa\u0107 si\u0119 w t\u0119 unijn\u0105, bo jako cz\u0142onek UE jeste\u015bmy zobligowani do wdra\u017cania prawa unijnego, a UE jasno definiuje kierunek rozwoju OZE, w tym offshore. Z punktu widzenia offshore najwa\u017cniejsza b\u0119dzie rewizja dyrektywy OZE, kt\u00f3ra podwy\u017csza cel udzia\u0142u OZE dla ca\u0142ej UE\u201d.<\/em><\/p>\n<p>[\/vc_column_text][\/vc_column_inner][vc_column_inner width=&#8221;1\/4&#8243;][vc_single_image image=&#8221;6306&#8243; img_size=&#8221;120&#215;120&#8243; alignment=&#8221;center&#8221; style=&#8221;vc_box_shadow_3d&#8221;][\/vc_column_inner][\/vc_row_inner][vc_empty_space height=&#8221;20px&#8221;][vc_separator color=&#8221;custom&#8221; accent_color=&#8221;#39a935&#8243; css=&#8221;.vc_custom_1633670454890{padding-top: 10px !important;padding-bottom: 10px !important;}&#8221;][vc_empty_space height=&#8221;20px&#8221;][vc_row_inner][vc_column_inner width=&#8221;3\/4&#8243;][vc_column_text]<\/p>\n<p style=\"text-align: justify; font-size: 15px;\"><strong>Jaros\u0142aw Broda<\/strong>, Prezes zarz\u0105du Baltic Power powiedzia\u0142, \u017ce istotne jest, by \u017ceby mocy offshore by\u0142o jak najwi\u0119cej, ale obecnie wci\u0105\u017c nie mamy nawet jednego MWh, wi\u0119c jego zdaniem droga do celu jest wyboista. Zdaniem J. Brody istniej\u0105 realne ograniczenia po stronie poda\u017cowej, po stronie deweloper\u00f3w i producent\u00f3w, \u017ceby pipeline by\u0142 sta\u0142y i przewidywalny, by zbudowa\u0107 nawet 12 GW mocy.<\/p>\n<p>[\/vc_column_text][\/vc_column_inner][vc_column_inner width=&#8221;1\/4&#8243;][vc_single_image image=&#8221;6781&#8243; img_size=&#8221;120&#215;120&#8243; alignment=&#8221;center&#8221; style=&#8221;vc_box_shadow_3d&#8221;][\/vc_column_inner][\/vc_row_inner][vc_empty_space height=&#8221;20px&#8221;][vc_separator color=&#8221;custom&#8221; accent_color=&#8221;#39a935&#8243; css=&#8221;.vc_custom_1633670460855{padding-top: 10px !important;padding-bottom: 10px !important;}&#8221;][vc_empty_space height=&#8221;20px&#8221;][vc_row_inner][vc_column_inner width=&#8221;3\/4&#8243;][vc_empty_space height=&#8221;20px&#8221;][vc_column_text]<\/p>\n<p style=\"text-align: justify; font-size: 15px;\"><strong>Micha\u0142 Ko\u0142odziejczyk<\/strong>, Prezes zarz\u0105du Equinor Polska doda\u0142, \u017ce sukcesem jest wprowadzenie ustawy <em>offshore<\/em>, kt\u00f3ra jest fundamentem jego rozwoju, ale jest kilka element\u00f3w wymagaj\u0105cych nowelizacji, np. jak doda\u0142- indeksowanie ceny CFD.<\/p>\n<p>[\/vc_column_text][\/vc_column_inner][vc_column_inner width=&#8221;1\/4&#8243;][vc_single_image image=&#8221;6896&#8243; img_size=&#8221;120&#215;120&#8243; alignment=&#8221;center&#8221; style=&#8221;vc_box_shadow_3d&#8221;][\/vc_column_inner][\/vc_row_inner][vc_empty_space height=&#8221;20px&#8221;][vc_separator color=&#8221;custom&#8221; accent_color=&#8221;#39a935&#8243; css=&#8221;.vc_custom_1633670468627{padding-top: 10px !important;padding-bottom: 10px !important;}&#8221;][vc_empty_space height=&#8221;20px&#8221;][vc_row_inner][vc_column_inner width=&#8221;3\/4&#8243;][vc_column_text]<\/p>\n<p style=\"text-align: justify; font-size: 15px;\"><strong>Rafa\u0142 Libera<\/strong>, Group Integration Manager z Acteon powiedzia\u0142, \u017ce do w ci\u0105gu ostatniej dekady zbudowano ok. 34 GW mocy <em>offshore<\/em>, a w najbli\u017cej dekadzie prognozuje si\u0119 230 GW, co jego zdaniem przek\u0142ada si\u0119 na wzrost przy\u0142\u0105cze\u0144 rocznych z 3,7 GW do oko\u0142o 26, czyli oko\u0142o 7 krotny roczny wzrost, a zatem jest to ogromne wyzwanie.<\/p>\n<p>[\/vc_column_text][\/vc_column_inner][vc_column_inner width=&#8221;1\/4&#8243;][vc_single_image image=&#8221;6593&#8243; img_size=&#8221;120&#215;120&#8243; alignment=&#8221;center&#8221; style=&#8221;vc_box_shadow_3d&#8221;][\/vc_column_inner][\/vc_row_inner][vc_empty_space height=&#8221;20px&#8221;][vc_separator color=&#8221;custom&#8221; accent_color=&#8221;#39a935&#8243; css=&#8221;.vc_custom_1633670475405{padding-top: 10px !important;padding-bottom: 10px !important;}&#8221;][vc_empty_space height=&#8221;20px&#8221;][vc_row_inner][vc_column_inner width=&#8221;3\/4&#8243;][vc_column_text]<\/p>\n<p style=\"text-align: justify; font-size: 15px;\"><strong>Katarzyna Suchcicka<\/strong>, Dyrektor generalna OX2 wskaza\u0142a, \u017ce: <em>\u201eim bardziej do\u015bwiadczony kontraktor offshore tym bardziej b\u0119dzie w stanie rozbi\u0107 kontraktacje na tak zwane multicontracting, co jest naprawd\u0119 ogromnym wyzwaniem dla inwestora, ale r\u00f3wnie\u017c ogromnym wyzwaniem dla naszego supply-chain\u2019u. Natomiast w przypadku innych typ\u00f3w strategii bardziej id\u0105cych w \u0142\u0105czenie kontrakt\u00f3w EPC, multi EPC, mog\u0105 by\u0107 zupe\u0142nie inne (rozwi\u0105zania)\u201d.<\/em><\/p>\n<p>[\/vc_column_text][\/vc_column_inner][vc_column_inner width=&#8221;1\/4&#8243;][vc_single_image image=&#8221;6493&#8243; img_size=&#8221;120&#215;120&#8243; alignment=&#8221;center&#8221; style=&#8221;vc_box_shadow_3d&#8221;][\/vc_column_inner][\/vc_row_inner][vc_empty_space height=&#8221;20px&#8221;][vc_separator color=&#8221;custom&#8221; accent_color=&#8221;#39a935&#8243; css=&#8221;.vc_custom_1633670481623{padding-top: 10px !important;padding-bottom: 10px !important;}&#8221;][vc_empty_space height=&#8221;20px&#8221;][vc_row_inner][vc_column_inner width=&#8221;3\/4&#8243;][vc_column_text]<\/p>\n<p style=\"text-align: justify; font-size: 15px;\"><strong>Beata Daszy\u0144ska-Muzyczka, <\/strong>Prezes zarz\u0105du Bank Gospodarstwa Krajowego zaznaczy\u0142a, \u017ce konsumpcja energii wzrasta logarytmicznie, a ludzko\u015b\u0107 jest uzale\u017cniona od energii, dlatego nale\u017cy szuka\u0107 odpowiedzialnego sposobu jej wytwarzania. Jej zdaniem <em>Europejski Zielony \u0141ad<\/em> to przede wszystkim <em>\u201eprzyspieszenie transformacji naszej \u015bwiadomo\u015bci\u201d<\/em>.<\/p>\n<p>[\/vc_column_text][\/vc_column_inner][vc_column_inner width=&#8221;1\/4&#8243;][vc_single_image image=&#8221;4986&#8243; img_size=&#8221;120&#215;120&#8243; alignment=&#8221;center&#8221; style=&#8221;vc_box_shadow_3d&#8221;][\/vc_column_inner][\/vc_row_inner][vc_empty_space height=&#8221;20px&#8221;][vc_separator color=&#8221;custom&#8221; accent_color=&#8221;#39a935&#8243; css=&#8221;.vc_custom_1633670493284{padding-top: 10px !important;padding-bottom: 10px !important;}&#8221;][vc_empty_space height=&#8221;20px&#8221;][vc_row_inner][vc_column_inner width=&#8221;3\/4&#8243;][vc_column_text]<\/p>\n<p style=\"text-align: justify; font-size: 15px;\"><strong>Adam Burda, <\/strong>Dyrektor Departamentu Klienta Strategicznego &#8211; Energetyka, Paliwa i Nowe Technologie, PKO Bank Polski S.A. powiedzia\u0142, \u017ce jest ju\u017c wiele projekt\u00f3w PV o \u0142\u0105cznej mocy zainstalowanej 5 GW. Najwi\u0119kszym wyzwaniem w jego opinii jest zmiana energetyki konwencjonalnej na niskoemisyjn\u0105, w tym zawar\u0142 tak\u017ce zmian\u0119 ciep\u0142ownictwa, gdy\u017c elektrociep\u0142ownie znajduj\u0105 si\u0119 w bezpo\u015brednim oddzia\u0142ywaniu na \u017cycie ludzi.<\/p>\n<p>[\/vc_column_text][\/vc_column_inner][vc_column_inner width=&#8221;1\/4&#8243;][vc_single_image image=&#8221;5140&#8243; img_size=&#8221;120&#215;120&#8243; alignment=&#8221;center&#8221; style=&#8221;vc_box_shadow_3d&#8221;][\/vc_column_inner][\/vc_row_inner][vc_empty_space height=&#8221;20px&#8221;][vc_separator color=&#8221;custom&#8221; accent_color=&#8221;#39a935&#8243; css=&#8221;.vc_custom_1633670407898{padding-top: 10px !important;padding-bottom: 10px !important;}&#8221;][vc_empty_space height=&#8221;20px&#8221;][vc_row_inner][vc_column_inner width=&#8221;3\/4&#8243;][vc_empty_space height=&#8221;20px&#8221;][vc_column_text]<\/p>\n<p style=\"text-align: justify; font-size: 15px;\"><strong>Wojciech Hann, <\/strong>Prezes zarz\u0105du BO\u015a BANK S.A. doda\u0142, \u017ce trudno jest zaproponowa\u0107 op\u0142acalny projekt, gdy\u017c problemy pojawiaj\u0105 si\u0119 na ka\u017cdym etapie, tj. sponsora, dobrego biznes planu, \u0142a\u0144cucha wykonawc\u00f3w, otoczenia rynkowego i finansowania.<\/p>\n<p>[\/vc_column_text][\/vc_column_inner][vc_column_inner width=&#8221;1\/4&#8243;][vc_single_image image=&#8221;6695&#8243; img_size=&#8221;120&#215;120&#8243; alignment=&#8221;center&#8221; style=&#8221;vc_box_shadow_3d&#8221;][\/vc_column_inner][\/vc_row_inner][vc_empty_space height=&#8221;20px&#8221;][vc_separator color=&#8221;custom&#8221; accent_color=&#8221;#39a935&#8243; css=&#8221;.vc_custom_1633670407898{padding-top: 10px !important;padding-bottom: 10px !important;}&#8221;][vc_empty_space height=&#8221;20px&#8221;][vc_row_inner][vc_column_inner width=&#8221;3\/4&#8243;][vc_column_text]<\/p>\n<p style=\"text-align: justify; font-size: 15px;\"><strong>Massimiliano Massari, <\/strong>Managing Director &#8211; Energy Industry, Intesa Sanpaolo stwierdzi\u0142, i\u017c je\u015bli my\u015bli o transformacji, to widzi potencja\u0142 Polski, gdy\u017c <em>\u201ejest tu wiele do zrobienia\u201d<\/em>. Jego zdaniem niezb\u0119dna jest przejrzysta strategia energetyczna, a jasne regulacje gwarantuj\u0105 pewno\u015b\u0107 inwestycji.<\/p>\n<p>[\/vc_column_text][\/vc_column_inner][vc_column_inner width=&#8221;1\/4&#8243;][vc_single_image image=&#8221;6927&#8243; img_size=&#8221;120&#215;120&#8243; alignment=&#8221;center&#8221; style=&#8221;vc_box_shadow_3d&#8221;][\/vc_column_inner][\/vc_row_inner][vc_empty_space height=&#8221;20px&#8221;][vc_separator color=&#8221;custom&#8221; accent_color=&#8221;#39a935&#8243; css=&#8221;.vc_custom_1633670407898{padding-top: 10px !important;padding-bottom: 10px !important;}&#8221;][vc_empty_space height=&#8221;20px&#8221;][vc_row_inner][vc_column_inner width=&#8221;3\/4&#8243;][vc_column_text]<\/p>\n<p style=\"text-align: justify; font-size: 15px;\"><strong>Patryk Demski, <\/strong>Wiceprezes zarz\u0105du ds. strategii i rozwoju TAURON Polska Energia S.A. powiedzia\u0142, \u017ce poza finansowaniem <em>zielonych<\/em> projekt\u00f3w nale\u017cy tak\u017ce finansowa\u0107 te przej\u015bciowe. W jego opinii atom jest wci\u0105\u017c niepewn\u0105 technologi\u0105, zale\u017cn\u0105 od decyzji politycznych, a najbardziej pewny jest gaz.<\/p>\n<p>[\/vc_column_text][\/vc_column_inner][vc_column_inner width=&#8221;1\/4&#8243;][vc_single_image image=&#8221;6722&#8243; img_size=&#8221;120&#215;120&#8243; alignment=&#8221;center&#8221; style=&#8221;vc_box_shadow_3d&#8221;][\/vc_column_inner][\/vc_row_inner][vc_empty_space height=&#8221;20px&#8221;][vc_separator color=&#8221;custom&#8221; accent_color=&#8221;#39a935&#8243; css=&#8221;.vc_custom_1633670407898{padding-top: 10px !important;padding-bottom: 10px !important;}&#8221;][vc_empty_space height=&#8221;20px&#8221;][vc_row_inner][vc_column_inner width=&#8221;3\/4&#8243;][vc_column_text]<\/p>\n<p style=\"text-align: justify; font-size: 15px;\"><strong>Dan Dorman,<\/strong> the NRC\u2019s Deputy Executive Director for Reactor and Prepardness Programs, Office of the Executive Director for Operations, US Nuclear Regulatory Commission podzieli\u0142 si\u0119 do\u015bwiadczeniami rozwoju technologii j\u0105drowych w USA, doda\u0142, \u017ce procedura inwestycji j\u0105drowych w Polsce musi by\u0107 oparta na weryfikacji zachowania bezpiecze\u0144stwa energetycznego, kt\u00f3ra zale\u017cna jest od przyj\u0119tych ram prawnych, ale szczeg\u00f3\u0142y techniczne maj\u0105 charakter uniwersalny. NRC deklaruje gotowo\u015b\u0107 wsp\u00f3\u0142pracy w projektach j\u0105drowych z polskimi ekspertami, kt\u00f3rych b\u0119dzie wspiera\u0142a w zakresie zdobycia potrzebnych kompetencji.<\/p>\n<p>[\/vc_column_text][\/vc_column_inner][vc_column_inner width=&#8221;1\/4&#8243;][vc_single_image image=&#8221;7182&#8243; img_size=&#8221;120&#215;120&#8243; alignment=&#8221;center&#8221; style=&#8221;vc_box_shadow_3d&#8221;][\/vc_column_inner][\/vc_row_inner][vc_empty_space height=&#8221;20px&#8221;][vc_separator color=&#8221;custom&#8221; accent_color=&#8221;#39a935&#8243; css=&#8221;.vc_custom_1633670407898{padding-top: 10px !important;padding-bottom: 10px !important;}&#8221;][vc_empty_space height=&#8221;20px&#8221;][vc_row_inner][vc_column_inner width=&#8221;3\/4&#8243;][vc_empty_space height=&#8221;20px&#8221;][vc_column_text]<\/p>\n<p style=\"text-align: justify; font-size: 15px;\"><strong>Alan Woods<\/strong>, Director Strategy and Business Development for Rolls-Royce\u2019s SMR powiedzia\u0142, \u017ce wyzwaniem jest standaryzacja \u0142a\u0144cucha dostaw oraz procesu projektowania, a kluczowe jest zapewnienie bezpiecze\u0144stwa tej technologii i ochrona \u015brodowiska.<\/p>\n<p>[\/vc_column_text][\/vc_column_inner][vc_column_inner width=&#8221;1\/4&#8243;][vc_single_image image=&#8221;6482&#8243; img_size=&#8221;120&#215;120&#8243; alignment=&#8221;center&#8221; style=&#8221;vc_box_shadow_3d&#8221;][\/vc_column_inner][\/vc_row_inner][vc_empty_space height=&#8221;20px&#8221;][vc_separator color=&#8221;custom&#8221; accent_color=&#8221;#39a935&#8243; css=&#8221;.vc_custom_1633670407898{padding-top: 10px !important;padding-bottom: 10px !important;}&#8221;][vc_empty_space height=&#8221;20px&#8221;][vc_row_inner][vc_column_inner width=&#8221;3\/4&#8243;][vc_column_text]<\/p>\n<p style=\"text-align: justify; font-size: 15px;\"><strong>Ewa Drozd<\/strong>, Cz\u0142onek zarz\u0105du Microsoft podkre\u015bli\u0142a, \u017ce chmura to nowy model \u015bwiadczenia us\u0142ug, kt\u00f3rego jej zdaniem szczeg\u00f3lnie potrzebuje energetyka odnawialna. Powiedzia\u0142a ona, \u017ce chmura umo\u017cliwia klastrowi czy te\u017c innym u\u017cytkownikom tego rynku realizowanie swoich zda\u0144, daje elastyczno\u015b\u0107, odpowiada na zmienno\u015b\u0107 i skalowalno\u015b\u0107 oraz co wa\u017cne &#8211; pozwala prognozowa\u0107 warunki, pogodowe tak istotne dla niestabilnego OZE.<\/p>\n<p>[\/vc_column_text][\/vc_column_inner][vc_column_inner width=&#8221;1\/4&#8243;][vc_single_image image=&#8221;6999&#8243; img_size=&#8221;120&#215;120&#8243; alignment=&#8221;center&#8221; style=&#8221;vc_box_shadow_3d&#8221;][\/vc_column_inner][\/vc_row_inner][vc_empty_space height=&#8221;20px&#8221;][vc_separator color=&#8221;custom&#8221; accent_color=&#8221;#39a935&#8243; css=&#8221;.vc_custom_1633670407898{padding-top: 10px !important;padding-bottom: 10px !important;}&#8221;][vc_empty_space height=&#8221;20px&#8221;][vc_row_inner][vc_column_inner width=&#8221;3\/4&#8243;][vc_column_text]<\/p>\n<p style=\"text-align: justify; font-size: 15px;\"><strong>Albert Gryszczuk<\/strong>, Prezes zarz\u0105du Krajowej Izby Klastr\u00f3w Energii podzieli\u0142 si\u0119 opini\u0105, \u017ce: <em>\u201ewarto\u015bci\u0105 klastr\u00f3w jest budowanie ekosystemu i ten ekosystem jest bardzo cz\u0119sto wielk\u0105 warto\u015bci\u0105 i wiarygodno\u015bci\u0105 dla instytucji finansowych. Jest to mega trend, a trend, a z mega trendem si\u0119 nie walczy\u201d.<\/em><\/p>\n<p>[\/vc_column_text][\/vc_column_inner][vc_column_inner width=&#8221;1\/4&#8243;][vc_single_image image=&#8221;6783&#8243; img_size=&#8221;120&#215;120&#8243; alignment=&#8221;center&#8221; style=&#8221;vc_box_shadow_3d&#8221;][\/vc_column_inner][\/vc_row_inner][vc_empty_space height=&#8221;20px&#8221;][vc_separator color=&#8221;custom&#8221; accent_color=&#8221;#39a935&#8243; css=&#8221;.vc_custom_1633670407898{padding-top: 10px !important;padding-bottom: 10px !important;}&#8221;][vc_empty_space height=&#8221;20px&#8221;][vc_row_inner][vc_column_inner width=&#8221;3\/4&#8243;][vc_column_text]<\/p>\n<p style=\"text-align: justify; font-size: 15px;\"><strong>Jaros\u0142aw Kotula<\/strong>, Mened\u017cer produktu, Asseco Poland zaznaczy\u0142, \u017ce dzia\u0142alno\u015b\u0107 Asseco opiera si\u0119 m.in. na dostosowywaniu system\u00f3w klasy CIS, czyli obs\u0142ugi klienta i system\u00f3w bilingowych do wprowadzanych regulacji i zmian prawnych, kt\u00f3re w jego opinii s\u0105 wprowadzane bardzo gwa\u0142townie i nie daj\u0105 czasu na w\u0142a\u015bciwe przygotowanie tych rozwi\u0105za\u0144, co uniemo\u017cliwia porz\u0105dne przygotowanie analiz i dostosowania do zmian.<\/p>\n<p>[\/vc_column_text][\/vc_column_inner][vc_column_inner width=&#8221;1\/4&#8243;][vc_single_image image=&#8221;7000&#8243; img_size=&#8221;120&#215;120&#8243; alignment=&#8221;center&#8221; style=&#8221;vc_box_shadow_3d&#8221;][\/vc_column_inner][\/vc_row_inner][vc_empty_space height=&#8221;20px&#8221;][vc_separator color=&#8221;custom&#8221; accent_color=&#8221;#39a935&#8243; css=&#8221;.vc_custom_1633670407898{padding-top: 10px !important;padding-bottom: 10px !important;}&#8221;][vc_empty_space height=&#8221;20px&#8221;][vc_row_inner][vc_column_inner width=&#8221;3\/4&#8243;][vc_column_text]<\/p>\n<p style=\"text-align: justify; font-size: 15px;\"><strong>Krzysztof Kochanowski<\/strong>, Wiceprezes, dyrektor generalny Polskiej Izby Magazynowania Energii i Elektromobilno\u015bci stwierdzi\u0142, \u017ce ponad 70% ludzi mieszka obecnie w miastach, a proces ten b\u0119dzie post\u0119powa\u0142, wi\u0119c inwestycje energetyczne powinny by\u0107 szczeg\u00f3lno\u015bci kierowane do spo\u0142eczno\u015bci miejskich. Wskaza\u0142 on na rosn\u0105ce ceny gazu ziemnego i konieczno\u015b\u0107 w zwi\u0105zku z tym inwestowania w biogaz i biomas\u0119.<\/p>\n<p>[\/vc_column_text][\/vc_column_inner][vc_column_inner width=&#8221;1\/4&#8243;][vc_single_image image=&#8221;4804&#8243; img_size=&#8221;120&#215;120&#8243; alignment=&#8221;center&#8221; style=&#8221;vc_box_shadow_3d&#8221;][\/vc_column_inner][\/vc_row_inner][vc_empty_space height=&#8221;20px&#8221;][vc_separator color=&#8221;custom&#8221; accent_color=&#8221;#39a935&#8243; css=&#8221;.vc_custom_1633670407898{padding-top: 10px !important;padding-bottom: 10px !important;}&#8221;][vc_empty_space height=&#8221;20px&#8221;][vc_row_inner][vc_column_inner width=&#8221;3\/4&#8243;][vc_empty_space height=&#8221;20px&#8221;][vc_column_text]<\/p>\n<p style=\"text-align: justify; font-size: 15px;\"><strong>Adrian Wo\u0142kowski<\/strong>, W\u00f3jt gminy Rudna doda\u0142, \u017ce potrzebne s\u0105 \u015brodki unijne, kt\u00f3re w gminie Rudna pozwoli\u0142y na wymian\u0119 160 \u201ekopciuch\u00f3w\u201d w 1,5 roku. Gmina Rudna stawia tak\u017ce na rozw\u00f3j \u015bcie\u017cek rowerowych.<\/p>\n<p>[\/vc_column_text][\/vc_column_inner][vc_column_inner width=&#8221;1\/4&#8243;][vc_single_image image=&#8221;6793&#8243; img_size=&#8221;120&#215;120&#8243; alignment=&#8221;center&#8221; style=&#8221;vc_box_shadow_3d&#8221;][\/vc_column_inner][\/vc_row_inner][vc_empty_space height=&#8221;20px&#8221;][vc_separator color=&#8221;custom&#8221; accent_color=&#8221;#39a935&#8243; css=&#8221;.vc_custom_1633670407898{padding-top: 10px !important;padding-bottom: 10px !important;}&#8221;][vc_empty_space height=&#8221;20px&#8221;][vc_row_inner][vc_column_inner width=&#8221;3\/4&#8243;][vc_empty_space height=&#8221;20px&#8221;][vc_column_text]<\/p>\n<p style=\"text-align: justify; font-size: 15px;\"><strong>Ma\u0142gorzata Banasik<\/strong>, Kancelaria prawna BWW powiedzia\u0142a, \u017ce: <em>\u201ewiadome jest, \u017ce ju\u017c nic nie wynegocjujemy w sprawie w\u0119gla, ale jest jeszcze spora szansa na uwzgl\u0119dnienie gazu jako paliwo przej\u015bciowego. Jako to paliwo, kt\u00f3re pozwoli zrealizowa\u0107 polityk\u0119 tzw. okresu przej\u015bciowego. Capexy i mo\u017cliwo\u015bci obni\u017cenia koszt\u00f3w produkcji ciep\u0142a, czy energii poprzez wykorzystanie energii zawartej w paliwie gazowym pozwoli\u0142by bardziej p\u0142ynnie wdra\u017ca\u0107 zielone rozwi\u0105zania\u201d.<\/em><\/p>\n<p>[\/vc_column_text][\/vc_column_inner][vc_column_inner width=&#8221;1\/4&#8243;][vc_single_image image=&#8221;6611&#8243; img_size=&#8221;120&#215;120&#8243; alignment=&#8221;center&#8221; style=&#8221;vc_box_shadow_3d&#8221;][\/vc_column_inner][\/vc_row_inner][vc_empty_space height=&#8221;20px&#8221;][vc_separator color=&#8221;custom&#8221; accent_color=&#8221;#39a935&#8243; css=&#8221;.vc_custom_1633670407898{padding-top: 10px !important;padding-bottom: 10px !important;}&#8221;][vc_empty_space height=&#8221;20px&#8221;][vc_row_inner][vc_column_inner width=&#8221;3\/4&#8243;][vc_empty_space height=&#8221;20px&#8221;][vc_column_text]<\/p>\n<p style=\"text-align: justify; font-size: 15px;\"><strong>Bogus\u0142aw Rybacki<\/strong>, Prezes zarz\u0105du Enea Elektrownia Po\u0142aniec S.A. doda\u0142, \u017ce Enea stawia na niskoemisyjno\u015b\u0107, ale jego zdaniem przej\u015bcie na gaz jako paliwo pomostowe jest wyzwaniem dla wszystkich, gdy\u017c w jego opinii istotne jest, by mie\u0107 na wzgl\u0119dzie wzrost miejsc pracy i dlatego wsp\u00f3\u0142praca z samorz\u0105dem terytorialnym jest kluczowa.<\/p>\n<p>[\/vc_column_text][\/vc_column_inner][vc_column_inner width=&#8221;1\/4&#8243;][vc_single_image image=&#8221;6980&#8243; img_size=&#8221;120&#215;120&#8243; alignment=&#8221;center&#8221; style=&#8221;vc_box_shadow_3d&#8221;][\/vc_column_inner][\/vc_row_inner][vc_empty_space height=&#8221;20px&#8221;][vc_separator color=&#8221;custom&#8221; border_width=&#8221;2&#8243; accent_color=&#8221;#39a935&#8243; css=&#8221;.vc_custom_1633551690313{padding-top: 10px !important;padding-bottom: 10px !important;}&#8221;][vc_empty_space height=&#8221;25px&#8221;][vc_column_text]<\/p>\n<p style=\"text-align: justify;\">Tytu\u0142em podsumowania nale\u017cy z satysfakcj\u0105 stwierdzi\u0107, \u017ce po raz si\u00f3dmy Kongres Energetyczny DISE sta\u0142 si\u0119 wa\u017cnym forum dyskusji nad przysz\u0142o\u015bci\u0105 polskiej energetyki w gronie najwybitniejszych postaci sektora energetycznego z Polski i zza granicy. Po\u0142\u0105czenie wiedzy i do\u015bwiadcze\u0144 ekspert\u00f3w reprezentuj\u0105cych r\u00f3\u017cne dziedziny nauki i gospodarki wydaje si\u0119 by\u0107 kluczem do dostrze\u017cenia barier transformacji energetyki, sformu\u0142owania trafnych wniosk\u00f3w oraz przeprowadzenia historycznych zmian, kt\u00f3re z perspektywy oceny przysz\u0142ych pokole\u0144 b\u0119d\u0105 nowoczesne \u2013 sprawiedliwe \u2013 w\u0142\u0105czaj\u0105ce. Dolno\u015bl\u0105ski Instytut Studi\u00f3w Energetycznych (DISE) uwa\u017cnie przys\u0142uchuje si\u0119 zg\u0142aszanym postulatom, gdy\u017c jako think-tank w prowadzonej dzia\u0142alno\u015bci eksperckiej zamierza uczyni\u0107 z nich przestrze\u0144 do bada\u0144 i analiz, by przyspieszy\u0107 polski race to zero. Jednocze\u015bnie DISE kieruje podzi\u0119kowania do partner\u00f3w, kt\u00f3rzy tworz\u0105 jako\u015b\u0107 i rang\u0119 Kongresu Energetycznego.<\/p>\n<p>[\/vc_column_text][vc_empty_space height=&#8221;45px&#8221;][vc_separator color=&#8221;custom&#8221; border_width=&#8221;2&#8243; accent_color=&#8221;#39a935&#8243; css=&#8221;.vc_custom_1633551690313{padding-top: 10px !important;padding-bottom: 10px !important;}&#8221;][\/vc_column][\/vc_row][vc_row equal_height=&#8221;yes&#8221; type=&#8221;vc_default&#8221; margin_bottom=&#8221;60&#8243;][vc_column][vc_empty_space][\/vc_column][\/vc_row][vc_row][vc_column][vc_column_text]<\/p>\n<h2 style=\"text-align: center;\"><span style=\"color: #0951a6;\"><span style=\"color: #0054b2;\">AGENDA<\/span><strong><br \/>\n<\/strong><\/span><\/h2>\n<p>[\/vc_column_text][vc_separator color=&#8221;custom&#8221; border_width=&#8221;5&#8243; el_width=&#8221;10&#8243; accent_color=&#8221;#39a935&#8243; css=&#8221;.vc_custom_1631026668149{padding-top: 10px !important;}&#8221;][\/vc_column][\/vc_row][vc_row css=&#8221;.vc_custom_1594927247082{padding-bottom: 20px !important;}&#8221;][vc_column][vc_empty_space height=&#8221;20&#8243;][\/vc_column][\/vc_row][vc_row css=&#8221;.vc_custom_1647962884479{padding-bottom: 20px !important;}&#8221;][vc_column][vc_separator][\/vc_column][\/vc_row][vc_row][vc_column][vc_empty_space height=&#8221;5&#8243;][\/vc_column][\/vc_row][vc_row][vc_column][vc_empty_space height=&#8221;30&#8243;][\/vc_column][\/vc_row][vc_row bg_type=&#8221;bg_color&#8221; bg_color_value=&#8221;#023f88&#8243; css=&#8221;.vc_custom_1594926671373{padding-top: 20px !important;padding-bottom: 20px !important;}&#8221;][vc_column][vc_column_text]<\/p>\n<h2 style=\"text-align: center;\"><strong><span style=\"color: #ffffff;\">VII KONGRES ENERGETYCZNY DZIE\u0143 I*<\/span><br \/>\n<\/strong><\/h2>\n<p>[\/vc_column_text][\/vc_column][\/vc_row][vc_row css=&#8221;.vc_custom_1593516692137{padding-top: 20px !important;}&#8221;][vc_column width=&#8221;1\/4&#8243;][vc_column_text]<span style=\"color: #0951a6;\"><strong>08:00<\/strong><\/span>[\/vc_column_text][\/vc_column][vc_column width=&#8221;3\/4&#8243;][vc_column_text]Rejestracja uczestnik\u00f3w[\/vc_column_text][\/vc_column][\/vc_row][vc_row css=&#8221;.vc_custom_1587221649734{padding-top: 20px !important;padding-bottom: 20px !important;}&#8221;][vc_column][vc_separator border_width=&#8221;2&#8243;][\/vc_column][\/vc_row][vc_row][vc_column][vc_column_text]<\/p>\n<h3 style=\"text-align: center;\"><span style=\"color: #023f88;\"><strong>SESJA INAUGURACYJNA<\/strong><\/span><\/h3>\n<p>[\/vc_column_text][\/vc_column][\/vc_row][vc_row css=&#8221;.vc_custom_1587221649734{padding-top: 20px !important;padding-bottom: 20px !important;}&#8221;][vc_column][vc_separator border_width=&#8221;2&#8243;][\/vc_column][\/vc_row][vc_row][vc_column width=&#8221;1\/4&#8243;][vc_column_text]<span style=\"color: #0951a6;\"><strong>09:00<\/strong><\/span>[\/vc_column_text][\/vc_column][vc_column width=&#8221;3\/4&#8243;][vc_column_text]<strong>Otwarcie Kongresu<\/strong>[\/vc_column_text][vc_empty_space][vc_row_inner css=&#8221;.vc_custom_1599563083780{padding-top: 20px !important;padding-bottom: 10px !important;}&#8221;][vc_column_inner width=&#8221;1\/4&#8243;][vc_single_image image=&#8221;4643&#8243; img_size=&#8221;100&#215;100&#8243; alignment=&#8221;center&#8221; style=&#8221;vc_box_shadow_3d&#8221;][\/vc_column_inner][vc_column_inner width=&#8221;3\/4&#8243;][vc_empty_space height=&#8221;25px&#8221;][vc_column_text]<span style=\"color: #0951a6;\"><strong>Remigiusz Nowakowski <\/strong>&#8211; prezes zarz\u0105du, DISE<\/span>[\/vc_column_text][\/vc_column_inner][\/vc_row_inner][vc_separator color=&#8221;custom&#8221; css=&#8221;.vc_custom_1599555367232{padding-top: 10px !important;padding-bottom: 10px !important;}&#8221; accent_color=&#8221;#c9c9c9&#8243;][vc_row_inner css=&#8221;.vc_custom_1599563083780{padding-top: 20px !important;padding-bottom: 10px !important;}&#8221;][vc_column_inner width=&#8221;1\/4&#8243;][vc_single_image image=&#8221;4686&#8243; img_size=&#8221;100&#215;100&#8243; alignment=&#8221;center&#8221; style=&#8221;vc_box_shadow_3d&#8221;][\/vc_column_inner][vc_column_inner width=&#8221;3\/4&#8243;][vc_empty_space height=&#8221;25px&#8221;][vc_column_text]<span style=\"color: #0951a6;\"><strong>Dawid Jackiewicz<\/strong> &#8211; wiceprezes zarz\u0105du, DISE<\/span>[\/vc_column_text][\/vc_column_inner][\/vc_row_inner][vc_separator color=&#8221;custom&#8221; css=&#8221;.vc_custom_1599555367232{padding-top: 10px !important;padding-bottom: 10px !important;}&#8221; accent_color=&#8221;#c9c9c9&#8243;][vc_row_inner css=&#8221;.vc_custom_1599555257794{padding-top: 10px !important;padding-bottom: 10px !important;}&#8221;][vc_column_inner width=&#8221;1\/4&#8243;][vc_single_image image=&#8221;4225&#8243; img_size=&#8221;100&#215;100&#8243; alignment=&#8221;center&#8221; style=&#8221;vc_box_shadow_3d&#8221;][\/vc_column_inner][vc_column_inner width=&#8221;1\/2&#8243;][vc_empty_space height=&#8221;25px&#8221;][vc_column_text]<span style=\"color: #0951a6;\"><strong>J\u00f3zef W\u0119grecki<\/strong> &#8211; cz\u0142onek zarz\u0105du<br \/>\nds. operacyjnych, PKN ORLEN S.A.<br \/>\n<\/span>[\/vc_column_text][\/vc_column_inner][vc_column_inner width=&#8221;1\/4&#8243;][vc_single_image image=&#8221;4837&#8243; img_size=&#8221;130&#215;103&#8243; alignment=&#8221;center&#8221; onclick=&#8221;custom_link&#8221; img_link_target=&#8221;_blank&#8221; image_hovers=&#8221;false&#8221; link=&#8221;http:\/\/www.orlen.pl&#8221;][\/vc_column_inner][\/vc_row_inner][vc_separator color=&#8221;custom&#8221; css=&#8221;.vc_custom_1599555367232{padding-top: 10px !important;padding-bottom: 10px !important;}&#8221; accent_color=&#8221;#c9c9c9&#8243;][vc_row_inner css=&#8221;.vc_custom_1599555257794{padding-top: 10px !important;padding-bottom: 10px !important;}&#8221;][vc_column_inner width=&#8221;1\/4&#8243;][vc_single_image image=&#8221;7073&#8243; img_size=&#8221;100&#215;100&#8243; alignment=&#8221;center&#8221; style=&#8221;vc_box_shadow_3d&#8221;][\/vc_column_inner][vc_column_inner width=&#8221;3\/4&#8243;][vc_empty_space height=&#8221;25px&#8221;][vc_column_text]<span style=\"color: #0951a6;\"><strong>Jakub Mazur <\/strong>\u2013 Wiceprezydent Wroc\u0142awia<strong><br \/>\n<\/strong><\/span>[\/vc_column_text][\/vc_column_inner][\/vc_row_inner][\/vc_column][\/vc_row][vc_row css=&#8221;.vc_custom_1587221649734{padding-top: 20px !important;padding-bottom: 20px !important;}&#8221;][vc_column][vc_separator border_width=&#8221;2&#8243;][\/vc_column][\/vc_row][vc_row css=&#8221;.vc_custom_1599562992101{padding-bottom: 20px !important;}&#8221;][vc_column width=&#8221;1\/4&#8243;][vc_column_text]<span style=\"color: #0951a6;\"><strong>09:10 \u2013 10:00<\/strong><\/span>[\/vc_column_text][\/vc_column][vc_column width=&#8221;3\/4&#8243;][vc_column_text]<strong>Wyst\u0105pienia Go\u015bci Honorowych<\/strong>[\/vc_column_text][\/vc_column][\/vc_row][vc_row css=&#8221;.vc_custom_1599563140098{padding-bottom: 20px !important;background-color: #f2f2f2 !important;}&#8221;][vc_column width=&#8221;1\/4&#8243;][\/vc_column][vc_column width=&#8221;3\/4&#8243;][vc_row_inner css=&#8221;.vc_custom_1632747135451{padding-top: 30px !important;padding-bottom: 10px !important;}&#8221;][vc_column_inner width=&#8221;1\/4&#8243;][vc_single_image image=&#8221;4649&#8243; img_size=&#8221;100&#215;100&#8243; alignment=&#8221;center&#8221; style=&#8221;vc_box_shadow_3d&#8221;][\/vc_column_inner][vc_column_inner width=&#8221;3\/4&#8243;][vc_empty_space height=&#8221;25px&#8221;][vc_column_text]<span style=\"color: #0951a6;\">Przem\u00f3wienie inauguracyjne<br \/>\n<strong>Jaros\u0142aw Obremski<\/strong> &#8211; Wojewoda Dolno\u015bl\u0105ski<\/span>[\/vc_column_text][\/vc_column_inner][\/vc_row_inner][vc_separator color=&#8221;custom&#8221; css=&#8221;.vc_custom_1599555367232{padding-top: 10px !important;padding-bottom: 10px !important;}&#8221; accent_color=&#8221;#c9c9c9&#8243;][vc_row_inner css=&#8221;.vc_custom_1599555257794{padding-top: 10px !important;padding-bottom: 10px !important;}&#8221;][vc_column_inner width=&#8221;1\/4&#8243;][vc_single_image image=&#8221;5063&#8243; img_size=&#8221;100&#215;100&#8243; alignment=&#8221;center&#8221; style=&#8221;vc_box_shadow_3d&#8221;][\/vc_column_inner][vc_column_inner width=&#8221;3\/4&#8243;][vc_empty_space height=&#8221;25px&#8221;][vc_column_text]<span style=\"color: #0951a6;\">Przem\u00f3wienie inauguracyjne<strong><br \/>\nGrzegorz Macko<\/strong> &#8211; Wicemarsza\u0142ek Wojew\u00f3dztwa Dolno\u015bl\u0105skiego<\/span>[\/vc_column_text][\/vc_column_inner][\/vc_row_inner][vc_separator color=&#8221;custom&#8221; css=&#8221;.vc_custom_1599555367232{padding-top: 10px !important;padding-bottom: 10px !important;}&#8221; accent_color=&#8221;#c9c9c9&#8243;][vc_row_inner css=&#8221;.vc_custom_1599555257794{padding-top: 10px !important;padding-bottom: 10px !important;}&#8221;][vc_column_inner width=&#8221;1\/4&#8243;][vc_single_image image=&#8221;4669&#8243; img_size=&#8221;100&#215;100&#8243; alignment=&#8221;center&#8221; style=&#8221;vc_box_shadow_3d&#8221;][\/vc_column_inner][vc_column_inner width=&#8221;3\/4&#8243;][vc_empty_space height=&#8221;25px&#8221;][vc_column_text]<span style=\"color: #0951a6;\">Przem\u00f3wienie inauguracyjne<br \/>\n<strong>prof. dr hab. in\u017c. Arkadiusz W\u00f3js<\/strong> &#8211; Rektor Politechniki Wroc\u0142awskiej<\/span>[\/vc_column_text][\/vc_column_inner][\/vc_row_inner][vc_separator color=&#8221;custom&#8221; css=&#8221;.vc_custom_1599555367232{padding-top: 10px !important;padding-bottom: 10px !important;}&#8221; accent_color=&#8221;#c9c9c9&#8243;][vc_row_inner css=&#8221;.vc_custom_1599555257794{padding-top: 10px !important;padding-bottom: 10px !important;}&#8221;][vc_column_inner width=&#8221;1\/4&#8243;][vc_single_image image=&#8221;6795&#8243; img_size=&#8221;100&#215;100&#8243; alignment=&#8221;center&#8221; style=&#8221;vc_box_shadow_3d&#8221;][\/vc_column_inner][vc_column_inner width=&#8221;3\/4&#8243;][vc_empty_space height=&#8221;25px&#8221;][vc_column_text]<span style=\"color: #0951a6;\">Przem\u00f3wienie inauguracyjne<br \/>\n<strong>Aldo Amati<\/strong> &#8211; Ambasador W\u0142och w Polsce<br \/>\n<\/span>[\/vc_column_text][\/vc_column_inner][\/vc_row_inner][vc_separator color=&#8221;custom&#8221; css=&#8221;.vc_custom_1599555367232{padding-top: 10px !important;padding-bottom: 10px !important;}&#8221; accent_color=&#8221;#c9c9c9&#8243;][vc_row_inner css=&#8221;.vc_custom_1599555257794{padding-top: 10px !important;padding-bottom: 10px !important;}&#8221;][vc_column_inner width=&#8221;1\/4&#8243;][vc_single_image image=&#8221;7084&#8243; img_size=&#8221;100&#215;100&#8243; alignment=&#8221;center&#8221; style=&#8221;vc_box_shadow_3d&#8221;][\/vc_column_inner][vc_column_inner width=&#8221;3\/4&#8243;][vc_empty_space height=&#8221;25px&#8221;][vc_column_text]<span style=\"color: #0951a6;\">Przem\u00f3wienie inauguracyjne<br \/>\n<strong>Piotr Dziadzio<\/strong> &#8211; podsekretarz stanu, G\u0142\u00f3wny Geolog Kraju, Pe\u0142nomocnik Rz\u0105du ds. Polityki Surowcowej Pa\u0144stwa<br \/>\n<\/span>[\/vc_column_text][\/vc_column_inner][\/vc_row_inner][vc_separator color=&#8221;custom&#8221; css=&#8221;.vc_custom_1599555367232{padding-top: 10px !important;padding-bottom: 10px !important;}&#8221; accent_color=&#8221;#c9c9c9&#8243;][vc_row_inner css=&#8221;.vc_custom_1599555257794{padding-top: 10px !important;padding-bottom: 10px !important;}&#8221;][vc_column_inner width=&#8221;1\/4&#8243;][vc_single_image image=&#8221;4922&#8243; img_size=&#8221;100&#215;100&#8243; alignment=&#8221;center&#8221; style=&#8221;vc_box_shadow_3d&#8221;][\/vc_column_inner][vc_column_inner width=&#8221;3\/4&#8243;][vc_empty_space height=&#8221;25px&#8221;][vc_column_text]<span style=\"color: #0951a6;\">Przem\u00f3wienie inauguracyjne<br \/>\n<strong>Anders Eide<\/strong> &#8211; Ambasador Norwegii w Polsce<\/span>[\/vc_column_text][\/vc_column_inner][\/vc_row_inner][vc_separator color=&#8221;custom&#8221; css=&#8221;.vc_custom_1599555367232{padding-top: 10px !important;padding-bottom: 10px !important;}&#8221; accent_color=&#8221;#c9c9c9&#8243;][vc_row_inner css=&#8221;.vc_custom_1599563083780{padding-top: 20px !important;padding-bottom: 10px !important;}&#8221;][vc_column_inner width=&#8221;1\/4&#8243;][vc_single_image image=&#8221;6856&#8243; img_size=&#8221;100&#215;100&#8243; alignment=&#8221;center&#8221; style=&#8221;vc_box_shadow_3d&#8221;][\/vc_column_inner][vc_column_inner width=&#8221;3\/4&#8243;][vc_empty_space height=&#8221;25px&#8221;][vc_column_text]<span style=\"color: #0951a6;\">Przem\u00f3wienie inauguracyjne<strong><br \/>\n<\/strong><strong>Akio Miyajima<\/strong> &#8211; Ambasador Japonii w Polsce<strong><br \/>\n<\/strong><\/span>[\/vc_column_text][\/vc_column_inner][\/vc_row_inner][vc_separator color=&#8221;custom&#8221; css=&#8221;.vc_custom_1599555367232{padding-top: 10px !important;padding-bottom: 10px !important;}&#8221; accent_color=&#8221;#c9c9c9&#8243;][vc_row_inner css=&#8221;.vc_custom_1599563083780{padding-top: 20px !important;padding-bottom: 10px !important;}&#8221;][vc_column_inner width=&#8221;1\/4&#8243;][vc_single_image image=&#8221;6249&#8243; img_size=&#8221;100&#215;100&#8243; alignment=&#8221;center&#8221; style=&#8221;vc_box_shadow_3d&#8221;][\/vc_column_inner][vc_column_inner width=&#8221;3\/4&#8243;][vc_empty_space height=&#8221;25px&#8221;][vc_column_text]<span style=\"color: #0951a6;\">Przem\u00f3wienie inauguracyjne<strong><br \/>\n<\/strong><strong>Juha Ottman<\/strong> &#8211; Ambasador Finlandii w Polsce<br \/>\n<\/span>[\/vc_column_text][\/vc_column_inner][\/vc_row_inner][vc_separator color=&#8221;custom&#8221; css=&#8221;.vc_custom_1599555367232{padding-top: 10px !important;padding-bottom: 10px !important;}&#8221; accent_color=&#8221;#c9c9c9&#8243;][vc_row_inner css=&#8221;.vc_custom_1599555257794{padding-top: 10px !important;padding-bottom: 10px !important;}&#8221;][vc_column_inner width=&#8221;1\/4&#8243;][vc_single_image image=&#8221;4652&#8243; img_size=&#8221;100&#215;100&#8243; alignment=&#8221;center&#8221; style=&#8221;vc_box_shadow_3d&#8221;][\/vc_column_inner][vc_column_inner width=&#8221;3\/4&#8243;][vc_empty_space height=&#8221;25px&#8221;][vc_column_text]<span style=\"color: #0951a6;\">Przem\u00f3wienie inauguracyjne<br \/>\n<strong>Ole Toft<\/strong> &#8211; Ambasador Kr\u00f3lestwa Danii w Polsce<\/span>[\/vc_column_text][\/vc_column_inner][\/vc_row_inner][vc_separator color=&#8221;custom&#8221; css=&#8221;.vc_custom_1599555367232{padding-top: 10px !important;padding-bottom: 10px !important;}&#8221; accent_color=&#8221;#c9c9c9&#8243;][vc_row_inner css=&#8221;.vc_custom_1599555257794{padding-top: 10px !important;padding-bottom: 10px !important;}&#8221;][vc_column_inner width=&#8221;1\/4&#8243;][vc_single_image image=&#8221;6789&#8243; img_size=&#8221;100&#215;100&#8243; alignment=&#8221;center&#8221; style=&#8221;vc_box_shadow_3d&#8221;][\/vc_column_inner][vc_column_inner width=&#8221;1\/2&#8243;][vc_empty_space height=&#8221;25px&#8221;][vc_column_text]<span style=\"color: #0951a6;\">Przem\u00f3wienie inauguracyjne<br \/>\n<strong>Robert Perkowski<\/strong> &#8211; wiceprezes zarz\u0105du<br \/>\nPGNiG SA<\/span>[\/vc_column_text][\/vc_column_inner][vc_column_inner width=&#8221;1\/4&#8243;][vc_empty_space][vc_single_image image=&#8221;3063&#8243; img_size=&#8221;202&#215;88&#8243; alignment=&#8221;center&#8221; onclick=&#8221;custom_link&#8221; image_hovers=&#8221;false&#8221; link=&#8221;http:\/\/pgnig.pl&#8221;][\/vc_column_inner][\/vc_row_inner][\/vc_column][\/vc_row][vc_row css=&#8221;.vc_custom_1587221649734{padding-top: 20px !important;padding-bottom: 20px !important;}&#8221;][vc_column][vc_empty_space][\/vc_column][\/vc_row][vc_row css=&#8221;.vc_custom_1587221649734{padding-top: 20px !important;padding-bottom: 20px !important;}&#8221;][vc_column][vc_separator border_width=&#8221;2&#8243;][\/vc_column][\/vc_row][vc_row][vc_column][vc_column_text]<\/p>\n<h3 style=\"text-align: center;\"><span style=\"color: #023f88;\"><strong>SESJA TEMATYCZNA<br \/>\nREFORMA SEKTORA ENERGII W POLSCE WARUNKIEM SKUTECZNEJ<br \/>\nTRANSFORMACJI I ODBUDOWY GOSPDARKI PO PANDEMII COVID-19<\/strong><\/span><\/h3>\n<p>[\/vc_column_text][\/vc_column][\/vc_row][vc_row css=&#8221;.vc_custom_1587221649734{padding-top: 20px !important;padding-bottom: 20px !important;}&#8221;][vc_column][vc_separator border_width=&#8221;2&#8243;][\/vc_column][\/vc_row][vc_row css=&#8221;.vc_custom_1593711445216{padding-bottom: 20px !important;}&#8221;][vc_column width=&#8221;1\/4&#8243;][vc_column_text]<strong><span style=\"color: #0951a6;\">10:00 \u2013 10:30 <\/span><\/strong>[\/vc_column_text][\/vc_column][vc_column width=&#8221;3\/4&#8243;][vc_row_inner css=&#8221;.vc_custom_1599554889802{padding-top: 30px !important;padding-bottom: 30px !important;}&#8221;][vc_column_inner width=&#8221;1\/4&#8243;][vc_single_image image=&#8221;7084&#8243; img_size=&#8221;100&#215;100&#8243; alignment=&#8221;center&#8221; style=&#8221;vc_box_shadow_3d&#8221; css=&#8221;.vc_custom_1632824511095{border-radius: 1px !important;}&#8221;][\/vc_column_inner][vc_column_inner width=&#8221;3\/4&#8243;][vc_empty_space height=&#8221;1px&#8221;][vc_column_text]<span style=\"color: #0951a6;\">Wyst\u0105pienie<br \/>\n<strong>Piotr Dziadzio<\/strong> &#8211; podsekretarz stanu, G\u0142\u00f3wny Geolog Kraju, Pe\u0142nomocnik Rz\u0105du ds. Polityki Surowcowej Pa\u0144stwa &#8211;<strong> \u201e\u0141\u0105czenie sektor\u00f3w strategi\u0105 na osi\u0105gni\u0119cie neutralno\u015bci klimatycznej do 2050\u201d<\/strong><\/span>[\/vc_column_text][\/vc_column_inner][\/vc_row_inner][vc_separator border_width=&#8221;2&#8243;][vc_row_inner css=&#8221;.vc_custom_1599554889802{padding-top: 30px !important;padding-bottom: 30px !important;}&#8221;][vc_column_inner width=&#8221;1\/4&#8243;][vc_single_image image=&#8221;6739&#8243; img_size=&#8221;100&#215;100&#8243; alignment=&#8221;center&#8221; style=&#8221;vc_box_shadow_3d&#8221; css=&#8221;.vc_custom_1632399966917{border-radius: 1px !important;}&#8221;][\/vc_column_inner][vc_column_inner width=&#8221;3\/4&#8243;][vc_empty_space height=&#8221;1px&#8221;][vc_column_text]<span style=\"color: #0951a6;\">Wyst\u0105pienie<br \/>\n<strong>Grzegorz Tobiszowski<\/strong> &#8211; pose\u0142 do Parlamentu Europejskiego &#8211; <strong>\u201eWp\u0142yw Europejskiego Zielonego \u0141adu na transformacj\u0119 energetyczn\u0105 w Polsce\u201d<\/strong><\/span>[\/vc_column_text][\/vc_column_inner][\/vc_row_inner][vc_separator border_width=&#8221;2&#8243;][vc_row_inner css=&#8221;.vc_custom_1599554889802{padding-top: 30px !important;padding-bottom: 30px !important;}&#8221;][vc_column_inner width=&#8221;1\/4&#8243;][vc_single_image image=&#8221;5253&#8243; img_size=&#8221;100&#215;100&#8243; alignment=&#8221;center&#8221; style=&#8221;vc_box_shadow_3d&#8221; css=&#8221;.vc_custom_1631033474228{border-radius: 1px !important;}&#8221;][\/vc_column_inner][vc_column_inner width=&#8221;3\/4&#8243;][vc_empty_space height=&#8221;25px&#8221;][vc_column_text]<span style=\"color: #0951a6;\">Wyst\u0105pienie<\/span><strong><span style=\"color: #0951a6;\"><br \/>\n<\/span><\/strong><span style=\"color: #0951a6;\"><strong>Kamil Wyszkowski <\/strong>&#8211; dyrektor wykonawczy, UN Global Compact Network Poland &#8211; <strong>\u201eGlobalne wyzwania w zakresie d\u0105\u017cenia do neutralno\u015bci klimatycznej i ich wp\u0142yw na \u015bwiatow\u0105 gospodark\u0119\u201d<\/strong><\/span>[\/vc_column_text][\/vc_column_inner][\/vc_row_inner][\/vc_column][\/vc_row][vc_row css=&#8221;.vc_custom_1593591781923{margin-top: 20px !important;margin-bottom: 20px !important;}&#8221;][vc_column width=&#8221;1\/4&#8243; css=&#8221;.vc_custom_1631261697861{padding-top: 20px !important;padding-bottom: 20px !important;background-color: #c6e6e2 !important;}&#8221;][vc_column_text]<strong><span style=\"color: #0951a6;\">10:30 \u2013 11:00<\/span><\/strong>[\/vc_column_text][\/vc_column][vc_column width=&#8221;3\/4&#8243; css=&#8221;.vc_custom_1631261715450{padding-top: 20px !important;padding-bottom: 20px !important;background-color: #e4f3f1 !important;}&#8221;][vc_column_text]<strong>Przerwa kawowa<\/strong>[\/vc_column_text][\/vc_column][\/vc_row][vc_row][vc_column][vc_column_text]<\/p>\n<h3 style=\"text-align: center;\"><span style=\"color: #023f88;\"><strong>SESJA TEMATYCZNA<br \/>\nTRANSFORMACJA ENERGETYCZNA NARZ\u0118DZIEM ODBUDOWY PO PANDEMII COVID-19<br \/>\n<\/strong><\/span><\/h3>\n<p>[\/vc_column_text][\/vc_column][\/vc_row][vc_row css=&#8221;.vc_custom_1631131174555{padding-top: 20px !important;padding-bottom: 20px !important;}&#8221;][vc_column][vc_separator border_width=&#8221;2&#8243;][\/vc_column][\/vc_row][vc_row css=&#8221;.vc_custom_1593711445216{padding-bottom: 20px !important;}&#8221;][vc_column width=&#8221;1\/4&#8243;][vc_column_text]<strong><span style=\"color: #0951a6;\">11:00 \u2013 12:30<\/span><\/strong>[\/vc_column_text][\/vc_column][vc_column width=&#8221;3\/4&#8243;][vc_column_text]Panel dyskusyjny: <strong>Europejski Zielony \u0141ad recept\u0105 na wyj\u015bcie gospodarek z kryzysu<br \/>\nwywo\u0142anego COVID-19<\/strong>[\/vc_column_text][\/vc_column][\/vc_row][vc_row css=&#8221;.vc_custom_1599554671992{padding-bottom: 20px !important;background-color: #f2f2f2 !important;}&#8221;][vc_column width=&#8221;1\/4&#8243;][\/vc_column][vc_column width=&#8221;3\/4&#8243;][vc_row_inner css=&#8221;.vc_custom_1599554889802{padding-top: 30px !important;padding-bottom: 30px !important;}&#8221;][vc_column_inner width=&#8221;1\/4&#8243;][vc_single_image image=&#8221;6864&#8243; img_size=&#8221;100&#215;100&#8243; alignment=&#8221;center&#8221; style=&#8221;vc_box_shadow_3d&#8221; css=&#8221;.vc_custom_1631899622352{border-radius: 1px !important;}&#8221;][\/vc_column_inner][vc_column_inner width=&#8221;3\/4&#8243;][vc_empty_space height=&#8221;25px&#8221;][vc_column_text]<strong><span style=\"color: #0951a6;\">MODERATOR<\/span><\/strong><br \/>\n<strong>Micha\u0142 Niewiadomski<\/strong> &#8211; Redaktor Prowadz\u0105cy ENERGIANEWS, Dziennik Rzeczpospolita[\/vc_column_text][\/vc_column_inner][\/vc_row_inner][vc_separator color=&#8221;custom&#8221; border_width=&#8221;2&#8243; accent_color=&#8221;#0951a6&#8243;][vc_row_inner css=&#8221;.vc_custom_1599555046976{padding-top: 30px !important;}&#8221;][vc_column_inner width=&#8221;1\/4&#8243;][\/vc_column_inner][vc_column_inner width=&#8221;3\/4&#8243;][vc_column_text]<span style=\"color: #0951a6;\"><strong>PANELI\u015aCI<\/strong><\/span>[\/vc_column_text][\/vc_column_inner][\/vc_row_inner][vc_row_inner css=&#8221;.vc_custom_1599554889802{padding-top: 30px !important;padding-bottom: 30px !important;}&#8221;][vc_column_inner width=&#8221;1\/4&#8243;][vc_single_image image=&#8221;4672&#8243; img_size=&#8221;100&#215;100&#8243; alignment=&#8221;center&#8221; style=&#8221;vc_box_shadow_3d&#8221; css=&#8221;.vc_custom_1631768914865{border-radius: 1px !important;}&#8221;][\/vc_column_inner][vc_column_inner width=&#8221;3\/4&#8243;][vc_empty_space height=&#8221;25px&#8221;][vc_column_text]<span style=\"color: #0951a6;\"><strong>prof. dr hab. in\u017c. Maciej Chorowski<\/strong> &#8211; prezes zarz\u0105du, NFO\u015aiGW<\/span>[\/vc_column_text][\/vc_column_inner][\/vc_row_inner][vc_separator color=&#8221;custom&#8221; css=&#8221;.vc_custom_1599555367232{padding-top: 10px !important;padding-bottom: 10px !important;}&#8221; accent_color=&#8221;#c9c9c9&#8243;][vc_row_inner css=&#8221;.vc_custom_1599555257794{padding-top: 10px !important;padding-bottom: 10px !important;}&#8221;][vc_column_inner width=&#8221;1\/4&#8243;][vc_single_image image=&#8221;6591&#8243; img_size=&#8221;100&#215;100&#8243; alignment=&#8221;center&#8221; style=&#8221;vc_box_shadow_3d&#8221;][\/vc_column_inner][vc_column_inner width=&#8221;3\/4&#8243;][vc_empty_space height=&#8221;25px&#8221;][vc_column_text]<span style=\"color: #0951a6;\"><strong>Anna Kornecka<\/strong> &#8211; b. podsekretarz stanu w Ministerstwie Rozwoju, Pracy i Technologii<\/span>[\/vc_column_text][\/vc_column_inner][\/vc_row_inner][vc_separator color=&#8221;custom&#8221; css=&#8221;.vc_custom_1599555367232{padding-top: 10px !important;padding-bottom: 10px !important;}&#8221; accent_color=&#8221;#c9c9c9&#8243;][vc_row_inner css=&#8221;.vc_custom_1599555257794{padding-top: 10px !important;padding-bottom: 10px !important;}&#8221;][vc_column_inner width=&#8221;1\/4&#8243;][vc_single_image image=&#8221;6705&#8243; img_size=&#8221;100&#215;100&#8243; alignment=&#8221;center&#8221; style=&#8221;vc_box_shadow_3d&#8221;][\/vc_column_inner][vc_column_inner width=&#8221;3\/4&#8243;][vc_empty_space height=&#8221;25px&#8221;][vc_column_text]<span style=\"color: #0951a6;\"><strong>Artur Micha\u0142owski<\/strong> &#8211; wiceprezes zarz\u0105du ds. handlu, p.o. prezesa zarz\u0105du Tauron Polska Energia S.A.<br \/>\n<\/span>[\/vc_column_text][\/vc_column_inner][\/vc_row_inner][vc_separator color=&#8221;custom&#8221; css=&#8221;.vc_custom_1599555367232{padding-top: 10px !important;padding-bottom: 10px !important;}&#8221; accent_color=&#8221;#c9c9c9&#8243;][vc_row_inner css=&#8221;.vc_custom_1599555257794{padding-top: 10px !important;padding-bottom: 10px !important;}&#8221;][vc_column_inner width=&#8221;1\/4&#8243;][vc_single_image image=&#8221;6789&#8243; img_size=&#8221;100&#215;100&#8243; alignment=&#8221;center&#8221; style=&#8221;vc_box_shadow_3d&#8221;][\/vc_column_inner][vc_column_inner width=&#8221;3\/4&#8243;][vc_empty_space height=&#8221;25px&#8221;][vc_column_text]<span style=\"color: #0951a6;\"><strong>Robert Perkowski<\/strong> &#8211; wiceprezes zarz\u0105du PGNiG SA <\/span>[\/vc_column_text][\/vc_column_inner][\/vc_row_inner][vc_separator color=&#8221;custom&#8221; css=&#8221;.vc_custom_1599555367232{padding-top: 10px !important;padding-bottom: 10px !important;}&#8221; accent_color=&#8221;#c9c9c9&#8243;][vc_row_inner css=&#8221;.vc_custom_1599554889802{padding-top: 30px !important;padding-bottom: 30px !important;}&#8221;][vc_column_inner width=&#8221;1\/4&#8243;][vc_single_image image=&#8221;6739&#8243; img_size=&#8221;100&#215;100&#8243; alignment=&#8221;center&#8221; style=&#8221;vc_box_shadow_3d&#8221;][\/vc_column_inner][vc_column_inner width=&#8221;3\/4&#8243;][vc_empty_space height=&#8221;25px&#8221;][vc_column_text]<strong><span style=\"color: #0951a6;\">Grzegorz Tobiszowski<\/span><\/strong><span style=\"color: #0951a6;\"> &#8211; Pose\u0142 do Parlamentu Europejskiego, Parlament Europejski<\/span>[\/vc_column_text][\/vc_column_inner][\/vc_row_inner][vc_separator color=&#8221;custom&#8221; css=&#8221;.vc_custom_1599555367232{padding-top: 10px !important;padding-bottom: 10px !important;}&#8221; accent_color=&#8221;#c9c9c9&#8243;][vc_row_inner css=&#8221;.vc_custom_1599555257794{padding-top: 10px !important;padding-bottom: 10px !important;}&#8221;][vc_column_inner width=&#8221;1\/4&#8243;][vc_single_image image=&#8221;4225&#8243; img_size=&#8221;100&#215;100&#8243; alignment=&#8221;center&#8221; style=&#8221;vc_box_shadow_3d&#8221;][\/vc_column_inner][vc_column_inner width=&#8221;1\/2&#8243;][vc_empty_space height=&#8221;25px&#8221;][vc_column_text]<span style=\"color: #0951a6;\"><strong>J\u00f3zef W\u0119grecki<\/strong> &#8211; cz\u0142onek zarz\u0105du<br \/>\nds. operacyjnych, PKN ORLEN S.A.<br \/>\n<\/span>[\/vc_column_text][\/vc_column_inner][vc_column_inner width=&#8221;1\/4&#8243;][vc_single_image image=&#8221;4837&#8243; img_size=&#8221;130&#215;103&#8243; alignment=&#8221;center&#8221; onclick=&#8221;custom_link&#8221; img_link_target=&#8221;_blank&#8221; image_hovers=&#8221;false&#8221; link=&#8221;http:\/\/www.orlen.pl&#8221;][\/vc_column_inner][\/vc_row_inner][vc_separator color=&#8221;custom&#8221; css=&#8221;.vc_custom_1599555367232{padding-top: 10px !important;padding-bottom: 10px !important;}&#8221; accent_color=&#8221;#c9c9c9&#8243;][vc_row_inner css=&#8221;.vc_custom_1599554889802{padding-top: 30px !important;padding-bottom: 30px !important;}&#8221;][vc_column_inner width=&#8221;1\/4&#8243;][vc_single_image image=&#8221;5253&#8243; img_size=&#8221;100&#215;100&#8243; alignment=&#8221;center&#8221; style=&#8221;vc_box_shadow_3d&#8221; css=&#8221;.vc_custom_1631033474228{border-radius: 1px !important;}&#8221;][\/vc_column_inner][vc_column_inner width=&#8221;3\/4&#8243;][vc_empty_space height=&#8221;25px&#8221;][vc_column_text]<span style=\"color: #0951a6;\"><strong>Kamil Wyszkowski <\/strong>&#8211; dyrektor wykonawczy, UN Global Compact Network Poland <\/span>[\/vc_column_text][\/vc_column_inner][\/vc_row_inner][vc_separator color=&#8221;custom&#8221; css=&#8221;.vc_custom_1599555367232{padding-top: 10px !important;padding-bottom: 10px !important;}&#8221; accent_color=&#8221;#c9c9c9&#8243;][vc_row_inner css=&#8221;.vc_custom_1599554889802{padding-top: 30px !important;padding-bottom: 30px !important;}&#8221;][vc_column_inner width=&#8221;1\/4&#8243;][vc_single_image image=&#8221;4689&#8243; img_size=&#8221;100&#215;100&#8243; alignment=&#8221;center&#8221; style=&#8221;vc_box_shadow_3d&#8221;][\/vc_column_inner][vc_column_inner width=&#8221;3\/4&#8243;][vc_empty_space height=&#8221;25px&#8221;][vc_column_text]<strong><span style=\"color: #0951a6;\">Ireneusz Zyska<\/span><\/strong><span style=\"color: #0951a6;\"> &#8211; <\/span><span style=\"color: #0951a6;\">podsekretarz stanu, Ministerstwo Klimatu i \u015arodowiska, pe\u0142nomocnik rz\u0105du ds. OZE<\/span>[\/vc_column_text][\/vc_column_inner][\/vc_row_inner][\/vc_column][\/vc_row][vc_row css=&#8221;.vc_custom_1599560469489{padding-top: 30px !important;}&#8221;][vc_column width=&#8221;1\/4&#8243;][\/vc_column][vc_column width=&#8221;3\/4&#8243;][vc_column_text]<strong>TEZY<\/strong><\/p>\n<ul>\n<li>Kryzys gospodarczy, a realizacja postanowie\u0144 European Green Deal<\/li>\n<li>Osi\u0105gni\u0119cie neutralno\u015bci klimatycznej do 2050 przez Polsk\u0119 a dost\u0119p do pomocy publicznej. Jak przeprowadzi\u0107 sprawiedliw\u0105 transformacj\u0119?<\/li>\n<li>Transformacja energetyczna sposobem na wyprowadzenie gospodarki europejskiej z kryzysu.<\/li>\n<li>European Recovery and Resilience Plan jako podstawowe narz\u0119dzie finansowania odbudowy gospodarki europejskiej<\/li>\n<li>Znaczenie taksonomii zr\u00f3wnowa\u017conego finasowania dla mo\u017cliwo\u015bci realizacji planu odbudowy<\/li>\n<li>Krajowy Plan Odbudowy jako narz\u0119dzie finansowania cel\u00f3w okre\u015blonych w Krajowym Planie Energii i Klimatu oraz PEP 2040<\/li>\n<li>Neutralno\u015b\u0107 klimatyczna w strategiach sp\u00f3\u0142ek energetycznych<\/li>\n<li>Reforma i reorganizacja podmiotowa sektora energetycznego w Polsce<\/li>\n<\/ul>\n<p>[\/vc_column_text][\/vc_column][\/vc_row][vc_row css=&#8221;.vc_custom_1587221649734{padding-top: 20px !important;padding-bottom: 20px !important;}&#8221;][vc_column][vc_empty_space css=&#8221;.vc_custom_1631807021910{background-color: #0951a6 !important;}&#8221;][\/vc_column][\/vc_row][vc_row][vc_column width=&#8221;1\/4&#8243;][vc_column_text]<strong><span style=\"color: #0951a6;\">12:30 \u2013 13:15<\/span><\/strong>[\/vc_column_text][\/vc_column][vc_column width=&#8221;3\/4&#8243;][vc_row_inner css=&#8221;.vc_custom_1631784676309{padding-top: 10px !important;padding-bottom: 30px !important;}&#8221;][vc_column_inner][vc_column_text]<span style=\"color: #0951a6;\"><span style=\"color: #0951a6;\">Dyskusja<strong><br \/>\n<\/strong><\/span><\/span><span style=\"color: #0951a6;\"><span style=\"color: #0951a6;\"><strong>\u201cBiomasa pochodz\u0105ca ze zr\u00f3wnowa\u017conych \u017ar\u00f3de\u0142. Strategiczna opcja w wyzwaniu dekarbonizacji w Polsce\u201d<\/strong><\/span><\/span>[\/vc_column_text][\/vc_column_inner][\/vc_row_inner][vc_row_inner css=&#8221;.vc_custom_1599554889802{padding-top: 30px !important;padding-bottom: 30px !important;}&#8221;][vc_column_inner width=&#8221;1\/4&#8243;][vc_single_image image=&#8221;4643&#8243; img_size=&#8221;100&#215;100&#8243; alignment=&#8221;center&#8221; style=&#8221;vc_box_shadow_3d&#8221; css=&#8221;.vc_custom_1631132207823{border-radius: 1px !important;}&#8221;][\/vc_column_inner][vc_column_inner width=&#8221;3\/4&#8243;][vc_empty_space height=&#8221;25px&#8221;][vc_column_text]<strong><span style=\"color: #0951a6;\">MODERATOR<\/span><\/strong><br \/>\n<strong>Remigiusz Nowakowski<\/strong> &#8211; prezes zarz\u0105du, DISE[\/vc_column_text][\/vc_column_inner][\/vc_row_inner][vc_separator border_width=&#8221;2&#8243;][vc_row_inner css=&#8221;.vc_custom_1631784660103{padding-top: 10px !important;padding-bottom: 10px !important;}&#8221;][vc_column_inner width=&#8221;1\/4&#8243;][vc_single_image image=&#8221;6754&#8243; img_size=&#8221;100&#215;100&#8243; alignment=&#8221;center&#8221; style=&#8221;vc_box_shadow_3d&#8221; css=&#8221;.vc_custom_1631784092881{border-radius: 1px !important;}&#8221;][\/vc_column_inner][vc_column_inner width=&#8221;3\/4&#8243;][vc_empty_space height=&#8221;25px&#8221;][vc_column_text]<span style=\"color: #0951a6;\"><strong>Maciej Mierzwi\u0144ski <\/strong>&#8211; ekspert Instytutu Jagiello\u0144skiego, CEE Energy Group<\/span>[\/vc_column_text][\/vc_column_inner][\/vc_row_inner][vc_row_inner css=&#8221;.vc_custom_1631784652768{padding-top: 30px !important;padding-bottom: 10px !important;}&#8221;][vc_column_inner width=&#8221;1\/4&#8243;][vc_single_image image=&#8221;3871&#8243; img_size=&#8221;100&#215;100&#8243; alignment=&#8221;center&#8221; style=&#8221;vc_box_shadow_3d&#8221; css=&#8221;.vc_custom_1631782644418{border-radius: 1px !important;}&#8221;][\/vc_column_inner][vc_column_inner width=&#8221;3\/4&#8243;][vc_empty_space height=&#8221;25px&#8221;][vc_column_text]<span style=\"color: #0951a6;\"><strong>Marcin Roszkowski <\/strong>&#8211; prezes Instytutu Jagiello\u0144skiego<\/span>[\/vc_column_text][\/vc_column_inner][\/vc_row_inner][vc_row_inner css=&#8221;.vc_custom_1631784668406{padding-top: 10px !important;padding-bottom: 10px !important;}&#8221;][vc_column_inner width=&#8221;1\/4&#8243;][vc_single_image image=&#8221;6483&#8243; img_size=&#8221;100&#215;100&#8243; alignment=&#8221;center&#8221; style=&#8221;vc_box_shadow_3d&#8221; css=&#8221;.vc_custom_1631782674171{border-radius: 1px !important;}&#8221;][\/vc_column_inner][vc_column_inner width=&#8221;3\/4&#8243;][vc_empty_space height=&#8221;25px&#8221;][vc_column_text]<span style=\"color: #0951a6;\"><span style=\"color: #0951a6;\"><strong>Jens Price Wolf<\/strong> &#8211; wiceprezes zarz\u0105du ENVIVA<\/span><\/span>[\/vc_column_text][\/vc_column_inner][\/vc_row_inner][\/vc_column][\/vc_row][vc_row css=&#8221;.vc_custom_1587221649734{padding-top: 20px !important;padding-bottom: 20px !important;}&#8221;][vc_column][vc_empty_space css=&#8221;.vc_custom_1631807021910{background-color: #0951a6 !important;}&#8221;][\/vc_column][\/vc_row][vc_row css=&#8221;.vc_custom_1587221649734{padding-top: 20px !important;padding-bottom: 20px !important;}&#8221;][vc_column width=&#8221;1\/4&#8243;][\/vc_column][vc_column width=&#8221;3\/4&#8243;][vc_row_inner css=&#8221;.vc_custom_1631790647723{padding-top: 10px !important;padding-bottom: 30px !important;}&#8221;][vc_column_inner][vc_column_text]<span style=\"color: #0951a6;\">Wyst\u0105pienie<strong><br \/>\n\u201cNowoczesne rozwi\u0105zania Asseco Poland w chmurze IBM jako wsparcie sprzeda\u017cy energii w dobie COVID-19\u201d<\/strong><\/span>[\/vc_column_text][\/vc_column_inner][\/vc_row_inner][vc_row_inner css=&#8221;.vc_custom_1631793608223{padding-top: 10px !important;padding-bottom: 10px !important;}&#8221;][vc_column_inner width=&#8221;1\/4&#8243;][vc_single_image image=&#8221;6787&#8243; img_size=&#8221;100&#215;100&#8243; alignment=&#8221;center&#8221; style=&#8221;vc_box_shadow_3d&#8221; css=&#8221;.vc_custom_1631794830220{border-radius: 1px !important;}&#8221;][\/vc_column_inner][vc_column_inner width=&#8221;3\/4&#8243;][vc_empty_space height=&#8221;25px&#8221;][vc_column_text]<span style=\"color: #0951a6;\"><strong>Piotr Pietrzak<\/strong> &#8211; Ekspert IBM &#8211; rynek energetyczny i telekomunikacyjny, IBM Polska<\/span>[\/vc_column_text][\/vc_column_inner][\/vc_row_inner][vc_row_inner css=&#8221;.vc_custom_1631790638547{padding-top: 30px !important;padding-bottom: 10px !important;}&#8221;][vc_column_inner width=&#8221;1\/4&#8243;][vc_single_image image=&#8221;6935&#8243; img_size=&#8221;100&#215;100&#8243; alignment=&#8221;center&#8221; style=&#8221;vc_box_shadow_3d&#8221; css=&#8221;.vc_custom_1632171800631{border-radius: 1px !important;}&#8221;][\/vc_column_inner][vc_column_inner width=&#8221;3\/4&#8243;][vc_empty_space height=&#8221;25px&#8221;][vc_column_text]<span style=\"color: #0951a6;\"><strong>Arkadiusz Stacherski<\/strong> &#8211; Kierownik Projektu, Dzia\u0142 Zarz\u0105dzania Projektami i Relacji Mi\u0119dzynarodowych, Pion Energetyki i Gazownictwa, Asseco Poland<strong><br \/>\n<\/strong><\/span>[\/vc_column_text][\/vc_column_inner][\/vc_row_inner][\/vc_column][\/vc_row][vc_row css=&#8221;.vc_custom_1593591781923{margin-top: 20px !important;margin-bottom: 20px !important;}&#8221;][vc_column width=&#8221;1\/4&#8243; css=&#8221;.vc_custom_1631261800834{padding-top: 20px !important;padding-bottom: 20px !important;background-color: #c6e6e2 !important;}&#8221;][vc_column_text]<strong><span style=\"color: #0951a6;\">13:15 \u2013 14:15<\/span><\/strong>[\/vc_column_text][\/vc_column][vc_column width=&#8221;3\/4&#8243; css=&#8221;.vc_custom_1631262081030{padding-top: 20px !important;padding-bottom: 20px !important;background-color: #e4f3f1 !important;}&#8221;][vc_column_text]<strong>Lunch<\/strong>[\/vc_column_text][\/vc_column][\/vc_row][vc_row css=&#8221;.vc_custom_1631813189939{padding-bottom: 20px !important;}&#8221;][vc_column][vc_column_text]<\/p>\n<h3 style=\"text-align: center;\"><span style=\"color: #023f88;\"><strong>SESJA TEMATYCZNA<br \/>\n<\/strong><\/span><span style=\"color: #023f88;\"><strong>SECTOR COUPLING KONCEPCJ\u0104 STRATEGICZN\u0104 OSI\u0104GNI\u0118CIA NEUTRALNO\u015aCI KLIMATYCZNEJ W UE DO 2050<br \/>\n<\/strong><\/span><\/h3>\n<p>[\/vc_column_text][\/vc_column][\/vc_row][vc_row css=&#8221;.vc_custom_1631813221223{padding-top: 18px !important;padding-bottom: 18px !important;background-color: #e4f3f1 !important;}&#8221;][vc_column][vc_column_text]<\/p>\n<h4 style=\"text-align: center;\"><span style=\"color: #023f88;\"><strong>PANEL R\u00d3WNOLEG\u0141Y &#8211; SALA B<\/strong><\/span><\/h4>\n<p>[\/vc_column_text][\/vc_column][\/vc_row][vc_row][vc_column][vc_empty_space height=&#8221;20&#8243;][\/vc_column][\/vc_row][vc_row][vc_column width=&#8221;1\/4&#8243;][vc_column_text]<strong><span style=\"color: #0951a6;\">14:15 \u2013 14:45<\/span><\/strong>[\/vc_column_text][\/vc_column][vc_column width=&#8221;3\/4&#8243;][vc_row_inner css=&#8221;.vc_custom_1599554889802{padding-top: 30px !important;padding-bottom: 30px !important;}&#8221;][vc_column_inner width=&#8221;1\/4&#8243;][vc_single_image image=&#8221;6304&#8243; img_size=&#8221;100&#215;100&#8243; alignment=&#8221;center&#8221; style=&#8221;vc_box_shadow_3d&#8221; css=&#8221;.vc_custom_1631131927094{border-radius: 1px !important;}&#8221;][\/vc_column_inner][vc_column_inner width=&#8221;3\/4&#8243;][vc_empty_space height=&#8221;25px&#8221;][vc_column_text]<span style=\"color: #0951a6;\">Wyst\u0105pienie<strong><br \/>\nIngunn Sveg\u00e5rden<\/strong> &#8211; Senior Vice President Renewables, Emerging Regions &#8211; Equinor ASA &#8211; <strong>\u201ePartners in energy transition \u2013 Equinor\u2019s strategic approach to renewables\u201d<\/strong><\/span>[\/vc_column_text][\/vc_column_inner][\/vc_row_inner][vc_separator color=&#8221;custom&#8221; css=&#8221;.vc_custom_1599555367232{padding-top: 10px !important;padding-bottom: 10px !important;}&#8221; accent_color=&#8221;#c9c9c9&#8243;][vc_row_inner css=&#8221;.vc_custom_1599554889802{padding-top: 30px !important;padding-bottom: 30px !important;}&#8221;][vc_column_inner width=&#8221;1\/4&#8243;][vc_single_image image=&#8221;6420&#8243; img_size=&#8221;100&#215;100&#8243; alignment=&#8221;center&#8221; style=&#8221;vc_box_shadow_3d&#8221; css=&#8221;.vc_custom_1631131959119{border-radius: 1px !important;}&#8221;][\/vc_column_inner][vc_column_inner width=&#8221;3\/4&#8243;][vc_empty_space height=&#8221;25px&#8221;][vc_column_text]<span style=\"color: #0951a6;\">Wyst\u0105pienie<\/span><br \/>\n<span style=\"color: #0951a6;\"><strong>Rafa\u0142 Gawin<\/strong> &#8211; prezes Urz\u0119du Regulacji Energetyki &#8211; <strong>\u201eWyzwania regulacyjne dla po\u0142\u0105czonych sektor\u00f3w elektroenergetyki, gazu i ciep\u0142a w procesie transformacji\u201d<\/strong><\/span>[\/vc_column_text][\/vc_column_inner][\/vc_row_inner][\/vc_column][\/vc_row][vc_row css=&#8221;.vc_custom_1599584429100{padding-bottom: 20px !important;}&#8221;][vc_column][vc_separator border_width=&#8221;2&#8243;][\/vc_column][\/vc_row][vc_row css=&#8221;.vc_custom_1593711598402{padding-bottom: 20px !important;}&#8221;][vc_column width=&#8221;1\/4&#8243;][vc_column_text]<strong><span style=\"color: #0951a6;\">14:45 \u2013 16:15<\/span><\/strong>[\/vc_column_text][\/vc_column][vc_column width=&#8221;3\/4&#8243;][vc_column_text]Panel dyskusyjny: <strong>Sector coupling (\u0142\u0105czenie sektor\u00f3w)<br \/>\n<\/strong><\/p>\n<p>[\/vc_column_text][\/vc_column][\/vc_row][vc_row css=&#8221;.vc_custom_1599554671992{padding-bottom: 20px !important;background-color: #f2f2f2 !important;}&#8221;][vc_column width=&#8221;1\/4&#8243;][\/vc_column][vc_column width=&#8221;3\/4&#8243;][vc_row_inner css=&#8221;.vc_custom_1599554889802{padding-top: 30px !important;padding-bottom: 30px !important;}&#8221;][vc_column_inner width=&#8221;1\/4&#8243;][vc_single_image image=&#8221;3669&#8243; img_size=&#8221;100&#215;100&#8243; alignment=&#8221;center&#8221; style=&#8221;vc_box_shadow_3d&#8221; css=&#8221;.vc_custom_1631135675477{border-radius: 1px !important;}&#8221;][\/vc_column_inner][vc_column_inner width=&#8221;3\/4&#8243;][vc_empty_space height=&#8221;25px&#8221;][vc_column_text]<strong><span style=\"color: #0951a6;\">MODERATOR<\/span><\/strong><br \/>\n<strong>dr hab. Mariusz Swora<\/strong> &#8211; cz\u0142onek rady odwo\u0142awczej Agencji ds. Wsp\u00f3\u0142pracy Organ\u00f3w Regulacji Energetyki (ACER)[\/vc_column_text][\/vc_column_inner][\/vc_row_inner][vc_separator color=&#8221;custom&#8221; border_width=&#8221;2&#8243; accent_color=&#8221;#0951a6&#8243;][vc_row_inner css=&#8221;.vc_custom_1599555046976{padding-top: 30px !important;}&#8221;][vc_column_inner width=&#8221;1\/4&#8243;][\/vc_column_inner][vc_column_inner width=&#8221;3\/4&#8243;][vc_column_text]<span style=\"color: #0951a6;\"><strong>PANELI\u015aCI<\/strong><\/span>[\/vc_column_text][\/vc_column_inner][\/vc_row_inner][vc_row_inner css=&#8221;.vc_custom_1599555251924{padding-top: 10px !important;padding-bottom: 10px !important;}&#8221;][vc_column_inner width=&#8221;1\/4&#8243;][vc_single_image image=&#8221;6420&#8243; img_size=&#8221;100&#215;100&#8243; alignment=&#8221;center&#8221; style=&#8221;vc_box_shadow_3d&#8221;][\/vc_column_inner][vc_column_inner width=&#8221;3\/4&#8243;][vc_empty_space height=&#8221;25px&#8221;][vc_column_text]<span style=\"color: #0951a6;\"><strong>Rafa\u0142 Gawin<\/strong> &#8211; prezes Urz\u0119du Regulacji Energetyki<br \/>\n<\/span>[\/vc_column_text][\/vc_column_inner][\/vc_row_inner][vc_separator color=&#8221;custom&#8221; css=&#8221;.vc_custom_1599555367232{padding-top: 10px !important;padding-bottom: 10px !important;}&#8221; accent_color=&#8221;#c9c9c9&#8243;][vc_row_inner css=&#8221;.vc_custom_1599555251924{padding-top: 10px !important;padding-bottom: 10px !important;}&#8221;][vc_column_inner width=&#8221;1\/4&#8243;][vc_single_image image=&#8221;6827&#8243; img_size=&#8221;100&#215;100&#8243; alignment=&#8221;center&#8221; style=&#8221;vc_box_shadow_3d&#8221;][\/vc_column_inner][vc_column_inner width=&#8221;3\/4&#8243;][vc_empty_space height=&#8221;25px&#8221;][vc_column_text]<span style=\"color: #0951a6;\"><strong>Andrzej Kopyrski <\/strong>&#8211; dyrektor zarz\u0105dzaj\u0105cy Pionem Inwestycji PFR S.A.<strong><br \/>\n<\/strong><\/span>[\/vc_column_text][\/vc_column_inner][\/vc_row_inner][vc_separator color=&#8221;custom&#8221; css=&#8221;.vc_custom_1599555367232{padding-top: 10px !important;padding-bottom: 10px !important;}&#8221; accent_color=&#8221;#c9c9c9&#8243;][vc_row_inner css=&#8221;.vc_custom_1599554889802{padding-top: 30px !important;padding-bottom: 30px !important;}&#8221;][vc_column_inner width=&#8221;1\/4&#8243;][vc_single_image image=&#8221;6419&#8243; img_size=&#8221;100&#215;100&#8243; alignment=&#8221;center&#8221; style=&#8221;vc_box_shadow_3d&#8221; css=&#8221;.vc_custom_1631132081676{border-radius: 1px !important;}&#8221;][\/vc_column_inner][vc_column_inner width=&#8221;3\/4&#8243;][vc_empty_space height=&#8221;25px&#8221;][vc_column_text]<span style=\"color: #0951a6;\"><strong>Mariusz Przybylik <\/strong>&#8211; dyrektor zarz\u0105dzaj\u0105cy Accenture w obszarze energetyka, chemia, g\u00f3rnictwo, Accenture <\/span>[\/vc_column_text][\/vc_column_inner][\/vc_row_inner][vc_separator color=&#8221;custom&#8221; css=&#8221;.vc_custom_1599555367232{padding-top: 10px !important;padding-bottom: 10px !important;}&#8221; accent_color=&#8221;#c9c9c9&#8243;][vc_row_inner css=&#8221;.vc_custom_1599555257794{padding-top: 10px !important;padding-bottom: 10px !important;}&#8221;][vc_column_inner width=&#8221;1\/4&#8243;][vc_single_image image=&#8221;6401&#8243; img_size=&#8221;100&#215;100&#8243; alignment=&#8221;center&#8221; style=&#8221;vc_box_shadow_3d&#8221;][\/vc_column_inner][vc_column_inner width=&#8221;3\/4&#8243;][vc_empty_space height=&#8221;25px&#8221;][vc_column_text]<span style=\"color: #0951a6;\"><strong>Helena Sar\u00e9n <\/strong>&#8211; Head of Carbon Neutral Finland Mission, Business Finland<strong><br \/>\n<\/strong><\/span>[\/vc_column_text][\/vc_column_inner][\/vc_row_inner][vc_separator color=&#8221;custom&#8221; css=&#8221;.vc_custom_1599555367232{padding-top: 10px !important;padding-bottom: 10px !important;}&#8221; accent_color=&#8221;#c9c9c9&#8243;][vc_row_inner css=&#8221;.vc_custom_1599555257794{padding-top: 10px !important;padding-bottom: 10px !important;}&#8221;][vc_column_inner width=&#8221;1\/4&#8243;][vc_single_image image=&#8221;6304&#8243; img_size=&#8221;100&#215;100&#8243; alignment=&#8221;center&#8221; style=&#8221;vc_box_shadow_3d&#8221;][\/vc_column_inner][vc_column_inner width=&#8221;3\/4&#8243;][vc_empty_space height=&#8221;25px&#8221;][vc_column_text]<strong><span style=\"color: #0951a6;\">Ingunn Sveg\u00e5rden<\/span><\/strong><span style=\"color: #0951a6;\"> &#8211; Senior Vice President Renewables, Emerging Regions &#8211; Equinor ASA<\/span><strong><span style=\"color: #0951a6;\"><br \/>\n<\/span><\/strong>[\/vc_column_text][\/vc_column_inner][\/vc_row_inner][vc_separator color=&#8221;custom&#8221; css=&#8221;.vc_custom_1599555367232{padding-top: 10px !important;padding-bottom: 10px !important;}&#8221; accent_color=&#8221;#c9c9c9&#8243;][vc_row_inner css=&#8221;.vc_custom_1599555257794{padding-top: 10px !important;padding-bottom: 10px !important;}&#8221;][vc_column_inner width=&#8221;1\/4&#8243;][vc_single_image image=&#8221;6483&#8243; img_size=&#8221;100&#215;100&#8243; alignment=&#8221;center&#8221; style=&#8221;vc_box_shadow_3d&#8221;][\/vc_column_inner][vc_column_inner width=&#8221;3\/4&#8243;][vc_empty_space height=&#8221;25px&#8221;][vc_column_text]<span style=\"color: #0951a6;\"><strong>Jens Price Wolf<\/strong> &#8211; wiceprezes zarz\u0105du ENVIVA <\/span>[\/vc_column_text][\/vc_column_inner][\/vc_row_inner][\/vc_column][\/vc_row][vc_row css=&#8221;.vc_custom_1599564091825{padding-top: 30px !important;}&#8221;][vc_column width=&#8221;1\/4&#8243;][\/vc_column][vc_column width=&#8221;3\/4&#8243;][vc_column_text]<strong>TEZY<\/strong><\/p>\n<ul>\n<li>Po\u0142\u0105czenie transformacji sektor\u00f3w energii elektrycznej, ciep\u0142a, gazu i transportu warunkiem osi\u0105gni\u0119cia neutralno\u015bci klimatycznej w perspektywie 2050 r.<\/li>\n<li><em>\u201eImpuls dla gospodarki neutralnej dla klimatu: strategia UE dotycz\u0105ca integracji systemu energetycznego\u201d<\/em><\/li>\n<li>Transformacja systemu linearnego na zintegrowany<\/li>\n<li>Elektroenergetyka \u2013 gazownictwo \u2013 ciep\u0142ownictwo \u2013 ch\u0142odnictwo we wsp\u00f3\u0142pracy z OZE, czyli inteligentny<br \/>\nprzep\u0142yw energii<\/li>\n<li>Wyzwania sektorowe na drodze do realizacji unijnego celu redukcji emisji CO<sub>2<\/sub> o 55% do 2030 r.<\/li>\n<li>Elektryfikacja ciep\u0142ownictwa i transportu<\/li>\n<li>Digitalizacja, a zintegrowany, elastyczny system energetyczny<\/li>\n<\/ul>\n<p>[\/vc_column_text][\/vc_column][\/vc_row][vc_row][vc_column][vc_empty_space height=&#8221;20&#8243;][\/vc_column][\/vc_row][vc_row css=&#8221;.vc_custom_1631813221223{padding-top: 18px !important;padding-bottom: 18px !important;background-color: #e4f3f1 !important;}&#8221;][vc_column][vc_column_text]<\/p>\n<h4 style=\"text-align: center;\"><span style=\"color: #023f88;\"><strong>PANEL R\u00d3WNOLEG\u0141Y &#8211; SALA A<\/strong><\/span><\/h4>\n<p>[\/vc_column_text][\/vc_column][\/vc_row][vc_row][vc_column][vc_empty_space height=&#8221;20&#8243;][\/vc_column][\/vc_row][vc_row css=&#8221;.vc_custom_1593711604356{padding-bottom: 20px !important;}&#8221;][vc_column width=&#8221;1\/4&#8243;][vc_column_text]<strong><span style=\"color: #0951a6;\">14:15 \u2013 14:35 <\/span><\/strong>[\/vc_column_text][\/vc_column][vc_column width=&#8221;3\/4&#8243;][vc_row_inner css=&#8221;.vc_custom_1599554889802{padding-top: 30px !important;padding-bottom: 30px !important;}&#8221;][vc_column_inner width=&#8221;1\/4&#8243;][vc_single_image image=&#8221;6789&#8243; img_size=&#8221;100&#215;100&#8243; alignment=&#8221;center&#8221; style=&#8221;vc_box_shadow_3d&#8221; css=&#8221;.vc_custom_1631795206873{border-radius: 1px !important;}&#8221;][\/vc_column_inner][vc_column_inner width=&#8221;3\/4&#8243;][vc_empty_space height=&#8221;25px&#8221;][vc_column_text]<span style=\"color: #0951a6;\">Wyst\u0105pienie<br \/>\n<strong>Robert Perkowski <\/strong>&#8211; wiceprezes zarz\u0105du PGNiG SA &#8211;<strong> &#8222;PGNiG: Paliwa gazowe w procesie transformacji energetycznej&#8221;<\/strong> <\/span>[\/vc_column_text][\/vc_column_inner][\/vc_row_inner][vc_separator color=&#8221;custom&#8221; css=&#8221;.vc_custom_1599555367232{padding-top: 10px !important;padding-bottom: 10px !important;}&#8221; accent_color=&#8221;#c9c9c9&#8243;][vc_row_inner css=&#8221;.vc_custom_1599554889802{padding-top: 30px !important;padding-bottom: 30px !important;}&#8221;][vc_column_inner width=&#8221;1\/4&#8243;][vc_single_image image=&#8221;4344&#8243; img_size=&#8221;100&#215;100&#8243; alignment=&#8221;center&#8221; style=&#8221;vc_box_shadow_3d&#8221; css=&#8221;.vc_custom_1631135486385{border-radius: 1px !important;}&#8221;][\/vc_column_inner][vc_column_inner width=&#8221;1\/2&#8243;][vc_empty_space height=&#8221;25px&#8221;][vc_column_text]<span style=\"color: #0951a6;\">Wyst\u0105pienie<\/span><strong><span style=\"color: #0951a6;\"><br \/>\n<\/span><span style=\"color: #0951a6;\">Iweta Opolska<\/span><\/strong><span style=\"color: #0951a6;\"> &#8211; dyrektor, Biuro Handlu Gazem, PKN ORLEN S.A. &#8211; <strong>&#8222;(Bio)metan paliwem transformacji i przysz\u0142o\u015bci energetyki?&#8221;<\/strong> <\/span><\/p>\n<p>[\/vc_column_text][\/vc_column_inner][vc_column_inner width=&#8221;1\/4&#8243;][vc_single_image image=&#8221;4837&#8243; img_size=&#8221;130&#215;103&#8243; alignment=&#8221;center&#8221; onclick=&#8221;custom_link&#8221; img_link_target=&#8221;_blank&#8221; image_hovers=&#8221;false&#8221; link=&#8221;http:\/\/www.orlen.pl&#8221;][\/vc_column_inner][\/vc_row_inner][\/vc_column][\/vc_row][vc_row css=&#8221;.vc_custom_1599584392804{padding-bottom: 20px !important;}&#8221;][vc_column][vc_separator border_width=&#8221;2&#8243;][\/vc_column][\/vc_row][vc_row css=&#8221;.vc_custom_1593711604356{padding-bottom: 20px !important;}&#8221;][vc_column width=&#8221;1\/4&#8243;][vc_column_text css=&#8221;.vc_custom_1631865772359{padding-top: 15px !important;}&#8221;]<strong><span style=\"color: #0951a6;\">14:35 \u2013 16:00<\/span><\/strong>[\/vc_column_text][\/vc_column][vc_column width=&#8221;1\/2&#8243;][vc_column_text css=&#8221;.vc_custom_1631865764568{padding-top: 15px !important;}&#8221;]Panel dyskusyjny: <strong>Paliwa gazowe w procesie transformacji energetycznej<br \/>\n<\/strong><\/p>\n<p>[\/vc_column_text][\/vc_column][vc_column width=&#8221;1\/4&#8243;][vc_single_image image=&#8221;3063&#8243; img_size=&#8221;202&#215;88&#8243; alignment=&#8221;center&#8221; onclick=&#8221;custom_link&#8221; image_hovers=&#8221;false&#8221; link=&#8221;http:\/\/pgnig.pl&#8221;][\/vc_column][\/vc_row][vc_row css=&#8221;.vc_custom_1599554671992{padding-bottom: 20px !important;background-color: #f2f2f2 !important;}&#8221;][vc_column width=&#8221;1\/4&#8243;][\/vc_column][vc_column width=&#8221;3\/4&#8243;][vc_row_inner css=&#8221;.vc_custom_1599554889802{padding-top: 30px !important;padding-bottom: 30px !important;}&#8221;][vc_column_inner width=&#8221;1\/4&#8243;][vc_single_image image=&#8221;4657&#8243; img_size=&#8221;100&#215;100&#8243; alignment=&#8221;center&#8221; style=&#8221;vc_box_shadow_3d&#8221; css=&#8221;.vc_custom_1631135496362{border-radius: 1px !important;}&#8221;][\/vc_column_inner][vc_column_inner width=&#8221;3\/4&#8243;][vc_empty_space height=&#8221;25px&#8221;][vc_column_text]<strong><span style=\"color: #0951a6;\">MODERATOR<\/span><\/strong><br \/>\n<strong>Wojciech Jak\u00f3bik<\/strong> &#8211; redaktor naczelny, BiznesAlert.pl[\/vc_column_text][\/vc_column_inner][\/vc_row_inner][vc_separator color=&#8221;custom&#8221; border_width=&#8221;2&#8243; accent_color=&#8221;#0951a6&#8243;][vc_row_inner css=&#8221;.vc_custom_1599555046976{padding-top: 30px !important;}&#8221;][vc_column_inner width=&#8221;1\/4&#8243;][\/vc_column_inner][vc_column_inner width=&#8221;3\/4&#8243;][vc_column_text]<span style=\"color: #0951a6;\"><strong>PANELI\u015aCI<\/strong><\/span>[\/vc_column_text][\/vc_column_inner][\/vc_row_inner][vc_row_inner css=&#8221;.vc_custom_1599555257794{padding-top: 10px !important;padding-bottom: 10px !important;}&#8221;][vc_column_inner width=&#8221;1\/4&#8243;][vc_single_image image=&#8221;6780&#8243; img_size=&#8221;100&#215;100&#8243; alignment=&#8221;center&#8221; style=&#8221;vc_box_shadow_3d&#8221;][\/vc_column_inner][vc_column_inner width=&#8221;3\/4&#8243;][vc_empty_space height=&#8221;25px&#8221;][vc_column_text]<span style=\"color: #0951a6;\"><strong>Filip Grzegorczyk<\/strong> &#8211; wiceprezes zarz\u0105du, Grupa Azoty S.A.<\/span>[\/vc_column_text][\/vc_column_inner][\/vc_row_inner][vc_separator color=&#8221;custom&#8221; css=&#8221;.vc_custom_1599555367232{padding-top: 10px !important;padding-bottom: 10px !important;}&#8221; accent_color=&#8221;#c9c9c9&#8243;][vc_row_inner css=&#8221;.vc_custom_1599555257794{padding-top: 10px !important;padding-bottom: 10px !important;}&#8221;][vc_column_inner width=&#8221;1\/4&#8243;][vc_single_image image=&#8221;6818&#8243; img_size=&#8221;100&#215;100&#8243; alignment=&#8221;center&#8221; style=&#8221;vc_box_shadow_3d&#8221;][\/vc_column_inner][vc_column_inner width=&#8221;3\/4&#8243;][vc_empty_space height=&#8221;25px&#8221;][vc_column_text]<span style=\"color: #0951a6;\"><strong>Andrzej Kensbok<\/strong> &#8211; wiceprezes zarz\u0105du, KGHM Polska Mied\u017a S.A.<br \/>\n<\/span>[\/vc_column_text][\/vc_column_inner][\/vc_row_inner][vc_separator color=&#8221;custom&#8221; css=&#8221;.vc_custom_1599555367232{padding-top: 10px !important;padding-bottom: 10px !important;}&#8221; accent_color=&#8221;#c9c9c9&#8243;][vc_row_inner css=&#8221;.vc_custom_1599555257794{padding-top: 10px !important;padding-bottom: 10px !important;}&#8221;][vc_column_inner width=&#8221;1\/4&#8243;][vc_single_image image=&#8221;6813&#8243; img_size=&#8221;100&#215;100&#8243; alignment=&#8221;center&#8221; style=&#8221;vc_box_shadow_3d&#8221;][\/vc_column_inner][vc_column_inner width=&#8221;3\/4&#8243;][vc_empty_space height=&#8221;25px&#8221;][vc_column_text]<span style=\"color: #0951a6;\"><strong>Jakub Kowalski<\/strong> &#8211; cz\u0142onek zarz\u0105du ds. operacyjnych, PSG Sp. z o.o.<br \/>\n<\/span>[\/vc_column_text][\/vc_column_inner][\/vc_row_inner][vc_separator color=&#8221;custom&#8221; css=&#8221;.vc_custom_1599555367232{padding-top: 10px !important;padding-bottom: 10px !important;}&#8221; accent_color=&#8221;#c9c9c9&#8243;][vc_row_inner css=&#8221;.vc_custom_1599554889802{padding-top: 30px !important;padding-bottom: 30px !important;}&#8221;][vc_column_inner width=&#8221;1\/4&#8243;][vc_single_image image=&#8221;6789&#8243; img_size=&#8221;100&#215;100&#8243; alignment=&#8221;center&#8221; style=&#8221;vc_box_shadow_3d&#8221; css=&#8221;.vc_custom_1631795206873{border-radius: 1px !important;}&#8221;][\/vc_column_inner][vc_column_inner width=&#8221;3\/4&#8243;][vc_empty_space height=&#8221;25px&#8221;][vc_column_text]<span style=\"color: #0951a6;\"><strong>Robert Perkowski <\/strong>&#8211; wiceprezes zarz\u0105du PGNiG SA<br \/>\n<\/span>[\/vc_column_text][\/vc_column_inner][\/vc_row_inner][vc_separator color=&#8221;custom&#8221; css=&#8221;.vc_custom_1599555367232{padding-top: 10px !important;padding-bottom: 10px !important;}&#8221; accent_color=&#8221;#c9c9c9&#8243;][vc_row_inner css=&#8221;.vc_custom_1599555257794{padding-top: 10px !important;padding-bottom: 10px !important;}&#8221;][vc_column_inner width=&#8221;1\/4&#8243;][vc_single_image image=&#8221;4805&#8243; img_size=&#8221;100&#215;100&#8243; alignment=&#8221;center&#8221; style=&#8221;vc_box_shadow_3d&#8221;][\/vc_column_inner][vc_column_inner width=&#8221;3\/4&#8243;][vc_empty_space height=&#8221;25px&#8221;][vc_column_text]<span style=\"color: #0951a6;\"><strong>Miros\u0142aw Skowron<\/strong> &#8211; cz\u0142onek zarz\u0105du, Ciech S.A.<\/span>[\/vc_column_text][\/vc_column_inner][\/vc_row_inner][vc_separator color=&#8221;custom&#8221; css=&#8221;.vc_custom_1599555367232{padding-top: 10px !important;padding-bottom: 10px !important;}&#8221; accent_color=&#8221;#c9c9c9&#8243;][vc_row_inner css=&#8221;.vc_custom_1599555257794{padding-top: 10px !important;padding-bottom: 10px !important;}&#8221;][vc_column_inner width=&#8221;1\/4&#8243;][vc_single_image image=&#8221;4658&#8243; img_size=&#8221;100&#215;100&#8243; alignment=&#8221;center&#8221; style=&#8221;vc_box_shadow_3d&#8221;][\/vc_column_inner][vc_column_inner width=&#8221;3\/4&#8243;][vc_empty_space height=&#8221;25px&#8221;][vc_column_text]<span style=\"color: #0951a6;\"><strong>Artur Zawartko<\/strong> &#8211; wiceprezes zarz\u0105du, GAZ-SYSTEM S.A.<br \/>\n<\/span>[\/vc_column_text][\/vc_column_inner][\/vc_row_inner][vc_separator color=&#8221;custom&#8221; css=&#8221;.vc_custom_1599555367232{padding-top: 10px !important;padding-bottom: 10px !important;}&#8221; accent_color=&#8221;#c9c9c9&#8243;][vc_row_inner css=&#8221;.vc_custom_1599555257794{padding-top: 10px !important;padding-bottom: 10px !important;}&#8221;][vc_column_inner width=&#8221;1\/4&#8243;][vc_single_image image=&#8221;6650&#8243; img_size=&#8221;100&#215;100&#8243; alignment=&#8221;center&#8221; style=&#8221;vc_box_shadow_3d&#8221;][\/vc_column_inner][vc_column_inner width=&#8221;3\/4&#8243;][vc_empty_space height=&#8221;25px&#8221;][vc_column_text]<span style=\"color: #0951a6;\"><strong>Piotr Zawistowski<\/strong> &#8211; prezes zarz\u0105du, Towarowa Gie\u0142da Energii S.A.<br \/>\n<\/span>[\/vc_column_text][\/vc_column_inner][\/vc_row_inner][\/vc_column][\/vc_row][vc_row css=&#8221;.vc_custom_1599564591480{padding-top: 30px !important;}&#8221;][vc_column width=&#8221;1\/4&#8243;][\/vc_column][vc_column width=&#8221;3\/4&#8243;][vc_column_text]<strong>TEZY<\/strong><\/p>\n<ul>\n<li>Rozw\u00f3j gazu, a realizacja celu neutralno\u015bci klimatycznej<\/li>\n<li>Stanowisko UE w zakresie dopuszczalno\u015bci technologii gazowej<\/li>\n<li>Gaz ziemny technologi\u0105 przej\u015bciow\u0105 w dekarbonizacji<\/li>\n<li>Przysz\u0142o\u015b\u0107 gaz\u00f3w bezemisyjnych, czyli biogaz i biometan<\/li>\n<li>Dywersyfikacja paliwowa, a Inicjatywa Tr\u00f3jmorza, czyli projekty Baltic Pipe, GIPL, terminale LNG<\/li>\n<\/ul>\n<p>[\/vc_column_text][\/vc_column][\/vc_row][vc_row css=&#8221;.vc_custom_1587221649734{padding-top: 20px !important;padding-bottom: 20px !important;}&#8221;][vc_column][vc_empty_space css=&#8221;.vc_custom_1631807021910{background-color: #0951a6 !important;}&#8221;][\/vc_column][\/vc_row][vc_row css=&#8221;.vc_custom_1593711604356{padding-bottom: 20px !important;}&#8221;][vc_column width=&#8221;1\/4&#8243;][vc_column_text]<strong><span style=\"color: #0951a6;\">16:00 \u2013 16:15<\/span><\/strong>[\/vc_column_text][\/vc_column][vc_column width=&#8221;3\/4&#8243;][vc_row_inner css=&#8221;.vc_custom_1599554889802{padding-top: 30px !important;padding-bottom: 30px !important;}&#8221;][vc_column_inner width=&#8221;1\/4&#8243;][vc_single_image image=&#8221;6421&#8243; img_size=&#8221;100&#215;100&#8243; alignment=&#8221;center&#8221; style=&#8221;vc_box_shadow_3d&#8221;][\/vc_column_inner][vc_column_inner width=&#8221;3\/4&#8243;][vc_column_text]<span style=\"color: #0951a6;\">Wyst\u0105pienie<br \/>\n<strong>Tomasz Niebylski <\/strong>\u2013 dyrektor sprzeda\u017cy w segmencie Enterprise, Microsoft &#8211; <strong>\u201eJasna strona mocy: technologiczna transformacja energetyki\u201d, \u201eKoniec energetyki jaka znamy\u201d<br \/>\n<\/strong><\/span>[\/vc_column_text][\/vc_column_inner][\/vc_row_inner][\/vc_column][\/vc_row][vc_row css=&#8221;.vc_custom_1593591781923{margin-top: 20px !important;margin-bottom: 20px !important;}&#8221;][vc_column width=&#8221;1\/4&#8243; css=&#8221;.vc_custom_1631261697861{padding-top: 20px !important;padding-bottom: 20px !important;background-color: #c6e6e2 !important;}&#8221;][vc_column_text]<strong><span style=\"color: #0951a6;\">16:15 \u2013 16:45<\/span><\/strong>[\/vc_column_text][\/vc_column][vc_column width=&#8221;3\/4&#8243; css=&#8221;.vc_custom_1631261715450{padding-top: 20px !important;padding-bottom: 20px !important;background-color: #e4f3f1 !important;}&#8221;][vc_column_text]<strong>Przerwa kawowa<\/strong>[\/vc_column_text][\/vc_column][\/vc_row][vc_row][vc_column][vc_empty_space height=&#8221;20px&#8221;][\/vc_column][\/vc_row][vc_row css=&#8221;.vc_custom_1631813221223{padding-top: 18px !important;padding-bottom: 18px !important;background-color: #e4f3f1 !important;}&#8221;][vc_column][vc_column_text]<\/p>\n<h4 style=\"text-align: center;\"><span style=\"color: #023f88;\"><strong>PANEL R\u00d3WNOLEG\u0141Y &#8211; SALA B<\/strong><\/span><\/h4>\n<p>[\/vc_column_text][\/vc_column][\/vc_row][vc_row][vc_column][vc_empty_space height=&#8221;20px&#8221;][\/vc_column][\/vc_row][vc_row css=&#8221;.vc_custom_1593711657870{padding-bottom: 20px !important;}&#8221;][vc_column width=&#8221;1\/4&#8243;][vc_column_text]<span style=\"color: #0951a6;\"><strong>16:45 \u2013 17:05 <\/strong><\/span>[\/vc_column_text][\/vc_column][vc_column width=&#8221;3\/4&#8243;][vc_row_inner css=&#8221;.vc_custom_1599555257794{padding-top: 10px !important;padding-bottom: 10px !important;}&#8221;][vc_column_inner width=&#8221;1\/4&#8243;][vc_single_image image=&#8221;6982&#8243; img_size=&#8221;100&#215;100&#8243; alignment=&#8221;center&#8221; style=&#8221;vc_box_shadow_3d&#8221;][\/vc_column_inner][vc_column_inner width=&#8221;3\/4&#8243;][vc_empty_space height=&#8221;25px&#8221;][vc_column_text]<span style=\"color: #0951a6;\">Wyst\u0105pienie<strong><br \/>\n<\/strong><\/span><span style=\"color: #0951a6;\"><strong>Matus Muron<\/strong> &#8211; Analyst, Hydrogen Europe &#8211; <strong>\u201eEuropejska strategia wodorowa\u201d<\/strong><\/span>[\/vc_column_text][\/vc_column_inner][\/vc_row_inner][vc_separator border_width=&#8221;2&#8243;][vc_row_inner css=&#8221;.vc_custom_1599555257794{padding-top: 10px !important;padding-bottom: 10px !important;}&#8221;][vc_column_inner width=&#8221;1\/4&#8243;][vc_single_image image=&#8221;6863&#8243; img_size=&#8221;100&#215;100&#8243; alignment=&#8221;center&#8221; style=&#8221;vc_box_shadow_3d&#8221;][\/vc_column_inner][vc_column_inner width=&#8221;3\/4&#8243;][vc_empty_space height=&#8221;25px&#8221;][vc_column_text]<span style=\"color: #0951a6;\">Wyst\u0105pienie<br \/>\n<strong>Rados\u0142aw Kwiecie\u0144<\/strong> &#8211; wiceprezes zarz\u0105du, Bank Gospodarstwa Krajowego &#8211; <strong>\u201eRola BGK, polskiego banku rozwoju w implementacji nowych strategii\u201d<\/strong><br \/>\n<\/span>[\/vc_column_text][\/vc_column_inner][\/vc_row_inner][\/vc_column][\/vc_row][vc_row css=&#8221;.vc_custom_1587221649734{padding-top: 20px !important;padding-bottom: 20px !important;}&#8221;][vc_column][vc_separator border_width=&#8221;2&#8243;][\/vc_column][\/vc_row][vc_row css=&#8221;.vc_custom_1593711657870{padding-bottom: 20px !important;}&#8221;][vc_column width=&#8221;1\/4&#8243;][vc_column_text]<span style=\"color: #0951a6;\"><strong>17:05 \u2013 18:30 <\/strong><\/span>[\/vc_column_text][\/vc_column][vc_column width=&#8221;3\/4&#8243;][vc_column_text]Panel dyskusyjny: <strong>Zielony wod\u00f3r i biometan &#8211; warunki wykorzystania i perspektywy rozwoju rynku<\/strong>[\/vc_column_text][\/vc_column][\/vc_row][vc_row css=&#8221;.vc_custom_1599554671992{padding-bottom: 20px !important;background-color: #f2f2f2 !important;}&#8221;][vc_column width=&#8221;1\/4&#8243;][\/vc_column][vc_column width=&#8221;3\/4&#8243;][vc_row_inner css=&#8221;.vc_custom_1600403650747{padding-top: 30px !important;padding-bottom: 30px !important;}&#8221;][vc_column_inner width=&#8221;1\/4&#8243;][vc_single_image image=&#8221;6494&#8243; img_size=&#8221;100&#215;100&#8243; alignment=&#8221;center&#8221; style=&#8221;vc_box_shadow_3d&#8221;][\/vc_column_inner][vc_column_inner width=&#8221;3\/4&#8243;][vc_empty_space height=&#8221;25px&#8221;][vc_column_text]<span style=\"color: #0951a6;\"><strong>MODERATOR<\/strong><\/span><br \/>\n<strong>Tomoho Umeda<\/strong> &#8211; przewodnicz\u0105cy Komitetu Technologii Wodorowych Krajowej Izby Gospodarczej[\/vc_column_text][\/vc_column_inner][\/vc_row_inner][vc_separator color=&#8221;custom&#8221; border_width=&#8221;2&#8243; accent_color=&#8221;#0951a6&#8243;][vc_row_inner css=&#8221;.vc_custom_1599555046976{padding-top: 30px !important;}&#8221;][vc_column_inner width=&#8221;1\/4&#8243;][\/vc_column_inner][vc_column_inner width=&#8221;3\/4&#8243;][vc_column_text]<span style=\"color: #0951a6;\"><strong>PANELI\u015aCI<\/strong><\/span>[\/vc_column_text][\/vc_column_inner][\/vc_row_inner][vc_row_inner css=&#8221;.vc_custom_1599555257794{padding-top: 10px !important;padding-bottom: 10px !important;}&#8221;][vc_column_inner width=&#8221;1\/4&#8243;][vc_single_image image=&#8221;6700&#8243; img_size=&#8221;100&#215;100&#8243; alignment=&#8221;center&#8221; style=&#8221;vc_box_shadow_3d&#8221;][\/vc_column_inner][vc_column_inner width=&#8221;3\/4&#8243;][vc_empty_space height=&#8221;25px&#8221;][vc_column_text]<span style=\"color: #0951a6;\"><strong>Heidi Bergman<\/strong> &#8211; Head of Investment Projects, Renewable Hydrogen and PtX, Neste Corporation, Finnish Hydrogen Cluster<br \/>\n<\/span>[\/vc_column_text][\/vc_column_inner][\/vc_row_inner][vc_separator color=&#8221;custom&#8221; css=&#8221;.vc_custom_1599555367232{padding-top: 10px !important;padding-bottom: 10px !important;}&#8221; accent_color=&#8221;#c9c9c9&#8243;][vc_row_inner css=&#8221;.vc_custom_1599555257794{padding-top: 10px !important;padding-bottom: 10px !important;}&#8221;][vc_column_inner width=&#8221;1\/4&#8243;][vc_single_image image=&#8221;6745&#8243; img_size=&#8221;100&#215;100&#8243; alignment=&#8221;center&#8221; style=&#8221;vc_box_shadow_3d&#8221; css=&#8221;.vc_custom_1631783274713{border-radius: 1px !important;}&#8221;][\/vc_column_inner][vc_column_inner width=&#8221;3\/4&#8243;][vc_empty_space height=&#8221;25px&#8221;][vc_column_text]<span style=\"color: #0951a6;\"><strong>prof. dr hab. in\u017c. Jacek Dach<\/strong> &#8211; kierownik Pracowni Ekotechnologii Instytutu In\u017cynierii Biosystem\u00f3w Uniwersytetu Przyrodniczego w Poznaniu<br \/>\n<\/span>[\/vc_column_text][\/vc_column_inner][\/vc_row_inner][vc_separator color=&#8221;custom&#8221; css=&#8221;.vc_custom_1599555367232{padding-top: 10px !important;padding-bottom: 10px !important;}&#8221; accent_color=&#8221;#c9c9c9&#8243;][vc_row_inner css=&#8221;.vc_custom_1599555257794{padding-top: 10px !important;padding-bottom: 10px !important;}&#8221;][vc_column_inner width=&#8221;1\/4&#8243;][vc_single_image image=&#8221;6782&#8243; img_size=&#8221;100&#215;100&#8243; alignment=&#8221;center&#8221; style=&#8221;vc_box_shadow_3d&#8221;][\/vc_column_inner][vc_column_inner width=&#8221;1\/2&#8243;][vc_empty_space height=&#8221;25px&#8221;][vc_column_text]<span style=\"color: #0951a6;\"><strong>dr hab. in\u017c. Arkadiusz Kami\u0144ski<\/strong> &#8211; ekspert, Obszar Cz\u0142onka Zarz\u0105du ds. Operacyjnych, PKN ORLEN S.A.<strong><br \/>\n<\/strong><\/span>[\/vc_column_text][\/vc_column_inner][vc_column_inner width=&#8221;1\/4&#8243;][vc_single_image image=&#8221;4837&#8243; img_size=&#8221;130&#215;103&#8243; alignment=&#8221;center&#8221; onclick=&#8221;custom_link&#8221; img_link_target=&#8221;_blank&#8221; image_hovers=&#8221;false&#8221; link=&#8221;http:\/\/www.orlen.pl&#8221;][\/vc_column_inner][\/vc_row_inner][vc_separator color=&#8221;custom&#8221; css=&#8221;.vc_custom_1599555367232{padding-top: 10px !important;padding-bottom: 10px !important;}&#8221; accent_color=&#8221;#c9c9c9&#8243;][vc_row_inner css=&#8221;.vc_custom_1599555257794{padding-top: 10px !important;padding-bottom: 10px !important;}&#8221;][vc_column_inner width=&#8221;1\/4&#8243;][vc_single_image image=&#8221;6982&#8243; img_size=&#8221;100&#215;100&#8243; alignment=&#8221;center&#8221; style=&#8221;vc_box_shadow_3d&#8221;][\/vc_column_inner][vc_column_inner width=&#8221;3\/4&#8243;][vc_empty_space height=&#8221;25px&#8221;][vc_column_text]<span style=\"color: #0951a6;\"><strong>Matus Muron<\/strong> &#8211; Analyst, Hydrogen Europe<strong><br \/>\n<\/strong><\/span>[\/vc_column_text][\/vc_column_inner][\/vc_row_inner][vc_separator color=&#8221;custom&#8221; css=&#8221;.vc_custom_1599555367232{padding-top: 10px !important;padding-bottom: 10px !important;}&#8221; accent_color=&#8221;#c9c9c9&#8243;][vc_row_inner css=&#8221;.vc_custom_1599555257794{padding-top: 10px !important;padding-bottom: 10px !important;}&#8221;][vc_column_inner width=&#8221;1\/4&#8243;][vc_single_image image=&#8221;4676&#8243; img_size=&#8221;100&#215;100&#8243; alignment=&#8221;center&#8221; style=&#8221;vc_box_shadow_3d&#8221;][\/vc_column_inner][vc_column_inner width=&#8221;3\/4&#8243;][vc_empty_space height=&#8221;25px&#8221;][vc_column_text]<span style=\"color: #0951a6;\"><strong>Grzegorz Nale\u017cyty<\/strong> \u2013 prezes zarz\u0105du, Siemens Energy Poland<\/span>[\/vc_column_text][\/vc_column_inner][\/vc_row_inner][vc_separator color=&#8221;custom&#8221; css=&#8221;.vc_custom_1599555367232{padding-top: 10px !important;padding-bottom: 10px !important;}&#8221; accent_color=&#8221;#c9c9c9&#8243;][vc_row_inner css=&#8221;.vc_custom_1599555257794{padding-top: 10px !important;padding-bottom: 10px !important;}&#8221;][vc_column_inner width=&#8221;1\/4&#8243;][vc_single_image image=&#8221;6661&#8243; img_size=&#8221;100&#215;100&#8243; alignment=&#8221;center&#8221; style=&#8221;vc_box_shadow_3d&#8221;][\/vc_column_inner][vc_column_inner width=&#8221;3\/4&#8243;][vc_empty_space height=&#8221;25px&#8221;][vc_column_text]<span style=\"color: #0951a6;\"><strong>Katarzyna Szwed-Lipi\u0144ska<\/strong> &#8211; dyrektor Departamentu \u0179r\u00f3de\u0142 Odnawialnych, Urz\u0105d Regulacji Energetyki<br \/>\n<\/span>[\/vc_column_text][\/vc_column_inner][\/vc_row_inner][vc_separator color=&#8221;custom&#8221; css=&#8221;.vc_custom_1599555367232{padding-top: 10px !important;padding-bottom: 10px !important;}&#8221; accent_color=&#8221;#c9c9c9&#8243;][vc_row_inner css=&#8221;.vc_custom_1599555257794{padding-top: 10px !important;padding-bottom: 10px !important;}&#8221;][vc_column_inner width=&#8221;1\/4&#8243;][vc_single_image image=&#8221;6610&#8243; img_size=&#8221;100&#215;100&#8243; alignment=&#8221;center&#8221; style=&#8221;vc_box_shadow_3d&#8221; css=&#8221;.vc_custom_1631641641234{border-radius: 1px !important;}&#8221;][\/vc_column_inner][vc_column_inner width=&#8221;3\/4&#8243;][vc_empty_space height=&#8221;25px&#8221;][vc_column_text]<span style=\"color: #0951a6;\"><strong>Fabrizio Zanini<\/strong> &#8211; Business Development Manager at Saipem\u2019s New Energies Division<br \/>\n<\/span>[\/vc_column_text][\/vc_column_inner][\/vc_row_inner][\/vc_column][\/vc_row][vc_row css=&#8221;.vc_custom_1599575797733{padding-top: 30px !important;}&#8221;][vc_column width=&#8221;1\/4&#8243;][\/vc_column][vc_column width=&#8221;3\/4&#8243;][vc_column_text]<strong>TEZY<\/strong><\/p>\n<ul>\n<li><em>\u201eStrategia w zakresie wodoru na rzecz Europy neutralnej dla klimatu\u201d<\/em><\/li>\n<li>Postulaty legislacyjne u podstaw tworzenia polskiego rynku wodorowego<\/li>\n<li>Wizja polskiego hubu wodorowego<\/li>\n<li>Rozw\u00f3j gaz\u00f3w zdekarbonizowanych, tj. biogazu i biometanu<\/li>\n<li>Technologie magazynowania energii oparte na zielonym wodorze<\/li>\n<li>Potencja\u0142 i warunki rozwoju rynku biometanu<\/li>\n<li>Ograniczenia techniczne i ekonomiczne zwi\u0119kszania udzia\u0142u gaz\u00f3w zielonych w gazoci\u0105gach przesy\u0142owych i dystrybucyjnych<\/li>\n<\/ul>\n<p>[\/vc_column_text][\/vc_column][\/vc_row][vc_row][vc_column][vc_empty_space height=&#8221;20px&#8221;][\/vc_column][\/vc_row][vc_row css=&#8221;.vc_custom_1631813221223{padding-top: 18px !important;padding-bottom: 18px !important;background-color: #e4f3f1 !important;}&#8221;][vc_column][vc_column_text]<\/p>\n<h4 style=\"text-align: center;\"><span style=\"color: #023f88;\"><strong>PANEL R\u00d3WNOLEG\u0141Y &#8211; SALA A<\/strong><\/span><\/h4>\n<p>[\/vc_column_text][\/vc_column][\/vc_row][vc_row][vc_column][vc_empty_space height=&#8221;20px&#8221;][\/vc_column][\/vc_row][vc_row css=&#8221;.vc_custom_1593711612181{padding-bottom: 20px !important;}&#8221;][vc_column width=&#8221;1\/4&#8243;][vc_column_text]<strong><span style=\"color: #0951a6;\">16:45 \u2013 17:05 <\/span><\/strong>[\/vc_column_text][\/vc_column][vc_column width=&#8221;3\/4&#8243;][vc_row_inner css=&#8221;.vc_custom_1599555251924{padding-top: 10px !important;padding-bottom: 10px !important;}&#8221;][vc_column_inner width=&#8221;1\/4&#8243;][vc_single_image image=&#8221;6493&#8243; img_size=&#8221;100&#215;100&#8243; alignment=&#8221;center&#8221; style=&#8221;vc_box_shadow_3d&#8221;][\/vc_column_inner][vc_column_inner width=&#8221;3\/4&#8243;][vc_empty_space height=&#8221;25px&#8221;][vc_column_text]<span style=\"color: #0951a6;\">Wyst\u0105pienie<br \/>\n<strong>Katarzyna Suchcicka<\/strong> &#8211; dyrektor generalna, OX2 &#8211;<strong> \u201cPolski offshore z perspektywy inwestora\u201d<\/strong><br \/>\n<\/span>[\/vc_column_text][\/vc_column_inner][\/vc_row_inner][vc_separator color=&#8221;custom&#8221; css=&#8221;.vc_custom_1599555367232{padding-top: 10px !important;padding-bottom: 10px !important;}&#8221; accent_color=&#8221;#c9c9c9&#8243;][vc_row_inner css=&#8221;.vc_custom_1599555251924{padding-top: 10px !important;padding-bottom: 10px !important;}&#8221;][vc_column_inner width=&#8221;1\/4&#8243;][vc_single_image image=&#8221;6814&#8243; img_size=&#8221;100&#215;100&#8243; alignment=&#8221;center&#8221; style=&#8221;vc_box_shadow_3d&#8221;][\/vc_column_inner][vc_column_inner width=&#8221;3\/4&#8243;][vc_empty_space height=&#8221;25px&#8221;][vc_column_text]<span style=\"color: #0951a6;\">Wyst\u0105pienie<br \/>\n<strong>Kamila Tarnacka<\/strong> \u2013 wiceprezes zarz\u0105du, PSEW &#8211; <strong>\u201eMorska energetyka wiatrowa. Gdzie jeste\u015bmy. Szanse i wyzwania\u201d<\/strong><br \/>\n<\/span>[\/vc_column_text][\/vc_column_inner][\/vc_row_inner][\/vc_column][\/vc_row][vc_row css=&#8221;.vc_custom_1599585963634{padding-bottom: 20px !important;}&#8221;][vc_column][vc_separator border_width=&#8221;2&#8243;][\/vc_column][\/vc_row][vc_row css=&#8221;.vc_custom_1593711612181{padding-bottom: 20px !important;}&#8221;][vc_column width=&#8221;1\/4&#8243;][vc_column_text]<strong><span style=\"color: #0951a6;\">17:05 \u2013 18:30 <\/span><\/strong>[\/vc_column_text][\/vc_column][vc_column width=&#8221;3\/4&#8243;][vc_column_text]Panel dyskusyjny: <strong>Morska Energetyka Wiatrowa<\/strong>[\/vc_column_text][\/vc_column][\/vc_row][vc_row css=&#8221;.vc_custom_1599554671992{padding-bottom: 20px !important;background-color: #f2f2f2 !important;}&#8221;][vc_column width=&#8221;1\/4&#8243;][\/vc_column][vc_column width=&#8221;3\/4&#8243;][vc_row_inner css=&#8221;.vc_custom_1600403650747{padding-top: 30px !important;padding-bottom: 30px !important;}&#8221;][vc_column_inner width=&#8221;1\/4&#8243;][vc_single_image image=&#8221;6448&#8243; img_size=&#8221;100&#215;100&#8243; alignment=&#8221;center&#8221; style=&#8221;vc_box_shadow_3d&#8221;][\/vc_column_inner][vc_column_inner width=&#8221;3\/4&#8243;][vc_empty_space height=&#8221;25px&#8221;][vc_column_text]<span style=\"color: #0951a6;\"><strong>MODERATOR<\/strong><\/span><br \/>\n<strong>Mec. Rafa\u0142 Hajduk<\/strong> &#8211; Partner DZP[\/vc_column_text][\/vc_column_inner][\/vc_row_inner][vc_separator color=&#8221;custom&#8221; border_width=&#8221;2&#8243; accent_color=&#8221;#0951a6&#8243;][vc_row_inner css=&#8221;.vc_custom_1599555046976{padding-top: 30px !important;}&#8221;][vc_column_inner width=&#8221;1\/4&#8243;][\/vc_column_inner][vc_column_inner width=&#8221;3\/4&#8243;][vc_column_text]<span style=\"color: #0951a6;\"><strong>PANELI\u015aCI<\/strong><\/span>[\/vc_column_text][\/vc_column_inner][\/vc_row_inner][vc_row_inner css=&#8221;.vc_custom_1599555257794{padding-top: 10px !important;padding-bottom: 10px !important;}&#8221;][vc_column_inner width=&#8221;1\/4&#8243;][vc_single_image image=&#8221;6781&#8243; img_size=&#8221;100&#215;100&#8243; alignment=&#8221;center&#8221; style=&#8221;vc_box_shadow_3d&#8221;][\/vc_column_inner][vc_column_inner width=&#8221;3\/4&#8243;][vc_empty_space height=&#8221;25px&#8221;][vc_column_text]<span style=\"color: #0951a6;\"><strong>Jaros\u0142aw Broda<\/strong> &#8211; prezes zarz\u0105du, Baltic Power ORLEN <\/span>[\/vc_column_text][\/vc_column_inner][\/vc_row_inner][vc_separator color=&#8221;custom&#8221; css=&#8221;.vc_custom_1599555367232{padding-top: 10px !important;padding-bottom: 10px !important;}&#8221; accent_color=&#8221;#c9c9c9&#8243;][vc_row_inner css=&#8221;.vc_custom_1599555257794{padding-top: 10px !important;padding-bottom: 10px !important;}&#8221;][vc_column_inner width=&#8221;1\/4&#8243;][vc_single_image image=&#8221;6896&#8243; img_size=&#8221;100&#215;100&#8243; alignment=&#8221;center&#8221; style=&#8221;vc_box_shadow_3d&#8221;][\/vc_column_inner][vc_column_inner width=&#8221;3\/4&#8243;][vc_empty_space height=&#8221;25px&#8221;][vc_column_text]<span style=\"color: #0951a6;\"><strong>Micha\u0142 Ko\u0142odziejczyk<\/strong> &#8211; prezes zarz\u0105du, Equinor Polska<br \/>\n<\/span>[\/vc_column_text][\/vc_column_inner][\/vc_row_inner][vc_separator color=&#8221;custom&#8221; css=&#8221;.vc_custom_1599555367232{padding-top: 10px !important;padding-bottom: 10px !important;}&#8221; accent_color=&#8221;#c9c9c9&#8243;][vc_row_inner css=&#8221;.vc_custom_1599555257794{padding-top: 10px !important;padding-bottom: 10px !important;}&#8221;][vc_column_inner width=&#8221;1\/4&#8243;][vc_single_image image=&#8221;6593&#8243; img_size=&#8221;100&#215;100&#8243; alignment=&#8221;center&#8221; style=&#8221;vc_box_shadow_3d&#8221;][\/vc_column_inner][vc_column_inner width=&#8221;3\/4&#8243;][vc_empty_space height=&#8221;25px&#8221;][vc_column_text]<span style=\"color: #0951a6;\"><strong>Rafa\u0142 Libera<\/strong> &#8211; Group Integration Manager, Acteon<br \/>\n<\/span>[\/vc_column_text][\/vc_column_inner][\/vc_row_inner][vc_separator color=&#8221;custom&#8221; css=&#8221;.vc_custom_1599555367232{padding-top: 10px !important;padding-bottom: 10px !important;}&#8221; accent_color=&#8221;#c9c9c9&#8243;][vc_row_inner css=&#8221;.vc_custom_1599555257794{padding-top: 10px !important;padding-bottom: 10px !important;}&#8221;][vc_column_inner width=&#8221;1\/4&#8243;][vc_single_image image=&#8221;6305&#8243; img_size=&#8221;100&#215;100&#8243; alignment=&#8221;center&#8221; style=&#8221;vc_box_shadow_3d&#8221;][\/vc_column_inner][vc_column_inner width=&#8221;3\/4&#8243;][vc_empty_space height=&#8221;25px&#8221;][vc_column_text]<span style=\"color: #0951a6;\"><strong>Pawe\u0142 Niedzielski<\/strong> &#8211; dyrektor ds. sprzeda\u017cy, sektor energetyczny, Nokia Solutions and Networks Sp. z o.o.<br \/>\n<\/span>[\/vc_column_text][\/vc_column_inner][\/vc_row_inner][vc_separator color=&#8221;custom&#8221; css=&#8221;.vc_custom_1599555367232{padding-top: 10px !important;padding-bottom: 10px !important;}&#8221; accent_color=&#8221;#c9c9c9&#8243;][vc_row_inner css=&#8221;.vc_custom_1599555257794{padding-top: 10px !important;padding-bottom: 10px !important;}&#8221;][vc_column_inner width=&#8221;1\/4&#8243;][vc_single_image image=&#8221;6981&#8243; img_size=&#8221;100&#215;100&#8243; alignment=&#8221;center&#8221; style=&#8221;vc_box_shadow_3d&#8221;][\/vc_column_inner][vc_column_inner width=&#8221;3\/4&#8243;][vc_empty_space height=&#8221;25px&#8221;][vc_column_text]<span style=\"color: #0951a6;\"><strong>Nigel Quinn<\/strong> &#8211; Chief Executive Officer, Bibbymarine<br \/>\n<\/span>[\/vc_column_text][\/vc_column_inner][\/vc_row_inner][vc_separator color=&#8221;custom&#8221; css=&#8221;.vc_custom_1599555367232{padding-top: 10px !important;padding-bottom: 10px !important;}&#8221; accent_color=&#8221;#c9c9c9&#8243;][vc_row_inner css=&#8221;.vc_custom_1599555251924{padding-top: 10px !important;padding-bottom: 10px !important;}&#8221;][vc_column_inner width=&#8221;1\/4&#8243;][vc_single_image image=&#8221;6493&#8243; img_size=&#8221;100&#215;100&#8243; alignment=&#8221;center&#8221; style=&#8221;vc_box_shadow_3d&#8221;][\/vc_column_inner][vc_column_inner width=&#8221;3\/4&#8243;][vc_empty_space height=&#8221;25px&#8221;][vc_column_text]<span style=\"color: #0951a6;\"><strong>Katarzyna Suchcicka<\/strong> &#8211; dyrektor generalna, OX2<br \/>\n<\/span>[\/vc_column_text][\/vc_column_inner][\/vc_row_inner][vc_separator color=&#8221;custom&#8221; css=&#8221;.vc_custom_1599555367232{padding-top: 10px !important;padding-bottom: 10px !important;}&#8221; accent_color=&#8221;#c9c9c9&#8243;][vc_row_inner css=&#8221;.vc_custom_1599555257794{padding-top: 10px !important;padding-bottom: 10px !important;}&#8221;][vc_column_inner width=&#8221;1\/4&#8243;][vc_single_image image=&#8221;6306&#8243; img_size=&#8221;100&#215;100&#8243; alignment=&#8221;center&#8221; style=&#8221;vc_box_shadow_3d&#8221;][\/vc_column_inner][vc_column_inner width=&#8221;3\/4&#8243;][vc_empty_space height=&#8221;25px&#8221;][vc_column_text]<span style=\"color: #0951a6;\"><strong>Pawe\u0142 Wr\u00f3bel<\/strong> &#8211; dyrektor zarz\u0105dzaj\u0105cy BalticWind.EU<\/span>[\/vc_column_text][\/vc_column_inner][\/vc_row_inner][\/vc_column][\/vc_row][vc_row css=&#8221;.vc_custom_1599566980819{padding-top: 30px !important;}&#8221;][vc_column width=&#8221;1\/4&#8243;][\/vc_column][vc_column width=&#8221;3\/4&#8243;][vc_column_text]<strong>TEZY<\/strong><\/p>\n<ul>\n<li><em>\u201eStrategia UE maj\u0105ca na celu wykorzystanie potencja\u0142u energii z morskich \u017ar\u00f3de\u0142 odnawialnych na rzecz neutralnej dla klimatu przysz\u0142o\u015bci&#8221;<\/em><\/li>\n<li><em>\u201eUstawa o promowaniu wytwarzania energii elektrycznej w morskich farmach wiatrowych\u201d<\/em><\/li>\n<li>Nowe znaczenie offshore: morskie farmy wiatrowe, p\u0142ywaj\u0105ce farmy wiatrowe, energia oceaniczna, wyspy energetyczne<\/li>\n<li>Polskie projekty offshore na Ba\u0142tyku<\/li>\n<li>Nowy \u0142a\u0144cuch dostaw energii z offshore<\/li>\n<li>Wykorzystanie um\u00f3w PPA do sprzeda\u017cy energii z offshore<\/li>\n<li>Optymalizacja koszt\u00f3w eksploatacji morskich farm wiatrowych dzi\u0119ki rozwi\u0105zaniom IT<\/li>\n<\/ul>\n<p>[\/vc_column_text][\/vc_column][\/vc_row][vc_row css=&#8221;.vc_custom_1587221649734{padding-top: 20px !important;padding-bottom: 20px !important;}&#8221;][vc_column][vc_separator border_width=&#8221;2&#8243;][\/vc_column][\/vc_row][vc_row][vc_column width=&#8221;1\/4&#8243;][vc_column_text]<strong><span style=\"color: #0951a6;\">18:30 <\/span><\/strong>[\/vc_column_text][\/vc_column][vc_column width=&#8221;3\/4&#8243;][vc_column_text]Podsumowanie pierwszego dnia konferencji[\/vc_column_text][\/vc_column][\/vc_row][vc_row css=&#8221;.vc_custom_1587221649734{padding-top: 20px !important;padding-bottom: 20px !important;}&#8221;][vc_column][vc_separator border_width=&#8221;2&#8243;][\/vc_column][\/vc_row][vc_row][vc_column width=&#8221;1\/4&#8243;][vc_column_text]<strong><span style=\"color: #0951a6;\">20:00 <\/span><\/strong>[\/vc_column_text][\/vc_column][vc_column width=&#8221;3\/4&#8243;][vc_column_text]Uroczysta kolacja[\/vc_column_text][\/vc_column][\/vc_row][vc_row css=&#8221;.vc_custom_1587221649734{padding-top: 20px !important;padding-bottom: 20px !important;}&#8221;][vc_column][vc_separator border_width=&#8221;2&#8243;][\/vc_column][\/vc_row][vc_row][vc_column][vc_empty_space height=&#8221;30px&#8221;][\/vc_column][\/vc_row][vc_row bg_type=&#8221;bg_color&#8221; bg_color_value=&#8221;#023f88&#8243; css=&#8221;.vc_custom_1594930062352{padding-top: 20px !important;padding-bottom: 20px !important;}&#8221;][vc_column][vc_column_text]<\/p>\n<h2 style=\"text-align: center;\"><strong><span style=\"color: #ffffff;\">VII KONGRES ENERGETYCZNY DZIE\u0143 II*<\/span><br \/>\n<\/strong><\/h2>\n<p>[\/vc_column_text][\/vc_column][\/vc_row][vc_row css=&#8221;.vc_custom_1593516812320{padding-top: 20px !important;}&#8221;][vc_column][vc_column_text]<\/p>\n<h3 style=\"text-align: center;\"><span style=\"color: #023f88;\"><strong>SESJA OTWIERAJ\u0104CA<br \/>\n<\/strong><\/span><\/h3>\n<p>[\/vc_column_text][\/vc_column][\/vc_row][vc_row css=&#8221;.vc_custom_1587221649734{padding-top: 20px !important;padding-bottom: 20px !important;}&#8221;][vc_column][vc_separator border_width=&#8221;2&#8243;][\/vc_column][\/vc_row][vc_row css=&#8221;.vc_custom_1599570341434{padding-bottom: 30px !important;}&#8221;][vc_column width=&#8221;1\/4&#8243;][vc_column_text]<strong><span style=\"color: #0951a6;\">09:00 \u2013 09:30 <\/span><\/strong>[\/vc_column_text][\/vc_column][vc_column width=&#8221;3\/4&#8243;][vc_column_text]Wyst\u0105pienia Go\u015bci Honorowych[\/vc_column_text][\/vc_column][\/vc_row][vc_row css=&#8221;.vc_custom_1599563140098{padding-bottom: 20px !important;background-color: #f2f2f2 !important;}&#8221;][vc_column width=&#8221;1\/4&#8243;][\/vc_column][vc_column width=&#8221;3\/4&#8243;][vc_row_inner css=&#8221;.vc_custom_1599563083780{padding-top: 20px !important;padding-bottom: 10px !important;}&#8221;][vc_column_inner width=&#8221;1\/4&#8243;][vc_single_image image=&#8221;4753&#8243; img_size=&#8221;100&#215;100&#8243; alignment=&#8221;center&#8221; style=&#8221;vc_box_shadow_3d&#8221;][\/vc_column_inner][vc_column_inner width=&#8221;3\/4&#8243;][vc_empty_space height=&#8221;25px&#8221;][vc_column_text]<span style=\"color: #0951a6;\">Przem\u00f3wienie inauguracyjne<strong><br \/>\nAnna Clunes<\/strong> &#8211; Ambasador Zjednoczonego Kr\u00f3lestwa Wielkiej Brytanii i Irlandii P\u00f3\u0142nocnej w Polsce<strong><br \/>\n<\/strong><\/span>[\/vc_column_text][\/vc_column_inner][\/vc_row_inner][vc_separator color=&#8221;custom&#8221; css=&#8221;.vc_custom_1599555367232{padding-top: 10px !important;padding-bottom: 10px !important;}&#8221; accent_color=&#8221;#c9c9c9&#8243;][vc_row_inner css=&#8221;.vc_custom_1599555257794{padding-top: 10px !important;padding-bottom: 10px !important;}&#8221;][vc_column_inner width=&#8221;1\/4&#8243;][vc_single_image image=&#8221;3786&#8243; img_size=&#8221;100&#215;100&#8243; alignment=&#8221;center&#8221; style=&#8221;vc_box_shadow_3d&#8221;][\/vc_column_inner][vc_column_inner width=&#8221;3\/4&#8243;][vc_empty_space height=&#8221;25px&#8221;][vc_column_text]<span style=\"color: #0951a6;\">Przem\u00f3wienie inauguracyjne<br \/>\n<strong>Stefan Gullgren<\/strong> &#8211; Ambasador Szwecji w Polsce<strong><br \/>\n<\/strong><\/span>[\/vc_column_text][\/vc_column_inner][\/vc_row_inner][vc_separator color=&#8221;custom&#8221; css=&#8221;.vc_custom_1599555367232{padding-top: 10px !important;padding-bottom: 10px !important;}&#8221; accent_color=&#8221;#c9c9c9&#8243;][vc_row_inner css=&#8221;.vc_custom_1599554889802{padding-top: 30px !important;padding-bottom: 30px !important;}&#8221;][vc_column_inner width=&#8221;1\/4&#8243;][vc_single_image image=&#8221;4986&#8243; img_size=&#8221;100&#215;100&#8243; alignment=&#8221;center&#8221; style=&#8221;vc_box_shadow_3d&#8221;][\/vc_column_inner][vc_column_inner width=&#8221;3\/4&#8243;][vc_empty_space height=&#8221;25px&#8221;][vc_column_text]<span style=\"color: #0951a6;\">Przem\u00f3wienie inauguracyjne<br \/>\n<strong>Beata Daszy\u0144ska &#8211; Muzyczka<\/strong> &#8211; prezes zarz\u0105du, Bank Gospodarstwa Krajowego<br \/>\n<\/span>[\/vc_column_text][\/vc_column_inner][\/vc_row_inner][vc_separator color=&#8221;custom&#8221; css=&#8221;.vc_custom_1599555367232{padding-top: 10px !important;padding-bottom: 10px !important;}&#8221; accent_color=&#8221;#c9c9c9&#8243;][vc_row_inner css=&#8221;.vc_custom_1599555257794{padding-top: 10px !important;padding-bottom: 10px !important;}&#8221;][vc_column_inner width=&#8221;1\/4&#8243;][vc_single_image image=&#8221;3681&#8243; img_size=&#8221;100&#215;100&#8243; alignment=&#8221;center&#8221; style=&#8221;vc_box_shadow_3d&#8221;][\/vc_column_inner][vc_column_inner width=&#8221;3\/4&#8243;][vc_empty_space height=&#8221;25px&#8221;][vc_column_text]<span style=\"color: #0951a6;\">Przem\u00f3wienie inauguracyjne<br \/>\n<strong>dr in\u017c. Wojciech My\u015blecki <\/strong>&#8211; przewodnicz\u0105cy Rady Programowej, Polskie Stowarzyszenie Magazynowania Energii<strong><br \/>\n<\/strong><\/span>[\/vc_column_text][\/vc_column_inner][\/vc_row_inner][\/vc_column][\/vc_row][vc_row css=&#8221;.vc_custom_1587221649734{padding-top: 20px !important;padding-bottom: 20px !important;}&#8221;][vc_column][vc_separator border_width=&#8221;2&#8243;][\/vc_column][\/vc_row][vc_row][vc_column][vc_column_text]<\/p>\n<h3 style=\"text-align: center;\"><span style=\"color: #023f88;\"><strong>SESJA TEMATYCZNA<br \/>\nFINANSOWANIE TRANSFORMACJI ENERGETYCZNEJ<br \/>\n<\/strong><\/span><\/h3>\n<p>[\/vc_column_text][\/vc_column][\/vc_row][vc_row css=&#8221;.vc_custom_1587221649734{padding-top: 20px !important;padding-bottom: 20px !important;}&#8221;][vc_column][vc_separator border_width=&#8221;2&#8243;][\/vc_column][\/vc_row][vc_row css=&#8221;.vc_custom_1593711629704{padding-bottom: 20px !important;}&#8221;][vc_column width=&#8221;1\/4&#8243;][vc_column_text]<span style=\"color: #0951a6;\"><strong>09:30 \u2013 10:00<\/strong><\/span>[\/vc_column_text][\/vc_column][vc_column width=&#8221;3\/4&#8243;][vc_row_inner css=&#8221;.vc_custom_1599554889802{padding-top: 30px !important;padding-bottom: 30px !important;}&#8221;][vc_column_inner width=&#8221;1\/4&#8243;][vc_single_image image=&#8221;6786&#8243; img_size=&#8221;100&#215;100&#8243; alignment=&#8221;center&#8221; style=&#8221;vc_box_shadow_3d&#8221;][\/vc_column_inner][vc_column_inner width=&#8221;3\/4&#8243;][vc_empty_space height=&#8221;25px&#8221;][vc_column_text]<span style=\"color: #0951a6;\">Wyst\u0105pienie<br \/>\n<strong>Grzegorz Rabsztyn<\/strong> &#8211; Head of EIB Group Office in Poland European Investment Bank &#8211; <strong>\u201cFinansowanie zielonej transformacji\u201d<\/strong><\/span><\/p>\n<p>[\/vc_column_text][\/vc_column_inner][\/vc_row_inner][\/vc_column][\/vc_row][vc_row css=&#8221;.vc_custom_1599586553454{padding-bottom: 20px !important;}&#8221;][vc_column][vc_separator border_width=&#8221;2&#8243;][\/vc_column][\/vc_row][vc_row css=&#8221;.vc_custom_1593711629704{padding-bottom: 20px !important;}&#8221;][vc_column width=&#8221;1\/4&#8243;][vc_column_text]<span style=\"color: #0951a6;\"><strong>10:00 \u2013 11:30<\/strong><\/span>[\/vc_column_text][\/vc_column][vc_column width=&#8221;3\/4&#8243;][vc_column_text]Panel dyskusyjny: <strong> Finansowanie transformacji energetycznej<\/strong>[\/vc_column_text][\/vc_column][\/vc_row][vc_row css=&#8221;.vc_custom_1600403398634{padding-bottom: 20px !important;background-color: #f2f2f2 !important;}&#8221;][vc_column width=&#8221;1\/4&#8243;][vc_column_text] [\/vc_column_text][\/vc_column][vc_column width=&#8221;3\/4&#8243;][vc_row_inner css=&#8221;.vc_custom_1599554889802{padding-top: 30px !important;padding-bottom: 30px !important;}&#8221;][vc_column_inner width=&#8221;1\/4&#8243;][vc_single_image image=&#8221;5254&#8243; img_size=&#8221;100&#215;100&#8243; alignment=&#8221;center&#8221; style=&#8221;vc_box_shadow_3d&#8221;][\/vc_column_inner][vc_column_inner width=&#8221;3\/4&#8243;][vc_empty_space height=&#8221;25px&#8221;][vc_column_text]<span style=\"color: #0951a6;\"><strong>MODERATOR<\/strong><\/span><br \/>\n<strong>Dominik Brodacki<\/strong> &#8211; analityk ds. energetycznych, Polityka Insight[\/vc_column_text][\/vc_column_inner][\/vc_row_inner][vc_separator color=&#8221;custom&#8221; border_width=&#8221;2&#8243; accent_color=&#8221;#0951a6&#8243;][vc_row_inner css=&#8221;.vc_custom_1599555046976{padding-top: 30px !important;}&#8221;][vc_column_inner width=&#8221;1\/4&#8243;][\/vc_column_inner][vc_column_inner width=&#8221;3\/4&#8243;][vc_column_text]<span style=\"color: #0951a6;\"><strong>PANELI\u015aCI<\/strong><\/span>[\/vc_column_text][\/vc_column_inner][\/vc_row_inner][vc_row_inner css=&#8221;.vc_custom_1600955773718{padding-top: 10px !important;padding-bottom: 10px !important;}&#8221;][vc_column_inner width=&#8221;1\/4&#8243;][vc_single_image image=&#8221;5140&#8243; img_size=&#8221;100&#215;100&#8243; alignment=&#8221;center&#8221; style=&#8221;vc_box_shadow_3d&#8221;][\/vc_column_inner][vc_column_inner width=&#8221;3\/4&#8243;][vc_empty_space height=&#8221;25px&#8221;][vc_column_text]<span style=\"color: #0951a6;\"><strong>Adam Burda<\/strong> &#8211; dyrektor Departamentu Klienta Strategicznego &#8211; Energetyka, Paliwa i Nowe technologie, PKO Bank Polski SA<br \/>\n<\/span>[\/vc_column_text][\/vc_column_inner][\/vc_row_inner][vc_separator color=&#8221;custom&#8221; css=&#8221;.vc_custom_1599555367232{padding-top: 10px !important;padding-bottom: 10px !important;}&#8221; accent_color=&#8221;#c9c9c9&#8243;][vc_row_inner css=&#8221;.vc_custom_1600955762947{padding-top: 10px !important;padding-bottom: 10px !important;}&#8221;][vc_column_inner width=&#8221;1\/4&#8243;][vc_single_image image=&#8221;4671&#8243; img_size=&#8221;100&#215;100&#8243; alignment=&#8221;center&#8221; style=&#8221;vc_box_shadow_3d&#8221;][\/vc_column_inner][vc_column_inner width=&#8221;3\/4&#8243;][vc_empty_space height=&#8221;25px&#8221;][vc_column_text]<span style=\"color: #0951a6;\"><strong>Anna Chmielewska<\/strong> &#8211; Senior Banker, Europejski Bank Odbudowy i Rozwoju<\/span>[\/vc_column_text][\/vc_column_inner][\/vc_row_inner][vc_separator color=&#8221;custom&#8221; css=&#8221;.vc_custom_1599555367232{padding-top: 10px !important;padding-bottom: 10px !important;}&#8221; accent_color=&#8221;#c9c9c9&#8243;][vc_row_inner css=&#8221;.vc_custom_1600955773718{padding-top: 10px !important;padding-bottom: 10px !important;}&#8221;][vc_column_inner width=&#8221;1\/4&#8243;][vc_single_image image=&#8221;6722&#8243; img_size=&#8221;100&#215;100&#8243; alignment=&#8221;center&#8221; style=&#8221;vc_box_shadow_3d&#8221;][\/vc_column_inner][vc_column_inner width=&#8221;3\/4&#8243;][vc_empty_space height=&#8221;25px&#8221;][vc_column_text]<span style=\"color: #0951a6;\"><strong>Patryk Demski<\/strong> &#8211; wiceprezes zarz\u0105du ds. strategii i rozwoju, Tauron Polska Energia S.A.<br \/>\n<\/span>[\/vc_column_text][\/vc_column_inner][\/vc_row_inner][vc_separator color=&#8221;custom&#8221; css=&#8221;.vc_custom_1599555367232{padding-top: 10px !important;padding-bottom: 10px !important;}&#8221; accent_color=&#8221;#c9c9c9&#8243;][vc_row_inner css=&#8221;.vc_custom_1600955773718{padding-top: 10px !important;padding-bottom: 10px !important;}&#8221;][vc_column_inner width=&#8221;1\/4&#8243;][vc_single_image image=&#8221;6695&#8243; img_size=&#8221;100&#215;100&#8243; alignment=&#8221;center&#8221; style=&#8221;vc_box_shadow_3d&#8221;][\/vc_column_inner][vc_column_inner width=&#8221;3\/4&#8243;][vc_empty_space height=&#8221;25px&#8221;][vc_column_text]<span style=\"color: #0951a6;\"><strong>Wojciech Hann<\/strong> &#8211; prezes zarz\u0105du BO\u015a BANK SA<br \/>\n<\/span>[\/vc_column_text][\/vc_column_inner][\/vc_row_inner][vc_separator color=&#8221;custom&#8221; css=&#8221;.vc_custom_1599555367232{padding-top: 10px !important;padding-bottom: 10px !important;}&#8221; accent_color=&#8221;#c9c9c9&#8243;][vc_row_inner css=&#8221;.vc_custom_1600892607947{padding-top: 10px !important;padding-bottom: 10px !important;}&#8221;][vc_column_inner width=&#8221;1\/4&#8243;][vc_single_image image=&#8221;6927&#8243; img_size=&#8221;100&#215;100&#8243; alignment=&#8221;center&#8221; style=&#8221;vc_box_shadow_3d&#8221;][\/vc_column_inner][vc_column_inner width=&#8221;3\/4&#8243;][vc_empty_space height=&#8221;25px&#8221;][vc_column_text]<span style=\"color: #0951a6;\"><strong>Massimiliano Massari<\/strong> &#8211; Managing Director &#8211; Energy Industry, Intesa Sanpaolo<strong><br \/>\n<\/strong><\/span>[\/vc_column_text][\/vc_column_inner][\/vc_row_inner][vc_separator color=&#8221;custom&#8221; css=&#8221;.vc_custom_1599555367232{padding-top: 10px !important;padding-bottom: 10px !important;}&#8221; accent_color=&#8221;#c9c9c9&#8243;][vc_row_inner css=&#8221;.vc_custom_1600955773718{padding-top: 10px !important;padding-bottom: 10px !important;}&#8221;][vc_column_inner width=&#8221;1\/4&#8243;][vc_single_image image=&#8221;6786&#8243; img_size=&#8221;100&#215;100&#8243; alignment=&#8221;center&#8221; style=&#8221;vc_box_shadow_3d&#8221;][\/vc_column_inner][vc_column_inner width=&#8221;3\/4&#8243;][vc_empty_space height=&#8221;25px&#8221;][vc_column_text]<span style=\"color: #0951a6;\"><strong>Grzegorz Rabsztyn <\/strong>&#8211; Head of EIB Group Office in Poland European Investment Bank<br \/>\n<\/span>[\/vc_column_text][\/vc_column_inner][\/vc_row_inner][vc_separator color=&#8221;custom&#8221; css=&#8221;.vc_custom_1599555367232{padding-top: 10px !important;padding-bottom: 10px !important;}&#8221; accent_color=&#8221;#c9c9c9&#8243;][vc_row_inner css=&#8221;.vc_custom_1600955773718{padding-top: 10px !important;padding-bottom: 10px !important;}&#8221;][vc_column_inner width=&#8221;1\/4&#8243;][vc_single_image image=&#8221;7061&#8243; img_size=&#8221;100&#215;100&#8243; alignment=&#8221;center&#8221; style=&#8221;vc_box_shadow_3d&#8221;][\/vc_column_inner][vc_column_inner width=&#8221;3\/4&#8243;][vc_empty_space height=&#8221;25px&#8221;][vc_column_text]<span style=\"color: #0951a6;\"><strong>Pawe\u0142 Str\u0105czy\u0144ski <\/strong>&#8211; wiceprezes zarz\u0105du Banku Pekao S.A., nadzoruje Pion Strategii<\/span>[\/vc_column_text][\/vc_column_inner][\/vc_row_inner][vc_separator color=&#8221;custom&#8221; css=&#8221;.vc_custom_1599555367232{padding-top: 10px !important;padding-bottom: 10px !important;}&#8221; accent_color=&#8221;#c9c9c9&#8243;][vc_row_inner css=&#8221;.vc_custom_1600955773718{padding-top: 10px !important;padding-bottom: 10px !important;}&#8221;][vc_column_inner width=&#8221;1\/4&#8243;][vc_single_image image=&#8221;6752&#8243; img_size=&#8221;100&#215;100&#8243; alignment=&#8221;center&#8221; style=&#8221;vc_box_shadow_3d&#8221;][\/vc_column_inner][vc_column_inner width=&#8221;3\/4&#8243;][vc_empty_space height=&#8221;25px&#8221;][vc_column_text]<span style=\"color: #0951a6;\"><strong>Tomasz Tomasiak<\/strong> &#8211; dyrektor Biura Transformacji Energetycznej, Polski Fundusz Rozwoju S.A.<\/span>[\/vc_column_text][\/vc_column_inner][\/vc_row_inner][\/vc_column][\/vc_row][vc_row css=&#8221;.vc_custom_1599571175770{padding-top: 30px !important;}&#8221;][vc_column width=&#8221;1\/4&#8243;][\/vc_column][vc_column width=&#8221;3\/4&#8243;][vc_column_text]<strong>TEZY<\/strong><\/p>\n<ul>\n<li><em>\u201eWieloletnie ramy finansowe 2021-2027\u201d<\/em>\u2013 1 824,3 mld EUR, czyli rekordowy bud\u017cet UE, a partycypacja Polski<\/li>\n<li>Just Transition Fund, InvestEU, \u0141\u0105cz\u0105c Europ\u0119, LIFE- programy wspieraj\u0105ce energi\u0119 i klimat<\/li>\n<li><em>\u201eKrajowy Plan Odbudowy i Zwi\u0119kszanie Odporno\u015bci\u201d<\/em>&#8211; szans\u0105 na przetrwanie i odbudow\u0119 gospodarki<br \/>\npo pandemii Covid-19<\/li>\n<li>Skuteczno\u015b\u0107 program\u00f3w rz\u0105dowych, tj. Czyste Powietrze, M\u00f3j Pr\u0105d, Moja Woda<\/li>\n<li>Obszary priorytetowe finansowania przez instytucje zarz\u0105dzaj\u0105ce funduszami UE w latach 2021-2027<\/li>\n<\/ul>\n<p>[\/vc_column_text][\/vc_column][\/vc_row][vc_row css=&#8221;.vc_custom_1593176783578{margin-top: 20px !important;margin-bottom: 20px !important;}&#8221;][vc_column width=&#8221;1\/4&#8243; css=&#8221;.vc_custom_1631261843013{padding-top: 20px !important;padding-bottom: 20px !important;background-color: #c6e6e2 !important;}&#8221;][vc_column_text]<strong><span style=\"color: #0951a6;\">11:30 \u2013 12:00 <\/span><\/strong>[\/vc_column_text][\/vc_column][vc_column width=&#8221;3\/4&#8243; css=&#8221;.vc_custom_1631262045633{padding-top: 20px !important;padding-bottom: 20px !important;background-color: #e4f3f1 !important;}&#8221;][vc_column_text]<strong>Przerwa kawowa<\/strong>[\/vc_column_text][\/vc_column][\/vc_row][vc_row][vc_column][vc_column_text]<\/p>\n<h3 style=\"text-align: center;\"><span style=\"color: #023f88;\"><strong>SESJA TEMATYCZNA<br \/>\nTRANSFORMACJA W KIERUNKU BEZEMISYJNEJ ENERGETYKI<br \/>\n<\/strong><\/span><\/h3>\n<p>[\/vc_column_text][\/vc_column][\/vc_row][vc_row][vc_column][vc_empty_space height=&#8221;20px&#8221;][\/vc_column][\/vc_row][vc_row css=&#8221;.vc_custom_1631813221223{padding-top: 18px !important;padding-bottom: 18px !important;background-color: #e4f3f1 !important;}&#8221;][vc_column][vc_column_text]<\/p>\n<h4 style=\"text-align: center;\"><span style=\"color: #023f88;\"><strong>PANEL R\u00d3WNOLEG\u0141Y &#8211; SALA B<\/strong><\/span><\/h4>\n<p>[\/vc_column_text][\/vc_column][\/vc_row][vc_row css=&#8221;.vc_custom_1587221649734{padding-top: 20px !important;padding-bottom: 20px !important;}&#8221;][vc_column width=&#8221;1\/4&#8243;][vc_column_text]<span style=\"color: #0951a6;\"><strong>12:00 \u2013 12:15<\/strong><\/span>[\/vc_column_text][\/vc_column][vc_column width=&#8221;3\/4&#8243;][vc_column_text]<span style=\"color: #0951a6;\">Wyst\u0105pienie<br \/>\n<\/span><span style=\"color: #0951a6;\">Przedstawiciel<\/span><strong><span style=\"color: #0951a6;\"> United States Nuclear Regulatory Commission<\/span><\/strong>[\/vc_column_text][\/vc_column][\/vc_row][vc_row css=&#8221;.vc_custom_1587221649734{padding-top: 20px !important;padding-bottom: 20px !important;}&#8221;][vc_column][vc_separator border_width=&#8221;2&#8243;][\/vc_column][\/vc_row][vc_row css=&#8221;.vc_custom_1587221649734{padding-top: 20px !important;padding-bottom: 20px !important;}&#8221;][vc_column width=&#8221;1\/4&#8243;][vc_column_text]<span style=\"color: #0951a6;\"><strong>12:15 \u2013 13:30<\/strong><\/span>[\/vc_column_text][\/vc_column][vc_column width=&#8221;3\/4&#8243;][vc_column_text]Panel dyskusyjny: <strong>Energetyka j\u0105drowa \u2013 wyzwania regulacyjne<\/strong>[\/vc_column_text][\/vc_column][\/vc_row][vc_row css=&#8221;.vc_custom_1599554671992{padding-bottom: 20px !important;background-color: #f2f2f2 !important;}&#8221;][vc_column width=&#8221;1\/4&#8243;][\/vc_column][vc_column width=&#8221;3\/4&#8243;][vc_row_inner css=&#8221;.vc_custom_1599554889802{padding-top: 30px !important;padding-bottom: 30px !important;}&#8221;][vc_column_inner width=&#8221;1\/4&#8243;][vc_single_image image=&#8221;6447&#8243; img_size=&#8221;100&#215;100&#8243; alignment=&#8221;center&#8221; style=&#8221;vc_box_shadow_3d&#8221; css=&#8221;.vc_custom_1631809682249{border-radius: 1px !important;}&#8221;][\/vc_column_inner][vc_column_inner width=&#8221;3\/4&#8243;][vc_empty_space height=&#8221;25px&#8221;][vc_column_text]<strong><span style=\"color: #0951a6;\">MODERATOR<\/span><\/strong><br \/>\n<strong>Mec. Pawe\u0142 Grzejszczak<\/strong> &#8211; Partner DZP[\/vc_column_text][\/vc_column_inner][\/vc_row_inner][vc_separator color=&#8221;custom&#8221; border_width=&#8221;2&#8243; accent_color=&#8221;#0951a6&#8243;][vc_row_inner css=&#8221;.vc_custom_1599555046976{padding-top: 30px !important;}&#8221;][vc_column_inner width=&#8221;1\/4&#8243;][\/vc_column_inner][vc_column_inner width=&#8221;3\/4&#8243;][vc_column_text]<span style=\"color: #0951a6;\"><strong>PANELI\u015aCI<\/strong><\/span>[\/vc_column_text][\/vc_column_inner][\/vc_row_inner][vc_row_inner css=&#8221;.vc_custom_1599555257794{padding-top: 10px !important;padding-bottom: 10px !important;}&#8221;][vc_column_inner width=&#8221;1\/4&#8243;][vc_single_image image=&#8221;6921&#8243; img_size=&#8221;100&#215;100&#8243; alignment=&#8221;center&#8221; style=&#8221;vc_box_shadow_3d&#8221;][\/vc_column_inner][vc_column_inner width=&#8221;3\/4&#8243;][vc_empty_space height=&#8221;25px&#8221;][vc_column_text]<span style=\"color: #0951a6;\"><strong>Thierry Deschaux<\/strong> &#8211; dyrektor zarz\u0105dzaj\u0105cy, EDF Przedstawicielstwo w Polsce<br \/>\n<\/span>[\/vc_column_text][\/vc_column_inner][\/vc_row_inner][vc_separator color=&#8221;custom&#8221; css=&#8221;.vc_custom_1599555367232{padding-top: 10px !important;padding-bottom: 10px !important;}&#8221; accent_color=&#8221;#c9c9c9&#8243;][vc_row_inner css=&#8221;.vc_custom_1599555257794{padding-top: 10px !important;padding-bottom: 10px !important;}&#8221;][vc_column_inner width=&#8221;1\/4&#8243;][\/vc_column_inner][vc_column_inner width=&#8221;3\/4&#8243;][vc_empty_space height=&#8221;25px&#8221;][vc_column_text]<span style=\"color: #0951a6;\"><strong>Dan Dorman <\/strong>&#8211; the NRC\u2019s Deputy Executive Director for Reactor and Preparedness Programs, Office of the Executive Director for Operations, US Nuclear Regulatory Commission<\/span><\/p>\n<p>[\/vc_column_text][\/vc_column_inner][\/vc_row_inner][vc_separator color=&#8221;custom&#8221; css=&#8221;.vc_custom_1599555367232{padding-top: 10px !important;padding-bottom: 10px !important;}&#8221; accent_color=&#8221;#c9c9c9&#8243;][vc_row_inner css=&#8221;.vc_custom_1599555251924{padding-top: 10px !important;padding-bottom: 10px !important;}&#8221;][vc_column_inner width=&#8221;1\/4&#8243;][vc_single_image image=&#8221;6696&#8243; img_size=&#8221;100&#215;100&#8243; alignment=&#8221;center&#8221; style=&#8221;vc_box_shadow_3d&#8221;][\/vc_column_inner][vc_column_inner width=&#8221;3\/4&#8243;][vc_empty_space height=&#8221;25px&#8221;][vc_column_text]<span style=\"color: #0951a6;\"><strong>Miros\u0142aw Kowalik<\/strong> &#8211; prezes Westinghouse Electric Poland sp. z o.o.<\/span>[\/vc_column_text][\/vc_column_inner][\/vc_row_inner][vc_separator color=&#8221;custom&#8221; css=&#8221;.vc_custom_1599555367232{padding-top: 10px !important;padding-bottom: 10px !important;}&#8221; accent_color=&#8221;#c9c9c9&#8243;][vc_row_inner css=&#8221;.vc_custom_1599555251924{padding-top: 10px !important;padding-bottom: 10px !important;}&#8221;][vc_column_inner width=&#8221;1\/4&#8243;][vc_single_image image=&#8221;6758&#8243; img_size=&#8221;100&#215;100&#8243; alignment=&#8221;center&#8221; style=&#8221;vc_box_shadow_3d&#8221;][\/vc_column_inner][vc_column_inner width=&#8221;3\/4&#8243;][vc_empty_space height=&#8221;25px&#8221;][vc_column_text]<span style=\"color: #0951a6;\"><strong>dr \u0141ukasz M\u0142ynarkiewicz<\/strong> &#8211; prezes Pa\u0144stwowej Agencji Atomistyki<br \/>\n<\/span>[\/vc_column_text][\/vc_column_inner][\/vc_row_inner][vc_separator color=&#8221;custom&#8221; css=&#8221;.vc_custom_1599555367232{padding-top: 10px !important;padding-bottom: 10px !important;}&#8221; accent_color=&#8221;#c9c9c9&#8243;][vc_row_inner css=&#8221;.vc_custom_1599555251924{padding-top: 10px !important;padding-bottom: 10px !important;}&#8221;][vc_column_inner width=&#8221;1\/4&#8243;][vc_single_image image=&#8221;6859&#8243; img_size=&#8221;100&#215;100&#8243; alignment=&#8221;center&#8221; style=&#8221;vc_box_shadow_3d&#8221;][\/vc_column_inner][vc_column_inner width=&#8221;3\/4&#8243;][vc_empty_space height=&#8221;25px&#8221;][vc_column_text]<span style=\"color: #0951a6;\"><strong>Tomasz Nowacki<\/strong> &#8211; dyrektor Departamentu Energii J\u0105drowej, Ministerstwo Klimatu i \u015arodowiska<\/span>[\/vc_column_text][\/vc_column_inner][\/vc_row_inner][vc_separator color=&#8221;custom&#8221; css=&#8221;.vc_custom_1599555367232{padding-top: 10px !important;padding-bottom: 10px !important;}&#8221; accent_color=&#8221;#c9c9c9&#8243;][vc_row_inner css=&#8221;.vc_custom_1599555257794{padding-top: 10px !important;padding-bottom: 10px !important;}&#8221;][vc_column_inner width=&#8221;1\/4&#8243;][vc_single_image image=&#8221;6482&#8243; img_size=&#8221;100&#215;100&#8243; alignment=&#8221;center&#8221; style=&#8221;vc_box_shadow_3d&#8221;][\/vc_column_inner][vc_column_inner width=&#8221;3\/4&#8243;][vc_empty_space height=&#8221;25px&#8221;][vc_column_text]<span style=\"color: #0951a6;\"><strong>Alan Woods<\/strong> &#8211; Director Strategy and Business Development for Rolls-Royce\u2019s SMR <\/span>[\/vc_column_text][\/vc_column_inner][\/vc_row_inner][\/vc_column][\/vc_row][vc_row css=&#8221;.vc_custom_1599574263455{padding-top: 30px !important;}&#8221;][vc_column width=&#8221;1\/4&#8243;][\/vc_column][vc_column width=&#8221;3\/4&#8243;][vc_column_text]<strong>TEZY<\/strong><\/p>\n<ul>\n<li>Program polskiej energetyki j\u0105drowej w \u015bwietle wyzwa\u0144 regulacyjnych<\/li>\n<li>Proces licencjonowania obiekt\u00f3w energetyki j\u0105drowej \u2013 aktualny stan prawny oraz planowane zmiany<\/li>\n<li>Perspektywy transferu regulacji i norm technicznych z kraju dostawcy technologii do kraju inwestycji<\/li>\n<li>Uwarunkowania regulacyjne rozwoju technologii SMR w Polsce i wybrane do\u015bwiadczenia zagraniczne w tym zakresie<\/li>\n<\/ul>\n<p>[\/vc_column_text][\/vc_column][\/vc_row][vc_row][vc_column][vc_empty_space height=&#8221;20px&#8221;][\/vc_column][\/vc_row][vc_row css=&#8221;.vc_custom_1631813221223{padding-top: 18px !important;padding-bottom: 18px !important;background-color: #e4f3f1 !important;}&#8221;][vc_column][vc_column_text]<\/p>\n<h4 style=\"text-align: center;\"><span style=\"color: #023f88;\"><strong>PANEL R\u00d3WNOLEG\u0141Y &#8211; SALA A<\/strong><\/span><\/h4>\n<p>[\/vc_column_text][\/vc_column][\/vc_row][vc_row][vc_column][vc_empty_space height=&#8221;20px&#8221;][\/vc_column][\/vc_row][vc_row css=&#8221;.vc_custom_1599593778701{padding-bottom: 20px !important;}&#8221;][vc_column width=&#8221;1\/4&#8243;][vc_column_text]<span style=\"color: #0951a6;\"><strong>12:00 \u2013 13:30<\/strong><\/span>[\/vc_column_text][\/vc_column][vc_column width=&#8221;3\/4&#8243;][vc_column_text]Panel dyskusyjny: <strong>System energetyczny oparty na OZE<\/strong>[\/vc_column_text][\/vc_column][\/vc_row][vc_row css=&#8221;.vc_custom_1599554671992{padding-bottom: 20px !important;background-color: #f2f2f2 !important;}&#8221;][vc_column width=&#8221;1\/4&#8243;][\/vc_column][vc_column width=&#8221;3\/4&#8243;][vc_row_inner css=&#8221;.vc_custom_1599554889802{padding-top: 30px !important;padding-bottom: 30px !important;}&#8221;][vc_column_inner width=&#8221;1\/4&#8243;][vc_single_image image=&#8221;6303&#8243; img_size=&#8221;100&#215;100&#8243; alignment=&#8221;center&#8221; style=&#8221;vc_box_shadow_3d&#8221; css=&#8221;.vc_custom_1631204107863{border-radius: 1px !important;}&#8221;][\/vc_column_inner][vc_column_inner width=&#8221;3\/4&#8243;][vc_empty_space height=&#8221;25px&#8221;][vc_column_text]<strong><span style=\"color: #0951a6;\">MODERATOR<\/span><\/strong><br \/>\n<strong>Agnieszka Koz\u0142owska &#8211; Korbicz<\/strong> &#8211; dyrektor ds. projekt\u00f3w strategicznych, Soltec[\/vc_column_text][\/vc_column_inner][\/vc_row_inner][vc_separator color=&#8221;custom&#8221; border_width=&#8221;2&#8243; accent_color=&#8221;#0951a6&#8243;][vc_row_inner css=&#8221;.vc_custom_1599555046976{padding-top: 30px !important;}&#8221;][vc_column_inner width=&#8221;1\/4&#8243;][\/vc_column_inner][vc_column_inner width=&#8221;3\/4&#8243;][vc_column_text]<span style=\"color: #0951a6;\"><strong>PANELI\u015aCI<\/strong><\/span>[\/vc_column_text][\/vc_column_inner][\/vc_row_inner][vc_row_inner css=&#8221;.vc_custom_1599555251924{padding-top: 10px !important;padding-bottom: 10px !important;}&#8221;][vc_column_inner width=&#8221;1\/4&#8243;][vc_single_image image=&#8221;6999&#8243; img_size=&#8221;100&#215;100&#8243; alignment=&#8221;center&#8221; style=&#8221;vc_box_shadow_3d&#8221;][\/vc_column_inner][vc_column_inner width=&#8221;3\/4&#8243;][vc_empty_space height=&#8221;25px&#8221;][vc_column_text]<span style=\"color: #0951a6;\"><strong>Ewa Drozd<\/strong> &#8211; cz\u0142onek zarz\u0105du Microsoft<\/span>[\/vc_column_text][\/vc_column_inner][\/vc_row_inner][vc_separator color=&#8221;custom&#8221; css=&#8221;.vc_custom_1599555367232{padding-top: 10px !important;padding-bottom: 10px !important;}&#8221; accent_color=&#8221;#c9c9c9&#8243;][vc_row_inner css=&#8221;.vc_custom_1599555251924{padding-top: 10px !important;padding-bottom: 10px !important;}&#8221;][vc_column_inner width=&#8221;1\/4&#8243;][vc_single_image image=&#8221;6783&#8243; img_size=&#8221;100&#215;100&#8243; alignment=&#8221;center&#8221; style=&#8221;vc_box_shadow_3d&#8221;][\/vc_column_inner][vc_column_inner width=&#8221;3\/4&#8243;][vc_empty_space height=&#8221;25px&#8221;][vc_column_text]<span style=\"color: #0951a6;\"><strong>Albert Gryszczuk<\/strong> &#8211; prezes zarz\u0105du Krajowej Izby Klastr\u00f3w Energii<\/span>[\/vc_column_text][\/vc_column_inner][\/vc_row_inner][vc_separator color=&#8221;custom&#8221; css=&#8221;.vc_custom_1599555367232{padding-top: 10px !important;padding-bottom: 10px !important;}&#8221; accent_color=&#8221;#c9c9c9&#8243;][vc_row_inner css=&#8221;.vc_custom_1599555257794{padding-top: 10px !important;padding-bottom: 10px !important;}&#8221;][vc_column_inner width=&#8221;1\/4&#8243;][vc_single_image image=&#8221;6699&#8243; img_size=&#8221;100&#215;100&#8243; alignment=&#8221;center&#8221; style=&#8221;vc_box_shadow_3d&#8221;][\/vc_column_inner][vc_column_inner width=&#8221;3\/4&#8243;][vc_empty_space height=&#8221;25px&#8221;][vc_column_text]<span style=\"color: #0951a6;\"><strong>Andrzej Je\u017cewski<\/strong> &#8211; prezes zarz\u0105du Promet &#8211; Plast, Energetyczny Klaster O\u0142awski EKO, wiceprzewodnicz\u0105cy Rady Programowej PSME<br \/>\n<\/span>[\/vc_column_text][\/vc_column_inner][\/vc_row_inner][vc_separator color=&#8221;custom&#8221; css=&#8221;.vc_custom_1599555367232{padding-top: 10px !important;padding-bottom: 10px !important;}&#8221; accent_color=&#8221;#c9c9c9&#8243;][vc_row_inner css=&#8221;.vc_custom_1599555251924{padding-top: 10px !important;padding-bottom: 10px !important;}&#8221;][vc_column_inner width=&#8221;1\/4&#8243;][vc_single_image image=&#8221;6492&#8243; img_size=&#8221;100&#215;100&#8243; alignment=&#8221;center&#8221; style=&#8221;vc_box_shadow_3d&#8221;][\/vc_column_inner][vc_column_inner width=&#8221;3\/4&#8243;][vc_empty_space height=&#8221;25px&#8221;][vc_column_text]<span style=\"color: #0951a6;\"><strong>Andrzej Ka\u017amierski<\/strong> &#8211; zast\u0119pca dyrektora Departamentu Gospodarki Niskoemisyjnej w MRPiTe<\/span>[\/vc_column_text][\/vc_column_inner][\/vc_row_inner][vc_separator color=&#8221;custom&#8221; css=&#8221;.vc_custom_1599555367232{padding-top: 10px !important;padding-bottom: 10px !important;}&#8221; accent_color=&#8221;#c9c9c9&#8243;][vc_row_inner css=&#8221;.vc_custom_1599555257794{padding-top: 10px !important;padding-bottom: 10px !important;}&#8221;][vc_column_inner width=&#8221;1\/4&#8243;][vc_single_image image=&#8221;7000&#8243; img_size=&#8221;100&#215;100&#8243; alignment=&#8221;center&#8221; style=&#8221;vc_box_shadow_3d&#8221;][\/vc_column_inner][vc_column_inner width=&#8221;3\/4&#8243;][vc_empty_space height=&#8221;25px&#8221;][vc_column_text]<span style=\"color: #0951a6;\"><strong>Jaros\u0142aw Kotula<\/strong> &#8211; mened\u017cer produktu, Asseco Poland<strong><br \/>\n<\/strong><\/span>[\/vc_column_text][\/vc_column_inner][\/vc_row_inner][vc_separator color=&#8221;custom&#8221; css=&#8221;.vc_custom_1599555367232{padding-top: 10px !important;padding-bottom: 10px !important;}&#8221; accent_color=&#8221;#c9c9c9&#8243;][vc_row_inner css=&#8221;.vc_custom_1599555251924{padding-top: 10px !important;padding-bottom: 10px !important;}&#8221;][vc_column_inner width=&#8221;1\/4&#8243;][vc_single_image image=&#8221;3676&#8243; img_size=&#8221;100&#215;100&#8243; alignment=&#8221;center&#8221; style=&#8221;vc_box_shadow_3d&#8221;][\/vc_column_inner][vc_column_inner width=&#8221;3\/4&#8243;][vc_empty_space height=&#8221;25px&#8221;][vc_column_text]<span style=\"color: #0951a6;\"><strong>dr hab. in\u017c. Waldemar Skomudek<\/strong> \u2013 wiceprezes zarz\u0105du,<br \/>\nTauron Dystrybucja SA<\/span>[\/vc_column_text][\/vc_column_inner][\/vc_row_inner][\/vc_column][\/vc_row][vc_row css=&#8221;.vc_custom_1599574280144{padding-top: 30px !important;}&#8221;][vc_column width=&#8221;1\/4&#8243;][\/vc_column][vc_column width=&#8221;3\/4&#8243;][vc_column_text]<strong>TEZY<\/strong><\/p>\n<ul>\n<li>Integracja \u017ar\u00f3de\u0142 rozproszonych<\/li>\n<li>Tworzenie nowoczesnej gospodarki energetycznej &#8211; przej\u015bcie od energetyki scentralizowanej do rozproszonej<\/li>\n<li>Wsp\u00f3\u0142dzia\u0142anie administracji rz\u0105dowej z samorz\u0105dem terytorialnym w procesie transformacji energetycznej<\/li>\n<li>Nowe oblicza prosumeryzmu &#8211; prosument zbiorowy i wirtualny<\/li>\n<li>Przysz\u0142o\u015b\u0107 region\u00f3w pow\u0119glowych.<\/li>\n<li>Potencja\u0142 klastr\u00f3w energii<\/li>\n<li>Technologie magazynowania energii warunkiem skutecznej integracji rozproszonych \u017ar\u00f3de\u0142 OZE w KSE<\/li>\n<\/ul>\n<p>[\/vc_column_text][\/vc_column][\/vc_row][vc_row css=&#8221;.vc_custom_1593176783578{margin-top: 20px !important;margin-bottom: 20px !important;}&#8221;][vc_column width=&#8221;1\/4&#8243; css=&#8221;.vc_custom_1631261857056{padding-top: 20px !important;padding-bottom: 20px !important;background-color: #c6e6e2 !important;}&#8221;][vc_column_text]<strong><span style=\"color: #0951a6;\">13:30 \u2013 14:15<\/span><\/strong>[\/vc_column_text][\/vc_column][vc_column width=&#8221;3\/4&#8243; css=&#8221;.vc_custom_1631262028656{padding-top: 20px !important;padding-bottom: 20px !important;background-color: #e4f3f1 !important;}&#8221;][vc_column_text]<strong>Lunch<\/strong>[\/vc_column_text][\/vc_column][\/vc_row][vc_row][vc_column][vc_empty_space height=&#8221;20px&#8221;][\/vc_column][\/vc_row][vc_row css=&#8221;.vc_custom_1631813221223{padding-top: 18px !important;padding-bottom: 18px !important;background-color: #e4f3f1 !important;}&#8221;][vc_column][vc_column_text]<\/p>\n<h4 style=\"text-align: center;\"><span style=\"color: #023f88;\"><strong>PANEL R\u00d3WNOLEG\u0141Y &#8211; SALA A<\/strong><\/span><\/h4>\n<p>[\/vc_column_text][\/vc_column][\/vc_row][vc_row][vc_column][vc_empty_space height=&#8221;20px&#8221;][\/vc_column][\/vc_row][vc_row][vc_column width=&#8221;1\/4&#8243;][vc_column_text]<span style=\"color: #0951a6;\"><strong>14:15 \u2013 14:35<\/strong><\/span>[\/vc_column_text][\/vc_column][vc_column width=&#8221;3\/4&#8243;][vc_row_inner css=&#8221;.vc_custom_1599554889802{padding-top: 30px !important;padding-bottom: 30px !important;}&#8221;][vc_column_inner width=&#8221;1\/4&#8243;][vc_single_image image=&#8221;6763&#8243; img_size=&#8221;100&#215;100&#8243; alignment=&#8221;center&#8221; style=&#8221;vc_box_shadow_3d&#8221; css=&#8221;.vc_custom_1631786442769{border-radius: 1px !important;}&#8221;][\/vc_column_inner][vc_column_inner width=&#8221;3\/4&#8243;][vc_empty_space height=&#8221;25px&#8221;][vc_column_text]<span style=\"color: #0951a6;\">Wyst\u0105pienie<\/span><strong><span style=\"color: #0951a6;\"><br \/>\n<\/span><\/strong><span style=\"color: #0951a6;\"><strong>Jacek Szymczak<\/strong> &#8211; prezes zarz\u0105du, Izba Gospodarcza Ciep\u0142ownictwo Polskie<br \/>\n<\/span>[\/vc_column_text][\/vc_column_inner][\/vc_row_inner][vc_separator color=&#8221;custom&#8221; css=&#8221;.vc_custom_1599555367232{padding-top: 10px !important;padding-bottom: 10px !important;}&#8221; accent_color=&#8221;#c9c9c9&#8243;][vc_row_inner css=&#8221;.vc_custom_1599555257794{padding-top: 10px !important;padding-bottom: 10px !important;}&#8221;][vc_column_inner width=&#8221;1\/4&#8243;][vc_single_image image=&#8221;5005&#8243; img_size=&#8221;100&#215;100&#8243; alignment=&#8221;center&#8221; style=&#8221;vc_box_shadow_3d&#8221;][\/vc_column_inner][vc_column_inner width=&#8221;3\/4&#8243;][vc_empty_space height=&#8221;25px&#8221;][vc_column_text]<span style=\"color: #0951a6;\">Wyst\u0105pienie<strong><br \/>\nArtur Michalski<\/strong> &#8211; wiceprezes zarz\u0105du NFO\u015aiGW<br \/>\n<\/span>[\/vc_column_text][\/vc_column_inner][\/vc_row_inner][\/vc_column][\/vc_row][vc_row css=&#8221;.vc_custom_1587221649734{padding-top: 20px !important;padding-bottom: 20px !important;}&#8221;][vc_column][vc_separator border_width=&#8221;2&#8243;][\/vc_column][\/vc_row][vc_row css=&#8221;.vc_custom_1593711657870{padding-bottom: 20px !important;}&#8221;][vc_column width=&#8221;1\/4&#8243;][vc_column_text]<span style=\"color: #0951a6;\"><strong>14:35 \u2013 15:55<\/strong><\/span>[\/vc_column_text][\/vc_column][vc_column width=&#8221;3\/4&#8243;][vc_column_text]Panel dyskusyjny: <strong>Transformacja ciep\u0142ownictwa<\/strong>[\/vc_column_text][\/vc_column][\/vc_row][vc_row css=&#8221;.vc_custom_1599554671992{padding-bottom: 20px !important;background-color: #f2f2f2 !important;}&#8221;][vc_column width=&#8221;1\/4&#8243;][\/vc_column][vc_column width=&#8221;3\/4&#8243;][vc_row_inner css=&#8221;.vc_custom_1599554889802{padding-top: 30px !important;padding-bottom: 30px !important;}&#8221;][vc_column_inner width=&#8221;1\/4&#8243;][vc_single_image image=&#8221;4683&#8243; img_size=&#8221;100&#215;100&#8243; alignment=&#8221;center&#8221; style=&#8221;vc_box_shadow_3d&#8221; css=&#8221;.vc_custom_1631207221967{border-radius: 1px !important;}&#8221;][\/vc_column_inner][vc_column_inner width=&#8221;3\/4&#8243;][vc_empty_space height=&#8221;25px&#8221;][vc_column_text]<strong><span style=\"color: #0951a6;\">MODERATOR<\/span><\/strong><br \/>\n<strong>Joanna Ma\u0107kowiak-Pandera <\/strong>&#8211; prezes zarz\u0105du, Forum Energii[\/vc_column_text][\/vc_column_inner][\/vc_row_inner][vc_separator color=&#8221;custom&#8221; border_width=&#8221;2&#8243; accent_color=&#8221;#0951a6&#8243;][vc_row_inner css=&#8221;.vc_custom_1599555046976{padding-top: 30px !important;}&#8221;][vc_column_inner width=&#8221;1\/4&#8243;][\/vc_column_inner][vc_column_inner width=&#8221;3\/4&#8243;][vc_column_text]<span style=\"color: #0951a6;\"><strong>PANELI\u015aCI<\/strong><\/span>[\/vc_column_text][\/vc_column_inner][\/vc_row_inner][vc_row_inner css=&#8221;.vc_custom_1599555257794{padding-top: 10px !important;padding-bottom: 10px !important;}&#8221;][vc_column_inner width=&#8221;1\/4&#8243;][vc_single_image image=&#8221;4684&#8243; img_size=&#8221;100&#215;100&#8243; alignment=&#8221;center&#8221; style=&#8221;vc_box_shadow_3d&#8221;][\/vc_column_inner][vc_column_inner width=&#8221;3\/4&#8243;][vc_empty_space height=&#8221;25px&#8221;][vc_column_text]<span style=\"color: #0951a6;\"><strong>Ma\u0142gorzata Banasik <\/strong>&#8211; Kancelaria Prawna BWW<br \/>\n<\/span>[\/vc_column_text][\/vc_column_inner][\/vc_row_inner][vc_separator color=&#8221;custom&#8221; css=&#8221;.vc_custom_1599555367232{padding-top: 10px !important;padding-bottom: 10px !important;}&#8221; accent_color=&#8221;#c9c9c9&#8243;][vc_row_inner css=&#8221;.vc_custom_1599555257794{padding-top: 10px !important;padding-bottom: 10px !important;}&#8221;][vc_column_inner width=&#8221;1\/4&#8243;][vc_single_image image=&#8221;6765&#8243; img_size=&#8221;100&#215;100&#8243; alignment=&#8221;center&#8221; style=&#8221;vc_box_shadow_3d&#8221; css=&#8221;.vc_custom_1631786797856{border-radius: 1px !important;}&#8221;][\/vc_column_inner][vc_column_inner width=&#8221;3\/4&#8243;][vc_empty_space height=&#8221;25px&#8221;][vc_column_text]<span style=\"color: #0951a6;\"><strong>Marcin Bruszewski<\/strong> &#8211; przewodnicz\u0105cy zarz\u0105du sekcji fi\u0144skiej SPCC \/Fortum, Region Poland, Head of Legal Affairs <\/span>[\/vc_column_text][\/vc_column_inner][\/vc_row_inner][vc_separator color=&#8221;custom&#8221; css=&#8221;.vc_custom_1599555367232{padding-top: 10px !important;padding-bottom: 10px !important;}&#8221; accent_color=&#8221;#c9c9c9&#8243;][vc_row_inner css=&#8221;.vc_custom_1599555257794{padding-top: 10px !important;padding-bottom: 10px !important;}&#8221;][vc_column_inner width=&#8221;1\/4&#8243;][vc_single_image image=&#8221;6578&#8243; img_size=&#8221;100&#215;100&#8243; alignment=&#8221;center&#8221; style=&#8221;vc_box_shadow_3d&#8221; css=&#8221;.vc_custom_1631786642213{border-radius: 1px !important;}&#8221;][\/vc_column_inner][vc_column_inner width=&#8221;3\/4&#8243;][vc_empty_space height=&#8221;25px&#8221;][vc_column_text]<span style=\"color: #0951a6;\"><strong>Jaros\u0142aw G\u0142owacki<\/strong> &#8211; wiceprezes ds. technicznych, PGNiG Termika<\/span>[\/vc_column_text][\/vc_column_inner][\/vc_row_inner][vc_separator color=&#8221;custom&#8221; css=&#8221;.vc_custom_1599555367232{padding-top: 10px !important;padding-bottom: 10px !important;}&#8221; accent_color=&#8221;#c9c9c9&#8243;][vc_row_inner css=&#8221;.vc_custom_1599555257794{padding-top: 10px !important;padding-bottom: 10px !important;}&#8221;][vc_column_inner width=&#8221;1\/4&#8243;][vc_single_image image=&#8221;6649&#8243; img_size=&#8221;100&#215;100&#8243; alignment=&#8221;center&#8221; style=&#8221;vc_box_shadow_3d&#8221; css=&#8221;.vc_custom_1631643039260{border-radius: 1px !important;}&#8221;][\/vc_column_inner][vc_column_inner width=&#8221;3\/4&#8243;][vc_empty_space height=&#8221;25px&#8221;][vc_column_text]<span style=\"color: #0951a6;\"><strong>dr Dawid Klimczak<\/strong> &#8211; prezes zarz\u0105du GreenX Utility Sp. z o.o. <\/span>[\/vc_column_text][\/vc_column_inner][\/vc_row_inner][vc_separator color=&#8221;custom&#8221; css=&#8221;.vc_custom_1599555367232{padding-top: 10px !important;padding-bottom: 10px !important;}&#8221; accent_color=&#8221;#c9c9c9&#8243;][vc_row_inner css=&#8221;.vc_custom_1599555251924{padding-top: 10px !important;padding-bottom: 10px !important;}&#8221;][vc_column_inner width=&#8221;1\/4&#8243;][vc_single_image image=&#8221;6764&#8243; img_size=&#8221;100&#215;100&#8243; alignment=&#8221;center&#8221; style=&#8221;vc_box_shadow_3d&#8221; css=&#8221;.vc_custom_1631786589058{border-radius: 1px !important;}&#8221;][\/vc_column_inner][vc_column_inner width=&#8221;3\/4&#8243;][vc_empty_space height=&#8221;25px&#8221;][vc_column_text]<span style=\"color: #0951a6;\"><strong>Ireneusz Krupa<\/strong> &#8211; cz\u0142onek zarz\u0105du PSG Sp. z o.o.<br \/>\n<\/span>[\/vc_column_text][\/vc_column_inner][\/vc_row_inner][vc_separator color=&#8221;custom&#8221; css=&#8221;.vc_custom_1599555367232{padding-top: 10px !important;padding-bottom: 10px !important;}&#8221; accent_color=&#8221;#c9c9c9&#8243;][vc_row_inner css=&#8221;.vc_custom_1599555257794{padding-top: 10px !important;padding-bottom: 10px !important;}&#8221;][vc_column_inner width=&#8221;1\/4&#8243;][vc_single_image image=&#8221;5005&#8243; img_size=&#8221;100&#215;100&#8243; alignment=&#8221;center&#8221; style=&#8221;vc_box_shadow_3d&#8221;][\/vc_column_inner][vc_column_inner width=&#8221;3\/4&#8243;][vc_empty_space height=&#8221;25px&#8221;][vc_column_text]<span style=\"color: #0951a6;\"><strong>Artur Michalski<\/strong> &#8211; wiceprezes zarz\u0105du NFO\u015aiGW<br \/>\n<\/span>[\/vc_column_text][\/vc_column_inner][\/vc_row_inner][vc_separator color=&#8221;custom&#8221; css=&#8221;.vc_custom_1599555367232{padding-top: 10px !important;padding-bottom: 10px !important;}&#8221; accent_color=&#8221;#c9c9c9&#8243;][vc_row_inner css=&#8221;.vc_custom_1599555257794{padding-top: 10px !important;padding-bottom: 10px !important;}&#8221;][vc_column_inner width=&#8221;1\/4&#8243;][vc_single_image image=&#8221;6980&#8243; img_size=&#8221;100&#215;100&#8243; alignment=&#8221;center&#8221; style=&#8221;vc_box_shadow_3d&#8221;][\/vc_column_inner][vc_column_inner width=&#8221;3\/4&#8243;][vc_empty_space height=&#8221;25px&#8221;][vc_column_text]<span style=\"color: #0951a6;\"><strong>Bogus\u0142aw Rybacki<\/strong> &#8211; prezes zarz\u0105du Enea Elektrownia Po\u0142aniec SA<\/span>[\/vc_column_text][\/vc_column_inner][\/vc_row_inner][vc_separator color=&#8221;custom&#8221; css=&#8221;.vc_custom_1599555367232{padding-top: 10px !important;padding-bottom: 10px !important;}&#8221; accent_color=&#8221;#c9c9c9&#8243;][vc_row_inner css=&#8221;.vc_custom_1599555257794{padding-top: 10px !important;padding-bottom: 10px !important;}&#8221;][vc_column_inner width=&#8221;1\/4&#8243;][vc_single_image image=&#8221;6481&#8243; img_size=&#8221;100&#215;100&#8243; alignment=&#8221;center&#8221; style=&#8221;vc_box_shadow_3d&#8221; css=&#8221;.vc_custom_1631205476632{border-radius: 1px !important;}&#8221;][\/vc_column_inner][vc_column_inner width=&#8221;3\/4&#8243;][vc_empty_space height=&#8221;25px&#8221;][vc_column_text]<span style=\"color: #0951a6;\"><strong>Simo S\u00e4ynevirta<\/strong> &#8211; Vice President, Digital Lead, ABB Oy <\/span>[\/vc_column_text][\/vc_column_inner][\/vc_row_inner][vc_separator color=&#8221;custom&#8221; css=&#8221;.vc_custom_1599555367232{padding-top: 10px !important;padding-bottom: 10px !important;}&#8221; accent_color=&#8221;#c9c9c9&#8243;][vc_row_inner css=&#8221;.vc_custom_1599554889802{padding-top: 30px !important;padding-bottom: 30px !important;}&#8221;][vc_column_inner width=&#8221;1\/4&#8243;][vc_single_image image=&#8221;6763&#8243; img_size=&#8221;100&#215;100&#8243; alignment=&#8221;center&#8221; style=&#8221;vc_box_shadow_3d&#8221; css=&#8221;.vc_custom_1631786442769{border-radius: 1px !important;}&#8221;][\/vc_column_inner][vc_column_inner width=&#8221;3\/4&#8243;][vc_empty_space height=&#8221;25px&#8221;][vc_column_text]<span style=\"color: #0951a6;\"><strong>Jacek Szymczak<\/strong> &#8211; prezes zarz\u0105du, Izba Gospodarcza Ciep\u0142ownictwo Polskie<br \/>\n<\/span>[\/vc_column_text][\/vc_column_inner][\/vc_row_inner][\/vc_column][\/vc_row][vc_row css=&#8221;.vc_custom_1599574342696{padding-top: 30px !important;}&#8221;][vc_column width=&#8221;1\/4&#8243;][\/vc_column][vc_column width=&#8221;3\/4&#8243;][vc_column_text]<strong>TEZY<\/strong><\/p>\n<ul>\n<li>Systemy efektywne energetycznie &#8211; rola kogeneracji<\/li>\n<li>Rola elektrociep\u0142owni w stabilizacji KSE i zapewnieniu bezpiecze\u0144stwa energetycznego<\/li>\n<li>Elektryfikacja ciep\u0142ownictwa<\/li>\n<li>Zielone ciep\u0142o<\/li>\n<li>Wykorzystanie ciep\u0142a odpadowego<\/li>\n<li>Technologie magazynowania ciep\u0142a<\/li>\n<li>\u0141\u0105czenie sektor\u00f3w a ciep\u0142ownictwo<\/li>\n<li>Sie\u0107 ciep\u0142ownicza jako \u017ar\u00f3d\u0142o elastyczno\u015bci system\u00f3w energetycznych, dynamiczna regulacja i zaawansowana kontrola<\/li>\n<\/ul>\n<p>[\/vc_column_text][\/vc_column][\/vc_row][vc_row][vc_column][vc_empty_space height=&#8221;20px&#8221;][\/vc_column][\/vc_row][vc_row css=&#8221;.vc_custom_1631813221223{padding-top: 18px !important;padding-bottom: 18px !important;background-color: #e4f3f1 !important;}&#8221;][vc_column][vc_column_text]<\/p>\n<h4 style=\"text-align: center;\"><span style=\"color: #023f88;\"><strong>PANEL R\u00d3WNOLEG\u0141Y &#8211; SALA B<\/strong><\/span><\/h4>\n<p>[\/vc_column_text][\/vc_column][\/vc_row][vc_row][vc_column][vc_empty_space height=&#8221;20px&#8221;][\/vc_column][\/vc_row][vc_row][vc_column width=&#8221;1\/4&#8243;][vc_column_text]<span style=\"color: #0951a6;\"><strong>14:15 \u2013 14:35<\/strong><\/span>[\/vc_column_text][\/vc_column][vc_column width=&#8221;3\/4&#8243;][vc_row_inner css=&#8221;.vc_custom_1599554889802{padding-top: 30px !important;padding-bottom: 30px !important;}&#8221;][vc_column_inner width=&#8221;1\/4&#8243;][vc_single_image image=&#8221;6768&#8243; img_size=&#8221;100&#215;100&#8243; alignment=&#8221;center&#8221; style=&#8221;vc_box_shadow_3d&#8221;][\/vc_column_inner][vc_column_inner width=&#8221;3\/4&#8243;][vc_empty_space height=&#8221;25px&#8221;][vc_column_text]<span style=\"color: #0951a6;\">Wyst\u0105pienie<br \/>\n<strong>Roman Sze\u0142emej<\/strong> &#8211; Prezydent Wa\u0142brzycha &#8211;<strong> \u201eSpo\u0142eczny Plan Sprawiedliwej Transformacji &#8211; Subregion <\/strong><strong>Wa\u0142brzyski\u201d<\/strong><\/span>[\/vc_column_text][\/vc_column_inner][\/vc_row_inner][vc_separator color=&#8221;custom&#8221; css=&#8221;.vc_custom_1599555367232{padding-top: 10px !important;padding-bottom: 10px !important;}&#8221; accent_color=&#8221;#c9c9c9&#8243;][vc_row_inner css=&#8221;.vc_custom_1599554889802{padding-top: 30px !important;padding-bottom: 30px !important;}&#8221;][vc_column_inner width=&#8221;1\/4&#8243;][vc_single_image image=&#8221;4738&#8243; img_size=&#8221;100&#215;100&#8243; alignment=&#8221;center&#8221; style=&#8221;vc_box_shadow_3d&#8221;][\/vc_column_inner][vc_column_inner width=&#8221;3\/4&#8243;][vc_empty_space height=&#8221;25px&#8221;][vc_column_text]<span style=\"color: #0951a6;\">Wyst\u0105pienie<br \/>\n<strong>Maciej Zathey<\/strong> &#8211; dyrektor Instytutu Rozwoju Terytorialnego &#8211;<strong> &#8222;Rola Samorz\u0105du Terytorialnego w transformacji energetycznej\u201d<\/strong> <\/span>[\/vc_column_text][\/vc_column_inner][\/vc_row_inner][\/vc_column][\/vc_row][vc_row css=&#8221;.vc_custom_1587221649734{padding-top: 20px !important;padding-bottom: 20px !important;}&#8221;][vc_column][vc_separator border_width=&#8221;2&#8243;][\/vc_column][\/vc_row][vc_row css=&#8221;.vc_custom_1593711657870{padding-bottom: 20px !important;}&#8221;][vc_column width=&#8221;1\/4&#8243;][vc_column_text]<span style=\"color: #0951a6;\"><strong>14:35 \u2013 15:55<\/strong><\/span>[\/vc_column_text][\/vc_column][vc_column width=&#8221;3\/4&#8243;][vc_column_text]Panel dyskusyjny: <strong>Rola Samorz\u0105du Terytorialnego w transformacji energetycznej<\/strong>[\/vc_column_text][\/vc_column][\/vc_row][vc_row css=&#8221;.vc_custom_1599554671992{padding-bottom: 20px !important;background-color: #f2f2f2 !important;}&#8221;][vc_column width=&#8221;1\/4&#8243;][\/vc_column][vc_column width=&#8221;3\/4&#8243;][vc_row_inner css=&#8221;.vc_custom_1599554889802{padding-top: 30px !important;padding-bottom: 30px !important;}&#8221;][vc_column_inner width=&#8221;1\/4&#8243;][vc_single_image image=&#8221;4976&#8243; img_size=&#8221;100&#215;100&#8243; alignment=&#8221;center&#8221; style=&#8221;vc_box_shadow_3d&#8221;][\/vc_column_inner][vc_column_inner width=&#8221;3\/4&#8243;][vc_empty_space height=&#8221;25px&#8221;][vc_column_text]<strong><span style=\"color: #0951a6;\">MODERATOR<\/span><\/strong><br \/>\n<strong>dr hab. in\u017c. Izabela S\u00f3wka<\/strong> &#8211; Wydzia\u0142 In\u017cynierii \u015arodowiska, Politechnika Wroc\u0142awska[\/vc_column_text][\/vc_column_inner][\/vc_row_inner][vc_separator color=&#8221;custom&#8221; css=&#8221;.vc_custom_1599555367232{padding-top: 10px !important;padding-bottom: 10px !important;}&#8221; accent_color=&#8221;#c9c9c9&#8243;][vc_row_inner css=&#8221;.vc_custom_1599554889802{padding-top: 30px !important;padding-bottom: 30px !important;}&#8221;][vc_column_inner width=&#8221;1\/4&#8243;][vc_single_image image=&#8221;6926&#8243; img_size=&#8221;100&#215;100&#8243; alignment=&#8221;center&#8221; style=&#8221;vc_box_shadow_3d&#8221;][\/vc_column_inner][vc_column_inner width=&#8221;3\/4&#8243;][vc_empty_space height=&#8221;25px&#8221;][vc_column_text]<strong><span style=\"color: #0951a6;\">PROWADZ\u0104CY<\/span><\/strong><br \/>\n<strong>Dariusz Mal\u0105g<\/strong> &#8211; ekonomista \/ dziennikarz[\/vc_column_text][\/vc_column_inner][\/vc_row_inner][vc_separator color=&#8221;custom&#8221; border_width=&#8221;2&#8243; accent_color=&#8221;#0951a6&#8243;][vc_row_inner css=&#8221;.vc_custom_1599555046976{padding-top: 30px !important;}&#8221;][vc_column_inner width=&#8221;1\/4&#8243;][\/vc_column_inner][vc_column_inner width=&#8221;3\/4&#8243;][vc_column_text]<span style=\"color: #0951a6;\"><strong>PANELI\u015aCI<\/strong><\/span>[\/vc_column_text][\/vc_column_inner][\/vc_row_inner][vc_row_inner css=&#8221;.vc_custom_1599554889802{padding-top: 30px !important;padding-bottom: 30px !important;}&#8221;][vc_column_inner width=&#8221;1\/4&#8243;][vc_single_image image=&#8221;4804&#8243; img_size=&#8221;100&#215;100&#8243; alignment=&#8221;center&#8221; style=&#8221;vc_box_shadow_3d&#8221;][\/vc_column_inner][vc_column_inner width=&#8221;3\/4&#8243;][vc_empty_space height=&#8221;25px&#8221;][vc_column_text]<span style=\"color: #0951a6;\"><strong>Krzysztof Kochanowski <\/strong>&#8211; wiceprezes, dyrektor generalny Polskiej Izby Magazynowania Energii i Elektromobilno\u015bci oraz wiceprezes Hydrogen Poland<strong><br \/>\n<\/strong><\/span>[\/vc_column_text][\/vc_column_inner][\/vc_row_inner][vc_separator color=&#8221;custom&#8221; css=&#8221;.vc_custom_1599555367232{padding-top: 10px !important;padding-bottom: 10px !important;}&#8221; accent_color=&#8221;#c9c9c9&#8243;][vc_row_inner css=&#8221;.vc_custom_1599554889802{padding-top: 30px !important;padding-bottom: 30px !important;}&#8221;][vc_column_inner width=&#8221;1\/4&#8243;][vc_single_image image=&#8221;6774&#8243; img_size=&#8221;100&#215;100&#8243; alignment=&#8221;center&#8221; style=&#8221;vc_box_shadow_3d&#8221;][\/vc_column_inner][vc_column_inner width=&#8221;3\/4&#8243;][vc_empty_space height=&#8221;25px&#8221;][vc_column_text]<span style=\"color: #0951a6;\"><strong>Artur Kowalik<\/strong> &#8211; dyrektor, Departament Gospodarki, Urz\u0105d Marsza\u0142kowski Wojew\u00f3dztwa Dolno\u015bl\u0105skiego<\/span>[\/vc_column_text][\/vc_column_inner][\/vc_row_inner][vc_separator color=&#8221;custom&#8221; css=&#8221;.vc_custom_1599555367232{padding-top: 10px !important;padding-bottom: 10px !important;}&#8221; accent_color=&#8221;#c9c9c9&#8243;][vc_row_inner css=&#8221;.vc_custom_1599555257794{padding-top: 10px !important;padding-bottom: 10px !important;}&#8221;][vc_column_inner width=&#8221;1\/4&#8243;][vc_single_image image=&#8221;6770&#8243; img_size=&#8221;100&#215;100&#8243; alignment=&#8221;center&#8221; style=&#8221;vc_box_shadow_3d&#8221;][\/vc_column_inner][vc_column_inner width=&#8221;3\/4&#8243;][vc_empty_space height=&#8221;25px&#8221;][vc_column_text]<span style=\"color: #0951a6;\"><strong>David Miller<\/strong> &#8211; Director of International Diplomacy for C40 Cities<\/span>[\/vc_column_text][\/vc_column_inner][\/vc_row_inner][vc_separator color=&#8221;custom&#8221; css=&#8221;.vc_custom_1599555367232{padding-top: 10px !important;padding-bottom: 10px !important;}&#8221; accent_color=&#8221;#c9c9c9&#8243;][vc_row_inner css=&#8221;.vc_custom_1599555257794{padding-top: 10px !important;padding-bottom: 10px !important;}&#8221;][vc_column_inner width=&#8221;1\/4&#8243;][vc_single_image image=&#8221;6302&#8243; img_size=&#8221;100&#215;100&#8243; alignment=&#8221;center&#8221; style=&#8221;vc_box_shadow_3d&#8221;][\/vc_column_inner][vc_column_inner width=&#8221;3\/4&#8243;][vc_empty_space height=&#8221;25px&#8221;][vc_column_text]<span style=\"color: #0951a6;\"><strong>\u0141ukasz Pu\u017aniecki<\/strong> &#8211; Burmistrz Polkowic<br \/>\n<\/span>[\/vc_column_text][\/vc_column_inner][\/vc_row_inner][vc_separator color=&#8221;custom&#8221; css=&#8221;.vc_custom_1599555367232{padding-top: 10px !important;padding-bottom: 10px !important;}&#8221; accent_color=&#8221;#c9c9c9&#8243;][vc_row_inner css=&#8221;.vc_custom_1599555257794{padding-top: 10px !important;padding-bottom: 10px !important;}&#8221;][vc_column_inner width=&#8221;1\/4&#8243;][vc_single_image image=&#8221;6768&#8243; img_size=&#8221;100&#215;100&#8243; alignment=&#8221;center&#8221; style=&#8221;vc_box_shadow_3d&#8221;][\/vc_column_inner][vc_column_inner width=&#8221;3\/4&#8243;][vc_empty_space height=&#8221;25px&#8221;][vc_column_text]<span style=\"color: #0951a6;\"><strong>Roman Sze\u0142emej<\/strong> &#8211; Prezydent Wa\u0142brzycha <\/span>[\/vc_column_text][\/vc_column_inner][\/vc_row_inner][vc_separator color=&#8221;custom&#8221; css=&#8221;.vc_custom_1599555367232{padding-top: 10px !important;padding-bottom: 10px !important;}&#8221; accent_color=&#8221;#c9c9c9&#8243;][vc_row_inner css=&#8221;.vc_custom_1599555257794{padding-top: 10px !important;padding-bottom: 10px !important;}&#8221;][vc_column_inner width=&#8221;1\/4&#8243;][vc_single_image image=&#8221;6773&#8243; img_size=&#8221;100&#215;100&#8243; alignment=&#8221;center&#8221; style=&#8221;vc_box_shadow_3d&#8221;][\/vc_column_inner][vc_column_inner width=&#8221;3\/4&#8243;][vc_empty_space height=&#8221;25px&#8221;][vc_column_text]<span style=\"color: #0951a6;\"><strong>Katarzyna Szymczak &#8211; Pomianowska<\/strong> &#8211; dyrektor Departamentu Zr\u00f3wnowa\u017conego Rozwoju Urz\u0105d Miejski Wroc\u0142awia<br \/>\n<\/span>[\/vc_column_text][\/vc_column_inner][\/vc_row_inner][vc_separator color=&#8221;custom&#8221; css=&#8221;.vc_custom_1599555367232{padding-top: 10px !important;padding-bottom: 10px !important;}&#8221; accent_color=&#8221;#c9c9c9&#8243;][vc_row_inner css=&#8221;.vc_custom_1599555257794{padding-top: 10px !important;padding-bottom: 10px !important;}&#8221;][vc_column_inner width=&#8221;1\/4&#8243;][vc_single_image image=&#8221;6793&#8243; img_size=&#8221;100&#215;100&#8243; alignment=&#8221;center&#8221; style=&#8221;vc_box_shadow_3d&#8221;][\/vc_column_inner][vc_column_inner width=&#8221;3\/4&#8243;][vc_empty_space height=&#8221;25px&#8221;][vc_column_text]<span style=\"color: #0951a6;\"><strong>Adrian Wo\u0142kowski<\/strong> &#8211; W\u00f3jt Gminy Rudna<\/span>[\/vc_column_text][\/vc_column_inner][\/vc_row_inner][vc_separator color=&#8221;custom&#8221; css=&#8221;.vc_custom_1599555367232{padding-top: 10px !important;padding-bottom: 10px !important;}&#8221; accent_color=&#8221;#c9c9c9&#8243;][vc_row_inner css=&#8221;.vc_custom_1599554889802{padding-top: 30px !important;padding-bottom: 30px !important;}&#8221;][vc_column_inner width=&#8221;1\/4&#8243;][vc_single_image image=&#8221;4738&#8243; img_size=&#8221;100&#215;100&#8243; alignment=&#8221;center&#8221; style=&#8221;vc_box_shadow_3d&#8221;][\/vc_column_inner][vc_column_inner width=&#8221;3\/4&#8243;][vc_empty_space height=&#8221;25px&#8221;][vc_column_text]<span style=\"color: #0951a6;\"><strong>Maciej Zathey<\/strong> &#8211; dyrektor Instytutu Rozwoju Terytorialnego <\/span>[\/vc_column_text][\/vc_column_inner][\/vc_row_inner][\/vc_column][\/vc_row][vc_row css=&#8221;.vc_custom_1599574342696{padding-top: 30px !important;}&#8221;][vc_column width=&#8221;1\/4&#8243;][\/vc_column][vc_column width=&#8221;3\/4&#8243;][vc_column_text]<strong>TEZY<\/strong><\/p>\n<ul>\n<li>Fundusz Sprawiedliwej Transformacji<\/li>\n<li>Planowanie przestrzenne a inwestycje w odnawialne \u017ar\u00f3d\u0142a energii<\/li>\n<li>Likwidacja indywidualnych, \u017ar\u00f3de\u0142 ogrzewania wykorzystuj\u0105cych w\u0119giel<\/li>\n<li>Miasta neutralne klimatycznie do 2050 r. &#8211; obszary priorytetowe, kierunki zmian<\/li>\n<li>Elektromobilno\u015b\u0107 &#8211; zeroemisyjny transport, polityka rowerowa<\/li>\n<li>Zazielenianie miast, a zr\u00f3wnowa\u017cone inwestycje<\/li>\n<li>Polityka antysmogowa<\/li>\n<\/ul>\n<p>[\/vc_column_text][\/vc_column][\/vc_row][vc_row css=&#8221;.vc_custom_1587221649734{padding-top: 20px !important;padding-bottom: 20px !important;}&#8221;][vc_column][vc_separator border_width=&#8221;2&#8243;][\/vc_column][\/vc_row][vc_row][vc_column width=&#8221;1\/4&#8243;][vc_column_text]<span style=\"color: #0951a6;\"><strong>15:55 \u2013 16:00<\/strong><\/span>[\/vc_column_text][\/vc_column][vc_column width=&#8221;3\/4&#8243;][vc_column_text]Zako\u0144czenie VII Kongresu Energetycznego[\/vc_column_text][\/vc_column][\/vc_row][vc_row css=&#8221;.vc_custom_1593161869435{margin-top: 20px !important;}&#8221;][vc_column width=&#8221;1\/4&#8243; css=&#8221;.vc_custom_1631261872600{padding-top: 20px !important;padding-bottom: 20px !important;background-color: #c6e6e2 !important;}&#8221;][vc_column_text]<strong><span style=\"color: #0951a6;\">16:00 \u2013 16:45<\/span><\/strong>[\/vc_column_text][\/vc_column][vc_column width=&#8221;3\/4&#8243; css=&#8221;.vc_custom_1631262012801{padding-top: 20px !important;padding-bottom: 20px !important;background-color: #e4f3f1 !important;}&#8221;][vc_column_text]<strong>Po\u017cegnalna kawa<br \/>\n<\/strong>[\/vc_column_text][\/vc_column][\/vc_row][vc_row css=&#8221;.vc_custom_1593608761278{padding-top: 20px !important;}&#8221;][vc_column][vc_column_text]<span style=\"color: #0951a6;\"><strong>*Organizator zastrzega sobie prawo do zmian w programie.<\/strong><\/span>[\/vc_column_text][\/vc_column][\/vc_row]<\/p>\n","protected":false},"excerpt":{"rendered":"<p>[vc_row css_animation=&#8221;none&#8221;][vc_column][vc_empty_space height=&#8221;60px&#8221;][vc_column_text] VII KONGRES ENERGETYCZNY [\/vc_column_text][vc_separator color=&#8221;custom&#8221; border_width=&#8221;5&#8243; el_width=&#8221;10&#8243; accent_color=&#8221;#39a935&#8243; css=&#8221;.vc_custom_1618671612011{padding-top: 10px !important;}&#8221;][vc_empty_space height=&#8221;60px&#8221;][vc_video link=&#8221;https:\/\/www.youtube.com\/watch?v=KW62zUqa2_Q&#8221; el_width=&#8221;70&#8243; align=&#8221;center&#8221;][vc_empty_space height=&#8221;15px&#8221;][vc_column_text] Relacja filmowa z VII Kongresu Energetycznego [\/vc_column_text][vc_empty_space height=&#8221;60px&#8221;][\/vc_column][\/vc_row][vc_row full_width=&#8221;stretch_row&#8221; css_animation=&#8221;none&#8221;][vc_column][vc_empty_space height=&#8221;10px&#8221;][vc_column_text css=&#8221;.vc_custom_1633528559195{padding-top: 48px !important;padding-bottom: 48px !important;background-image: url(https:\/\/dise.org.pl\/kongres\/wp-content\/uploads\/2021\/10\/tlo-pasek.jpg?id=7170) !important;}&#8221;] Konkluzje z VII. Kongresu Energetycznego DISE [\/vc_column_text][vc_empty_space height=&#8221;25px&#8221;][vc_column_text]Zielona, nowoczesna i konkurencyjna Europa- czy to mo\u017cliwe? Komisja Europejska wydaj\u0105c&hellip;<\/p>\n","protected":false},"author":3,"featured_media":0,"parent":0,"menu_order":0,"comment_status":"closed","ping_status":"closed","template":"template-microsite.php","meta":[],"_links":{"self":[{"href":"https:\/\/dise.org.pl\/kongres\/wp-json\/wp\/v2\/pages\/7339"}],"collection":[{"href":"https:\/\/dise.org.pl\/kongres\/wp-json\/wp\/v2\/pages"}],"about":[{"href":"https:\/\/dise.org.pl\/kongres\/wp-json\/wp\/v2\/types\/page"}],"author":[{"embeddable":true,"href":"https:\/\/dise.org.pl\/kongres\/wp-json\/wp\/v2\/users\/3"}],"replies":[{"embeddable":true,"href":"https:\/\/dise.org.pl\/kongres\/wp-json\/wp\/v2\/comments?post=7339"}],"version-history":[{"count":12,"href":"https:\/\/dise.org.pl\/kongres\/wp-json\/wp\/v2\/pages\/7339\/revisions"}],"predecessor-version":[{"id":12954,"href":"https:\/\/dise.org.pl\/kongres\/wp-json\/wp\/v2\/pages\/7339\/revisions\/12954"}],"wp:attachment":[{"href":"https:\/\/dise.org.pl\/kongres\/wp-json\/wp\/v2\/media?parent=7339"}],"curies":[{"name":"wp","href":"https:\/\/api.w.org\/{rel}","templated":true}]}}